{"id":31994,"date":"2017-03-15T17:15:57","date_gmt":"2017-03-15T16:15:57","guid":{"rendered":"http:\/\/www.foment.com\/en\/events\/uzbekistan-oportunitats-negoci\/"},"modified":"2017-03-16T16:33:14","modified_gmt":"2017-03-16T15:33:14","slug":"uzbekistan-oportunitats-negoci","status":"publish","type":"ajde_events","link":"https:\/\/www.foment.com\/en\/events\/uzbekistan-oportunitats-negoci\/","title":{"rendered":"UZBEKISTAN, Oportunitats de negoci despr\u00e9s de les noves mesures adoptades per el govern del nou President de la Rep\u00fablica d&#8217;Uzbekistan"},"content":{"rendered":"<section class=\"wpb-content-wrapper\"><p>[vc_row][vc_column width=&#8221;1\/1&#8243;][vc_column_text]<\/p>\n<div id=\"gt-c\" class=\"g-section\">\n<div id=\"gt-form-c\">\n<form id=\"gt-form\" action=\"\/\" enctype=\"application\/x-www-form-urlencoded\" method=\"post\" name=\"text_form\">\n<div id=\"gt-text-all\">\n<div id=\"gt-main\">\n<div id=\"gt-text-c\">\n<div id=\"gt-text-top\">\n<div id=\"gt-res-c\" class=\"g-unit\">\n<div id=\"gt-res-p\">\n<div id=\"gt-res-data\">\n<div id=\"gt-res-wrap\">\n<div id=\"gt-res-content\">\n<div id=\"gt-form-c\">\n<div id=\"gt-text-all\">\n<div id=\"gt-main\">\n<div id=\"gt-text-c\">\n<div id=\"gt-text-top\">\n<div id=\"gt-res-c\" class=\"g-unit\">\n<div id=\"gt-res-p\">\n<div id=\"gt-res-data\">\n<div id=\"gt-res-wrap\">\n<div id=\"gt-res-content\">\n<div id=\"gt-res-dir-ctr\" class=\"trans-verified-button-small\" dir=\"ltr\">\n<p><span id=\"result_box\" lang=\"ca\">Uzbekistan amb m\u00e9s de 32,5 milions d&#8217;habitants, situat a la ruta de la Seda, \u00e9s la porta d&#8217;entrada a la regi\u00f3 d&#8217;\u00c0sia Central. L&#8217;estabilitat pol\u00edtica, les reformes graduals i un fort creixement econ\u00f2mic (creixement anual del PIB de 7-7,5%) s\u00f3n els principals factors del desenvolupament de l&#8217;Uzbekistan.<\/span><\/p>\n<p>El nou president del pa\u00eds, Shavkat Mirziyoyev, que es va convertir en el nou l\u00edder de l&#8217;Uzbekistan al desembre de 2016, ha presentat noves iniciatives per promoure la modernitzaci\u00f3 i la liberalitzaci\u00f3 econ\u00f2mica.<\/p>\n<p>Alhora, Uzbekistan, on es troben les famoses ciutats de la Ruta de la Seda com Samarcanda, Bujara i Khiva, t\u00e9 un gran potencial per al desenvolupament del sector tur\u00edstic.<\/p>\n<p>El creixent mercat d&#8217;Uzbekistan \u00e9s una gran oportunitat per a les empreses catalanes per posar en marxa els projectes de negoci en diversos camps.<span id=\"t-served-community-button\" class=\"trans-verified-button goog-toolbar-button\"><\/span><\/p>\n<\/div>\n<\/div>\n<\/div>\n<\/div>\n<\/div>\n<\/div>\n<\/div>\n<\/div>\n<\/div>\n<\/div>\n<\/div>\n<\/div>\n<div class=\"trans-verified-button-small\" dir=\"ltr\">\n<div id=\"gt-form-c\">\n<div id=\"gt-text-all\">\n<div id=\"gt-main\">\n<div id=\"gt-text-c\">\n<div id=\"gt-text-top\">\n<div id=\"gt-res-c\" class=\"g-unit\">\n<div id=\"gt-res-p\">\n<div id=\"gt-res-data\">\n<div id=\"gt-res-wrap\">\n<div id=\"gt-res-content\">\n<div class=\"trans-verified-button-small\" dir=\"ltr\"><\/div>\n<div class=\"trans-verified-button-small\" dir=\"ltr\"><\/div>\n<div class=\"trans-verified-button-small\" dir=\"ltr\"><\/div>\n<div class=\"trans-verified-button-small\" dir=\"ltr\"><\/div>\n<p id=\"gt-res-dir-ctr\" class=\"trans-verified-button-small\" dir=\"ltr\"><span id=\"result_box\" lang=\"ca\"><strong><span style=\"color: #993300;\">PROGRAMA<\/span><\/strong><\/span><\/p>\n<p>12:00 h. Recepci\u00f3 d&#8217;assistents<\/p>\n<p><span id=\"result_box\" lang=\"ca\">12:10 h. benvinguda<br \/>\n<\/span><\/p>\n<p style=\"padding-left: 60px;\"><span id=\"result_box\" lang=\"ca\"><strong>Sr. Joan Canals,<\/strong> president de la Comissi\u00f3 Internacional de Foment del Treball Nacional<br \/>\n<strong>Sr. Pere Vicens,<\/strong> Consul General de la Rep\u00fablica de l&#8217;Uzbekistan<br \/>\n<\/span><\/p>\n<p class=\"trans-verified-button-small\" dir=\"ltr\"><span id=\"result_box\" lang=\"ca\">12:15 h. Uzbekistan, Oportunitats de negoci despr\u00e9s de les noves mesures econ\u00f2miques preses pel govern del nou President de la Rep\u00fablica de l&#8217;Uzbekistan<br \/>\n<\/span><\/p>\n<p class=\"trans-verified-button-small\" dir=\"ltr\" style=\"padding-left: 60px;\"><span id=\"result_box\" lang=\"ca\"><strong>Sr. Rakmatulla Nurimbetov<\/strong>, Agregat Comercial de l&#8217;Ambaixada d&#8217;Uzbekistan a Espanya<\/span><\/p>\n<p>13:00 h. Precs i preguntes<\/p>\n<\/div>\n<\/div>\n<\/div>\n<\/div>\n<\/div>\n<\/div>\n<\/div>\n<\/div>\n<\/div>\n<\/div>\n<\/div>\n<\/div>\n<\/div>\n<\/div>\n<\/div>\n<\/div>\n<\/div>\n<\/div>\n<\/div>\n<\/form>\n<\/div>\n<\/div>\n<p>[\/vc_column_text][\/vc_column][\/vc_row][vc_row][vc_column width=&#8221;1\/2&#8243;]<div class=\"single_image wpb_content_element align-left    \" data-animation=\"none\" data-delay=\"0\"><\/div>[\/vc_column][vc_column width=&#8221;1\/2&#8243;]<div class=\"single_image wpb_content_element align-left    \" data-animation=\"none\" data-delay=\"0\"><img width=\"255\" height=\"43\" src=\"https:\/\/www.foment.com\/wp-content\/uploads\/2017\/03\/consulado-uzbekistan.png\" class=\"attachment-full\" alt=\"\" loading=\"lazy\" title=\"consulado uzbekistan\" \/><\/div>[\/vc_column][\/vc_row]<\/p>\n<\/section>","protected":false},"author":13,"featured_media":31990,"menu_order":0,"comment_status":"closed","ping_status":"closed","template":"","meta":{"_links_to":"","_links_to_target":""},"tags":[],"event_type":[419],"event_type_2":[],"acf":[],"_links":{"self":[{"href":"https:\/\/www.foment.com\/en\/wp-json\/wp\/v2\/ajde_events\/31994"}],"collection":[{"href":"https:\/\/www.foment.com\/en\/wp-json\/wp\/v2\/ajde_events"}],"about":[{"href":"https:\/\/www.foment.com\/en\/wp-json\/wp\/v2\/types\/ajde_events"}],"author":[{"embeddable":true,"href":"https:\/\/www.foment.com\/en\/wp-json\/wp\/v2\/users\/13"}],"replies":[{"embeddable":true,"href":"https:\/\/www.foment.com\/en\/wp-json\/wp\/v2\/comments?post=31994"}],"wp:featuredmedia":[{"embeddable":true,"href":"https:\/\/www.foment.com\/en\/wp-json\/wp\/v2\/media\/31990"}],"wp:attachment":[{"href":"https:\/\/www.foment.com\/en\/wp-json\/wp\/v2\/media?parent=31994"}],"wp:term":[{"taxonomy":"post_tag","embeddable":true,"href":"https:\/\/www.foment.com\/en\/wp-json\/wp\/v2\/tags?post=31994"},{"taxonomy":"event_type","embeddable":true,"href":"https:\/\/www.foment.com\/en\/wp-json\/wp\/v2\/event_type?post=31994"},{"taxonomy":"event_type_2","embeddable":true,"href":"https:\/\/www.foment.com\/en\/wp-json\/wp\/v2\/event_type_2?post=31994"}],"curies":[{"name":"wp","href":"https:\/\/api.w.org\/{rel}","templated":true}]}}