{"id":25555,"date":"2016-09-28T15:10:43","date_gmt":"2016-09-28T13:10:43","guid":{"rendered":"http:\/\/foment.itartech.com\/en\/about-us\/medallas-honor-premios-carles-ferrer-salat\/"},"modified":"2021-06-29T15:58:00","modified_gmt":"2021-06-29T13:58:00","slug":"medals-honour-cales-ferrer-salat-award","status":"publish","type":"page","link":"https:\/\/www.foment.com\/en\/about-us\/medals-honour-cales-ferrer-salat-award\/","title":{"rendered":"Medals of Honour from Foment del Treball and the Carles Ferrer Salat Award"},"content":{"rendered":"<section class=\"wpb-content-wrapper\"><p>[vc_row][vc_column width=&#8221;1\/1&#8243;]\n\t\t\t<!-- START premis EN REVOLUTION SLIDER 6.4.6 --><p class=\"rs-p-wp-fix\"><\/p>\n\t\t\t<rs-module-wrap id=\"rev_slider_223_1_wrapper\" data-source=\"gallery\" style=\"background:transparent;padding:0;margin:0px auto;margin-top:0;margin-bottom:0;\">\n\t\t\t\t<rs-module id=\"rev_slider_223_1\" style=\"\" data-version=\"6.4.6\">\n\t\t\t\t\t<rs-slides>\n\t\t\t\t\t\t<rs-slide data-key=\"rs-274\" data-title=\"Slide\" data-anim=\"ms:600;\" data-in=\"o:0;\" data-out=\"a:false;\">\n\t\t\t\t\t\t\t<img src=\"\/\/www.foment.com\/wp-content\/plugins\/revslider\/public\/assets\/assets\/dummy.png\" title=\"portada Premis\" width=\"2560\" height=\"1707\" class=\"rev-slidebg tp-rs-img rs-lazyload\" data-lazyload=\"\/\/www.foment.com\/wp-content\/uploads\/2023\/05\/portada-Premis.jpg\" data-parallax=\"off\" data-no-retina>\n<!--\n\t\t\t\t\t\t\t--><rs-layer\n\t\t\t\t\t\t\t\tid=\"slider-223-slide-274-layer-0\" \n\t\t\t\t\t\t\t\tdata-type=\"text\"\n\t\t\t\t\t\t\t\tdata-rsp_ch=\"on\"\n\t\t\t\t\t\t\t\tdata-xy=\"x:c;y:m;yo:-10px,-10px,-10px,0;\"\n\t\t\t\t\t\t\t\tdata-text=\"w:normal;s:30,30,28,25;l:45,40,34,30;fw:700;a:center;\"\n\t\t\t\t\t\t\t\tdata-dim=\"w:979px,808px,613px,378px;\"\n\t\t\t\t\t\t\t\tdata-frame_999=\"o:0;st:w;\"\n\t\t\t\t\t\t\t\tstyle=\"z-index:9;font-family:Montserrat;\"\n\t\t\t\t\t\t\t>Medals and Awards Foment del Treball \n\t\t\t\t\t\t\t<\/rs-layer><!--\n\n\t\t\t\t\t\t\t--><rs-layer\n\t\t\t\t\t\t\t\tid=\"slider-223-slide-274-layer-1\" \n\t\t\t\t\t\t\t\tdata-type=\"shape\"\n\t\t\t\t\t\t\t\tdata-rsp_ch=\"on\"\n\t\t\t\t\t\t\t\tdata-text=\"w:normal;s:20,16,12,7;l:0,20,15,9;\"\n\t\t\t\t\t\t\t\tdata-dim=\"w:100%;h:100%;\"\n\t\t\t\t\t\t\t\tdata-basealign=\"slide\"\n\t\t\t\t\t\t\t\tdata-frame_999=\"o:0;st:w;\"\n\t\t\t\t\t\t\t\tstyle=\"z-index:8;background-color:rgba(0,0,0,0.5);\"\n\t\t\t\t\t\t\t> \n\t\t\t\t\t\t\t<\/rs-layer><!--\n-->\t\t\t\t\t\t<\/rs-slide>\n\t\t\t\t\t<\/rs-slides>\n\t\t\t\t<\/rs-module>\n\t\t\t\t<script type=\"text\/javascript\">\n\t\t\t\t\tsetREVStartSize({c: 'rev_slider_223_1',rl:[1240,1024,778,480],el:[500,600,360,360],gw:[1240,1024,778,480],gh:[500,600,360,360],type:'hero',justify:'',layout:'fullwidth',mh:\"0\"});\n\t\t\t\t\tvar\trevapi223,\n\t\t\t\t\t\ttpj;\n\t\t\t\t\tfunction revinit_revslider2231() {\n\t\t\t\t\tjQuery(function() {\n\t\t\t\t\t\ttpj = jQuery;\n\t\t\t\t\t\trevapi223 = tpj(\"#rev_slider_223_1\");\n\t\t\t\t\t\tif(revapi223==undefined || revapi223.revolution == undefined){\n\t\t\t\t\t\t\trevslider_showDoubleJqueryError(\"rev_slider_223_1\");\n\t\t\t\t\t\t}else{\n\t\t\t\t\t\t\trevapi223.revolution({\n\t\t\t\t\t\t\t\tsliderType:\"hero\",\n\t\t\t\t\t\t\t\tDPR:\"dpr\",\n\t\t\t\t\t\t\t\tsliderLayout:\"fullwidth\",\n\t\t\t\t\t\t\t\tvisibilityLevels:\"1240,1024,778,480\",\n\t\t\t\t\t\t\t\tgridwidth:\"1240,1024,778,480\",\n\t\t\t\t\t\t\t\tgridheight:\"500,600,360,360\",\n\t\t\t\t\t\t\t\tlazyType:\"smart\",\n\t\t\t\t\t\t\t\tperspective:600,\n\t\t\t\t\t\t\t\tperspectiveType:\"local\",\n\t\t\t\t\t\t\t\teditorheight:\"500,600,360,360\",\n\t\t\t\t\t\t\t\tresponsiveLevels:\"1240,1024,778,480\",\n\t\t\t\t\t\t\t\tprogressBar:{disableProgressBar:true},\n\t\t\t\t\t\t\t\tparallax: {\n\t\t\t\t\t\t\t\t\tlevels:[2,3,4,5,6,7,12,16,10,50,47,48,49,50,51,55],\n\t\t\t\t\t\t\t\t\ttype:\"mouse\",\n\t\t\t\t\t\t\t\t\torigo:\"slidercenter\",\n\t\t\t\t\t\t\t\t\tspeed:2000\n\t\t\t\t\t\t\t\t},\n\t\t\t\t\t\t\t\tfallbacks: {\n\t\t\t\t\t\t\t\t\tallowHTML5AutoPlayOnAndroid:true\n\t\t\t\t\t\t\t\t},\n\t\t\t\t\t\t\t});\n\t\t\t\t\t\t}\n\t\t\t\t\t\t\n\t\t\t\t\t});\n\t\t\t\t\t} \/\/ End of RevInitScript\n\t\t\t\tvar once_revslider2231 = false;\n\t\t\t\tif (document.readyState === \"loading\") {document.addEventListener('readystatechange',function() { if((document.readyState === \"interactive\" || document.readyState === \"complete\") && !once_revslider2231 ) { once_revslider2231 = true; revinit_revslider2231();}});} else {once_revslider2231 = true; revinit_revslider2231();}\n\t\t\t\t<\/script>\n\t\t\t<\/rs-module-wrap>\n\t\t\t<!-- END REVOLUTION SLIDER -->\n[\/vc_column][\/vc_row][vc_row bg_color=&#8221;#ffffff&#8221; top_padding=&#8221;60&#8243; bottom_padding=&#8221;60&#8243;][vc_column width=&#8221;1\/1&#8243;][vc_column_text]<\/p>\n<p style=\"text-align: center;\">In 2007 Foment del Treball established the <strong>Medalles d\u2019Honor<\/strong> (Medals of Honor) and the <strong>Carles Ferrer Salat Award<\/strong>, which are given to those people or businesses which have stood out in the business sector during the previous year.<\/p>\n<p style=\"text-align: center;\">The <strong>Medalles d\u2019Honor<\/strong> are awarded in two categories:<\/p>\n<p style=\"text-align: center;\"><a href=\"\" target=\"_self\" class=\"button color-1 medium \" style=\"border-radius: 2px;\">Business person of the year<\/a> \u00a0<a href=\"\" target=\"_self\" class=\"button color-1 medium \" style=\"border-radius: 2px;\">Business Trajectory<\/a>\n<p style=\"text-align: center;\">In parallel to the Medalles, we give <strong>T<\/strong><strong>he Carles Ferrer Salat Award<\/strong>, with which Foment del Treball recognizes the work of companies and entrepreneurs in Catalonia. These awards honour the values of businesspeople who are generous, open, and defenders of knowledge and dialogue, like Carles Ferrer Salat, former president of Foment, founding president of CEOE, and former president of the great European sponsor UNICE (now BusinessEurope).<\/p>\n<p style=\"text-align: center;\">The following categories are awarded:<\/p>\n<p style=\"text-align: center;\"><a href=\"\" target=\"_self\" class=\"button color-1 medium \" style=\"border-radius: 2px;\">Commitment to Social Responsibility<\/a>\u00a0<a href=\"\" target=\"_self\" class=\"button color-1 medium \" style=\"border-radius: 2px;\">Globalization<\/a> \u00a0<a href=\"\" target=\"_self\" class=\"button color-1 medium \" style=\"border-radius: 2px;\">Environment<\/a> \u00a0<a href=\"\" target=\"_self\" class=\"button color-1 medium \" style=\"border-radius: 2px;\">R&amp;D<\/a>\n<p>[\/vc_column_text]<h4 class=\"headline font-special fontsize-m fontweight-700 lh-inherit align-center transform-inherit \" style=\"margin: 0 0 20px 0;\">See more<\/h4><div class=\"single_image wpb_content_element align-center  animate   \" data-animation=\"fade-in-from-right\" data-delay=\"0\"><a href=\"http:\/\/premiscarlesferrersalat.foment.com\/cat\/index.h3p\" target=\"_blank\"><img width=\"177\" height=\"300\" src=\"https:\/\/www.foment.com\/wp-content\/uploads\/2016\/09\/Premis-Carles-Ferrer-Salat_Foment_CFS2011-petit-177x300.jpg\" class=\"attachment-medium\" alt=\"\" loading=\"lazy\" title=\"Premis Carles Ferrer Salat i Medalles d&#039;Honor de Foment\" srcset=\"https:\/\/www.foment.com\/wp-content\/uploads\/2016\/09\/Premis-Carles-Ferrer-Salat_Foment_CFS2011-petit-177x300.jpg 177w, https:\/\/www.foment.com\/wp-content\/uploads\/2016\/09\/Premis-Carles-Ferrer-Salat_Foment_CFS2011-petit-768x1302.jpg 768w, https:\/\/www.foment.com\/wp-content\/uploads\/2016\/09\/Premis-Carles-Ferrer-Salat_Foment_CFS2011-petit-604x1024.jpg 604w, https:\/\/www.foment.com\/wp-content\/uploads\/2016\/09\/Premis-Carles-Ferrer-Salat_Foment_CFS2011-petit.jpg 1061w\" sizes=\"(max-width: 177px) 100vw, 177px\" \/><\/a><\/div>[\/vc_column][\/vc_row][vc_row type=&#8221;full_width_section&#8221; bg_color=&#8221;#efefef&#8221; top_padding=&#8221;60&#8243; bottom_padding=&#8221;60&#8243;][vc_column column_center=&#8221;true&#8221; width=&#8221;1\/1&#8243;]<h1 class=\"headline font-inherit fontsize-xxxl fontweight-700 lh-inherit align-center transform-inherit \" style=\"margin: 0 0 20px 0; color: #000000;\">NEWS<\/h1><style type=\"text\/css\">.bdpp-style-mngr-3 .bdpp-post-title {font-size: 16px !important;}.bdpp-style-mngr-3 .bdpp-post-title {line-height: 22px !important;}.bdpp-style-mngr-3 .bdpp-post-title a,\r\n\t\t\t\t   .bdpp-style-mngr-3 .bdpp-post-title a:visited, bdpp-style-mngr-3 .bdpp-post-title a:focus\r\n\t\t\t\t   {color: #000000 !important;}.bdpp-style-mngr-3 .bdpp-post-meta span {font-size: 10px !important;}.bdpp-style-mngr-3 .bdpp-post-meta span, .bdpp-style-mngr-3 .bdpp-post-meta, .bdpp-style-mngr-3 .bdpp-post-meta .bdpp-post-tags a.bdpp-post-cat-link {color: #969696 !important;}<\/style><div id=\"bdpp-post-carousel-wrap-1\" class=\"bdpp-wrap bdpp-post-carousel-wrap owl-carousel bdpp-design-1 botons bdpp-style-mngr-3 bdpp-clearfix\" data-conf=\"{&quot;slide_show&quot;:7,&quot;loop&quot;:true,&quot;slide_margin&quot;:5,&quot;start_position&quot;:0,&quot;arrows&quot;:false,&quot;dots&quot;:true,&quot;autoplay&quot;:false,&quot;autoplay_interval&quot;:5000,&quot;speed&quot;:500,&quot;autoplay_hover_pause&quot;:false,&quot;nav_text&quot;:[&quot;&amp;#x2039;&quot;,&quot;&amp;#x203a;&quot;],&quot;lazyload&quot;:false,&quot;url_hash_listener&quot;:false,&quot;stage_padding&quot;:0,&quot;center&quot;:false,&quot;slide_scroll&quot;:1,&quot;auto_height&quot;:false}\"><div class=\"bdpp-post-slide bdpp-post-210557 bdpp-post-standard bdpp-has-thumb\" >\n\t<div class=\"bdpp-post-carousel-content\">\n\t\t\t\t<div class=\"bdpp-post-img-bg\">\n\t\t\t<a href=\"https:\/\/www.foment.com\/en\/fomento-premia-cinco-ejemplos-de-exito-en-la-implementacion-efectiva-de-la-prevencion-de-riesgos-laborales-2\/\" target=\"_self\">\n\t\t\t\t\t\t\t\t<img src=\"https:\/\/www.foment.com\/wp-content\/uploads\/2025\/11\/JVF9416-640x480.jpg\" alt=\"Fomento premia cinco ejemplos de \u00e9xito en la implementaci\u00f3n efectiva de la prevenci\u00f3n de riesgos laborales\" \/>\n\t\t\t\t\t\t\t<\/a>\n\t\t<\/div>\n\t\t\n\t\t<div class=\"titledate0408\">\n\t\t<h2 class=\"bdpp-post-title0408\">\n\t\t\t<a href=\"https:\/\/www.foment.com\/en\/fomento-premia-cinco-ejemplos-de-exito-en-la-implementacion-efectiva-de-la-prevencion-de-riesgos-laborales-2\/\" target=\"_self\">Fomento premia cinco ejemplos de \u00e9xito en la implementaci\u00f3n efectiva de la prevenci\u00f3n ...<\/a>\n\t\t<\/h2>\n\n\t\t\t\t\t<div class=\"bdpp-post-meta bdpp-post-meta-up\">\n\t\t\t\t<span class=\"bdpp-post-meta-data bdpp-post-date\"><i class=\"fa fa-clock-o\"><\/i>27 de November de 2025<\/span>\t\t\t<\/div>\n\t\t<\/div>\n\t\t\n\t\t\t\t<div class=\"bdpp-post-cats0408\"><a class=\"bdpp-post-cat-link bdpp-post-cat-168 bdpp-post-cat-featured\" href=\"https:\/\/www.foment.com\/en\/category\/featured\/\">Featured<\/a> <a class=\"bdpp-post-cat-link bdpp-post-cat-179 bdpp-post-cat-general-en\" href=\"https:\/\/www.foment.com\/en\/category\/general-en\/\">General<\/a> <a class=\"bdpp-post-cat-link bdpp-post-cat-6650 bdpp-post-cat-premsa-en\" href=\"https:\/\/www.foment.com\/en\/category\/premsa-en\/\">Premsa<\/a> <a class=\"bdpp-post-cat-link bdpp-post-cat-12 bdpp-post-cat-uncategorized\" href=\"https:\/\/www.foment.com\/en\/category\/uncategorized\/\">Uncategorized<\/a><\/div>\n\t\t\n\n\n\n\t\t\t<\/div>\n<\/div><div class=\"bdpp-post-slide bdpp-post-203230 bdpp-post-standard bdpp-has-thumb\" >\n\t<div class=\"bdpp-post-carousel-content\">\n\t\t\t\t<div class=\"bdpp-post-img-bg\">\n\t\t\t<a href=\"https:\/\/www.foment.com\/en\/les-empreses-catalanes-aporten-mes-de-45-milions-deuros-a-lactivitat-de-la-creu-roja\/\" target=\"_self\">\n\t\t\t\t\t\t\t\t<img src=\"https:\/\/www.foment.com\/wp-content\/uploads\/2025\/06\/webmar-640x480.jpg\" alt=\"Les empreses catalanes aporten m\u00e9s de 4,5 milions d\u2019euros a l\u2019activitat de la Creu Roja\" \/>\n\t\t\t\t\t\t\t<\/a>\n\t\t<\/div>\n\t\t\n\t\t<div class=\"titledate0408\">\n\t\t<h2 class=\"bdpp-post-title0408\">\n\t\t\t<a href=\"https:\/\/www.foment.com\/en\/les-empreses-catalanes-aporten-mes-de-45-milions-deuros-a-lactivitat-de-la-creu-roja\/\" target=\"_self\">Les empreses catalanes aporten m\u00e9s de 4,5 milions d\u2019euros a l\u2019activitat de la ...<\/a>\n\t\t<\/h2>\n\n\t\t\t\t\t<div class=\"bdpp-post-meta bdpp-post-meta-up\">\n\t\t\t\t<span class=\"bdpp-post-meta-data bdpp-post-date\"><i class=\"fa fa-clock-o\"><\/i>19 de June de 2025<\/span>\t\t\t<\/div>\n\t\t<\/div>\n\t\t\n\t\t\t\t<div class=\"bdpp-post-cats0408\"><a class=\"bdpp-post-cat-link bdpp-post-cat-8407 bdpp-post-cat-noticias-revista\" href=\"https:\/\/www.foment.com\/es\/category\/revista-f\/noticias-revista\/\">Noticias<\/a><\/div>\n\t\t\n\n\n\n\t\t\t<\/div>\n<\/div><div class=\"bdpp-post-slide bdpp-post-189584 bdpp-post-standard bdpp-has-thumb\" >\n\t<div class=\"bdpp-post-carousel-content\">\n\t\t\t\t<div class=\"bdpp-post-img-bg\">\n\t\t\t<a href=\"https:\/\/www.foment.com\/en\/foment-strengthens-connection-barcelona-boston-in-economic-and-innovation-matters\/\" target=\"_self\">\n\t\t\t\t\t\t\t\t<img src=\"https:\/\/www.foment.com\/wp-content\/uploads\/2024\/09\/Boston-4-640x480.jpeg\" alt=\"Foment strengthens the economic and innovation connection between Barcelona and Boston\" \/>\n\t\t\t\t\t\t\t<\/a>\n\t\t<\/div>\n\t\t\n\t\t<div class=\"titledate0408\">\n\t\t<h2 class=\"bdpp-post-title0408\">\n\t\t\t<a href=\"https:\/\/www.foment.com\/en\/foment-strengthens-connection-barcelona-boston-in-economic-and-innovation-matters\/\" target=\"_self\">Foment strengthens the economic and innovation connection between Barcelona and Boston<\/a>\n\t\t<\/h2>\n\n\t\t\t\t\t<div class=\"bdpp-post-meta bdpp-post-meta-up\">\n\t\t\t\t<span class=\"bdpp-post-meta-data bdpp-post-date\"><i class=\"fa fa-clock-o\"><\/i>12 de September de 2024<\/span>\t\t\t<\/div>\n\t\t<\/div>\n\t\t\n\t\t\t\t<div class=\"bdpp-post-cats0408\"><a class=\"bdpp-post-cat-link bdpp-post-cat-172 bdpp-post-cat-entrepreneurship-business\" href=\"https:\/\/www.foment.com\/en\/category\/entrepreneurship-business\/\">Entrepreneurship and Business<\/a> <a class=\"bdpp-post-cat-link bdpp-post-cat-168 bdpp-post-cat-featured\" href=\"https:\/\/www.foment.com\/en\/category\/featured\/\">Featured<\/a> <a class=\"bdpp-post-cat-link bdpp-post-cat-174 bdpp-post-cat-globalization\" href=\"https:\/\/www.foment.com\/en\/category\/globalization\/\">Globalization<\/a> <a class=\"bdpp-post-cat-link bdpp-post-cat-173 bdpp-post-cat-innovation\" href=\"https:\/\/www.foment.com\/en\/category\/innovation\/\">Innovation<\/a> <a class=\"bdpp-post-cat-link bdpp-post-cat-6650 bdpp-post-cat-premsa-en\" href=\"https:\/\/www.foment.com\/en\/category\/premsa-en\/\">Premsa<\/a><\/div>\n\t\t\n\n\n\n\t\t\t<\/div>\n<\/div><div class=\"bdpp-post-slide bdpp-post-189281 bdpp-post-standard bdpp-has-thumb\" >\n\t<div class=\"bdpp-post-carousel-content\">\n\t\t\t\t<div class=\"bdpp-post-img-bg\">\n\t\t\t<a href=\"https:\/\/www.foment.com\/en\/foment-and-the-u-s-consulate-general-lead-a-mission-in-boston-with-twenty-women-entrepreneurs\/\" target=\"_self\">\n\t\t\t\t\t\t\t\t<img src=\"https:\/\/www.foment.com\/wp-content\/uploads\/2024\/09\/boston-640x480.png\" alt=\"Foment and the U.S. Consulate General lead a mission in Boston with twenty women entrepreneurs\" \/>\n\t\t\t\t\t\t\t<\/a>\n\t\t<\/div>\n\t\t\n\t\t<div class=\"titledate0408\">\n\t\t<h2 class=\"bdpp-post-title0408\">\n\t\t\t<a href=\"https:\/\/www.foment.com\/en\/foment-and-the-u-s-consulate-general-lead-a-mission-in-boston-with-twenty-women-entrepreneurs\/\" target=\"_self\">Foment and the U.S. Consulate General lead a mission in Boston with twenty women ...<\/a>\n\t\t<\/h2>\n\n\t\t\t\t\t<div class=\"bdpp-post-meta bdpp-post-meta-up\">\n\t\t\t\t<span class=\"bdpp-post-meta-data bdpp-post-date\"><i class=\"fa fa-clock-o\"><\/i>9 de September de 2024<\/span>\t\t\t<\/div>\n\t\t<\/div>\n\t\t\n\t\t\t\t<div class=\"bdpp-post-cats0408\"><a class=\"bdpp-post-cat-link bdpp-post-cat-172 bdpp-post-cat-entrepreneurship-business\" href=\"https:\/\/www.foment.com\/en\/category\/entrepreneurship-business\/\">Entrepreneurship and Business<\/a> <a class=\"bdpp-post-cat-link bdpp-post-cat-168 bdpp-post-cat-featured\" href=\"https:\/\/www.foment.com\/en\/category\/featured\/\">Featured<\/a> <a class=\"bdpp-post-cat-link bdpp-post-cat-174 bdpp-post-cat-globalization\" href=\"https:\/\/www.foment.com\/en\/category\/globalization\/\">Globalization<\/a> <a class=\"bdpp-post-cat-link bdpp-post-cat-173 bdpp-post-cat-innovation\" href=\"https:\/\/www.foment.com\/en\/category\/innovation\/\">Innovation<\/a> <a class=\"bdpp-post-cat-link bdpp-post-cat-6650 bdpp-post-cat-premsa-en\" href=\"https:\/\/www.foment.com\/en\/category\/premsa-en\/\">Premsa<\/a><\/div>\n\t\t\n\n\n\n\t\t\t<\/div>\n<\/div><div class=\"bdpp-post-slide bdpp-post-189283 bdpp-post-standard bdpp-has-thumb\" >\n\t<div class=\"bdpp-post-carousel-content\">\n\t\t\t\t<div class=\"bdpp-post-img-bg\">\n\t\t\t<a href=\"https:\/\/www.foment.com\/en\/foment-and-the-consulado-general-of-the-united-states-present-the-20-entrepreneurs-selected-with-the-jump-startup-grant-for-women-in-deeptech\/\" target=\"_self\">\n\t\t\t\t\t\t\t\t<img src=\"https:\/\/www.foment.com\/wp-content\/uploads\/2024\/03\/20240322114103__OB_1797-640x480.jpg\" alt=\"Foment and the U.S. Consulate General present the 20 entrepreneurs selected with the Jump Startup grant for Women in Deeptech\" \/>\n\t\t\t\t\t\t\t<\/a>\n\t\t<\/div>\n\t\t\n\t\t<div class=\"titledate0408\">\n\t\t<h2 class=\"bdpp-post-title0408\">\n\t\t\t<a href=\"https:\/\/www.foment.com\/en\/foment-and-the-consulado-general-of-the-united-states-present-the-20-entrepreneurs-selected-with-the-jump-startup-grant-for-women-in-deeptech\/\" target=\"_self\">Foment and the U.S. Consulate General present the 20 entrepreneurs selected with ...<\/a>\n\t\t<\/h2>\n\n\t\t\t\t\t<div class=\"bdpp-post-meta bdpp-post-meta-up\">\n\t\t\t\t<span class=\"bdpp-post-meta-data bdpp-post-date\"><i class=\"fa fa-clock-o\"><\/i>9 de September de 2024<\/span>\t\t\t<\/div>\n\t\t<\/div>\n\t\t\n\t\t\t\t<div class=\"bdpp-post-cats0408\"><a class=\"bdpp-post-cat-link bdpp-post-cat-172 bdpp-post-cat-entrepreneurship-business\" href=\"https:\/\/www.foment.com\/en\/category\/entrepreneurship-business\/\">Entrepreneurship and Business<\/a> <a class=\"bdpp-post-cat-link bdpp-post-cat-168 bdpp-post-cat-featured\" href=\"https:\/\/www.foment.com\/en\/category\/featured\/\">Featured<\/a> <a class=\"bdpp-post-cat-link bdpp-post-cat-173 bdpp-post-cat-innovation\" href=\"https:\/\/www.foment.com\/en\/category\/innovation\/\">Innovation<\/a> <a class=\"bdpp-post-cat-link bdpp-post-cat-6650 bdpp-post-cat-premsa-en\" href=\"https:\/\/www.foment.com\/en\/category\/premsa-en\/\">Premsa<\/a><\/div>\n\t\t\n\n\n\n\t\t\t<\/div>\n<\/div><div class=\"bdpp-post-slide bdpp-post-188575 bdpp-post-standard bdpp-has-thumb\" >\n\t<div class=\"bdpp-post-carousel-content\">\n\t\t\t\t<div class=\"bdpp-post-img-bg\">\n\t\t\t<a href=\"https:\/\/www.foment.com\/en\/the-conference-reform-the-internal-market-for-a-more-competitive-europe-calls-for-more-integration-to-be-able-to-have-regulation\/\" target=\"_self\">\n\t\t\t\t\t\t\t\t<img src=\"https:\/\/www.foment.com\/wp-content\/uploads\/2023\/11\/Portada-640x480.jpeg\" alt=\"The conference \u2018Reform the internal market for a more competitive Europe\u2019 calls for more integration to be able to have regulation\" \/>\n\t\t\t\t\t\t\t<\/a>\n\t\t<\/div>\n\t\t\n\t\t<div class=\"titledate0408\">\n\t\t<h2 class=\"bdpp-post-title0408\">\n\t\t\t<a href=\"https:\/\/www.foment.com\/en\/the-conference-reform-the-internal-market-for-a-more-competitive-europe-calls-for-more-integration-to-be-able-to-have-regulation\/\" target=\"_self\">The conference \u2018Reform the internal market for a more competitive Europe\u2019 calls ...<\/a>\n\t\t<\/h2>\n\n\t\t\t\t\t<div class=\"bdpp-post-meta bdpp-post-meta-up\">\n\t\t\t\t<span class=\"bdpp-post-meta-data bdpp-post-date\"><i class=\"fa fa-clock-o\"><\/i>30 de July de 2024<\/span>\t\t\t<\/div>\n\t\t<\/div>\n\t\t\n\t\t\t\t<div class=\"bdpp-post-cats0408\"><a class=\"bdpp-post-cat-link bdpp-post-cat-168 bdpp-post-cat-featured\" href=\"https:\/\/www.foment.com\/en\/category\/featured\/\">Featured<\/a> <a class=\"bdpp-post-cat-link bdpp-post-cat-6650 bdpp-post-cat-premsa-en\" href=\"https:\/\/www.foment.com\/en\/category\/premsa-en\/\">Premsa<\/a><\/div>\n\t\t\n\n\n\n\t\t\t<\/div>\n<\/div><div class=\"bdpp-post-slide bdpp-post-188568 bdpp-post-standard bdpp-has-thumb\" >\n\t<div class=\"bdpp-post-carousel-content\">\n\t\t\t\t<div class=\"bdpp-post-img-bg\">\n\t\t\t<a href=\"https:\/\/www.foment.com\/en\/fodere-warns-of-gloomy-economic-prospects-if-the-energy-crisis-and-inflation-persist\/\" target=\"_self\">\n\t\t\t\t\t\t\t\t<img src=\"https:\/\/www.foment.com\/wp-content\/uploads\/2023\/11\/IMG-20231117-WA0004-640x480.jpg\" alt=\"FODERE warns of gloomy economic prospects if the energy crisis and inflation persist\" \/>\n\t\t\t\t\t\t\t<\/a>\n\t\t<\/div>\n\t\t\n\t\t<div class=\"titledate0408\">\n\t\t<h2 class=\"bdpp-post-title0408\">\n\t\t\t<a href=\"https:\/\/www.foment.com\/en\/fodere-warns-of-gloomy-economic-prospects-if-the-energy-crisis-and-inflation-persist\/\" target=\"_self\">FODERE warns of gloomy economic prospects if the energy crisis and inflation persist<\/a>\n\t\t<\/h2>\n\n\t\t\t\t\t<div class=\"bdpp-post-meta bdpp-post-meta-up\">\n\t\t\t\t<span class=\"bdpp-post-meta-data bdpp-post-date\"><i class=\"fa fa-clock-o\"><\/i>30 de July de 2024<\/span>\t\t\t<\/div>\n\t\t<\/div>\n\t\t\n\t\t\t\t<div class=\"bdpp-post-cats0408\"><a class=\"bdpp-post-cat-link bdpp-post-cat-168 bdpp-post-cat-featured\" href=\"https:\/\/www.foment.com\/en\/category\/featured\/\">Featured<\/a> <a class=\"bdpp-post-cat-link bdpp-post-cat-174 bdpp-post-cat-globalization\" href=\"https:\/\/www.foment.com\/en\/category\/globalization\/\">Globalization<\/a> <a class=\"bdpp-post-cat-link bdpp-post-cat-176 bdpp-post-cat-industry\" href=\"https:\/\/www.foment.com\/en\/category\/industry\/\">Industry<\/a> <a class=\"bdpp-post-cat-link bdpp-post-cat-6650 bdpp-post-cat-premsa-en\" href=\"https:\/\/www.foment.com\/en\/category\/premsa-en\/\">Premsa<\/a><\/div>\n\t\t\n\n\n\n\t\t\t<\/div>\n<\/div><div class=\"bdpp-post-slide bdpp-post-188565 bdpp-post-standard bdpp-has-thumb\" >\n\t<div class=\"bdpp-post-carousel-content\">\n\t\t\t\t<div class=\"bdpp-post-img-bg\">\n\t\t\t<a href=\"https:\/\/www.foment.com\/en\/foment-calls-for-higher-levels-of-state-aid-so-that-spain-approaches-the-european-average\/\" target=\"_self\">\n\t\t\t\t\t\t\t\t<img src=\"https:\/\/www.foment.com\/wp-content\/uploads\/2024\/01\/destakat-640x480.jpg\" alt=\"Foment calls for higher levels of State aid so that Spain approaches the European average\" \/>\n\t\t\t\t\t\t\t<\/a>\n\t\t<\/div>\n\t\t\n\t\t<div class=\"titledate0408\">\n\t\t<h2 class=\"bdpp-post-title0408\">\n\t\t\t<a href=\"https:\/\/www.foment.com\/en\/foment-calls-for-higher-levels-of-state-aid-so-that-spain-approaches-the-european-average\/\" target=\"_self\">Foment calls for higher levels of State aid so that Spain approaches the European average<\/a>\n\t\t<\/h2>\n\n\t\t\t\t\t<div class=\"bdpp-post-meta bdpp-post-meta-up\">\n\t\t\t\t<span class=\"bdpp-post-meta-data bdpp-post-date\"><i class=\"fa fa-clock-o\"><\/i>30 de July de 2024<\/span>\t\t\t<\/div>\n\t\t<\/div>\n\t\t\n\t\t\t\t<div class=\"bdpp-post-cats0408\"><a class=\"bdpp-post-cat-link bdpp-post-cat-163 bdpp-post-cat-economia-2-en\" href=\"https:\/\/www.foment.com\/en\/category\/economia-2-en\/\">Economy and Taxation<\/a> <a class=\"bdpp-post-cat-link bdpp-post-cat-168 bdpp-post-cat-featured\" href=\"https:\/\/www.foment.com\/en\/category\/featured\/\">Featured<\/a> <a class=\"bdpp-post-cat-link bdpp-post-cat-6650 bdpp-post-cat-premsa-en\" href=\"https:\/\/www.foment.com\/en\/category\/premsa-en\/\">Premsa<\/a><\/div>\n\t\t\n\n\n\n\t\t\t<\/div>\n<\/div><div class=\"bdpp-post-slide bdpp-post-188562 bdpp-post-standard bdpp-has-thumb\" >\n\t<div class=\"bdpp-post-carousel-content\">\n\t\t\t\t<div class=\"bdpp-post-img-bg\">\n\t\t\t<a href=\"https:\/\/www.foment.com\/en\/the-minister-of-investment-of-morocco-explains-the-advantages-of-betting-on-the-country-in-front-of-hundreds-of-entrepreneurs-at-foment-del-treball\/\" target=\"_self\">\n\t\t\t\t\t\t\t\t<img src=\"https:\/\/www.foment.com\/wp-content\/uploads\/2024\/01\/photo1706518446-6-640x480.jpeg\" alt=\"The Minister of Investment of Morocco explains the advantages of betting on the country in front of hundreds of entrepreneurs at Foment del Treball\" \/>\n\t\t\t\t\t\t\t<\/a>\n\t\t<\/div>\n\t\t\n\t\t<div class=\"titledate0408\">\n\t\t<h2 class=\"bdpp-post-title0408\">\n\t\t\t<a href=\"https:\/\/www.foment.com\/en\/the-minister-of-investment-of-morocco-explains-the-advantages-of-betting-on-the-country-in-front-of-hundreds-of-entrepreneurs-at-foment-del-treball\/\" target=\"_self\">The Minister of Investment of Morocco explains the advantages of betting on the country ...<\/a>\n\t\t<\/h2>\n\n\t\t\t\t\t<div class=\"bdpp-post-meta bdpp-post-meta-up\">\n\t\t\t\t<span class=\"bdpp-post-meta-data bdpp-post-date\"><i class=\"fa fa-clock-o\"><\/i>30 de July de 2024<\/span>\t\t\t<\/div>\n\t\t<\/div>\n\t\t\n\t\t\t\t<div class=\"bdpp-post-cats0408\"><a class=\"bdpp-post-cat-link bdpp-post-cat-168 bdpp-post-cat-featured\" href=\"https:\/\/www.foment.com\/en\/category\/featured\/\">Featured<\/a> <a class=\"bdpp-post-cat-link bdpp-post-cat-174 bdpp-post-cat-globalization\" href=\"https:\/\/www.foment.com\/en\/category\/globalization\/\">Globalization<\/a> <a class=\"bdpp-post-cat-link bdpp-post-cat-6650 bdpp-post-cat-premsa-en\" href=\"https:\/\/www.foment.com\/en\/category\/premsa-en\/\">Premsa<\/a><\/div>\n\t\t\n\n\n\n\t\t\t<\/div>\n<\/div><div class=\"bdpp-post-slide bdpp-post-188559 bdpp-post-standard bdpp-has-thumb\" >\n\t<div class=\"bdpp-post-carousel-content\">\n\t\t\t\t<div class=\"bdpp-post-img-bg\">\n\t\t\t<a href=\"https:\/\/www.foment.com\/en\/foment-del-treball-transfers-to-mister-pime-a-package-of-measures-to-increase-the-size-and-competitiveness-of-smes\/\" target=\"_self\">\n\t\t\t\t\t\t\t\t<img src=\"https:\/\/www.foment.com\/wp-content\/uploads\/2024\/03\/WhatsApp-Image-2024-03-06-at-16.34.09-5-640x458.jpeg\" alt=\"Foment del Treball transfers to Mister PIME a package of measures to increase the size and competitiveness of SMEs\" \/>\n\t\t\t\t\t\t\t<\/a>\n\t\t<\/div>\n\t\t\n\t\t<div class=\"titledate0408\">\n\t\t<h2 class=\"bdpp-post-title0408\">\n\t\t\t<a href=\"https:\/\/www.foment.com\/en\/foment-del-treball-transfers-to-mister-pime-a-package-of-measures-to-increase-the-size-and-competitiveness-of-smes\/\" target=\"_self\">Foment del Treball transfers to Mister PIME a package of measures to increase the ...<\/a>\n\t\t<\/h2>\n\n\t\t\t\t\t<div class=\"bdpp-post-meta bdpp-post-meta-up\">\n\t\t\t\t<span class=\"bdpp-post-meta-data bdpp-post-date\"><i class=\"fa fa-clock-o\"><\/i>30 de July de 2024<\/span>\t\t\t<\/div>\n\t\t<\/div>\n\t\t\n\t\t\t\t<div class=\"bdpp-post-cats0408\"><a class=\"bdpp-post-cat-link bdpp-post-cat-168 bdpp-post-cat-featured\" href=\"https:\/\/www.foment.com\/en\/category\/featured\/\">Featured<\/a> <a class=\"bdpp-post-cat-link bdpp-post-cat-6650 bdpp-post-cat-premsa-en\" href=\"https:\/\/www.foment.com\/en\/category\/premsa-en\/\">Premsa<\/a><\/div>\n\t\t\n\n\n\n\t\t\t<\/div>\n<\/div><div class=\"bdpp-post-slide bdpp-post-188555 bdpp-post-standard bdpp-has-thumb\" >\n\t<div class=\"bdpp-post-carousel-content\">\n\t\t\t\t<div class=\"bdpp-post-img-bg\">\n\t\t\t<a href=\"https:\/\/www.foment.com\/en\/jaume-duch-frames-the-upcoming-european-elections-in-june-as-the-most-momentous-for-the-future-of-the-eu\/\" target=\"_self\">\n\t\t\t\t\t\t\t\t<img src=\"https:\/\/www.foment.com\/wp-content\/uploads\/2024\/03\/PVC01232-scaled.jpg\" alt=\"Jaume Duch frames the upcoming European elections in June as \u00abthe most momentous\u00bb for the future of the EU\" \/>\n\t\t\t\t\t\t\t<\/a>\n\t\t<\/div>\n\t\t\n\t\t<div class=\"titledate0408\">\n\t\t<h2 class=\"bdpp-post-title0408\">\n\t\t\t<a href=\"https:\/\/www.foment.com\/en\/jaume-duch-frames-the-upcoming-european-elections-in-june-as-the-most-momentous-for-the-future-of-the-eu\/\" target=\"_self\">Jaume Duch frames the upcoming European elections in June as \u00abthe most momentous\u00bb ...<\/a>\n\t\t<\/h2>\n\n\t\t\t\t\t<div class=\"bdpp-post-meta bdpp-post-meta-up\">\n\t\t\t\t<span class=\"bdpp-post-meta-data bdpp-post-date\"><i class=\"fa fa-clock-o\"><\/i>30 de July de 2024<\/span>\t\t\t<\/div>\n\t\t<\/div>\n\t\t\n\t\t\t\t<div class=\"bdpp-post-cats0408\"><a class=\"bdpp-post-cat-link bdpp-post-cat-168 bdpp-post-cat-featured\" href=\"https:\/\/www.foment.com\/en\/category\/featured\/\">Featured<\/a> <a class=\"bdpp-post-cat-link bdpp-post-cat-6650 bdpp-post-cat-premsa-en\" href=\"https:\/\/www.foment.com\/en\/category\/premsa-en\/\">Premsa<\/a><\/div>\n\t\t\n\n\n\n\t\t\t<\/div>\n<\/div><div class=\"bdpp-post-slide bdpp-post-180027 bdpp-post-standard bdpp-has-thumb\" >\n\t<div class=\"bdpp-post-carousel-content\">\n\t\t\t\t<div class=\"bdpp-post-img-bg\">\n\t\t\t<a href=\"https:\/\/www.foment.com\/en\/foment-asks-the-president-of-the-spanish-government-to-open-the-doors-to-dialogue-and-adopt-a-change-of-attitude-that-abandons-populist-positions\/\" target=\"_self\">\n\t\t\t\t\t\t\t\t<img src=\"https:\/\/www.foment.com\/wp-content\/uploads\/2024\/04\/presiiiii-640x480.jpg\" alt=\"Foment asks the President of the Spanish Government to open the doors to dialogue and adopt a change of attitude that abandons populist positions\" \/>\n\t\t\t\t\t\t\t<\/a>\n\t\t<\/div>\n\t\t\n\t\t<div class=\"titledate0408\">\n\t\t<h2 class=\"bdpp-post-title0408\">\n\t\t\t<a href=\"https:\/\/www.foment.com\/en\/foment-asks-the-president-of-the-spanish-government-to-open-the-doors-to-dialogue-and-adopt-a-change-of-attitude-that-abandons-populist-positions\/\" target=\"_self\">Foment asks the President of the Spanish Government to open the doors to dialogue ...<\/a>\n\t\t<\/h2>\n\n\t\t\t\t\t<div class=\"bdpp-post-meta bdpp-post-meta-up\">\n\t\t\t\t<span class=\"bdpp-post-meta-data bdpp-post-date\"><i class=\"fa fa-clock-o\"><\/i>2 de April de 2024<\/span>\t\t\t<\/div>\n\t\t<\/div>\n\t\t\n\t\t\t\t<div class=\"bdpp-post-cats0408\"><a class=\"bdpp-post-cat-link bdpp-post-cat-168 bdpp-post-cat-featured\" href=\"https:\/\/www.foment.com\/en\/category\/featured\/\">Featured<\/a> <a class=\"bdpp-post-cat-link bdpp-post-cat-179 bdpp-post-cat-general-en\" href=\"https:\/\/www.foment.com\/en\/category\/general-en\/\">General<\/a> <a class=\"bdpp-post-cat-link bdpp-post-cat-6650 bdpp-post-cat-premsa-en\" href=\"https:\/\/www.foment.com\/en\/category\/premsa-en\/\">Premsa<\/a><\/div>\n\t\t\n\n\n\n\t\t\t<\/div>\n<\/div><div class=\"bdpp-post-slide bdpp-post-165298 bdpp-post-standard bdpp-has-thumb\" >\n\t<div class=\"bdpp-post-carousel-content\">\n\t\t\t\t<div class=\"bdpp-post-img-bg\">\n\t\t\t<a href=\"https:\/\/www.foment.com\/en\/business-tourims-sector-denounces-catalan-goverments-rejection-2031-costa-brava-barcelona-ryder-cup-project-calls-competition-be-saved\/\" target=\"_self\">\n\t\t\t\t\t\t\t\t<img src=\"https:\/\/www.foment.com\/wp-content\/uploads\/2023\/06\/Salverm-la-Ryder-Cup-2031-640x480.jpg\" alt=\"The business and tourism sector denounces the Catalan Government\u2019s rejection of the 2031 Costa Brava-Barcelona Ryder Cup project and calls for the competition to be \u201csaved\u201d\" \/>\n\t\t\t\t\t\t\t<\/a>\n\t\t<\/div>\n\t\t\n\t\t<div class=\"titledate0408\">\n\t\t<h2 class=\"bdpp-post-title0408\">\n\t\t\t<a href=\"https:\/\/www.foment.com\/en\/business-tourims-sector-denounces-catalan-goverments-rejection-2031-costa-brava-barcelona-ryder-cup-project-calls-competition-be-saved\/\" target=\"_self\">The business and tourism sector denounces the Catalan Government\u2019s rejection of ...<\/a>\n\t\t<\/h2>\n\n\t\t\t\t\t<div class=\"bdpp-post-meta bdpp-post-meta-up\">\n\t\t\t\t<span class=\"bdpp-post-meta-data bdpp-post-date\"><i class=\"fa fa-clock-o\"><\/i>8 de June de 2023<\/span>\t\t\t<\/div>\n\t\t<\/div>\n\t\t\n\t\t\t\t<div class=\"bdpp-post-cats0408\"><a class=\"bdpp-post-cat-link bdpp-post-cat-7806 bdpp-post-cat-esports-en\" href=\"https:\/\/www.foment.com\/en\/category\/esports-en\/\">Esports<\/a> <a class=\"bdpp-post-cat-link bdpp-post-cat-168 bdpp-post-cat-featured\" href=\"https:\/\/www.foment.com\/en\/category\/featured\/\">Featured<\/a> <a class=\"bdpp-post-cat-link bdpp-post-cat-6650 bdpp-post-cat-premsa-en\" href=\"https:\/\/www.foment.com\/en\/category\/premsa-en\/\">Premsa<\/a> <a class=\"bdpp-post-cat-link bdpp-post-cat-7807 bdpp-post-cat-turisme-i-serveis-en\" href=\"https:\/\/www.foment.com\/en\/category\/turisme-i-serveis-en\/\">Turisme i Serveis<\/a><\/div>\n\t\t\n\n\n\n\t\t\t<\/div>\n<\/div><div class=\"bdpp-post-slide bdpp-post-128949 bdpp-post-video bdpp-has-thumb\" >\n\t<div class=\"bdpp-post-carousel-content\">\n\t\t\t\t<div class=\"bdpp-post-img-bg\">\n\t\t\t<a href=\"https:\/\/www.foment.com\/en\/sanchez-llibre-calls-for-a-serious-and-rigorous-housing-policy\/\" target=\"_self\">\n\t\t\t\t\t\t\t\t<img src=\"https:\/\/www.foment.com\/wp-content\/uploads\/2021\/10\/Nova-web-portada_habitatge-640x480.png\" alt=\"S\u00e1nchez Llibre calls for a serious and rigorous housing policy\" \/>\n\t\t\t\t<span class=\"bdpp-format-icon\"><i class=\"bdpp-post-icon fa fa-play\"><\/i><\/span>\t\t\t<\/a>\n\t\t<\/div>\n\t\t\n\t\t<div class=\"titledate0408\">\n\t\t<h2 class=\"bdpp-post-title0408\">\n\t\t\t<a href=\"https:\/\/www.foment.com\/en\/sanchez-llibre-calls-for-a-serious-and-rigorous-housing-policy\/\" target=\"_self\">S\u00e1nchez Llibre calls for a serious and rigorous housing policy<\/a>\n\t\t<\/h2>\n\n\t\t\t\t\t<div class=\"bdpp-post-meta bdpp-post-meta-up\">\n\t\t\t\t<span class=\"bdpp-post-meta-data bdpp-post-date\"><i class=\"fa fa-clock-o\"><\/i>15 de October de 2021<\/span>\t\t\t<\/div>\n\t\t<\/div>\n\t\t\n\t\t\t\t<div class=\"bdpp-post-cats0408\"><a class=\"bdpp-post-cat-link bdpp-post-cat-5815 bdpp-post-cat-videos-en\" href=\"https:\/\/www.foment.com\/en\/category\/videos-en\/\">Videos<\/a><\/div>\n\t\t\n\n\n\n\t\t\t<\/div>\n<\/div><div class=\"bdpp-post-slide bdpp-post-128948 bdpp-post-video bdpp-has-thumb\" >\n\t<div class=\"bdpp-post-carousel-content\">\n\t\t\t\t<div class=\"bdpp-post-img-bg\">\n\t\t\t<a href=\"https:\/\/www.foment.com\/en\/ametller-origen-presents-the-agroparc-penedes-an-agri-food-cluster-sustainable-and-circular-which-will-integrate-agriculture-livestock-and-agro-industry-in-a-single-space\/\" target=\"_self\">\n\t\t\t\t\t\t\t\t<img src=\"https:\/\/www.foment.com\/wp-content\/uploads\/2021\/10\/Agroparc-Penedes_4-640x480.jpg\" alt=\"Ametller Origen presents the Agroparc Pened\u00e8s, an agri-food cluster, sustainable and circular, which will integrate agriculture, livestock and agro-industry in a single space\" \/>\n\t\t\t\t<span class=\"bdpp-format-icon\"><i class=\"bdpp-post-icon fa fa-play\"><\/i><\/span>\t\t\t<\/a>\n\t\t<\/div>\n\t\t\n\t\t<div class=\"titledate0408\">\n\t\t<h2 class=\"bdpp-post-title0408\">\n\t\t\t<a href=\"https:\/\/www.foment.com\/en\/ametller-origen-presents-the-agroparc-penedes-an-agri-food-cluster-sustainable-and-circular-which-will-integrate-agriculture-livestock-and-agro-industry-in-a-single-space\/\" target=\"_self\">Ametller Origen presents the Agroparc Pened\u00e8s, an agri-food cluster, sustainable ...<\/a>\n\t\t<\/h2>\n\n\t\t\t\t\t<div class=\"bdpp-post-meta bdpp-post-meta-up\">\n\t\t\t\t<span class=\"bdpp-post-meta-data bdpp-post-date\"><i class=\"fa fa-clock-o\"><\/i>15 de October de 2021<\/span>\t\t\t<\/div>\n\t\t<\/div>\n\t\t\n\t\t\t\t<div class=\"bdpp-post-cats0408\"><a class=\"bdpp-post-cat-link bdpp-post-cat-5815 bdpp-post-cat-videos-en\" href=\"https:\/\/www.foment.com\/en\/category\/videos-en\/\">Videos<\/a><\/div>\n\t\t\n\n\n\n\t\t\t<\/div>\n<\/div><div class=\"bdpp-post-slide bdpp-post-69946 bdpp-post-standard bdpp-has-thumb\" >\n\t<div class=\"bdpp-post-carousel-content\">\n\t\t\t\t<div class=\"bdpp-post-img-bg\">\n\t\t\t<a href=\"https:\/\/www.foment.com\/en\/foment-obra-linea-brexit-para-empresas\/\" target=\"_self\">\n\t\t\t\t\t\t\t\t<img src=\"https:\/\/www.foment.com\/wp-content\/uploads\/2019\/09\/francois-genon-M5IuGintPvo-unsplash-scaled.jpg\" alt=\"Foment opens up The Brexit Line for companies\" \/>\n\t\t\t\t\t\t\t<\/a>\n\t\t<\/div>\n\t\t\n\t\t<div class=\"titledate0408\">\n\t\t<h2 class=\"bdpp-post-title0408\">\n\t\t\t<a href=\"https:\/\/www.foment.com\/en\/foment-obra-linea-brexit-para-empresas\/\" target=\"_self\">Foment opens up The Brexit Line for companies<\/a>\n\t\t<\/h2>\n\n\t\t\t\t\t<div class=\"bdpp-post-meta bdpp-post-meta-up\">\n\t\t\t\t<span class=\"bdpp-post-meta-data bdpp-post-date\"><i class=\"fa fa-clock-o\"><\/i>5 de September de 2019<\/span>\t\t\t<\/div>\n\t\t<\/div>\n\t\t\n\t\t\t\t<div class=\"bdpp-post-cats0408\"><a class=\"bdpp-post-cat-link bdpp-post-cat-1903 bdpp-post-cat-brexit-es-en\" href=\"https:\/\/www.foment.com\/en\/category\/brexit-es-en\/\">Brexit<\/a> <a class=\"bdpp-post-cat-link bdpp-post-cat-168 bdpp-post-cat-featured\" href=\"https:\/\/www.foment.com\/en\/category\/featured\/\">Featured<\/a><\/div>\n\t\t\n\n\n\n\t\t\t<\/div>\n<\/div><div class=\"bdpp-post-slide bdpp-post-70164 bdpp-post-standard bdpp-has-thumb\" >\n\t<div class=\"bdpp-post-carousel-content\">\n\t\t\t\t<div class=\"bdpp-post-img-bg\">\n\t\t\t<a href=\"https:\/\/www.foment.com\/en\/enrique-lacalle-se-incorpora-a-foment-como-consejero-de-promocion-empresarial-y-feria-internacional\/\" target=\"_self\">\n\t\t\t\t\t\t\t\t<img src=\"https:\/\/www.foment.com\/wp-content\/uploads\/2019\/09\/foto-lacalle-2.jpg\" alt=\"Enrique Lacalle joins Foment as Counselor of Enterprise Promotion and International Fair\" \/>\n\t\t\t\t\t\t\t<\/a>\n\t\t<\/div>\n\t\t\n\t\t<div class=\"titledate0408\">\n\t\t<h2 class=\"bdpp-post-title0408\">\n\t\t\t<a href=\"https:\/\/www.foment.com\/en\/enrique-lacalle-se-incorpora-a-foment-como-consejero-de-promocion-empresarial-y-feria-internacional\/\" target=\"_self\">Enrique Lacalle joins Foment as Counselor of Enterprise Promotion and International Fair<\/a>\n\t\t<\/h2>\n\n\t\t\t\t\t<div class=\"bdpp-post-meta bdpp-post-meta-up\">\n\t\t\t\t<span class=\"bdpp-post-meta-data bdpp-post-date\"><i class=\"fa fa-clock-o\"><\/i>3 de September de 2019<\/span>\t\t\t<\/div>\n\t\t<\/div>\n\t\t\n\t\t\t\t<div class=\"bdpp-post-cats0408\"><a class=\"bdpp-post-cat-link bdpp-post-cat-168 bdpp-post-cat-featured\" href=\"https:\/\/www.foment.com\/en\/category\/featured\/\">Featured<\/a> <a class=\"bdpp-post-cat-link bdpp-post-cat-179 bdpp-post-cat-general-en\" href=\"https:\/\/www.foment.com\/en\/category\/general-en\/\">General<\/a><\/div>\n\t\t\n\n\n\n\t\t\t<\/div>\n<\/div><div class=\"bdpp-post-slide bdpp-post-70370 bdpp-post-standard bdpp-has-thumb\" >\n\t<div class=\"bdpp-post-carousel-content\">\n\t\t\t\t<div class=\"bdpp-post-img-bg\">\n\t\t\t<a href=\"https:\/\/www.foment.com\/en\/foment-eurecat-signen-conveni-collaboracio-afavorir-competitivitat-tecnologica-empreses-catalanes\/\" target=\"_self\">\n\t\t\t\t\t\t\t\t<img src=\"https:\/\/www.foment.com\/wp-content\/uploads\/2019\/09\/20190903_Foment_eurecat_ret-2.jpg\" alt=\"Foment and Eurecat sign a collaboration agreement to promote the technological competitiveness of Catalan companies\" \/>\n\t\t\t\t\t\t\t<\/a>\n\t\t<\/div>\n\t\t\n\t\t<div class=\"titledate0408\">\n\t\t<h2 class=\"bdpp-post-title0408\">\n\t\t\t<a href=\"https:\/\/www.foment.com\/en\/foment-eurecat-signen-conveni-collaboracio-afavorir-competitivitat-tecnologica-empreses-catalanes\/\" target=\"_self\">Foment and Eurecat sign a collaboration agreement to promote the technological competitiveness ...<\/a>\n\t\t<\/h2>\n\n\t\t\t\t\t<div class=\"bdpp-post-meta bdpp-post-meta-up\">\n\t\t\t\t<span class=\"bdpp-post-meta-data bdpp-post-date\"><i class=\"fa fa-clock-o\"><\/i>3 de September de 2019<\/span>\t\t\t<\/div>\n\t\t<\/div>\n\t\t\n\t\t\t\t<div class=\"bdpp-post-cats0408\"><a class=\"bdpp-post-cat-link bdpp-post-cat-168 bdpp-post-cat-featured\" href=\"https:\/\/www.foment.com\/en\/category\/featured\/\">Featured<\/a> <a class=\"bdpp-post-cat-link bdpp-post-cat-173 bdpp-post-cat-innovation\" href=\"https:\/\/www.foment.com\/en\/category\/innovation\/\">Innovation<\/a><\/div>\n\t\t\n\n\n\n\t\t\t<\/div>\n<\/div><div class=\"bdpp-post-slide bdpp-post-69918 bdpp-post-standard bdpp-has-thumb\" >\n\t<div class=\"bdpp-post-carousel-content\">\n\t\t\t\t<div class=\"bdpp-post-img-bg\">\n\t\t\t<a href=\"https:\/\/www.foment.com\/en\/visita-comissio-parlamentaria-finances-japo\/\" target=\"_self\">\n\t\t\t\t\t\t\t\t<img src=\"https:\/\/www.foment.com\/wp-content\/uploads\/2019\/08\/Jap\u00f3-Comissi\u00f3-Finances_2.jpg\" alt=\"Visit of the Finance Parliamentary Commission of Japan\" \/>\n\t\t\t\t\t\t\t<\/a>\n\t\t<\/div>\n\t\t\n\t\t<div class=\"titledate0408\">\n\t\t<h2 class=\"bdpp-post-title0408\">\n\t\t\t<a href=\"https:\/\/www.foment.com\/en\/visita-comissio-parlamentaria-finances-japo\/\" target=\"_self\">Visit of the Finance Parliamentary Commission of Japan<\/a>\n\t\t<\/h2>\n\n\t\t\t\t\t<div class=\"bdpp-post-meta bdpp-post-meta-up\">\n\t\t\t\t<span class=\"bdpp-post-meta-data bdpp-post-date\"><i class=\"fa fa-clock-o\"><\/i>23 de August de 2019<\/span>\t\t\t<\/div>\n\t\t<\/div>\n\t\t\n\t\t\t\t<div class=\"bdpp-post-cats0408\"><a class=\"bdpp-post-cat-link bdpp-post-cat-168 bdpp-post-cat-featured\" href=\"https:\/\/www.foment.com\/en\/category\/featured\/\">Featured<\/a> <a class=\"bdpp-post-cat-link bdpp-post-cat-174 bdpp-post-cat-globalization\" href=\"https:\/\/www.foment.com\/en\/category\/globalization\/\">Globalization<\/a><\/div>\n\t\t\n\n\n\n\t\t\t<\/div>\n<\/div><div class=\"bdpp-post-slide bdpp-post-68204 bdpp-post-standard bdpp-has-thumb\" >\n\t<div class=\"bdpp-post-carousel-content\">\n\t\t\t\t<div class=\"bdpp-post-img-bg\">\n\t\t\t<a href=\"https:\/\/www.foment.com\/en\/the-president-of-foment-meets-with-the-consul-of-peru-in-barcelona\/\" target=\"_self\">\n\t\t\t\t\t\t\t\t<img src=\"https:\/\/www.foment.com\/wp-content\/uploads\/2019\/07\/Portada_2.jpg\" alt=\"The president of Foment meets with the consul of Peru in Barcelona.\" \/>\n\t\t\t\t\t\t\t<\/a>\n\t\t<\/div>\n\t\t\n\t\t<div class=\"titledate0408\">\n\t\t<h2 class=\"bdpp-post-title0408\">\n\t\t\t<a href=\"https:\/\/www.foment.com\/en\/the-president-of-foment-meets-with-the-consul-of-peru-in-barcelona\/\" target=\"_self\">The president of Foment meets with the consul of Peru in Barcelona.<\/a>\n\t\t<\/h2>\n\n\t\t\t\t\t<div class=\"bdpp-post-meta bdpp-post-meta-up\">\n\t\t\t\t<span class=\"bdpp-post-meta-data bdpp-post-date\"><i class=\"fa fa-clock-o\"><\/i>11 de July de 2019<\/span>\t\t\t<\/div>\n\t\t<\/div>\n\t\t\n\t\t\t\t<div class=\"bdpp-post-cats0408\"><a class=\"bdpp-post-cat-link bdpp-post-cat-168 bdpp-post-cat-featured\" href=\"https:\/\/www.foment.com\/en\/category\/featured\/\">Featured<\/a> <a class=\"bdpp-post-cat-link bdpp-post-cat-174 bdpp-post-cat-globalization\" href=\"https:\/\/www.foment.com\/en\/category\/globalization\/\">Globalization<\/a><\/div>\n\t\t\n\n\n\n\t\t\t<\/div>\n<\/div><\/div>[\/vc_column][\/vc_row]<\/p>\n<\/section>","protected":false},"excerpt":{"rendered":"<p>[vc_row][vc_column width=&#8221;1\/1&#8243;][\/vc_column][\/vc_row][vc_row bg_color=&#8221;#ffffff&#8221; top_padding=&#8221;60&#8243; bottom_padding=&#8221;60&#8243;][vc_column width=&#8221;1\/1&#8243;][vc_column_text] In 2007 Foment del Treball established the Medalles d\u2019Honor (Medals of Honor) and the Carles Ferrer Salat Award, which are given to those people or businesses which have stood out in the business sector during the previous year. The Medalles d\u2019Honor are awarded in two categories: \u00a0 In parallel to the Medalles, we give The Carles Ferrer Salat Award, with which Foment del Treball recognizes the work of companies and entrepreneurs in Catalonia. These awards honour the values of businesspeople who are generous, open, and defenders of knowledge and dialogue, like Carles Ferrer Salat, former president of Foment, founding president of CEOE, and former president of the great European sponsor UNICE (now BusinessEurope). The following categories are awarded: \u00a0 \u00a0 \u00a0 [\/vc_column_text][\/vc_column][\/vc_row][vc_row type=&#8221;full_width_section&#8221; bg_color=&#8221;#efefef&#8221; top_padding=&#8221;60&#8243; bottom_padding=&#8221;60&#8243;][vc_column column_center=&#8221;true&#8221; width=&#8221;1\/1&#8243;][\/vc_column][\/vc_row]<\/p>\n","protected":false},"author":1,"featured_media":0,"parent":24391,"menu_order":0,"comment_status":"closed","ping_status":"closed","template":"","meta":{"_links_to":"","_links_to_target":""},"acf":[],"wps_subtitle":"","_links":{"self":[{"href":"https:\/\/www.foment.com\/en\/wp-json\/wp\/v2\/pages\/25555"}],"collection":[{"href":"https:\/\/www.foment.com\/en\/wp-json\/wp\/v2\/pages"}],"about":[{"href":"https:\/\/www.foment.com\/en\/wp-json\/wp\/v2\/types\/page"}],"author":[{"embeddable":true,"href":"https:\/\/www.foment.com\/en\/wp-json\/wp\/v2\/users\/1"}],"replies":[{"embeddable":true,"href":"https:\/\/www.foment.com\/en\/wp-json\/wp\/v2\/comments?post=25555"}],"version-history":[{"count":4,"href":"https:\/\/www.foment.com\/en\/wp-json\/wp\/v2\/pages\/25555\/revisions"}],"predecessor-version":[{"id":118519,"href":"https:\/\/www.foment.com\/en\/wp-json\/wp\/v2\/pages\/25555\/revisions\/118519"}],"up":[{"embeddable":true,"href":"https:\/\/www.foment.com\/en\/wp-json\/wp\/v2\/pages\/24391"}],"wp:attachment":[{"href":"https:\/\/www.foment.com\/en\/wp-json\/wp\/v2\/media?parent=25555"}],"curies":[{"name":"wp","href":"https:\/\/api.w.org\/{rel}","templated":true}]}}