{"id":70410,"date":"2019-04-02T16:33:46","date_gmt":"2019-04-02T14:33:46","guid":{"rendered":"https:\/\/www.foment.com\/observatorio-brexit\/"},"modified":"2021-01-28T11:57:33","modified_gmt":"2021-01-28T10:57:33","slug":"observatorio-brexit","status":"publish","type":"page","link":"https:\/\/www.foment.com\/en\/observatorio-brexit\/","title":{"rendered":"Brexit Observatory"},"content":{"rendered":"<section class=\"wpb-content-wrapper\"><p>[vc_row][vc_column width=&#8221;1\/1&#8243;]\n\t\t\t<!-- START postsbrexit REVOLUTION SLIDER 6.4.6 --><p class=\"rs-p-wp-fix\"><\/p>\n\t\t\t<rs-module-wrap id=\"rev_slider_47_1_wrapper\" data-source=\"post\" style=\"background:transparent;padding:0;margin:0px auto;margin-top:0;margin-bottom:0;\">\n\t\t\t\t<rs-module id=\"rev_slider_47_1\" style=\"\" data-version=\"6.4.6\">\n\t\t\t\t\t<rs-slides>\n\t\t\t\t\t\t<rs-slide data-key=\"rs-69946\" data-title=\"Foment opens up The Brexit Line for companies\" data-link=\"\/\/www.foment.com\/en\/foment-obra-linea-brexit-para-empresas\/\" data-target=\"_self\" data-seoz=\"front\" data-anim=\"ms:600;\" data-in=\"o:0;\" data-out=\"a:false;\">\n\t\t\t\t\t\t\t<img src=\"\/\/www.foment.com\/wp-content\/plugins\/revslider\/public\/assets\/assets\/dummy.png\" title=\"francois-genon-M5IuGintPvo-unsplash\" width=\"4946\" height=\"3297\" class=\"rev-slidebg tp-rs-img rs-lazyload\" data-lazyload=\"\/\/www.foment.com\/wp-content\/uploads\/2019\/09\/francois-genon-M5IuGintPvo-unsplash-scaled.jpg\" data-parallax=\"off\" data-no-retina>\n<!--\n\t\t\t\t\t\t\t--><rs-layer\n\t\t\t\t\t\t\t\tid=\"slider-47-slide-69946-layer-6\" \n\t\t\t\t\t\t\t\tclass=\"tp-shape tp-shapewrapper\"\n\t\t\t\t\t\t\t\tdata-type=\"shape\"\n\t\t\t\t\t\t\t\tdata-rsp_ch=\"on\"\n\t\t\t\t\t\t\t\tdata-xy=\"xo:4px;yo:-1px;\"\n\t\t\t\t\t\t\t\tdata-text=\"w:normal;fw:900;\"\n\t\t\t\t\t\t\t\tdata-dim=\"w:339px;h:646px;\"\n\t\t\t\t\t\t\t\tdata-frame_0=\"tp:600;\"\n\t\t\t\t\t\t\t\tdata-frame_1=\"tp:600;e:power2.inOut;st:500;\"\n\t\t\t\t\t\t\t\tdata-frame_999=\"o:0;tp:600;e:nothing;st:w;\"\n\t\t\t\t\t\t\t\tstyle=\"z-index:5;background-color:rgba(51,51,51,0.50);\"\n\t\t\t\t\t\t\t> \n\t\t\t\t\t\t\t<\/rs-layer><!--\n\n\t\t\t\t\t\t\t--><rs-layer\n\t\t\t\t\t\t\t\tid=\"slider-47-slide-69946-layer-1\" \n\t\t\t\t\t\t\t\tclass=\"Newspaper-Title\"\n\t\t\t\t\t\t\t\tdata-type=\"text\"\n\t\t\t\t\t\t\t\tdata-color=\"rgba(255,255,255,1)\"\n\t\t\t\t\t\t\t\tdata-rsp_ch=\"on\"\n\t\t\t\t\t\t\t\tdata-xy=\"x:r;xo:933px;yo:119px;\"\n\t\t\t\t\t\t\t\tdata-text=\"w:normal;s:28;l:32;\"\n\t\t\t\t\t\t\t\tdata-dim=\"w:269px;h:264px;\"\n\t\t\t\t\t\t\t\tdata-padding=\"b:10;\"\n\t\t\t\t\t\t\t\tdata-frame_0=\"tp:600;\"\n\t\t\t\t\t\t\t\tdata-frame_1=\"tp:600;e:power2.inOut;st:500;\"\n\t\t\t\t\t\t\t\tdata-frame_999=\"o:0;tp:600;e:nothing;st:w;\"\n\t\t\t\t\t\t\t\tstyle=\"z-index:6;font-family:Roboto Slab;\"\n\t\t\t\t\t\t\t>Foment opens up The Brexit Line for companies \n\t\t\t\t\t\t\t<\/rs-layer><!--\n\n\t\t\t\t\t\t\t--><rs-layer\n\t\t\t\t\t\t\t\tid=\"slider-47-slide-69946-layer-5\" \n\t\t\t\t\t\t\t\tclass=\"rev-btn\"\n\t\t\t\t\t\t\t\tdata-type=\"button\"\n\t\t\t\t\t\t\t\tdata-color=\"rgba(255,255,255,1)\"\n\t\t\t\t\t\t\t\tdata-xy=\"xo:39px;yo:58px;\"\n\t\t\t\t\t\t\t\tdata-text=\"w:normal;s:17;l:17;\"\n\t\t\t\t\t\t\t\tdata-dim=\"w:259px;h:45px;\"\n\t\t\t\t\t\t\t\tdata-rsp_bd=\"off\"\n\t\t\t\t\t\t\t\tdata-padding=\"t:12;r:35;b:12;l:35;\"\n\t\t\t\t\t\t\t\tdata-frame_0=\"tp:600;\"\n\t\t\t\t\t\t\t\tdata-frame_1=\"tp:600;e:power2.inOut;st:500;\"\n\t\t\t\t\t\t\t\tdata-frame_999=\"o:0;tp:600;e:nothing;st:w;\"\n\t\t\t\t\t\t\t\tdata-frame_hover=\"c:#000;bgc:#fff;boc:#000;bor:0px,0px,0px,0px;bos:solid;oX:50;oY:50;sp:0;\"\n\t\t\t\t\t\t\t\tstyle=\"z-index:7;background-color:rgba(170,52,68,0.75);font-family:News Cycle;cursor:pointer;outline:none;box-shadow:none;box-sizing:border-box;-moz-box-sizing:border-box;-webkit-box-sizing:border-box;\"\n\t\t\t\t\t\t\t>5 de September de 2019 \n\t\t\t\t\t\t\t<\/rs-layer><!--\n-->\t\t\t\t\t\t<\/rs-slide>\n\t\t\t\t\t<\/rs-slides>\n\t\t\t\t<\/rs-module>\n\t\t\t\t<script type=\"text\/javascript\">\n\t\t\t\t\tsetREVStartSize({c: 'rev_slider_47_1',rl:[1240,1024,778,480],el:[],gw:[1240,1024,778,480],gh:[500,600,500,400],type:'standard',justify:'',layout:'fullwidth',mh:\"0\"});\n\t\t\t\t\tvar\trevapi47,\n\t\t\t\t\t\ttpj;\n\t\t\t\t\tfunction revinit_revslider471() {\n\t\t\t\t\tjQuery(function() {\n\t\t\t\t\t\ttpj = jQuery;\n\t\t\t\t\t\trevapi47 = tpj(\"#rev_slider_47_1\");\n\t\t\t\t\t\tif(revapi47==undefined || revapi47.revolution == undefined){\n\t\t\t\t\t\t\trevslider_showDoubleJqueryError(\"rev_slider_47_1\");\n\t\t\t\t\t\t}else{\n\t\t\t\t\t\t\trevapi47.revolution({\n\t\t\t\t\t\t\t\tsliderLayout:\"fullwidth\",\n\t\t\t\t\t\t\t\tvisibilityLevels:\"1240,1024,778,480\",\n\t\t\t\t\t\t\t\tgridwidth:\"1240,1024,778,480\",\n\t\t\t\t\t\t\t\tgridheight:\"500,600,500,400\",\n\t\t\t\t\t\t\t\tlazyType:\"smart\",\n\t\t\t\t\t\t\t\tperspectiveType:\"local\",\n\t\t\t\t\t\t\t\tresponsiveLevels:\"1240,1024,778,480\",\n\t\t\t\t\t\t\t\tprogressBar: {\n\t\t\t\t\t\t\t\t\tcolor:\"rgba(0,0,0,0.15)\",\n\t\t\t\t\t\t\t\t\tvertical:\"top\",\n\t\t\t\t\t\t\t\t\tsize:5\n\t\t\t\t\t\t\t\t},\n\t\t\t\t\t\t\t\tnavigation: {\n\t\t\t\t\t\t\t\t\tmouseScrollNavigation:false,\n\t\t\t\t\t\t\t\t\ttouch: {\n\t\t\t\t\t\t\t\t\t\ttouchenabled:true,\n\t\t\t\t\t\t\t\t\t\tswipe_min_touches:50\n\t\t\t\t\t\t\t\t\t}\n\t\t\t\t\t\t\t\t},\n\t\t\t\t\t\t\t\tparallax: {\n\t\t\t\t\t\t\t\t\tlevels:[2,3,4,5,6,7,12,16,10,50,47,48,49,50,51,55],\n\t\t\t\t\t\t\t\t\ttype:\"mouse\",\n\t\t\t\t\t\t\t\t\torigo:\"slidercenter\",\n\t\t\t\t\t\t\t\t\tspeed:2000\n\t\t\t\t\t\t\t\t},\n\t\t\t\t\t\t\t\tfanim: {\n\t\t\t\t\t\t\t\t\tin:{\"o\":0},\n\t\t\t\t\t\t\t\t\tout:{\"a\":false},\n\t\t\t\t\t\t\t\t\tspeed:1500\n\t\t\t\t\t\t\t\t},\n\t\t\t\t\t\t\t\tfallbacks: {\n\t\t\t\t\t\t\t\t\tallowHTML5AutoPlayOnAndroid:true\n\t\t\t\t\t\t\t\t},\n\t\t\t\t\t\t\t});\n\t\t\t\t\t\t}\n\t\t\t\t\t\t\n\t\t\t\t\t});\n\t\t\t\t\t} \/\/ End of RevInitScript\n\t\t\t\tvar once_revslider471 = false;\n\t\t\t\tif (document.readyState === \"loading\") {document.addEventListener('readystatechange',function() { if((document.readyState === \"interactive\" || document.readyState === \"complete\") && !once_revslider471 ) { once_revslider471 = true; revinit_revslider471();}});} else {once_revslider471 = true; revinit_revslider471();}\n\t\t\t\t<\/script>\n\t\t\t<\/rs-module-wrap>\n\t\t\t<!-- END REVOLUTION SLIDER -->\n<div class=\"spacer\" style=\"height: 40px;\"><\/div>[\/vc_column][\/vc_row][vc_row][vc_column width=&#8221;1\/4&#8243;]<div class=\"single_image wpb_content_element align-center   image_tilt \" data-animation=\"none\" data-delay=\"0\"><img width=\"367\" height=\"137\" src=\"https:\/\/www.foment.com\/wp-content\/uploads\/2019\/02\/BREXIT_UE.jpg\" class=\"attachment-full\" alt=\"\" loading=\"lazy\" title=\"BREXIT_UE\" \/><\/div><div class=\"box clearfix style-6 wpb_content_element align-center \" style=\"padding: 40px 40px 40px 40px; \">\n<h4>Brexit Line<\/h4>\n<i class=\"fa fa-phone minti-icon\" style=\"color:#ffffff !important; font-size: 20px; margin: 0px 0px 0px 0px\"><\/i>\u00a0 \u00a0 \u00a093 484 12 51<\/p>\n<i class=\"fa fa-envelope minti-icon\" style=\"color:#ffffff !important; font-size: 20px; margin: 0px 0px 0px 0px\"><\/i> \u00a0\u00a0 \u00a0brexit@foment.com<\/div>[\/vc_column][vc_column width=&#8221;3\/4&#8243;][vc_column_text]<\/p>\n<div class=\"tlid-input input\">\n<div class=\"source-wrap\">\n<div class=\"input-full-height-wrapper tlid-input-full-height-wrapper\">\n<div class=\"source-input\">\n<div class=\"source-footer-wrap source-or-target-footer\">\n<div class=\"character-count tlid-character-count\">\n<div class=\"cc-ctr normal\">\n<p>The European Council decides to avoid the danger of leaving the United Kingdom without an agreement, this Friday, April 12 and offers a new extension of Article 50 (which activates Brexit) until October 31st, which extends an effective British exit for six more months. The European Union agreement includes a revision clause in June to study how the process evolves.<\/p>\n<p>The objective of the extension is to favour the British government to reach an agreement with the Labor Party to form a favourable majority to approve the Withdrawal Agreement in the House of Commons.<\/p>\n<p>Furthermore, the new departure date forces the United Kingdom to hold the European elections, an essential condition for any extension of Brexit beyond May 22. In this regard, the United Kingdom announces its intention to convene and hold the elections to the European Parliament, despite the Prime Minister statements about the possibility of leaving before May 22.<\/p>\n<p>The pact implies that the United Kingdom will leave the EU just one day before the new European Commission assumes its mandate, which would prevent the United Kingdom from being part of the new Commission, to limit the uncertainty and interference of the Kingdom United in the operation of European institutions.<\/p>\n<p>The conclusions agreed by the Member States establish that there will be no renegotiation of the Withdrawal Agreement, and any commitment, declaration or any other unilateral act of the United Kingdom must be compatible with the letter and spirit of the Agreement.<\/p>\n<\/div>\n<\/div>\n<\/div>\n<\/div>\n<\/div>\n<\/div>\n<\/div>\n<p>[\/vc_column_text]<div class=\"spacer\" style=\"height: 40px;\"><\/div>[\/vc_column][\/vc_row][vc_row][vc_column width=&#8221;1\/4&#8243;]<h1 class=\"headline font-inherit fontsize-l fontweight-inherit lh-inherit align-center transform-inherit \" style=\"margin: 0 0 0;\">Links<\/h1>[\/vc_column][vc_column width=&#8221;3\/4&#8243;][vc_column_text]<\/p>\n<ul>\n<li>\n<ul>\n<li>\n<h4><strong>Govern UK<\/strong><\/h4>\n<\/li>\n<\/ul>\n<p><a href=\"https:\/\/www.foment.com\/wp-content\/uploads\/2020\/12\/2020.12.07-Useful-Links-2.pdf\" target=\"_blank\" rel=\"noopener noreferrer\"><em>Useful links for guidance on moving goods between UK and EU from 1 January 2021<\/em><\/a><\/p>\n<p><a href=\"https:\/\/www.gov.uk\/government\/publications\/our-approach-to-the-future-relationship-with-the-eu\"><em>The future relationship with the EU, the UK approach to negotiations<\/em><\/a><\/p>\n<ul>\n<li><a href=\"https:\/\/www.gov.uk\/government\/publications\/no-deal-readiness-report\" target=\"_blank\" rel=\"noopener noreferrer\">No-Deal Readiness Report<\/a><\/li>\n<\/ul>\n<p><a href=\"https:\/\/www.gov.uk\/guidance\/customs-procedures-for-goods-moving-between-ireland-and-northern-ireland-if-the-uk-leaves-the-eu-without-a-deal?utm_source=7f8d4d9a-5278-4402-814e-67269bb77889&amp;utm_medium=email&amp;utm_campaign=govuk-notifications&amp;utm_content=immediate\" target=\"_blank\" rel=\"noopener noreferrer\">Customs procedures for goods moving between Ireland and Northern Ireland if the UK leaves the EU without a deal<\/a><\/p>\n<p><a href=\"https:\/\/www.gov.uk\/guidance\/vat-on-goods-you-move-from-ireland-to-northern-ireland-if-the-uk-leaves-the-eu-without-a-deal?utm_source=651da9c1-50a8-4436-aa71-854a5e9aadb5&amp;utm_medium=email&amp;utm_campaign=govuk-notifications&amp;utm_content=immediate\" target=\"_blank\" rel=\"noopener noreferrer\">VAT on goods you move from Ireland to Northern Ireland if the UK leaves the EU without a deal<\/a><\/p>\n<p>&nbsp;<\/p>\n<ul>\n<li>\n<h4><strong>European Comission<\/strong><\/h4>\n<\/li>\n<\/ul>\n<p><a href=\"https:\/\/ec.europa.eu\/info\/relations-united-kingdom\/eu-uk-trade-and-cooperation-agreement_es\" target=\"_blank\" rel=\"noopener noreferrer\"><em>The EU-UK Trade and Cooperation Agreement<\/em><\/a><\/p>\n<p><a href=\"https:\/\/www.foment.com\/wp-content\/uploads\/2021\/01\/eu-uk_relations_from_the_uk_referendum_to_a_new_trade_and_cooperation_agreement_-_infographic.pdf\" target=\"_blank\" rel=\"noopener noreferrer\"><em>EU-UK RELATIONS: From the UK referendum to a new Trade and Cooperation Agreement<\/em><\/a><\/p>\n<p><em><a href=\"https:\/\/ec.europa.eu\/commission\/presscorner\/detail\/en\/qanda_20_2532\" target=\"_blank\" rel=\"noopener noreferrer\">Questions &amp; Answers: EU-UK Trade and Cooperation Agreement<\/a><\/em><\/p>\n<p><a href=\"https:\/\/www.foment.com\/wp-content\/uploads\/2021\/01\/eu-uk_trade_and_cooperation_agreement-a_new_relationship_with_big_changes-brochure-1.pdf\" target=\"_blank\" rel=\"noopener noreferrer\"><em>EU-UK Trade and Cooperation Agreement. A new relationship, with big changes<\/em><\/a><\/p>\n<p><a href=\"https:\/\/www.foment.com\/wp-content\/uploads\/2021\/01\/eu-uk_trade_and_cooperation_agreement-a_new_relationship_with_big_changes-overview_of_consequences_and_benefits.pdf\" target=\"_blank\" rel=\"noopener noreferrer\"><em>EU-UK RELATIONS: A new relationship, with big changes<\/em><\/a><\/p>\n<p><a href=\"https:\/\/ec.europa.eu\/commission\/presscorner\/detail\/en\/qanda_20_2537\" target=\"_blank\" rel=\"noopener noreferrer\"><em>Questions and Answers: the Brexit Adjustment Reserve<\/em><\/a><\/p>\n<p><a href=\"https:\/\/ec.europa.eu\/commission\/publications\/withdrawal-agreement-and-political-declaration-official-journal-european-union-12-november-2019_en\" target=\"_blank\" rel=\"noopener noreferrer\">&#8220;Acuerdo de retirada&#8221;<\/a><\/p>\n<p>&#8220;La UE y el RU est\u00e1n negociando <strong><a href=\"https:\/\/ec.europa.eu\/info\/european-union-and-united-kingdom-forging-new-partnership\/future-partnership_es\" target=\"_blank\" rel=\"noopener noreferrer\">una nueva asociaci\u00f3n leal para el futuro<\/a><\/strong>, basada en la\u00a0<strong><a href=\"https:\/\/ec.europa.eu\/commission\/publications\/revised-political-declaration_en\" target=\"_blank\" rel=\"noopener noreferrer\">Declaraci\u00f3n Pol\u00edtica <\/a><\/strong>acordada en octubre de 2019&#8243;<\/p>\n<p><a href=\"https:\/\/ec.europa.eu\/info\/sites\/info\/files\/brexit_files\/info_site\/na0220590esn_002.pdf\" target=\"_blank\" rel=\"noopener noreferrer\"><strong>&#8220;Documento informativo<\/strong><\/a> para ayudar a las empresas afectadas a efectuar una rigurosa comprobaci\u00f3n de su<span style=\"color: #c1002b;\"> <strong>preparaci\u00f3n para el 1 de enero de 2021&#8243;<\/strong>.<\/span><\/p>\n<p><a href=\"https:\/\/trade.ec.europa.eu\/access-to-markets\/en\/content\/welcome-access2markets-market-access-database-users\" target=\"_blank\" rel=\"noopener noreferrer\"><strong>&#8220;Access2Markets&#8221;<\/strong><\/a><\/p>\n<p><a href=\"https:\/\/ec.europa.eu\/info\/european-union-and-united-kingdom-forging-new-partnership\/brexit-brief_es\">&#8220;La UE y el Reino Unido: Forjando una nueva asociaci\u00f3n&#8221;<\/a><\/p>\n<p><strong><a href=\"https:\/\/ec.europa.eu\/info\/european-union-and-united-kingdom-forging-new-partnership\/future-partnership\/getting-ready-end-transition-period_es\" target=\"_blank\" rel=\"noopener noreferrer\">&#8220;Preparativos para el fin del per\u00edodo transitorio&#8221;<\/a><\/strong><\/p>\n<p><a href=\"https:\/\/www.foment.com\/wp-content\/uploads\/2020\/09\/Comunicaci\u00f3n-CE-preparativos-para-el-final-del-periodo-transitorio-ES.pdf\" target=\"_blank\" rel=\"noopener noreferrer\">&#8220;Comunicaci\u00f3n sobre los preparativos para el final del per\u00edodo transitorio entre la Uni\u00f3n Europea y el Reino Unido&#8221;<\/a><\/p>\n<p><a href=\"https:\/\/www.foment.com\/wp-content\/uploads\/2020\/09\/CE-Lista-de-comprobaci\u00f3n-preparaci\u00f3n-Brexit-ES.pdf\" target=\"_blank\" rel=\"noopener noreferrer\">&#8220;Lista de comprobaci\u00f3n de la preparaci\u00f3n antes el Brexit para las empresas que trabajan con el Reino Unido&#8221;<\/a><\/p>\n<p><a href=\"https:\/\/ec.europa.eu\/commission\/brexit-negotiations_en\" target=\"_blank\" rel=\"noopener noreferrer\">Brexit negotiations<\/a><\/p>\n<p><a href=\"https:\/\/ec.europa.eu\/info\/brexit\/brexit-preparedness_en\" target=\"_blank\" rel=\"noopener noreferrer\">Brexit Preparedness<\/a><\/p>\n<p><a href=\"https:\/\/www.foment.com\/wp-content\/uploads\/2019\/04\/Guia-duanera-para-las-empresas.pdf\" target=\"_blank\" rel=\"noopener noreferrer\">\u201cCom preparar-se per el Brexit: Guia Duanera per les empreses\u201d<\/a><\/p>\n<p><a href=\"http:\/\/madb.europa.eu\/madb\/indexPubli.htm\" target=\"_blank\" rel=\"noopener noreferrer\">Comissi\u00f3 Europea Direcci\u00f3 General de Comer\u00e7<\/a><\/p>\n<p><a href=\"https:\/\/ec.europa.eu\/info\/publications\/communication-10-april-2019-addressing-impact-withdrawal-united-kingdom-union-without-agreement-unions-coordinated-approach_en\" target=\"_blank\" rel=\"noopener noreferrer\">Addressing the impact of a withdrawal of the United Kingdom from the Union without an agreement: the Union\u2019s coordinated approach<\/a><\/li>\n<\/ul>\n<section class=\"main-content\">\n<div class=\"region region-content\">\n<section id=\"block-system-main\" class=\"block block-system clearfix\">\n<div class=\"block__content\">\n<div class=\"node node-publication view-mode-full\">\n<div class=\"page-header\">\n<div class=\"container-fluid page-header__hero-title\">\n<div class=\"row padding-reset\">\n<div class=\"col-lg-9 \">\n<div class=\"field field-name-title field--title\">\n<div class=\"field__items\"><\/div>\n<\/div>\n<\/div>\n<\/div>\n<\/div>\n<\/div>\n<\/div>\n<\/div>\n<\/section>\n<\/div>\n<\/section>\n<p>&nbsp;<\/p>\n<ul>\n<li><strong>ACCI\u00d3<\/strong><\/li>\n<\/ul>\n<p><a href=\"http:\/\/www.accio.gencat.cat\/ca\/serveis\/internacionalitzacio\/serveis-sectorials-i-especialitzats\/finestreta-brexit\/index.html\">Finestreta Brexit<\/a><\/p>\n<p><a href=\"https:\/\/brexit.accio.gencat.cat\/register?utm_source=AI&amp;utm_medium=236-noticia_link-3&amp;utm_campaign=brexit\">Term\u00f2metre Brexit. Autoavalua el risc de la teva empresa<\/a><\/p>\n<p>&nbsp;<\/p>\n<div class=\"tlid-input input\">\n<div class=\"source-wrap\">\n<div class=\"input-full-height-wrapper tlid-input-full-height-wrapper\">\n<div class=\"source-input\">\n<div class=\"source-footer-wrap source-or-target-footer\">\n<div class=\"character-count tlid-character-count\">\n<ul>\n<li class=\"cc-ctr normal\"><strong>Ministry of Industry, Commerce and Tourism<\/strong><\/li>\n<\/ul>\n<p><a href=\"https:\/\/comercio.gob.es\/es-es\/brexit-comercio\/Paginas\/brexit.aspx\" target=\"_blank\" rel=\"noopener noreferrer\">Brexit Comercio: \u00a0informaci\u00f3n de utilidad sobre el Acuerdo y gu\u00edas de acceso al mercado de Reino Unido con los procedimientos aduaneros que tramitar<\/a><\/p>\n<\/div>\n<\/div>\n<\/div>\n<\/div>\n<\/div>\n<\/div>\n<p><a href=\"http:\/\/www.comercio.gob.es\/es-ES\/brexit\/Paginas\/Links.aspx\">Informaciones de inter\u00e9s y planes de contingencia<\/a><\/p>\n<p>&nbsp;<\/p>\n<ul>\n<li><strong>Tax Agency<\/strong><\/li>\n<\/ul>\n<p><a href=\"https:\/\/www.agenciatributaria.es\/AEAT.internet\/Inicio\/La_Agencia_Tributaria\/Campanas\/BREXIT\/BREXIT.shtml\">Consecuencias del Brexit en Aduanas e IVA<\/a><\/p>\n<p>&nbsp;<\/p>\n<ul>\n<li><strong>Spanish Government<\/strong><\/li>\n<\/ul>\n<p><a href=\"https:\/\/www.lamoncloa.gob.es\/brexit\/preparacion2\/Paginas\/index.aspx\" target=\"_blank\" rel=\"noopener noreferrer\"><strong>&#8220;P\u00e1gina web de La Moncloa sobre el Brexit&#8221;<\/strong><\/a><\/p>\n<p><a href=\"https:\/\/www.lamoncloa.gob.es\/brexit\/preparacion2\/Paginas\/111218operadores.aspx\" target=\"_blank\" rel=\"noopener noreferrer\">&#8220;Operadores Econ\u00f3micos -Distintos Ministerios&#8221;<\/a><\/p>\n<p><a href=\"http:\/\/www.exteriores.gob.es\/Portal\/gl\/PoliticaExteriorCooperacion\/Paginas\/Brexit.aspx\" target=\"_blank\" rel=\"noopener noreferrer\">&#8220;Consultas sobre el Brexit- <strong>Ministerio de Asuntos Exteriores, Uni\u00f3n Europea y Cooperaci\u00f3n<\/strong> &#8221;\u00a0<\/a><\/p>\n<p><a href=\"http:\/\/www.mitramiss.gob.es\/es\/brexit\/\">Ministerio de Trabajo, Migraciones y Seguridad Social<\/a><\/p>\n<p><a href=\"http:\/\/www.ciencia.gob.es\/portal\/site\/MICINN\/menuitem.26172fcf4eb029fa6ec7da6901432ea0\/?vgnextoid=a0e0098b60009610VgnVCM1000001d04140aRCRD\">Ministerio de Ciencia, Innovaci\u00f3n y Universidades<\/a><\/p>\n<p><a href=\"http:\/\/www.interior.gob.es\/web\/servicios-al-ciudadano\/brexit\">Ministerio del Interior<\/a><\/p>\n<p><a href=\"https:\/\/www.fomento.es\/ministerio\/proyectos-singulares\/brexit\">Ministerio de Fomento<\/a><\/p>\n<p><a href=\"http:\/\/www.educacionyfp.gob.es\/destacados\/brexit.html\">Ministerio de Educaci\u00f3n y Formaci\u00f3n Profesional<\/a><\/p>\n<p><a href=\"http:\/\/www.mscbs.gob.es\/brexit\/home.htm\">Ministerio de Sanidad, Consumo y Bienestar Social<\/a><\/p>\n<p>&nbsp;<\/p>\n<ul>\n<li><strong>Government of France:\u00a0<\/strong><\/li>\n<\/ul>\n<p><a href=\"https:\/\/oxi99.com\/CMLKPGJ39\/Frontiere%20intelligente%20ES.pdf\" target=\"_blank\" rel=\"noopener noreferrer\"><strong>&#8220;Documento informativo sobre los tr\u00e1mites aduaneros &#8211; Direcci\u00f3n General de Aduanas y Derechos Indirectos de Francia&#8221;<\/strong><\/a><\/p>\n<p>&nbsp;<\/p>\n<ul>\n<li><strong>Sector information<\/strong><\/li>\n<\/ul>\n<p><a href=\"https:\/\/ec.europa.eu\/info\/brexit\/brexit-preparedness\">Notes sectorials de preparaci\u00f3 de la Comissi\u00f3 Europea<\/a><\/p>\n<p><a href=\"https:\/\/www.parliament.uk\/business\/publications\/research\/eu-referendum\/\" target=\"_blank\" rel=\"noopener noreferrer\">Govern del Regne Unit. Preparate your business to EU exit<\/a>[\/vc_column_text]<div class=\"spacer\" style=\"height: 40px;\"><\/div>[\/vc_column][\/vc_row][vc_row][vc_column width=&#8221;1\/4&#8243;]<h1 class=\"headline font-inherit fontsize-l fontweight-inherit lh-inherit align-center transform-inherit \" style=\"margin: 0 0 0;\">Reports<\/h1>[\/vc_column][vc_column width=&#8221;3\/4&#8243;]<div class=\"spacer\" style=\"height: 60px;\"><\/div>[\/vc_column][\/vc_row][vc_row][vc_column width=&#8221;1\/4&#8243;]<h1 class=\"headline font-inherit fontsize-l fontweight-inherit lh-inherit align-center transform-inherit \" style=\"margin: 0 0 0;\">News<\/h1>[\/vc_column][vc_column width=&#8221;3\/4&#8243;]<div class=\"latest-blog style-white\"\"><div class=\"blog-carousel\"><div class=\"blog-item\"><a href=\"https:\/\/www.foment.com\/en\/foment-obra-linea-brexit-para-empresas\/\" title=\"Foment opens up The Brexit Line for companies\" class=\"blog-pic\"><img src=\"https:\/\/www.foment.com\/wp-content\/uploads\/2019\/09\/francois-genon-M5IuGintPvo-unsplash-scaled.jpg\" alt=\"Foment opens up The Brexit Line for companies\" \/><span class=\"blog-overlay\"><\/span><i class=\"fa fa-align-left\"><\/i><\/a><div class=\"blog-item-description\">\n\t\t\t\t\t\t\t<h4><a href=\"https:\/\/www.foment.com\/en\/foment-obra-linea-brexit-para-empresas\/\" title=\"Foment opens up The Brexit Line for companies\">Foment opens up The Brexit Line for companies<\/a><\/h4>\n\t\t\t\t\t  \t\t<div>Foment del Treball, in coordination with the Department of Enterprise of the Generalitat of Catalonia and the Central Government, opens... <a class=\"read-more-link\" href=\"https:\/\/www.foment.com\/en\/foment-obra-linea-brexit-para-empresas\/\">read more  &rarr;<\/a><\/div>\n\t\t\t\t\t  \t\t<span>5 de September de 2019<\/span>\n\t\t\t\t  \t\t<\/div><\/div><\/div><\/div><div class=\"clear\"><\/div>[\/vc_column][\/vc_row]<\/p>\n<\/section>","protected":false},"excerpt":{"rendered":"<p>[vc_row][vc_column width=&#8221;1\/1&#8243;][\/vc_column][\/vc_row][vc_row][vc_column width=&#8221;1\/4&#8243;][\/vc_column][vc_column width=&#8221;3\/4&#8243;][vc_column_text] The European Council decides to avoid the danger of leaving the United Kingdom without an agreement, this Friday, April 12 and offers a new extension of Article 50 (which activates Brexit) until October 31st, which extends an effective British exit for six more months. The European Union agreement includes a revision clause in June to study how the process evolves. The objective of the extension is to favour the British government to reach an agreement with the Labor Party to form a favourable majority to approve the Withdrawal Agreement in the House of Commons. Furthermore, the new departure date forces the United Kingdom to hold the European elections, an essential condition for any extension of Brexit beyond May 22. In this regard, the United Kingdom announces its intention to convene and hold the elections to the European Parliament, despite the Prime Minister statements about the possibility of leaving before May 22. The pact implies that the United Kingdom will leave the EU just one day before the new European Commission assumes its mandate, which would prevent the United Kingdom from being part of the new Commission, to limit the uncertainty and interference of the Kingdom United [&hellip;]<\/p>\n","protected":false},"author":24,"featured_media":0,"parent":0,"menu_order":0,"comment_status":"closed","ping_status":"closed","template":"","meta":{"_links_to":"","_links_to_target":""},"acf":[],"wps_subtitle":"","_links":{"self":[{"href":"https:\/\/www.foment.com\/en\/wp-json\/wp\/v2\/pages\/70410"}],"collection":[{"href":"https:\/\/www.foment.com\/en\/wp-json\/wp\/v2\/pages"}],"about":[{"href":"https:\/\/www.foment.com\/en\/wp-json\/wp\/v2\/types\/page"}],"author":[{"embeddable":true,"href":"https:\/\/www.foment.com\/en\/wp-json\/wp\/v2\/users\/24"}],"replies":[{"embeddable":true,"href":"https:\/\/www.foment.com\/en\/wp-json\/wp\/v2\/comments?post=70410"}],"version-history":[{"count":2,"href":"https:\/\/www.foment.com\/en\/wp-json\/wp\/v2\/pages\/70410\/revisions"}],"predecessor-version":[{"id":108040,"href":"https:\/\/www.foment.com\/en\/wp-json\/wp\/v2\/pages\/70410\/revisions\/108040"}],"wp:attachment":[{"href":"https:\/\/www.foment.com\/en\/wp-json\/wp\/v2\/media?parent=70410"}],"curies":[{"name":"wp","href":"https:\/\/api.w.org\/{rel}","templated":true}]}}