{"id":105987,"date":"2021-01-08T10:42:27","date_gmt":"2021-01-08T09:42:27","guid":{"rendered":"https:\/\/www.foment.com\/?post_type=ajde_events&#038;p=105987"},"modified":"2021-01-15T11:59:53","modified_gmt":"2021-01-15T10:59:53","slug":"covid-19-y-sst-analisis-juridico-tecnico-de-los-aspectos-mas-controvertidos-2","status":"publish","type":"ajde_events","link":"https:\/\/www.foment.com\/es\/events\/covid-19-y-sst-analisis-juridico-tecnico-de-los-aspectos-mas-controvertidos-2\/","title":{"rendered":"Covid-19 y SST. An\u00e1lisis jur\u00eddico-t\u00e9cnico de los aspectos m\u00e1s controvertidos"},"content":{"rendered":"<h2 style=\"text-align: center;\"><span style=\"color: #ab192d;\"><strong>COVID-19 y SST. An\u00e1lisis jur\u00eddico-t\u00e9cnico de los aspectos m\u00e1s controvertidos.<\/strong><\/span><\/h2>\n<h3 style=\"text-align: center;\"><span style=\"color: #656565;\"><strong>Webinar de PRL<\/strong><\/span><\/h3>\n<p>&nbsp;<\/p>\n<h3><span style=\"color: #ab192d;\"><strong>Objetivo<\/strong><\/span><\/h3>\n<p>&nbsp;<\/p>\n<p style=\"text-align: justify;\">Casi un a\u00f1o ha pasado desde ese fat\u00eddico marzo de 2020 en el que se cerraron los colegios, en el que nos dimos cuenta que la Covid-19 no era como la Gripe A\u2026 en el que la vida nos cambi\u00f3 de manera dr\u00e1stica y abrupta. Atr\u00e1s quedan meses de tremendo desgaste, tanto personal como laboral, en los que hemos vivido a base de noticias sobre n\u00famero y curvas de contagio, tasa de incidencia acumulada, etc. Han sido tiempos aciagos de trabajo sin descanso e incertidumbre.<\/p>\n<p style=\"text-align: justify;\">Los profesionales de la SST hemos vivido en primera persona este escenario. Hemos pasado de preocuparnos por la siniestralidad en nuestras organizaciones, a formar parte de los gabinetes de crisis, trabajando en procesos de an\u00e1lisis, planificaci\u00f3n y medici\u00f3n estrat\u00e9gica con un doble prop\u00f3sito: garantizar la seguridad de nuestros compa\u00f1eros y la continuidad de la organizaci\u00f3n. Sin embargo, este camino no ha sido ni es sencillo ya que, unido a la elevada carga emocional y de trabajo, hemos tenido que convivir con un elemento adicional con el que los profesionales de la SST no gustamos trabajar\u2026la \u201cincertidumbre\u201d, tanto t\u00e9cnica como legal, de las actuaciones que est\u00e1bamos llevando a cabo..<\/p>\n<p style=\"text-align: justify;\">Este webinar nace con la idea de generar valor, de acompa\u00f1ar y arrojar luz, ahondando, para ello, en aquellos aspectos jur\u00eddico-t\u00e9cnicos m\u00e1s controvertidos de la gesti\u00f3n de la Covid-19 con el esp\u00edritu de facilitar y allanar nuestro, ya de por s\u00ed, complicado d\u00eda a d\u00eda.<\/p>\n<p>&nbsp;<\/p>\n<h3><span style=\"color: #ab192d;\"><strong>Programa<\/strong><\/span><\/h3>\n<p>&nbsp;<\/p>\n<table>\n<tbody>\n<tr>\n<td width=\"10%\">\n<p style=\"margin: 5px 0px;\" align=\"left\"><strong>9.30 h<\/strong><\/p>\n<\/td>\n<td width=\"90%\">\n<p style=\"margin: 5px 0px;\" align=\"left\"><strong>Presentaci\u00f3n.<\/strong><\/p>\n<ul>\n<li>Sr. C\u00e9sar S\u00e1nchez. Director Oficina Prevenci\u00f3n Riesgos Laborales. Fomento del Trabajo.<\/li>\n<li>Sr. Daniel Tapial. Chief Sales Officer &amp; Lead OHSE Auditor. Full Audit.<\/li>\n<\/ul>\n<\/td>\n<\/tr>\n<tr>\n<td width=\"10%\">\n<p style=\"margin: 5px 0px;\" align=\"left\"><strong>9.40 h<\/strong><\/p>\n<\/td>\n<td width=\"90%\">\n<p style=\"margin: 5px 0px;\" align=\"left\"><strong>Mesa redonda.<\/strong><\/p>\n<ul>\n<li>Sr. Xavier Vilar\u00f3. OHSE Lead Auditor. Full Audit.<\/li>\n<li>Sra. Ramona Garcia. Servicio Mancomunado de Prevenci\u00f3n. Dpto. Salud. Generalitat de Catalu\u00f1a.<\/li>\n<li>Sr. Jordi Puigb\u00f3. Socio. Cuatrecasas.<\/li>\n<li>Sr. Francisco Castillo. Inspector de Trabajo. ITSS.<\/li>\n<\/ul>\n<\/td>\n<\/tr>\n<tr>\n<td width=\"10%\">\n<p style=\"margin: 5px 0px;\" align=\"left\"><strong>11.00 h<\/strong><\/p>\n<\/td>\n<td width=\"90%\">\n<p style=\"margin: 5px 0px;\" align=\"left\"><strong>Recapitulaci\u00f3n aspectos destacados mesa redonda.<\/strong><\/p>\n<ul>\n<li>Sr. Daniel Tapial. Chief Sales Officer &amp; Lead OHSE Auditor. Full Audit.<\/li>\n<\/ul>\n<\/td>\n<\/tr>\n<tr>\n<td width=\"10%\">\n<p style=\"margin: 5px 0px;\" align=\"left\"><strong>11:10 h<\/strong><\/p>\n<\/td>\n<td width=\"90%\">\n<p style=\"margin: 5px 0px;\" align=\"left\"><strong>Debate y preguntas de los asistentes.<\/strong><\/p>\n<\/td>\n<\/tr>\n<tr>\n<td width=\"10%\">\n<p style=\"margin: 5px 0px;\" align=\"left\"><strong>11.30 h<\/strong><\/p>\n<\/td>\n<td width=\"90%\">\n<p style=\"margin: 5px 0px;\" align=\"left\"><strong>Clausura.<\/strong><\/p>\n<\/td>\n<\/tr>\n<\/tbody>\n<\/table>\n<p><img loading=\"lazy\" class=\"aligncenter wp-image-106018 size-medium\" src=\"https:\/\/www.foment.com\/wp-content\/uploads\/2021\/01\/logo-treball_webesp2-300x88.jpg\" alt=\"\" width=\"300\" height=\"88\" srcset=\"https:\/\/www.foment.com\/wp-content\/uploads\/2021\/01\/logo-treball_webesp2-300x88.jpg 300w, https:\/\/www.foment.com\/wp-content\/uploads\/2021\/01\/logo-treball_webesp2.jpg 477w\" sizes=\"(max-width: 300px) 100vw, 300px\" \/><\/p>\n","protected":false},"author":12,"featured_media":105988,"menu_order":0,"comment_status":"closed","ping_status":"closed","template":"","meta":{"_links_to":"","_links_to_target":""},"tags":[416,417,513],"event_type":[202],"event_type_2":[],"acf":[],"_links":{"self":[{"href":"https:\/\/www.foment.com\/es\/wp-json\/wp\/v2\/ajde_events\/105987"}],"collection":[{"href":"https:\/\/www.foment.com\/es\/wp-json\/wp\/v2\/ajde_events"}],"about":[{"href":"https:\/\/www.foment.com\/es\/wp-json\/wp\/v2\/types\/ajde_events"}],"author":[{"embeddable":true,"href":"https:\/\/www.foment.com\/es\/wp-json\/wp\/v2\/users\/12"}],"replies":[{"embeddable":true,"href":"https:\/\/www.foment.com\/es\/wp-json\/wp\/v2\/comments?post=105987"}],"wp:featuredmedia":[{"embeddable":true,"href":"https:\/\/www.foment.com\/es\/wp-json\/wp\/v2\/media\/105988"}],"wp:attachment":[{"href":"https:\/\/www.foment.com\/es\/wp-json\/wp\/v2\/media?parent=105987"}],"wp:term":[{"taxonomy":"post_tag","embeddable":true,"href":"https:\/\/www.foment.com\/es\/wp-json\/wp\/v2\/tags?post=105987"},{"taxonomy":"event_type","embeddable":true,"href":"https:\/\/www.foment.com\/es\/wp-json\/wp\/v2\/event_type?post=105987"},{"taxonomy":"event_type_2","embeddable":true,"href":"https:\/\/www.foment.com\/es\/wp-json\/wp\/v2\/event_type_2?post=105987"}],"curies":[{"name":"wp","href":"https:\/\/api.w.org\/{rel}","templated":true}]}}