{"id":110392,"date":"2021-02-12T13:56:03","date_gmt":"2021-02-12T12:56:03","guid":{"rendered":"https:\/\/www.foment.com\/events\/i-cicle-formatiu-promocio-de-la-igualtat-de-genere-a-les-empreses\/"},"modified":"2021-02-25T09:44:31","modified_gmt":"2021-02-25T08:44:31","slug":"i-cicle-formatiu-promocio-de-la-igualtat-de-genere-a-les-empreses","status":"publish","type":"ajde_events","link":"https:\/\/www.foment.com\/es\/events\/i-cicle-formatiu-promocio-de-la-igualtat-de-genere-a-les-empreses\/","title":{"rendered":"I Ciclo Formativo: Promoci\u00f3n de la igualdad de g\u00e9nero en las empresas"},"content":{"rendered":"<section class=\"wpb-content-wrapper\"><p>[vc_row][vc_column][vc_column_text]La igualdad es un derecho fundamental para el progreso y la cohesi\u00f3n social y tambi\u00e9n como factor de competitividad para las empresas. En este sentido, la igualdad entre g\u00e9neros es, primero, un derecho de las mujeres y un deber de la sociedad y, segundo, un elemento de competitividad vinculado a la gesti\u00f3n del talento del cual ni se puede ni se tiene que prescindir.<\/p>\n<p>La finalidad principal de este ciclo formativo es la promoci\u00f3n de medidas de igualdad entre mujeres y hombres al \u00e1mbito laboral, mediante la negociaci\u00f3n colectiva, como elemento clave para el avance real y efectivo en la materia.<\/p>\n<h3 style=\"text-align: center;\"><strong style=\"font-size: 16px;\"><span style=\"color: #c1002b;\">JORNADAS:<\/span><\/strong><\/h3>\n<p>&nbsp;<\/p>\n<p>&nbsp;<\/p>\n<h3><strong><span style=\"color: #c1002b;\">1\u00aa sesi\u00f3n: Contexto, sensibilizaci\u00f3n y normativa<\/span><\/strong><\/h3>\n<p><strong><span style=\"color: #c1002b;\"><a href=\"https:\/\/www.foment.com\/wp-content\/uploads\/2021\/02\/Captura1.jpg\"><img loading=\"lazy\" class=\"wp-image-110176 size-medium alignleft\" src=\"https:\/\/www.foment.com\/wp-content\/uploads\/2021\/02\/Captura1-300x208.jpg\" alt=\"\" width=\"300\" height=\"208\" srcset=\"https:\/\/www.foment.com\/wp-content\/uploads\/2021\/02\/Captura1-300x208.jpg 300w, https:\/\/www.foment.com\/wp-content\/uploads\/2021\/02\/Captura1.jpg 598w\" sizes=\"(max-width: 300px) 100vw, 300px\" \/><\/a><\/span><\/strong>Fecha: 8 de marzo 2021<br \/>\nDe 10h a 13h<br \/>\nPonente: <strong>Mireia del Pozo,\u00a0<\/strong>creadora y directora de Plusval\u00eda Mujeres. Consultora en comunicaci\u00f3n, diversidad y g\u00e9nero. Profesora de la UB. Conferenciante. Embajadora Aroa y Isma.<br \/>\n<strong>L\u00eddia Devant Abell\u00f3,\u00a0<\/strong>Jefe de la Secci\u00f3n de Programas de Fomento de la Igualdad de la Direcci\u00f3 General d&#8217;Igualtat.<br \/>\n<strong>\u00bfDe qu\u00e9 hablaremos?<br \/>\n<\/strong>-Sensibilizaci\u00f3n y promoci\u00f3n en materia de igualdad de g\u00e9nero<br \/>\n-Dar a conocer los beneficios de aplicar medidas de igualdad a las empresas<br \/>\n-Obligaciones normativas en materia de igualdad de g\u00e9nero<br \/>\n-Promocionar las Recomendaciones para gestionar el impacto de la COVID-19 en el mercado laboral desde la perspectiva de g\u00e9nero<\/p>\n<p><strong><a href=\"https:\/\/www.foment.com\/es\/events\/i-cicle-formatiu-pige-1a-sessio-context-sensibilitzacio-i-normativa\/\" target=\"_blank\" class=\"button color-1 large \" style=\"border-radius: 2px;\"><i class='fa fa-hand-o-right'><\/i>M\u00e1s Informaci\u00f3n<\/a><\/strong><\/p>\n<p>&nbsp;<\/p>\n<h3><span style=\"color: #c1002b;\"><strong>2\u00aa sesi\u00f3n: La igualdad retributiva y medidas que inciden en la brecha salarial<\/strong><\/span><\/h3>\n<p><img loading=\"lazy\" class=\"size-full wp-image-110194 alignleft\" src=\"https:\/\/www.foment.com\/wp-content\/uploads\/2021\/02\/Captura-2-1.jpg\" alt=\"\" width=\"310\" height=\"204\" srcset=\"https:\/\/www.foment.com\/wp-content\/uploads\/2021\/02\/Captura-2-1.jpg 310w, https:\/\/www.foment.com\/wp-content\/uploads\/2021\/02\/Captura-2-1-300x197.jpg 300w\" sizes=\"(max-width: 310px) 100vw, 310px\" \/>Fecha: 11 de marzo de 2021<br \/>\nDe 10h a 13h<br \/>\n<strong>Ponente:Paula Mattio Lastra, <\/strong>Consultora en Igualdad y Diversidad, Conciliaci\u00f3n, Prevenci\u00f3n Acoso. Directora Diversidad Mehrs.CEO Aleph Comunicaci\u00f3n.<br \/>\n<strong>\u00bfDe qu\u00e9 hablaremos?<br \/>\n<\/strong>-La igualdad retributiva<br \/>\n-Obligaciones en materia de igualdad retributiva<br \/>\n-Medidas que inciden en la brecha salarial<br \/>\n-Promocionar la Gu\u00eda para la aplicaci\u00f3n de la igualdad retributiva entre hombres y mujeres y romper mitos entorno a la brecha salarial, del Consell de Relacions Laborals<\/p>\n<p style=\"text-align: left;\"><strong><a href=\"https:\/\/www.foment.com\/es\/events\/cicle-formatiu-pige-2a-sessio-la-igualtat-retributiva-i-mesures-que-incideixen-en-la-bretxa-salarial\/\" target=\"_blank\" class=\"button color-1 large \" style=\"border-radius: 2px;\"><i class='fa fa-hand-o-right'><\/i>M\u00e1s Informaci\u00f3n <\/a><\/strong><\/p>\n<p>&nbsp;<\/p>\n<h3><span style=\"color: #c1002b;\"><strong>3\u00aa sesi\u00f3n: Medidas y planes de igualdad de g\u00e9nero<br \/>\n<\/strong><\/span><\/h3>\n<p><img loading=\"lazy\" class=\"wp-image-110182 size-medium alignleft\" src=\"https:\/\/www.foment.com\/wp-content\/uploads\/2021\/02\/PLANES-300x220.jpg\" alt=\"\" width=\"300\" height=\"220\" srcset=\"https:\/\/www.foment.com\/wp-content\/uploads\/2021\/02\/PLANES-300x220.jpg 300w, https:\/\/www.foment.com\/wp-content\/uploads\/2021\/02\/PLANES-768x564.jpg 768w, https:\/\/www.foment.com\/wp-content\/uploads\/2021\/02\/PLANES.jpg 890w\" sizes=\"(max-width: 300px) 100vw, 300px\" \/><\/p>\n<p>Fecha: 22 de marzo 2021<br \/>\nDe 10h\u00a0a 13h<br \/>\nPonente: <strong>Ana Al\u00f3s Ramos,<\/strong> Socia y Abogada de Ur\u00eda Men\u00e9ndez. Profesora en EADA, ESADE y el Colegio de Abogados de Barcelona.<br \/>\n<strong>\u00bfDe qu\u00e9 hablaremos?<br \/>\n<\/strong>-Medidas para la igualdad efectiva de mujeres y hombres que tengan en cuenta el respecto a la igualdad y la no discriminaci\u00f3n<br \/>\n-Acciones positivas y medidas de igualdad de oportunidades en el marco de la negociaci\u00f3n colectiva<br \/>\n-Planes de Igualdad de g\u00e9nero<\/p>\n<p><strong><a href=\"https:\/\/www.foment.com\/es\/events\/i-cicle-formatiu-pige-3a-sessio-mesures-i-plans-digualtat-de-genere\/?\" target=\"_blank\" class=\"button color-1 large \" style=\"border-radius: 2px;\"><i class='fa fa-hand-o-right'><\/i>M\u00e1s Informaci\u00f3n<\/a><\/strong><\/p>\n<p>&nbsp;<\/p>\n<h3><span style=\"color: #c1002b;\"><span style=\"color: #c1002b;\">4\u00aa sesi\u00f3n: Prevenci\u00f3n y abordaje del acoso sexual y por\u00a0 raz\u00f3n de sexo\u00a0<\/span><\/span><\/h3>\n<p>Fecha: 26 de marzo <a href=\"https:\/\/www.foment.com\/wp-content\/uploads\/2021\/02\/PROTOCOLOS_2.jpg\"><img loading=\"lazy\" class=\"size-full wp-image-110191 alignleft\" src=\"https:\/\/www.foment.com\/wp-content\/uploads\/2021\/02\/PROTOCOLOS_2.jpg\" alt=\"\" width=\"320\" height=\"205\" srcset=\"https:\/\/www.foment.com\/wp-content\/uploads\/2021\/02\/PROTOCOLOS_2.jpg 320w, https:\/\/www.foment.com\/wp-content\/uploads\/2021\/02\/PROTOCOLOS_2-300x192.jpg 300w\" sizes=\"(max-width: 320px) 100vw, 320px\" \/><\/a>2021<br \/>\nDe 10h a 13h<br \/>\nPonente: <strong>Ponente:\u00a0Beatriz Fern\u00e1ndez-Tubau,\u00a0<\/strong>experta en pol\u00edticas y formaci\u00f3n de Igualdad,Diversidad y Empresa. Abogada y Mediadora de Familia y Empresa. Vicepresidenta de Fepime Catalunya. Secretaria General d&#8217;AFAEMME.Representante de Foment del Treball en la Comissi\u00f3 d\u2019Igualtat i Temps de Treball en el Consell de Relacions Laborals de Catalunya.<br \/>\n<strong>\u00bfDe qu\u00e9 hablaremos?<br \/>\n<\/strong>-Protocolos para la prevenci\u00f3n y el abordaje del acoso sexual y por raz\u00f3n de sexo<br \/>\n-Promocionar la implementaci\u00f3n de las Herramientas acordadas en el Consell de Relacions Laboras de Catalunya: el Protocolo para la prevenci\u00f3n y abordaje del acoso sexual y por raz\u00f3n de sexo a la empresa, la Gu\u00eda de elaboraci\u00f3n del protocolo para la prevenci\u00f3n y abordaje del acoso sexual y por raz\u00f3n de sexo a la empresa y el Dec\u00e1logo de tolerancia cero el acoso sexual y por raz\u00f3n de sexo a la empresa<\/p>\n<p><strong><a href=\"https:\/\/www.foment.com\/es\/events\/i-cicle-formatiu-pige-4a-sessio-protocol-per-a-la-prevencio-i-labordatge-de-lassetjament-sexual-i-per-rao-de-sexe\/\" target=\"_blank\" class=\"button color-1 large \" style=\"border-radius: 2px;\"><i class='fa fa-hand-o-right'><\/i>M\u00e1s informaci\u00f3n<\/a><\/strong><\/p>\n<p>&nbsp;<\/p>\n<p style=\"text-align: left;\">Este Ciclo Formativo forma parte de los Planes de Formaci\u00f3n del \u00e1mbito de Catalu\u00f1a, dirigidos a la capacitaci\u00f3n para el desarrollo de las funciones relacionadas con el di\u00e1logo social y la negociaci\u00f3n colectiva.Expediente n\u00fam. TSF082\/20\/0001.<\/p>\n<p style=\"text-align: center;\"><b>Las\u00a0 j<\/b><b>ornadas se podr\u00e1n seguir por la plataforma Zoom. (Plazas limitadas, si se agotan abrir\u00e1 lista de espera)<\/b><\/p>\n<p style=\"text-align: center;\"><strong>Se enviar\u00e1 un correo electr\u00f3nico con el enlace para acceder a la reuni\u00f3n el d\u00eda anterior a la jornada.<\/strong><\/p>\n<p style=\"text-align: center;\"><strong>Es imprescindible al formalizar la inscripci\u00f3n rellenar todos los campos del formulario: nombre, apellidos (que deben ser los mismos que se utilizar\u00e1n para identificarse en Zoom), DNI, empresa y direcci\u00f3n postal completa.<\/strong><\/p>\n<p>&nbsp;<\/p>\n<h3 style=\"text-align: center;\"><span style=\"color: #c1002b;\">Con el apoyo de:<\/span><\/h3>\n<p style=\"text-align: center;\"><strong> \u00a0 <a href=\"https:\/\/www.foment.com\/wp-content\/uploads\/2020\/12\/gene.png\"><img loading=\"lazy\" class=\"aligncenter wp-image-105463 size-medium\" src=\"https:\/\/www.foment.com\/wp-content\/uploads\/2020\/12\/gene-300x64.png\" alt=\"\" width=\"300\" height=\"64\" srcset=\"https:\/\/www.foment.com\/wp-content\/uploads\/2020\/12\/gene-300x64.png 300w, https:\/\/www.foment.com\/wp-content\/uploads\/2020\/12\/gene.png 318w\" sizes=\"(max-width: 300px) 100vw, 300px\" \/><\/a><\/strong><\/p>\n<p style=\"text-align: center;\">[\/vc_column_text][\/vc_column][\/vc_row]<\/p>\n<\/section>","protected":false},"author":7,"featured_media":75279,"menu_order":0,"comment_status":"closed","ping_status":"closed","template":"","meta":{"_links_to":"","_links_to_target":""},"tags":[4656,4658,873,2340,2341],"event_type":[2363,2251],"event_type_2":[],"acf":[],"_links":{"self":[{"href":"https:\/\/www.foment.com\/es\/wp-json\/wp\/v2\/ajde_events\/110392"}],"collection":[{"href":"https:\/\/www.foment.com\/es\/wp-json\/wp\/v2\/ajde_events"}],"about":[{"href":"https:\/\/www.foment.com\/es\/wp-json\/wp\/v2\/types\/ajde_events"}],"author":[{"embeddable":true,"href":"https:\/\/www.foment.com\/es\/wp-json\/wp\/v2\/users\/7"}],"replies":[{"embeddable":true,"href":"https:\/\/www.foment.com\/es\/wp-json\/wp\/v2\/comments?post=110392"}],"wp:featuredmedia":[{"embeddable":true,"href":"https:\/\/www.foment.com\/es\/wp-json\/wp\/v2\/media\/75279"}],"wp:attachment":[{"href":"https:\/\/www.foment.com\/es\/wp-json\/wp\/v2\/media?parent=110392"}],"wp:term":[{"taxonomy":"post_tag","embeddable":true,"href":"https:\/\/www.foment.com\/es\/wp-json\/wp\/v2\/tags?post=110392"},{"taxonomy":"event_type","embeddable":true,"href":"https:\/\/www.foment.com\/es\/wp-json\/wp\/v2\/event_type?post=110392"},{"taxonomy":"event_type_2","embeddable":true,"href":"https:\/\/www.foment.com\/es\/wp-json\/wp\/v2\/event_type_2?post=110392"}],"curies":[{"name":"wp","href":"https:\/\/api.w.org\/{rel}","templated":true}]}}