{"id":120095,"date":"2021-06-02T10:55:26","date_gmt":"2021-06-02T08:55:26","guid":{"rendered":"https:\/\/www.foment.com\/?post_type=ajde_events&#038;p=120095"},"modified":"2021-09-12T20:09:02","modified_gmt":"2021-09-12T18:09:02","slug":"la-comunicacion-en-el-marco-de-la-prl","status":"publish","type":"ajde_events","link":"https:\/\/www.foment.com\/es\/events\/la-comunicacion-en-el-marco-de-la-prl\/","title":{"rendered":"La comunicaci\u00f3n en el marco de la PRL"},"content":{"rendered":"<h2 style=\"text-align: center;\"><span style=\"color: #ab192d;\"><strong>La comunicaci\u00f3n en el marco de la PRL<\/strong><\/span><\/h2>\n<h3 style=\"text-align: center;\"><span style=\"color: #656565;\"><strong>Webinar de PRL<\/strong><\/span><\/h3>\n<p>&nbsp;<\/p>\n<h3><span style=\"color: #ab192d;\"><strong>Objetivo<\/strong><\/span><\/h3>\n<p>&nbsp;<\/p>\n<p style=\"text-align: justify;\">La comunicaci\u00f3n es la base de toda buena relaci\u00f3n. Tambi\u00e9n en el marco de la Prevenci\u00f3n de Riesgos Laborales. La forma en la que se comunican los directivos, mandos intermedios y todas las personas trabajadoras de una empresa tiene una repercusi\u00f3n directa en la eficacia de los proyectos, en la gesti\u00f3n de equipos, en la resoluci\u00f3n de conflictos y, en definitiva, en el buen funcionamiento del sistema empresarial y preventivo.<\/p>\n<p style=\"text-align: justify;\">En este sentido, se estima que alrededor del 80% de las actividades preventivas fracasan si la empresa no cuenta con una buena comunicaci\u00f3n preventiva.<\/p>\n<p style=\"text-align: justify;\">En este webinar se abordar\u00e1n las herramientas y t\u00e9cnicas comunicativas que pueden ayudar a las organizaciones a desarrollar una comunicaci\u00f3n eficaz y funcional entre todos los trabajadores construyendo as\u00ed un entorno laboral seguro, saludable y competitivo.<\/p>\n<p>&nbsp;<\/p>\n<h3><span style=\"color: #ab192d;\"><strong>Programa<\/strong><\/span><\/h3>\n<p>&nbsp;<\/p>\n<table>\n<tbody>\n<tr>\n<td width=\"10%\">\n<p style=\"margin: 5px 0px;\" align=\"left\"><strong>10.00 h<\/strong><\/p>\n<\/td>\n<td width=\"90%\">\n<p style=\"margin: 5px 0px;\" align=\"left\"><strong>Presentaci\u00f3n.<\/strong><\/p>\n<ul>\n<li>Sr. C\u00e9sar S\u00e1nchez. Director Oficina Prevenci\u00f3n Riesgos Laborales. Fomento del Trabajo.<\/li>\n<li>Sr. Xavier Pladevall. CEO. Acci\u00f3 Preventiva.<\/li>\n<\/ul>\n<\/td>\n<\/tr>\n<tr>\n<td width=\"10%\">\n<p style=\"margin: 5px 0px;\" align=\"left\"><strong>10.05 h<\/strong><\/p>\n<\/td>\n<td width=\"90%\">\n<p style=\"margin: 5px 0px;\" align=\"left\"><strong>Importancia y beneficios de una buena comunicaci\u00f3n preventiva.<\/strong><\/p>\n<ul>\n<li>Sr. Xavier Pladevall. CEO. Acci\u00f3 Preventiva.<\/li>\n<\/ul>\n<\/td>\n<\/tr>\n<tr>\n<td width=\"10%\">\n<p style=\"margin: 5px 0px;\" align=\"left\"><strong>10.15 h<\/strong><\/p>\n<\/td>\n<td width=\"90%\">\n<p style=\"margin: 5px 0px;\" align=\"left\"><strong>El Tal\u00f3n de Aquiles de la evaluaci\u00f3n psicosocial.<\/strong><\/p>\n<ul>\n<li>Sra. F\u00e1tima Jim\u00e9nez. Experta en Riesgos Psicosociales. Europreven.<\/li>\n<\/ul>\n<\/td>\n<\/tr>\n<tr>\n<td width=\"10%\">\n<p style=\"margin: 5px 0px;\" align=\"left\"><strong>10.30 h<\/strong><\/p>\n<\/td>\n<td width=\"90%\">\n<p style=\"margin: 5px 0px;\" align=\"left\"><strong>Herramientas para realizar una comunicaci\u00f3n preventiva efectiva.<\/strong><\/p>\n<ul>\n<li>Sra. Marta Badia. Consultora RRHH. Acci\u00f3 Preventiva.<\/li>\n<\/ul>\n<\/td>\n<\/tr>\n<tr>\n<td width=\"10%\">\n<p style=\"margin: 5px 0px;\" align=\"left\"><strong>10:50 h<\/strong><\/p>\n<\/td>\n<td width=\"90%\">\n<p style=\"margin: 5px 0px;\" align=\"left\"><strong>Preguntas de los asistentes.<\/strong><\/p>\n<\/td>\n<\/tr>\n<tr>\n<td width=\"10%\">\n<p style=\"margin: 5px 0px;\" align=\"left\"><strong>11.10 h<\/strong><\/p>\n<\/td>\n<td width=\"90%\">\n<p style=\"margin: 5px 0px;\" align=\"left\"><strong>Clausura.<\/strong><\/p>\n<\/td>\n<\/tr>\n<\/tbody>\n<\/table>\n","protected":false},"author":1,"featured_media":120096,"menu_order":0,"comment_status":"closed","ping_status":"closed","template":"","meta":{"_links_to":"","_links_to_target":""},"tags":[416,417,513],"event_type":[202],"event_type_2":[],"acf":[],"_links":{"self":[{"href":"https:\/\/www.foment.com\/es\/wp-json\/wp\/v2\/ajde_events\/120095"}],"collection":[{"href":"https:\/\/www.foment.com\/es\/wp-json\/wp\/v2\/ajde_events"}],"about":[{"href":"https:\/\/www.foment.com\/es\/wp-json\/wp\/v2\/types\/ajde_events"}],"author":[{"embeddable":true,"href":"https:\/\/www.foment.com\/es\/wp-json\/wp\/v2\/users\/1"}],"replies":[{"embeddable":true,"href":"https:\/\/www.foment.com\/es\/wp-json\/wp\/v2\/comments?post=120095"}],"wp:featuredmedia":[{"embeddable":true,"href":"https:\/\/www.foment.com\/es\/wp-json\/wp\/v2\/media\/120096"}],"wp:attachment":[{"href":"https:\/\/www.foment.com\/es\/wp-json\/wp\/v2\/media?parent=120095"}],"wp:term":[{"taxonomy":"post_tag","embeddable":true,"href":"https:\/\/www.foment.com\/es\/wp-json\/wp\/v2\/tags?post=120095"},{"taxonomy":"event_type","embeddable":true,"href":"https:\/\/www.foment.com\/es\/wp-json\/wp\/v2\/event_type?post=120095"},{"taxonomy":"event_type_2","embeddable":true,"href":"https:\/\/www.foment.com\/es\/wp-json\/wp\/v2\/event_type_2?post=120095"}],"curies":[{"name":"wp","href":"https:\/\/api.w.org\/{rel}","templated":true}]}}