{"id":122932,"date":"2021-06-28T13:18:18","date_gmt":"2021-06-28T11:18:18","guid":{"rendered":"https:\/\/www.foment.com\/?post_type=ajde_events&amp;p=122932"},"modified":"2021-06-28T13:18:18","modified_gmt":"2021-06-28T11:18:18","slug":"la-reforma-de-las-pensiones-soluciones-para-empresas-y-trabajadores","status":"publish","type":"ajde_events","link":"https:\/\/www.foment.com\/es\/events\/la-reforma-de-las-pensiones-soluciones-para-empresas-y-trabajadores\/","title":{"rendered":"La reforma de las pensiones: soluciones para empresas y trabajadores"},"content":{"rendered":"<p style=\"text-align: justify;\"><span style=\"font-size: 10.5pt; font-family: 'Arial',sans-serif; color: black;\">En un momento clave en el actual proceso de reforma de las pensiones, en la presente jornada se tratar\u00e1 est\u00e1 cuesti\u00f3n desde diversas perspectivas, como la demogr\u00e1fica o la macroecon\u00f3mica, proponiendo soluciones para empresas y trabajadores. <\/span><\/p>\n<p style=\"text-align: justify; margin: 0!important;\"><span style=\"font-size: 10.5pt; font-family: 'Verdana',sans-serif; color: black;\">\u00a0<\/span><\/p>\n<p style=\"text-align: justify; margin: 0!important;\"><span style=\"font-size: 10.5pt; font-family: 'Arial',sans-serif; color: black;\">En especial se analizar\u00e1n mecanismos como los planes de pensiones de empleo o los compromisos por pensiones. <\/span><\/p>\n<p style=\"text-align: justify; margin: 0!important;\"><span style=\"font-size: 10.5pt; font-family: 'Verdana',sans-serif; color: black;\">\u00a0<\/span><\/p>\n<p style=\"text-align: center; margin: 0!important;\" align=\"center\"><strong><span style=\"font-size: 12.0pt; font-family: 'Arial',sans-serif; color: #c1002b;\">PROGRAMA<\/span><\/strong><span style=\"font-size: 12.0pt; font-family: 'Arial',sans-serif; color: #c1002b;\">:<\/span><\/p>\n<p style=\"margin: 0!important;\"><strong><span style=\"font-size: 10.5pt; font-family: 'Arial',sans-serif; color: #c1002b;\">10.00 h. Bienvenida y presentaci\u00f3n<\/span><\/strong><\/p>\n<p style=\"margin: 0!important;\"><strong><span style=\"font-size: 10.5pt; font-family: 'Arial',sans-serif; color: black;\">Javier Ibars<\/span><\/strong><span style=\"font-size: 10.5pt; font-family: 'Arial',sans-serif; color: black;\">, Director del departamento de Relaciones Laborales y Asuntos Sociales de Foment del Treball.<\/span><\/p>\n<p style=\"margin: 0!important;\"><span style=\"font-size: 10.5pt; font-family: 'Verdana',sans-serif; color: black;\">\u00a0<\/span><\/p>\n<p style=\"margin: 0!important;\"><strong><span style=\"font-size: 10.5pt; font-family: 'Arial',sans-serif; color: #c1002b;\">10.05 h. Introduci\u00f3n al entorno macro y su evoluci\u00f3n, con el fin de contextualizar el porqu\u00e9 de la problem\u00e1tica del sistema de pensiones actual<\/span><\/strong><\/p>\n<p style=\"margin: 0!important;\"><b><span style=\"font-size: 10.5pt; font-family: 'Arial',sans-serif; color: black;\">Josep Soler, <\/span><\/b><span style=\"font-size: 10.5pt; font-family: 'Arial',sans-serif; color: black;\">Consejero Delegado del Institut d&#8217;Estudis Financers (IEF)<\/span><\/p>\n<p style=\"margin: 0!important;\"><span style=\"font-size: 10.5pt; font-family: 'Verdana',sans-serif; color: black;\">\u00a0<\/span><\/p>\n<p style=\"margin: 0!important;\"><strong><span style=\"font-size: 10.5pt; font-family: 'Arial',sans-serif; color: #c1002b;\">10.35 h.Concreci\u00f3n de la problem\u00e1tica actual de las pensiones. El impacto de las reformas<\/span><\/strong><\/p>\n<p style=\"margin: 0!important;\"><b><span style=\"font-size: 10.5pt; font-family: 'Arial',sans-serif; color: black;\">Javier Varea,<\/span><\/b><span style=\"font-size: 10.5pt; font-family: 'Arial',sans-serif; color: black;\"> Director de la C\u00e1tedra UB &#8211; Longevity Institute y del Observatorio de los Sistemas Europeos de Previsi\u00f3n Social. <\/span><\/p>\n<p style=\"margin: 0!important;\"><span style=\"font-size: 10.5pt; font-family: 'Verdana',sans-serif; color: black;\">\u00a0<\/span><\/p>\n<p style=\"margin: 0!important;\"><b><span style=\"font-size: 10.5pt; font-family: 'Arial',sans-serif; color: #c1002b;\">11.05 h. Soluciones y alternativas que ofrece el mercado para empresas y trabajadores<\/span><\/b><\/p>\n<p style=\"margin: 0!important;\"><strong><span style=\"font-size: 10.5pt; font-family: 'Arial',sans-serif; color: black;\">Alfredo Hern\u00e1ndez, <\/span><\/strong><span style=\"font-size: 10.5pt; font-family: 'Arial',sans-serif; color: black;\">Director Territorial de Red Espec\u00edfica Vida, Salud y Gesti\u00f3n Patrimonial de Mapfre.<\/span><\/p>\n<p style=\"margin: 0!important;\"><span style=\"font-size: 10.5pt; font-family: 'Verdana',sans-serif; color: black;\">\u00a0<\/span><\/p>\n<p style=\"margin: 0!important;\"><b><span style=\"font-size: 10.5pt; font-family: 'Arial',sans-serif; color: #c1002b;\">11.45 h. Debate<\/span><\/b><\/p>\n<p style=\"margin: 0!important;\"><b><span style=\"font-size: 10.5pt; font-family: 'Arial',sans-serif; color: #c1002b;\">Modera; <\/span><\/b><strong><span style=\"font-size: 10.5pt; font-family: 'Arial',sans-serif; color: black;\">Javier Ibars<\/span><\/strong><span style=\"font-size: 10.5pt; font-family: 'Arial',sans-serif; color: black;\">, director del departament de Relacions Laborals i Afers Socials de Foment del Treball.<\/span><\/p>\n<p>&nbsp;<\/p>\n<p style=\"margin: 0!important;\">Esta jornada forma parte de los Planes de Formaci\u00f3n del \u00e1mbito de Catalu\u00f1a, dirigidos a la capacitaci\u00f3n para el desarrollo de las funciones relacionadas con el di\u00e1logo social y la negociaci\u00f3n colectiva. Expediente n\u00fam. TSF051 \/ 19\/00005<\/p>\n<p style=\"text-align: center;\"><strong>Se enviar\u00e1 un correo electr\u00f3nico con el enlace para acceder a la reuni\u00f3n de Zoom el d\u00eda anterior a la celebraci\u00f3n de la jornada.<\/strong><\/p>\n<p style=\"text-align: center;\"><strong>Es imprescindible en formalizar la inscripci\u00f3n rellenar todos los campos del formulario: nombre, apellidos (que deben ser los mismos que se utilizar\u00e1n para identificarse en Zoom), DNI, empresa y direcci\u00f3n postal completa.<\/strong><\/p>\n<p>&nbsp;<\/p>\n<p style=\"text-align: center;\"><strong>CON EL APOYO DE:\u00a0<\/strong><a href=\"https:\/\/www.foment.com\/wp-content\/uploads\/2021\/06\/EMPRESA_red-1.jpg\"><img loading=\"lazy\" class=\"aligncenter size-full wp-image-122936\" src=\"https:\/\/www.foment.com\/wp-content\/uploads\/2021\/06\/EMPRESA_red-1.jpg\" alt=\"\" width=\"250\" height=\"52\" \/><\/a><\/p>\n<p>&nbsp;<\/p>\n","protected":false},"author":1,"featured_media":122939,"menu_order":0,"comment_status":"closed","ping_status":"closed","template":"","meta":{"_links_to":"","_links_to_target":""},"tags":[2764],"event_type":[2251],"event_type_2":[],"acf":[],"_links":{"self":[{"href":"https:\/\/www.foment.com\/es\/wp-json\/wp\/v2\/ajde_events\/122932"}],"collection":[{"href":"https:\/\/www.foment.com\/es\/wp-json\/wp\/v2\/ajde_events"}],"about":[{"href":"https:\/\/www.foment.com\/es\/wp-json\/wp\/v2\/types\/ajde_events"}],"author":[{"embeddable":true,"href":"https:\/\/www.foment.com\/es\/wp-json\/wp\/v2\/users\/1"}],"replies":[{"embeddable":true,"href":"https:\/\/www.foment.com\/es\/wp-json\/wp\/v2\/comments?post=122932"}],"wp:featuredmedia":[{"embeddable":true,"href":"https:\/\/www.foment.com\/es\/wp-json\/wp\/v2\/media\/122939"}],"wp:attachment":[{"href":"https:\/\/www.foment.com\/es\/wp-json\/wp\/v2\/media?parent=122932"}],"wp:term":[{"taxonomy":"post_tag","embeddable":true,"href":"https:\/\/www.foment.com\/es\/wp-json\/wp\/v2\/tags?post=122932"},{"taxonomy":"event_type","embeddable":true,"href":"https:\/\/www.foment.com\/es\/wp-json\/wp\/v2\/event_type?post=122932"},{"taxonomy":"event_type_2","embeddable":true,"href":"https:\/\/www.foment.com\/es\/wp-json\/wp\/v2\/event_type_2?post=122932"}],"curies":[{"name":"wp","href":"https:\/\/api.w.org\/{rel}","templated":true}]}}