{"id":125370,"date":"2021-09-10T10:02:57","date_gmt":"2021-09-10T08:02:57","guid":{"rendered":"https:\/\/www.foment.com\/es\/events\/digitalitzat-tecnologia-4-0-para-impulsar-la-competitividad-de-la-industria\/"},"modified":"2021-09-12T22:18:34","modified_gmt":"2021-09-12T20:18:34","slug":"digitalitzat-tecnologia-4-0-para-impulsar-la-competitividad-de-la-industria","status":"publish","type":"ajde_events","link":"https:\/\/www.foment.com\/es\/events\/digitalitzat-tecnologia-4-0-para-impulsar-la-competitividad-de-la-industria\/","title":{"rendered":"DIGITALITZA&#8217;T &#8211; \u00abTecnolog\u00eda 4.0 para impulsar la competitividad de la Industria\u00bb"},"content":{"rendered":"<section class=\"wpb-content-wrapper\"><p>[vc_row][vc_column text_align=\u00bbcenter\u00bb][vc_column_text]<\/p>\n<h3 style=\"text-align: center;\"><strong>DIGITALITZA&#8217;T<\/strong><\/h3>\n<p>[\/vc_column_text][vc_column_text]<\/p>\n<h2 style=\"text-align: center;\"><span style=\"color: #c10000;\"><strong>Tecnolog\u00eda 4.0 para impulsar la competitividad de la Industria<\/strong><\/span><\/h2>\n<p>[\/vc_column_text][vc_column_text]<\/p>\n<p style=\"text-align: center;\">\u00bfQuieres conocer como la tecnolog\u00eda puede ayudar la industria a mejorar sus resultados? \u00bfEres una empresa y te falta una diagnosis sobre cu\u00e1l es tu punto de partida? Te invitamos a la pr\u00f3xima jornada Digital\u00edzate donde trataremos, entre otros, el papel del Digital Innovation Hub de Catalu\u00f1a y sus \u00e1mbitos estrat\u00e9gicos as\u00ed como su alineaci\u00f3n con los DIH establecidos por la comisi\u00f3n europea. El objetivo de la sesi\u00f3n es explicar la utilidad de diferentes tecnolog\u00edas, casos de \u00e9xito empresariales y opciones de financiar esta transici\u00f3n digital.<\/p>\n<p style=\"text-align: center;\">Digital\u00edzate es un programa impulsado por Foment del Treball, con el apoyo del Departamento de Empresa y Trabajo de la Generalitat de Catalu\u00f1a, que acompa\u00f1a y asesora a las empresas en el camino hacia la transformaci\u00f3n digital.<\/p>\n<p>&nbsp;<\/p>\n<h3 style=\"text-align: center;\"><strong>P R O G R A M A<\/strong><\/h3>\n<p>&nbsp;<\/p>\n<p style=\"text-align: center;\"><span style=\"color: #c12238;\">10.00h. Bienvenida<\/span><br \/>\n<strong>Rub\u00e9n Sans<\/strong><br \/>\nPresidente de la Comisi\u00f3n de Emprendedores de Foment del Treball<\/p>\n<p style=\"text-align: center;\">Modera la sesi\u00f3n <strong>Mar\u00eda Mora<\/strong>, directora de Innovaci\u00f3n de Foment del Treball<\/p>\n<p>&nbsp;<\/p>\n<h4 style=\"text-align: center;\"><strong>Bloc 1: Conocimiento<\/strong><\/h4>\n<p style=\"text-align: center;\"><span style=\"color: #c12238;\">10.05 h. DIH4CAT \u2013 Presentaci\u00f3n digital\u00a0Innovation\u00a0Hub\u00a0de Catalu\u00f1a.<\/span><br \/>\n<strong>Carles Miranda<\/strong><br \/>\nManager\u00a0Industria\u00a04.0 y Econom\u00eda Circular<br \/>\nACCI\u00d3N. Generalitat de Catalunya<\/p>\n<p style=\"text-align: center;\"><span style=\"color: #c12238;\">10.25 h. Disrupci\u00f3n digital. Transformando la pyme para liderar los nuevos modelos de negocio digitales.<\/span><br \/>\n<strong>Roger Font<\/strong><br \/>\nDirector\u00a0del Departamento de Consultor\u00eda Tecnol\u00f3gica &#8211; presencial<br \/>\nEURECAT<\/p>\n<p style=\"text-align: center;\"><span style=\"color: #c12238;\">10.45 h. Sistemas 4.0 para la gesti\u00f3n de la producci\u00f3n y los procesos<\/span>.<br \/>\n<strong>Pau Feliu<\/strong><br \/>\nProduct\u00a0Manager<br \/>\nMACCION<\/p>\n<p style=\"text-align: center;\"><span style=\"color: #c12238;\">11.05h Big Data e ingenier\u00eda de datos para el apoyo al an\u00e1lisis predictivo \/ Machine learning.<\/span><br \/>\n<strong>Sergi Nadal<\/strong><br \/>\nProfesor e investigador de Data Science<br \/>\n<strong>Albert\u00a0Obiols<\/strong><br \/>\nResponsable Data Science y Big Data<br \/>\nInlab\u00a0Fib\u00a0UPC<\/p>\n<p style=\"text-align: center;\"><span style=\"color: #c12238;\">11.25 h Ciberseguridad industrial, \u00bfpor d\u00f3nde empezar?<\/span><br \/>\n<strong>Pablo Mart\u00ednez<\/strong><br \/>\nIndustry\u00a0Field\u00a0Services\u00a0Business\u00a0Developer<br \/>\nSchneider\u00a0Electric<\/p>\n<p>&nbsp;<\/p>\n<h4 style=\"text-align: center;\"><strong>Bloc 2: Casos pr\u00e1cticos &#8211; empresas y tecnolog\u00edas 4.0<\/strong><\/h4>\n<p style=\"text-align: center;\"><span style=\"color: #c12238;\">11.45h Una industria conectada y sostenible. Caso de exito de Gohub .<\/span><br \/>\n<strong>Jos\u00e9 Ignacio Ruiz<\/strong><br \/>\nGohub\u00a0Solutions\u00a0&amp;\u00a0Open\u00a0Innovation\u00a0Manager<br \/>\nGOHUB<\/p>\n<p style=\"text-align: center;\"><span style=\"color: #c12238;\">12.05 h Industria 5.0 asequible para pymes industriales. Casos de \u00e9xito en Honda y Congost.<\/span><br \/>\n<strong>Sergio Alc\u00e1ntara<\/strong><br \/>\nCo-Fundador<br \/>\nNIXUS\u00a0INDUSTRY\u00a04.0<\/p>\n<p style=\"text-align: center;\"><span style=\"color: #c12238;\">12.25 h \u00ab\u00bfComo digitalizar el proceso de contrataci\u00f3n de personal? Casos de \u00e9xito de Manpower, ISS y Taco Bell\u00bb.<\/span><br \/>\nSIGNATURIT<\/p>\n<p>&nbsp;<\/p>\n<h4 style=\"text-align: center;\"><strong>Bloc 3: Programas y financiaci\u00f3n<\/strong><\/h4>\n<p style=\"text-align: center;\"><span style=\"color: #c12238;\">12.45h\u00a0Digital\u00edzate, Acompa\u00f1amos la pyme en la transformaci\u00f3n digital.<\/span><br \/>\n<strong>Maria Mora<\/strong><br \/>\nDirectora\u00a0de Innovaci\u00f3n<br \/>\nFoment del Treball<\/p>\n<p style=\"text-align: center;\"><span style=\"color: #c12238;\">12.55h\u00a0Financiaci\u00f3n europea para la digitalizaci\u00f3n de pymes industriales<\/span><br \/>\n<strong>Jordi\u00a0Arrufi<\/strong><br \/>\nDirector programa Talento y proyectos europeos<br \/>\nMobile\u00a0World\u00a0Capital Barcelona (MWC)<\/p>\n<p style=\"text-align: center;\"><span style=\"color: #c12238;\">13.15h\u00a0Ayudas del\u00a0CDTI\u00a0para el desarrollo de la tecnolog\u00eda<\/span><br \/>\n<strong>Maria Pilar Gonz\u00e1lez<\/strong><br \/>\nJefa de departamento<br \/>\nDepartamento de Promoci\u00f3n Institucional\u00a0y\u00a0Cooperaci\u00f3n Territorial<br \/>\nDirecci\u00f3n de\u00a0Programas\u00a0de la UE\u00a0y\u00a0Cooperaci\u00f3n Territorial<br \/>\nCDTI<\/p>\n<p style=\"text-align: center;\"><span style=\"color: #c12238;\">13:35h\u00a0Final de la sesi\u00f3n<\/span><\/p>\n<p>&nbsp;<\/p>\n<p style=\"text-align: center;\">Esta sesi\u00f3n se celebrar\u00e1 el <strong>pr\u00f3ximo mi\u00e9rcoles 22 de septiembre de las 10h a las 13.35h en formato h\u00edbrido<\/strong>. Es imprescindible inscribiros en el siguiente enlace, indicando si asistir\u00e9is de forma presencial o en l\u00ednea<\/p>\n<p>[\/vc_column_text][\/vc_column][\/vc_row][vc_row][vc_column width=\u00bb1\/1&#8243;][vc_column_text]<\/p>\n<h2 style=\"text-align: center;\"><a href=\"https:\/\/forms.office.com\/pages\/responsepage.aspx?id=jZN882U4iUq5m7AAx2p0v_UW8IRpYldCuex2_-7V0cdUNEVZNkdSRUpIV0pHQzhEUDdQMElMMjJWRiQlQCN0PWcu#msdynttrid=SjtuxyUYDxBsdNLx5mOj-RI60Bj0G7Tt5SoHoCpBN_w\"><span style=\"color: #c1002b;\">INSCRIPCI\u00d3N<\/span><\/a><\/h2>\n<p>[\/vc_column_text][\/vc_column][\/vc_row]<\/p>\n<\/section>","protected":false},"author":1,"featured_media":126277,"menu_order":0,"comment_status":"closed","ping_status":"closed","template":"","meta":{"_links_to":"","_links_to_target":""},"tags":[1198,907,5594,5595],"event_type":[203],"event_type_2":[3232],"acf":[],"_links":{"self":[{"href":"https:\/\/www.foment.com\/es\/wp-json\/wp\/v2\/ajde_events\/125370"}],"collection":[{"href":"https:\/\/www.foment.com\/es\/wp-json\/wp\/v2\/ajde_events"}],"about":[{"href":"https:\/\/www.foment.com\/es\/wp-json\/wp\/v2\/types\/ajde_events"}],"author":[{"embeddable":true,"href":"https:\/\/www.foment.com\/es\/wp-json\/wp\/v2\/users\/1"}],"replies":[{"embeddable":true,"href":"https:\/\/www.foment.com\/es\/wp-json\/wp\/v2\/comments?post=125370"}],"wp:featuredmedia":[{"embeddable":true,"href":"https:\/\/www.foment.com\/es\/wp-json\/wp\/v2\/media\/126277"}],"wp:attachment":[{"href":"https:\/\/www.foment.com\/es\/wp-json\/wp\/v2\/media?parent=125370"}],"wp:term":[{"taxonomy":"post_tag","embeddable":true,"href":"https:\/\/www.foment.com\/es\/wp-json\/wp\/v2\/tags?post=125370"},{"taxonomy":"event_type","embeddable":true,"href":"https:\/\/www.foment.com\/es\/wp-json\/wp\/v2\/event_type?post=125370"},{"taxonomy":"event_type_2","embeddable":true,"href":"https:\/\/www.foment.com\/es\/wp-json\/wp\/v2\/event_type_2?post=125370"}],"curies":[{"name":"wp","href":"https:\/\/api.w.org\/{rel}","templated":true}]}}