{"id":132363,"date":"2021-11-16T13:20:48","date_gmt":"2021-11-16T12:20:48","guid":{"rendered":"https:\/\/www.foment.com\/?post_type=ajde_events&#038;p=132363"},"modified":"2021-11-19T11:46:26","modified_gmt":"2021-11-19T10:46:26","slug":"inversiones-bilaterales-espana-y-japon","status":"publish","type":"ajde_events","link":"https:\/\/www.foment.com\/es\/events\/inversiones-bilaterales-espana-y-japon\/","title":{"rendered":"Inversiones bilaterales Espa\u00f1a y Jap\u00f3n"},"content":{"rendered":"<section class=\"wpb-content-wrapper\"><p>[vc_row][vc_column][vc_column_text]Foment del Treball y el C\u00edrculo Empresarial Jap\u00f3n Espa\u00f1a (CEJE), se complacen en invitarle al Encuentro sobre<\/p>\n<p style=\"text-align: center;\"><strong>Inversiones bilaterales Espa\u00f1a y Jap\u00f3n<\/strong><\/p>\n<p>La sesi\u00f3n se desarrollar\u00e1 mediante una mesa redonda, en la que se analizar\u00e1, de la mano de destacados ponentes, el desarrollo hist\u00f3rico de las inversiones bilaterales, as\u00ed como las oportunidades futuras que se presentan, y el importante papel de la colaboraci\u00f3n p\u00fablico privada para la expansi\u00f3n de las mismas.<\/p>\n<p>&nbsp;<\/p>\n<p><span style=\"color: #800000;\"><em><strong>Programa<\/strong><\/em><\/span><\/p>\n<p style=\"padding-left: 40px;\"><strong>09:30 h. Bienvenida.<\/strong><\/p>\n<p style=\"padding-left: 40px;\">Sr. Josep S\u00e1nchez Llibre, Foment del Treball<\/p>\n<p style=\"padding-left: 40px;\">Sr. Jorge Lasheras, Presidente, C\u00edrculo Empresarial Jap\u00f3n Espa\u00f1a (CEJE)<\/p>\n<p style=\"padding-left: 40px;\"><strong>09:40 h. Mesa redonda<\/strong><\/p>\n<p style=\"padding-left: 40px;\">Sr. Tatsuya Kato, Director General, Jetro en Espa\u00f1a<\/p>\n<p style=\"padding-left: 40px;\">Sr. Jos\u00e9 Ignacio Pradas, Director Territorial de Comercio y de Icex en Catalu\u00f1a<\/p>\n<p style=\"padding-left: 40px;\">Sr. Joan Romero, Director Ejecutivo, Catalonia &amp; Trade Investment<\/p>\n<p style=\"padding-left: 40px;\">Sr. Alfonso Cervera, Managing Director, Mizuho Bank Europe N.V. Madrid Branch<\/p>\n<p style=\"padding-left: 40px;\">Sr. Guillermo Diaz Sevilla, Director de la Oficina de Representaci\u00f3n en Shanghai, Banc Sabadell<\/p>\n<p style=\"padding-left: 40px;\">Sr. Alfred Prada, Socio-Partner Strategy and Transactions,\u00a0 Ernst &amp; Young Servicios Corporativos<\/p>\n<p style=\"padding-left: 40px;\"><strong>11:00 h. Preguntas y respuestas<\/strong><\/p>\n<p style=\"padding-left: 40px;\"><strong>11:20 h. Clausura<\/strong><\/p>\n<p style=\"padding-left: 40px;\">Hble. Sr. Yasushi Sato, C\u00f3nsul General de Jap\u00f3n en Barcelona<\/p>\n<p style=\"padding-left: 40px;\"><strong>11:30 h. Fin de la sesi\u00f3n.<\/strong><\/p>\n<p>[\/vc_column_text][\/vc_column][\/vc_row]<\/p>\n<\/section>","protected":false},"author":13,"featured_media":132369,"menu_order":0,"comment_status":"closed","ping_status":"closed","template":"","meta":{"_links_to":"","_links_to_target":""},"tags":[6029,5825,6030,687],"event_type":[201],"event_type_2":[],"acf":[],"_links":{"self":[{"href":"https:\/\/www.foment.com\/es\/wp-json\/wp\/v2\/ajde_events\/132363"}],"collection":[{"href":"https:\/\/www.foment.com\/es\/wp-json\/wp\/v2\/ajde_events"}],"about":[{"href":"https:\/\/www.foment.com\/es\/wp-json\/wp\/v2\/types\/ajde_events"}],"author":[{"embeddable":true,"href":"https:\/\/www.foment.com\/es\/wp-json\/wp\/v2\/users\/13"}],"replies":[{"embeddable":true,"href":"https:\/\/www.foment.com\/es\/wp-json\/wp\/v2\/comments?post=132363"}],"wp:featuredmedia":[{"embeddable":true,"href":"https:\/\/www.foment.com\/es\/wp-json\/wp\/v2\/media\/132369"}],"wp:attachment":[{"href":"https:\/\/www.foment.com\/es\/wp-json\/wp\/v2\/media?parent=132363"}],"wp:term":[{"taxonomy":"post_tag","embeddable":true,"href":"https:\/\/www.foment.com\/es\/wp-json\/wp\/v2\/tags?post=132363"},{"taxonomy":"event_type","embeddable":true,"href":"https:\/\/www.foment.com\/es\/wp-json\/wp\/v2\/event_type?post=132363"},{"taxonomy":"event_type_2","embeddable":true,"href":"https:\/\/www.foment.com\/es\/wp-json\/wp\/v2\/event_type_2?post=132363"}],"curies":[{"name":"wp","href":"https:\/\/api.w.org\/{rel}","templated":true}]}}