{"id":143206,"date":"2022-04-21T15:25:11","date_gmt":"2022-04-21T13:25:11","guid":{"rendered":"https:\/\/www.foment.com\/events\/cupons-a-la-competitivitat-empresarial-2022\/"},"modified":"2024-09-16T08:30:16","modified_gmt":"2024-09-16T06:30:16","slug":"cupons-a-la-competitivitat-empresarial-2022","status":"publish","type":"ajde_events","link":"https:\/\/www.foment.com\/es\/events\/cupons-a-la-competitivitat-empresarial-2022\/","title":{"rendered":"CUPONS A LA COMPETITIVITAT EMPRESARIAL 2022"},"content":{"rendered":"<section class=\"wpb-content-wrapper\"><p>[vc_row][vc_column][vc_column_text]<span style=\"font-family: arial, helvetica, sans-serif; font-size: 12pt;\">En breu s&#8217;obrir\u00e0n les convocat\u00f2ries dels cupons d&#8217;Acci\u00f3 2022 per ajudar a les empreses catalanes a millorar la seva internacionalitzaci\u00f3 i competitivitat.<\/span><\/p>\n<p><span style=\"font-family: arial, helvetica, sans-serif; font-size: 12pt;\">No deixis passar aquesta oportunitat, m\u00e9s de <strong>12 millions d&#8217;euros en ajudes s&#8217;han condecit entre l&#8217;any 2019 i 2021.<\/strong><\/span><\/p>\n<p>&nbsp;<\/p>\n<p><span style=\"font-family: arial, helvetica, sans-serif; font-size: 12pt;\"><strong><span style=\"color: #ff0000;\"><em>L\u00cdNIA DE CUPONS A LA INTERNACIONALITZACI\u00d3<\/em><\/span><\/strong><\/span><\/p>\n<p><span style=\"font-family: arial, helvetica, sans-serif; font-size: 12pt;\"><a href=\"https:\/\/www.foment.com\/wp-content\/uploads\/2022\/04\/INTER.jpg\"><img loading=\"lazy\" class=\"alignleft wp-image-143158 size-thumbnail\" src=\"https:\/\/www.foment.com\/wp-content\/uploads\/2022\/04\/INTER-150x150.jpg\" alt=\"\" width=\"150\" height=\"150\" srcset=\"https:\/\/www.foment.com\/wp-content\/uploads\/2022\/04\/INTER-150x150.jpg 150w, https:\/\/www.foment.com\/wp-content\/uploads\/2022\/04\/INTER-300x300.jpg 300w, https:\/\/www.foment.com\/wp-content\/uploads\/2022\/04\/INTER-80x80.jpg 80w, https:\/\/www.foment.com\/wp-content\/uploads\/2022\/04\/INTER-500x500.jpg 500w, https:\/\/www.foment.com\/wp-content\/uploads\/2022\/04\/INTER.jpg 512w\" sizes=\"(max-width: 150px) 100vw, 150px\" \/><\/a><\/span><\/p>\n<p><span style=\"font-family: arial, helvetica, sans-serif; font-size: 12pt;\">Aquests cupons tenen com a objetiu principal que l&#8217;empresa pugui contractar serveis d&#8217;assessorament orientats a la seva internacionalitzaci\u00f3.<\/span><\/p>\n<p><span style=\"font-family: arial, helvetica, sans-serif; font-size: 12pt;\">Les accions que es poden subvencionar s\u00f3n les seg\u00fcents:<\/span><\/p>\n<p><span style=\"font-family: arial, helvetica, sans-serif; font-size: 12pt;\"><strong>.Pla de Promoci\u00f3 Internacional<br \/>\n<\/strong><strong>.Subcontractaci\u00f3 Export Manager<\/strong><strong><br \/>\n<\/strong><\/span><\/p>\n<p>&nbsp;<\/p>\n<p style=\"text-align: center;\"><span style=\"font-family: arial, helvetica, sans-serif; font-size: 12pt; color: #800000;\"><strong>Posa&#8217;t en contacte amb el <a href=\"mailto:internacional@foment.com\" target=\"_blank\" rel=\"noopener\">Departament Internacional\u00a0<\/a> i t&#8217;assessorarem sobre quin cup\u00f3 a la internacionalitzaci\u00f3 triar <\/strong><\/span><\/p>\n<p>&nbsp;<\/p>\n<p><span style=\"font-family: arial, helvetica, sans-serif; font-size: 12pt;\"><strong><span style=\"color: #ff0000;\"><em>L\u00cdNIA DE CUPONS eTRADE<\/em><\/span><\/strong><\/span><\/p>\n<p><span style=\"font-family: arial, helvetica, sans-serif; font-size: 12pt;\"><a href=\"https:\/\/www.foment.com\/wp-content\/uploads\/2022\/04\/online-shopping.png\"><img loading=\"lazy\" class=\"alignleft wp-image-143197 size-thumbnail\" src=\"https:\/\/www.foment.com\/wp-content\/uploads\/2022\/04\/online-shopping-150x150.png\" alt=\"\" width=\"150\" height=\"150\" srcset=\"https:\/\/www.foment.com\/wp-content\/uploads\/2022\/04\/online-shopping-150x150.png 150w, https:\/\/www.foment.com\/wp-content\/uploads\/2022\/04\/online-shopping-300x300.png 300w, https:\/\/www.foment.com\/wp-content\/uploads\/2022\/04\/online-shopping-80x80.png 80w, https:\/\/www.foment.com\/wp-content\/uploads\/2022\/04\/online-shopping-500x500.png 500w, https:\/\/www.foment.com\/wp-content\/uploads\/2022\/04\/online-shopping.png 512w\" sizes=\"(max-width: 150px) 100vw, 150px\" \/><\/a><br \/>\nAquest cup\u00f3 t\u00e9 com objetiu definir\u00a0<strong>l&#8217;estrat\u00e8gia digital internacional<\/strong> de la empresa.\u00a0Els serveis que es poden subvencionar s\u00f3n els seg\u00fcents:<\/span><\/p>\n<ul>\n<li><span style=\"font-family: arial, helvetica, sans-serif; font-size: 12pt;\">An\u00e0lisi de la pres\u00e8ncia actual de l&#8217;empresa als canals digitals<\/span><\/li>\n<li><span style=\"font-family: arial, helvetica, sans-serif; font-size: 12pt;\">Definici\u00f3 de l&#8217;estrat\u00e8gia digital internacional: selecci\u00f3 de mercats i p\u00fablics objectiu, identificaci\u00f3 de la proposta de valor, definici\u00f3 d&#8217;objectius, canals digitals i fases del cicle de venda en els que es treballar\u00e0.<\/span><\/li>\n<li><span style=\"font-family: arial, helvetica, sans-serif; font-size: 12pt;\">Pla d&#8217;accions a canals digitals i an\u00e0lisi de costos aproximats per dur-les a terme<\/span><\/li>\n<\/ul>\n<p style=\"text-align: center;\"><span style=\"font-family: arial, helvetica, sans-serif; font-size: 12pt; color: #800000;\"><strong>Posa&#8217;t en contacte amb el <a href=\"mailto:internacional@foment.com\" target=\"_blank\" rel=\"noopener\">Departament internacional<\/a>\u00a0 i t&#8217;assessorarem sobre el cup\u00f3 eTrade <\/strong><\/span><\/p>\n<p>&nbsp;<\/p>\n<p><span style=\"font-family: arial, helvetica, sans-serif; font-size: 12pt;\"><strong><span style=\"color: #ff0000;\"><em>L\u00cdNEA DE CUPONS IND\u00daSTRIA 4.0<\/em><\/span><\/strong><\/span><\/p>\n<p><span style=\"font-family: arial, helvetica, sans-serif; font-size: 12pt;\"><a href=\"https:\/\/www.foment.com\/wp-content\/uploads\/2022\/04\/industria4.0.jpg\"><img loading=\"lazy\" class=\"alignleft wp-image-143164\" src=\"https:\/\/www.foment.com\/wp-content\/uploads\/2022\/04\/industria4.0.jpg\" alt=\"\" width=\"144\" height=\"144\" srcset=\"https:\/\/www.foment.com\/wp-content\/uploads\/2022\/04\/industria4.0.jpg 144w, https:\/\/www.foment.com\/wp-content\/uploads\/2022\/04\/industria4.0-80x80.jpg 80w\" sizes=\"(max-width: 144px) 100vw, 144px\" \/><\/a><\/span><\/p>\n<p><span style=\"font-family: arial, helvetica, sans-serif; font-size: 12pt;\">La Ind\u00fastria 4.0 representa un canvi de paradigma en la manera en qu\u00e8 es conceben, dissenyen i produeixen les coses. \u00c9s l\u2019espai on conflueixen tend\u00e8ncies tecnol\u00f2giques com la digitalitzaci\u00f3, els robots aut\u00f2noms, la computaci\u00f3 en el n\u00favol o la intel\u00b7lig\u00e8ncia artificial. Totes en el seu conjunt contribueixen a transformar els processos productius.\u00a0Representa, doncs, un nou enfocament que permet controlar els processos de producci\u00f3 proporcionant integraci\u00f3 i sincronitzaci\u00f3 de les entitats i els fluxos de treball dins de la cadena de valor en temps real, automatitzant i posant en valor la import\u00e0ncia de les dades, incrementant la flexibilitat, permetent la fabricaci\u00f3 unit\u00e0ria i personalitzada de productes i optimitzant els temps i recursos de producci\u00f3.<\/span><\/p>\n<p><span style=\"font-family: arial, helvetica, sans-serif; font-size: 12pt;\">Les empreses interessades en aquest cup\u00f3 podran subvencionar les seg\u00fcents accions:<\/span><\/p>\n<ul>\n<li><span style=\"font-family: arial, helvetica, sans-serif; font-size: 12pt;\"><strong><em>Diagnosi industria 4.0<\/em><\/strong><em>:<\/em>\u00a0per a la contractaci\u00f3 de serveis d\u2019assessorament a prove\u00efdors acreditats per ACCI\u00d3 per a la realitzaci\u00f3 de diagnosis que permetin identificar oportunitats d\u2019incorporaci\u00f3 de tecnologies de la ind\u00fastria 4.0 a nivell de l\u2019empresa, productes, serveis processos i amb una visi\u00f3 global i transversal alineada amb la seva estrat\u00e8gia de negoci. El resultat d\u2019aquesta diagnosi haur\u00e0 de permetre a l\u2019empresa definir un full de ruta per a la transformaci\u00f3 digital cap a la ind\u00fastria 4.0 que contempli aquelles oportunitats detectades, actuacions i solucions a integrar a curt i mig termini d\u2019una manera estructurada i endre\u00e7ada.<\/span><\/li>\n<li><span style=\"font-family: arial, helvetica, sans-serif; font-size: 12pt;\"><em><strong>Assessorament en la implantaci\u00f3 Ind\u00fastria 4.0:<\/strong><\/em>\u00a0per a la contractaci\u00f3 de serveis d\u2019assessorament a prove\u00efdors acreditats per ACCI\u00d3 per a la implantaci\u00f3 d\u2019actuacions contemplades en el pla de transformaci\u00f3 de l\u2019empresa i que permeti la integraci\u00f3 de tecnologies i solucions en l\u2019\u00e0mbit de la ind\u00fastria 4.0 mitjan\u00e7ant la realitzaci\u00f3 de proves pilot, testeig d\u2019aquestes tecnologies o l\u2019acc\u00e9s a infraestructures tecnol\u00f2giques, instal\u00b7lacions o arquitectures singulars.<\/span><\/li>\n<\/ul>\n<p>&nbsp;<\/p>\n<p style=\"text-align: center;\"><span style=\"font-family: arial, helvetica, sans-serif; font-size: 12pt;\"><strong style=\"color: #800000; text-align: center;\">Posa&#8217;t en contacte amb el <a href=\"mailto:internacional@foment.com\" target=\"_blank\" rel=\"noopener\">Departament internacional\u00a0<\/a> i t&#8217;assessorarem sobre el cup\u00f3 d&#8217;Ind\u00fastria 4.0\u00a0<\/strong><\/span><\/p>\n<p>[\/vc_column_text][\/vc_column][\/vc_row][vc_row][vc_column width=\u00bb1\/2&#8243;][vc_column_text]Amb el suport d&#8217;ACCI\u00d3[\/vc_column_text]<div class=\"single_image wpb_content_element align-center    \" data-animation=\"none\" data-delay=\"0\"><a href=\"http:\/\/accio.gencat.cat\" target=\"_blank\"><img width=\"150\" height=\"134\" src=\"https:\/\/www.foment.com\/wp-content\/uploads\/2022\/04\/ACCIO-vertical-color-1.jpg\" class=\"attachment-thumbnail\" alt=\"\" loading=\"lazy\" title=\"ACCI\u00d3 vertical color\" \/><\/a><\/div>[\/vc_column][vc_column width=\u00bb1\/2&#8243;]<div class=\"single_image wpb_content_element align-left    \" data-animation=\"none\" data-delay=\"0\"><img width=\"300\" height=\"63\" src=\"https:\/\/www.foment.com\/wp-content\/uploads\/2022\/04\/agents-300x63.png\" class=\"attachment-medium\" alt=\"\" loading=\"lazy\" title=\"agents\" srcset=\"https:\/\/www.foment.com\/wp-content\/uploads\/2022\/04\/agents-300x63.png 300w, https:\/\/www.foment.com\/wp-content\/uploads\/2022\/04\/agents.png 555w\" sizes=\"(max-width: 300px) 100vw, 300px\" \/><\/div>[\/vc_column][vc_column][\/vc_column][\/vc_row]<\/p>\n<\/section>","protected":false},"author":13,"featured_media":143190,"menu_order":0,"comment_status":"closed","ping_status":"closed","template":"","meta":{"_links_to":"","_links_to_target":""},"tags":[6590,6591,6592,6593],"event_type":[201],"event_type_2":[],"acf":[],"_links":{"self":[{"href":"https:\/\/www.foment.com\/es\/wp-json\/wp\/v2\/ajde_events\/143206"}],"collection":[{"href":"https:\/\/www.foment.com\/es\/wp-json\/wp\/v2\/ajde_events"}],"about":[{"href":"https:\/\/www.foment.com\/es\/wp-json\/wp\/v2\/types\/ajde_events"}],"author":[{"embeddable":true,"href":"https:\/\/www.foment.com\/es\/wp-json\/wp\/v2\/users\/13"}],"replies":[{"embeddable":true,"href":"https:\/\/www.foment.com\/es\/wp-json\/wp\/v2\/comments?post=143206"}],"wp:featuredmedia":[{"embeddable":true,"href":"https:\/\/www.foment.com\/es\/wp-json\/wp\/v2\/media\/143190"}],"wp:attachment":[{"href":"https:\/\/www.foment.com\/es\/wp-json\/wp\/v2\/media?parent=143206"}],"wp:term":[{"taxonomy":"post_tag","embeddable":true,"href":"https:\/\/www.foment.com\/es\/wp-json\/wp\/v2\/tags?post=143206"},{"taxonomy":"event_type","embeddable":true,"href":"https:\/\/www.foment.com\/es\/wp-json\/wp\/v2\/event_type?post=143206"},{"taxonomy":"event_type_2","embeddable":true,"href":"https:\/\/www.foment.com\/es\/wp-json\/wp\/v2\/event_type_2?post=143206"}],"curies":[{"name":"wp","href":"https:\/\/api.w.org\/{rel}","templated":true}]}}