{"id":145877,"date":"2022-05-26T16:19:28","date_gmt":"2022-05-26T14:19:28","guid":{"rendered":"https:\/\/www.foment.com\/events\/oportunidades-de-negocio-e-inversion-en-la-republica-de-corea\/"},"modified":"2024-09-16T09:57:34","modified_gmt":"2024-09-16T07:57:34","slug":"oportunidades-de-negocio-e-inversion-en-la-republica-de-corea","status":"publish","type":"ajde_events","link":"https:\/\/www.foment.com\/es\/events\/oportunidades-de-negocio-e-inversion-en-la-republica-de-corea\/","title":{"rendered":"Rep\u00fablica de Corea,un pa\u00eds de oportunidades para las empresas catalanas"},"content":{"rendered":"<section class=\"wpb-content-wrapper\"><p>[vc_row][vc_column]<div class=\"single_image wpb_content_element align-left    \" data-animation=\"none\" data-delay=\"0\"><img width=\"995\" height=\"183\" src=\"https:\/\/www.foment.com\/wp-content\/uploads\/2022\/05\/corea.jpg\" class=\"attachment-full\" alt=\"\" loading=\"lazy\" title=\"corea\" srcset=\"https:\/\/www.foment.com\/wp-content\/uploads\/2022\/05\/corea.jpg 995w, https:\/\/www.foment.com\/wp-content\/uploads\/2022\/05\/corea-300x55.jpg 300w, https:\/\/www.foment.com\/wp-content\/uploads\/2022\/05\/corea-768x141.jpg 768w\" sizes=\"(max-width: 995px) 100vw, 995px\" \/><\/div>[vc_column_text]<span style=\"font-family: arial, helvetica, sans-serif; font-size: 12pt;\"><strong>Crecimiento sostenible, mediante una Corea innovadora<\/strong><\/span><\/p>\n<p><span style=\"font-family: arial, helvetica, sans-serif; font-size: 12pt;\">La Rep\u00fablica de Corea es uno de los pa\u00edses de mayor dinamismo del continente asi\u00e1tico, con un elevado grado de industrializaci\u00f3n y desarrollo tecnol\u00f3gico, pero tambi\u00e9n con barreras arancelarias. Con un poder adquisitivo de la poblaci\u00f3n al alza, constituye un mercado de oportunidades sobre todo para productos de calidad y dise\u00f1o.<\/span><\/p>\n<p><span style=\"color: #800000; font-size: 12pt; font-family: arial, helvetica, sans-serif;\">PROGRAMA<\/span><\/p>\n<p><span style=\"font-family: arial, helvetica, sans-serif; font-size: 12pt;\"><span style=\"color: #800000;\">09:20 h. Recepci\u00f3n de asistentes<\/span><\/span><\/p>\n<p><span style=\"font-family: arial, helvetica, sans-serif; font-size: 12pt; color: #800000;\">09:30 h. Bienvenida<\/span><\/p>\n<p style=\"padding-left: 80px;\"><span style=\"font-family: arial, helvetica, sans-serif; font-size: 12pt;\">Sra. Cristina Serradell, Directora Unidad de Negocio Internacional. ACCI\u00d3<\/span><\/p>\n<p style=\"padding-left: 80px;\"><span style=\"font-family: arial, helvetica, sans-serif; font-size: 12pt;\">Sr. Kilian Garcia, Director Departamento Internacional. Foment del Treball<\/span><\/p>\n<p style=\"padding-left: 80px;\"><span style=\"font-family: arial, helvetica, sans-serif; font-size: 12pt;\">Sr. Nam Duk Heo, Consul General de la Rep\u00fablica de Corea en Barcelona<\/span><\/p>\n<p><span style=\"font-family: arial, helvetica, sans-serif; font-size: 12pt; color: #800000;\">09:45 h. Oportunidades de inversi\u00f3n en la Rep\u00fablica de Corea<\/span><\/p>\n<p style=\"padding-left: 80px;\"><span style=\"font-family: arial, helvetica, sans-serif; font-size: 12pt;\">Sra. Young- Ju Ahn, Directora general &#8211; KOTRA Madrid<\/span><\/p>\n<p><span style=\"font-family: arial, helvetica, sans-serif; font-size: 12pt; color: #800000;\">10:30 h. Rep\u00fablica de Corea un pa\u00eds de oportunidades<\/span><\/p>\n<p style=\"padding-left: 80px;\"><span style=\"font-family: arial, helvetica, sans-serif; font-size: 12pt;\">Sra. Hee Yeon Lee, Directora de la Oficina Exterior de ACCI\u00d3 en Seul<\/span><\/p>\n<p><span style=\"font-family: arial, helvetica, sans-serif; font-size: 12pt; color: #800000;\">10:45 h. Experiencia empresarial<\/span><\/p>\n<p><span style=\"font-family: arial, helvetica, sans-serif; font-size: 12pt;\">\u00a0 \u00a0 \u00a0 \u00a0 \u00a0 \u00a0 \u00a0 \u00a0 \u00a0 Sra. Lilin Yang, CEO de la empresa de cosm\u00e9tica coreana MiiN<\/span><\/p>\n<p><span style=\"font-family: arial, helvetica, sans-serif; font-size: 12pt; color: #800000;\">11:15 h. Preguntas y respuestas<\/span><\/p>\n<p><span style=\"font-family: arial, helvetica, sans-serif; font-size: 12pt;\"><span style=\"color: #800000;\">11:30 h. Caf\u00e9 Networking<\/span><\/span>[\/vc_column_text][\/vc_column][\/vc_row][vc_row][vc_column width=\u00bb1\/2&#8243;][vc_column_text]<span style=\"color: #ff0000;\"><em><span style=\"font-size: 10pt; font-family: arial, helvetica, sans-serif;\">Con la colaboraci\u00f3n de:<\/span><\/em><\/span>[\/vc_column_text]<div class=\"single_image wpb_content_element align-left    \" data-animation=\"none\" data-delay=\"0\"><img width=\"100\" height=\"77\" src=\"https:\/\/www.foment.com\/wp-content\/uploads\/2022\/05\/casa-asia.jpg\" class=\"attachment-full\" alt=\"\" loading=\"lazy\" title=\"casa asia\" \/><\/div>[\/vc_column][vc_column width=\u00bb1\/2&#8243;][vc_column_text]Amb el suport d&#8217;ACCI\u00d3[\/vc_column_text]<div class=\"single_image wpb_content_element align-left    \" data-animation=\"none\" data-delay=\"0\"><a href=\"http:\/\/www.accio.gencat.cat\" target=\"_self\"><img width=\"300\" height=\"68\" src=\"https:\/\/www.foment.com\/wp-content\/uploads\/2024\/06\/ACCIO-integrat-Horitzontal-CAT-color-300x68.png\" class=\"attachment-medium\" alt=\"\" loading=\"lazy\" title=\"ACCI\u00d3 integrat Horitzontal CAT color\" srcset=\"https:\/\/www.foment.com\/wp-content\/uploads\/2024\/06\/ACCIO-integrat-Horitzontal-CAT-color-300x68.png 300w, https:\/\/www.foment.com\/wp-content\/uploads\/2024\/06\/ACCIO-integrat-Horitzontal-CAT-color.png 559w\" sizes=\"(max-width: 300px) 100vw, 300px\" \/><\/a><\/div>[\/vc_column][vc_column][\/vc_column][\/vc_row][vc_row][vc_column][vc_column_text][\/vc_column_text][\/vc_column][\/vc_row][vc_row][vc_column][vc_column_text][\/vc_column_text][\/vc_column][\/vc_row][vc_row][vc_column][vc_column_text]<\/p>\n<hr \/>\n<p><span style=\"font-size: 8pt;\">AV\u00cdS LEGAL:<\/span><\/p>\n<p><span style=\"font-size: 8pt;\"><em>L\u2019informem que l\u2019Ag\u00e8ncia per a la Competitivitat de l\u2019Empresa (en endavant, ACCI\u00d3) ser\u00e0 l\u2019entitat responsable del tractament de les seves dades conjuntament amb FOMENT.<\/em><\/span><\/p>\n<p><span style=\"font-size: 8pt;\"><em>Les seves dades personals seran tractades amb la finalitat de: <\/em><\/span><\/p>\n<ul>\n<li><span style=\"font-size: 8pt;\">Gestionar i tramitar la seva sol\u00b7licitud d\u2019inscripci\u00f3 a l\u2019esdeveniment.<\/span><\/li>\n<li><span style=\"font-size: 8pt;\">E<em>nviar-li enquestes de satisfacci\u00f3 que vost\u00e8 podr\u00e0 volunt\u00e0riament respondre, en el cas que hagi participat a les nostres activitats o serveis;<\/em><\/span><\/li>\n<li><span style=\"font-size: 8pt;\"><em>Remetre, per mitjans electr\u00f2nics, comunicacions sobre les activitats i els serveis similars a les activitats i serveis a les quals vost\u00e8 ha participat i que estan relacionades amb el foment de la competitivitat empresarial, la internacionalitzaci\u00f3, la innovaci\u00f3 i l\u2019atracci\u00f3 d\u2019inversi\u00f3 empresarial productiva en tots els seus aspectes<\/em><\/span><\/li>\n<li><span style=\"font-size: 8pt;\">Compliment de les nostres obligacions legals.<\/span><\/li>\n<\/ul>\n<p><span style=\"font-size: 8pt;\"><em>En el cas que vost\u00e8 ho consenti, ACCI\u00d3 podr\u00e0 captar la seva imatge\/veu durant la celebraci\u00f3 de l&#8217;activitat o servei a la que s&#8217;inscriu a efectes de documentar, fer difusi\u00f3 als nostres webs o xarxes socials i incorporar-les en materials de comunicaci\u00f3 a efectes d\u2019informar sobre els serveis i les activitats que ACCI\u00d3 realitza. Per aquest motiu, i independentment de si vost\u00e8 ha prestat el seu consentiment, s\u2019adverteix als assistents a la sessi\u00f3 online que l&#8217;activaci\u00f3 de la c\u00e0mera i\/o del micr\u00f2fon durant la sessi\u00f3, ser\u00e0 considerada a tots els efectes com autoritzaci\u00f3 a ACCI\u00d3 per fer-ne \u00fas de la seva imatge i\/o veu i de les dades personals associades a les mateixes per a les finalitats indicades.<\/em><\/span><br \/>\n<span style=\"font-size: 8pt;\"><em>Vost\u00e8 pot revocar el seu consentiment i\/o exercir els seus drets d\u2019acc\u00e9s, rectificaci\u00f3, supressi\u00f3, limitaci\u00f3, portabilitat i oposici\u00f3 enviant una comunicaci\u00f3 a trav\u00e9s de: <\/em><\/span><span style=\"font-size: 8pt;\"><em>ACCI\u00d3: A l\u2019adre\u00e7a postal a Passeig de Gr\u00e0cia, 129, C.P. 08008 de Barcelona, o b\u00e9 enviant un correu electr\u00f2nic a <\/em><a href=\"mailto:dades.accio@gencat.cat\" data-cke-saved-href=\"mailto:dades.accio@gencat.cat\"><em><u>dades.accio@gencat.cat <\/u><\/em><\/a><\/span><span style=\"font-size: 8pt;\"><em><u>[Nom altres entitats corresponsables: direcci\u00f3 posital\/electr\u00f2nica].<\/u><\/em><\/span>[\/vc_column_text][\/vc_column][\/vc_row]<\/p>\n<\/section>","protected":false},"author":13,"featured_media":145870,"menu_order":0,"comment_status":"closed","ping_status":"closed","template":"","meta":{"_links_to":"","_links_to_target":""},"tags":[6757,1745,4463,6758],"event_type":[],"event_type_2":[],"acf":[],"_links":{"self":[{"href":"https:\/\/www.foment.com\/es\/wp-json\/wp\/v2\/ajde_events\/145877"}],"collection":[{"href":"https:\/\/www.foment.com\/es\/wp-json\/wp\/v2\/ajde_events"}],"about":[{"href":"https:\/\/www.foment.com\/es\/wp-json\/wp\/v2\/types\/ajde_events"}],"author":[{"embeddable":true,"href":"https:\/\/www.foment.com\/es\/wp-json\/wp\/v2\/users\/13"}],"replies":[{"embeddable":true,"href":"https:\/\/www.foment.com\/es\/wp-json\/wp\/v2\/comments?post=145877"}],"wp:featuredmedia":[{"embeddable":true,"href":"https:\/\/www.foment.com\/es\/wp-json\/wp\/v2\/media\/145870"}],"wp:attachment":[{"href":"https:\/\/www.foment.com\/es\/wp-json\/wp\/v2\/media?parent=145877"}],"wp:term":[{"taxonomy":"post_tag","embeddable":true,"href":"https:\/\/www.foment.com\/es\/wp-json\/wp\/v2\/tags?post=145877"},{"taxonomy":"event_type","embeddable":true,"href":"https:\/\/www.foment.com\/es\/wp-json\/wp\/v2\/event_type?post=145877"},{"taxonomy":"event_type_2","embeddable":true,"href":"https:\/\/www.foment.com\/es\/wp-json\/wp\/v2\/event_type_2?post=145877"}],"curies":[{"name":"wp","href":"https:\/\/api.w.org\/{rel}","templated":true}]}}