{"id":149892,"date":"2022-09-09T11:12:28","date_gmt":"2022-09-09T09:12:28","guid":{"rendered":"https:\/\/www.foment.com\/?post_type=ajde_events&#038;p=149892"},"modified":"2022-09-14T15:36:26","modified_gmt":"2022-09-14T13:36:26","slug":"el-impacto-legal-de-la-siniestralidad-laboral-recomendaciones-y-criterios-de-actuacion","status":"publish","type":"ajde_events","link":"https:\/\/www.foment.com\/es\/events\/el-impacto-legal-de-la-siniestralidad-laboral-recomendaciones-y-criterios-de-actuacion\/","title":{"rendered":"El impacto legal de la siniestralidad laboral: recomendaciones y criterios de actuaci\u00f3n"},"content":{"rendered":"<section class=\"wpb-content-wrapper\"><p>[vc_row][vc_column][vc_column_text]<\/p>\n<h2 style=\"text-align: center;\"><span style=\"color: #ab192d;\"><strong>El impacto legal de la siniestralidad laboral: recomendaciones y criterios de actuaci\u00f3n<\/strong><\/span><\/h2>\n<h3><\/h3>\n<h3><span style=\"color: #ab192d;\"><strong>Objetivo<\/strong><\/span><\/h3>\n<p style=\"text-align: justify;\">Se abordar\u00e1n las consecuencias penales tras un accidente de trabajo contextualizando el papel de la Inspecci\u00f3n de Trabajo y la Fiscal\u00eda y se expondr\u00e1n las estrategias de defensa existentes en este tipo de situaciones.<\/p>\n<p>&nbsp;<\/p>\n<p><span style=\"color: #ab192d;\"><strong>Programa\u00a0<\/strong><\/span><\/p>\n<table>\n<tbody>\n<tr>\n<td width=\"10%\">\n<p style=\"margin: 5px 0px; text-align: center;\" align=\"left\"><b>16:00\u00a0<\/b><\/p>\n<\/td>\n<td width=\"90%\">\n<p style=\"margin: 5px 0px;\" align=\"left\"><strong>Presentaci\u00f3n.<\/strong><\/p>\n<p>Sr. C\u00e9sar S\u00e1nchez. Director Oficina Prevenci\u00f3n Riesgos Laborales. Foment del Treball.<\/td>\n<\/tr>\n<tr>\n<td width=\"10%\">\n<p style=\"margin: 5px 0px; text-align: center;\" align=\"left\"><b>16:10<\/b><\/p>\n<\/td>\n<td width=\"90%\">\n<p style=\"margin: 5px 0px;\" align=\"left\"><strong>Consecuencias legales del accidente de trabajo.<\/strong><\/p>\n<p>Sr. Carlos Robredo. Abogado. AJP<\/td>\n<\/tr>\n<tr>\n<td width=\"10%\">\n<p style=\"margin: 5px 0px; text-align: center;\" align=\"left\"><b>16:35<\/b><\/p>\n<\/td>\n<td width=\"90%\">\n<p style=\"margin: 5px 0px;\" align=\"left\"><strong>Actuaci\u00f3n de la Inspecci\u00f3n de Trabajo y Seguridad Social.<\/strong><\/p>\n<p align=\"left\">Sr. Antonio Moreno. Inspector de Trabajo en Valencia.<\/p>\n<\/td>\n<\/tr>\n<tr>\n<td width=\"10%\">\n<p style=\"margin: 5px 0px; text-align: center;\" align=\"left\"><strong>17:00<\/strong><\/p>\n<\/td>\n<td width=\"90%\">\n<p style=\"margin: 5px 0px;\" align=\"left\"><strong>La actuaci\u00f3n de la Fiscal\u00eda en siniestralidad laboral.<\/strong><\/p>\n<p align=\"left\">Sra. Isabel L\u00f3pez. Fiscal\u00eda Siniestralidad Laboral en Barcelona.<\/p>\n<\/td>\n<\/tr>\n<tr>\n<td width=\"10%\">\n<p style=\"margin: 5px 0px; text-align: center;\" align=\"left\"><strong>17:25<\/strong><\/p>\n<\/td>\n<td width=\"90%\">\n<p style=\"margin: 5px 0px;\" align=\"left\"><strong>Estrategia de defensa y recomendaciones preventivas.<\/strong><\/p>\n<p align=\"left\">Sr. Andr\u00e9s Maluenda. Abogado y Socio. Maluenda Penal.<\/p>\n<\/td>\n<\/tr>\n<tr>\n<td width=\"10%\">\n<p style=\"margin: 5px 0px; text-align: center;\" align=\"left\"><b>17:50<\/b><\/p>\n<\/td>\n<td width=\"90%\">\n<p style=\"margin: 5px 0px;\" align=\"left\"><strong>Cierre jornada y presentaci\u00f3n del curso de especializaci\u00f3n jur\u00eddica en PRL.<\/strong><\/p>\n<p align=\"left\">Sr. C\u00e9sar S\u00e1nchez. Director Oficina Prevenci\u00f3n Riesgos Laborales. Foment del Treball.<\/p>\n<\/td>\n<\/tr>\n<\/tbody>\n<\/table>\n<p style=\"text-align: center;\"><a href=\"https:\/\/eur04.safelinks.protection.outlook.com\/ap\/b-59584e83\/?url=https%3A%2F%2Ffomentdeltreball.sharepoint.com%2F%3Ab%3A%2Fg%2FEY-oiWJ-cNJNnpECFsgeYGsBqiRKmg1H1P2aowO2BZFpeg%3Fe%3DgB4zNd&amp;data=05%7C01%7Coficinatecnica%40foment.com%7Cf9f78703747a46d63f6808da94922fb9%7Cf37c938d38654a89b99bb000c76a74bf%7C1%7C0%7C637985652846237660%7CUnknown%7CTWFpbGZsb3d8eyJWIjoiMC4wLjAwMDAiLCJQIjoiV2luMzIiLCJBTiI6Ik1haWwiLCJXVCI6Mn0%3D%7C3000%7C%7C%7C&amp;sdata=fXKQtQJha3tw5ZErJUin2474379fus2fZvvhjU30QsY%3D&amp;reserved=0\"><strong><span style=\"color: #993300;\">DESCARGAR PROGRAMA<\/span><\/strong><\/a><\/p>\n<\/section>","protected":false},"author":12,"featured_media":149895,"menu_order":0,"comment_status":"closed","ping_status":"closed","template":"","meta":{"_links_to":"","_links_to_target":""},"tags":[416,417,513,7039],"event_type":[202],"event_type_2":[],"acf":[],"_links":{"self":[{"href":"https:\/\/www.foment.com\/es\/wp-json\/wp\/v2\/ajde_events\/149892"}],"collection":[{"href":"https:\/\/www.foment.com\/es\/wp-json\/wp\/v2\/ajde_events"}],"about":[{"href":"https:\/\/www.foment.com\/es\/wp-json\/wp\/v2\/types\/ajde_events"}],"author":[{"embeddable":true,"href":"https:\/\/www.foment.com\/es\/wp-json\/wp\/v2\/users\/12"}],"replies":[{"embeddable":true,"href":"https:\/\/www.foment.com\/es\/wp-json\/wp\/v2\/comments?post=149892"}],"wp:featuredmedia":[{"embeddable":true,"href":"https:\/\/www.foment.com\/es\/wp-json\/wp\/v2\/media\/149895"}],"wp:attachment":[{"href":"https:\/\/www.foment.com\/es\/wp-json\/wp\/v2\/media?parent=149892"}],"wp:term":[{"taxonomy":"post_tag","embeddable":true,"href":"https:\/\/www.foment.com\/es\/wp-json\/wp\/v2\/tags?post=149892"},{"taxonomy":"event_type","embeddable":true,"href":"https:\/\/www.foment.com\/es\/wp-json\/wp\/v2\/event_type?post=149892"},{"taxonomy":"event_type_2","embeddable":true,"href":"https:\/\/www.foment.com\/es\/wp-json\/wp\/v2\/event_type_2?post=149892"}],"curies":[{"name":"wp","href":"https:\/\/api.w.org\/{rel}","templated":true}]}}