{"id":153447,"date":"2022-11-07T15:21:10","date_gmt":"2022-11-07T14:21:10","guid":{"rendered":"https:\/\/www.foment.com\/events\/talen-migracio-diversitat-empresa\/"},"modified":"2022-11-22T11:13:21","modified_gmt":"2022-11-22T10:13:21","slug":"talen-migracio-diversitat-empresa","status":"publish","type":"ajde_events","link":"https:\/\/www.foment.com\/es\/events\/talen-migracio-diversitat-empresa\/","title":{"rendered":"Foro RRHH: Talento, Migraci\u00f3n, Diversidad y Empresa"},"content":{"rendered":"<section class=\"wpb-content-wrapper\"><p>[vc_row][vc_column][vc_column_text]Actualmente, muchas empresas tienen dificultades para reclutar talento para cubrir posiciones de alto valor a\u00f1adido. Adicionalmente, la diversidad racial es muy escasa en estas posiciones, lo que va en detrimento de la empresa y de la sociedad en general, ya que estigmatiza a personas migradas con empleos de bajo valor a\u00f1adido. Se trata de una problem\u00e1tica que, con el fen\u00f3meno de la inmigraci\u00f3n en aumento, crece.<\/p>\n<p>La migraci\u00f3n procedente de \u00c1frica es un reto importante en muchos aspectos y niveles. Parte de las personas que vienen est\u00e1n formadas y tienen estudios superiores en origen, pero barreras importantes les impiden poner en valor su capital humano.<\/p>\n<p>La Fundaci\u00f3n BarcelonActua conjuntamente con Maingate, est\u00e1n creando un ecosistema formado por empresas, universidades y voluntarios (coaches laborales y mentores) que facilite las v\u00edas de acceso a trabajos de alto valor a\u00f1adido a personas racializadas con talento y potencial.<\/p>\n<p>Y lo hacemos a trav\u00e9s del Programa <strong>Migrant up<\/strong>, que asesora y acompa\u00f1a a estas personas en la convalidaci\u00f3n de sus t\u00edtulos en origen y beca estudios superiores que les permitan completar su formaci\u00f3n, con apoyo de mentor\u00eda y coaching laboral.<\/p>\n<p>No podemos seguir desaprovechando las oportunidades que las personas migradas con talento pueden ofrecernos, no s\u00f3lo para hacernos crecer econ\u00f3micamente sino contribuyendo y enriqueciendo nuestra sociedad a trav\u00e9s de la diversidad y la inclusi\u00f3n.<\/p>\n<p style=\"text-align: center;\"><span style=\"color: #c12238;\"><strong>PROGRAMA:\u00a0<\/strong><\/span><\/p>\n<p><span style=\"color: #c12238;\"><strong>\u25ba Meeting Leader:<br \/>\n<\/strong><\/span><b>David Campos, <\/b>miembro de la Junta del Foro RRHH<\/p>\n<p><span style=\"color: #c12238;\"><strong>\u25ba Dinamizadores:<br \/>\n<\/strong><\/span><strong>Laia Serrano, <\/strong>directora y co-fundadora de Fundaci\u00f3 BarcelonActua<br \/>\n<strong>Luis Bonel, <\/strong>co-fundador BarcelonActua y ex-Ceo Liberty Seguros Espa\u00f1a i Internacional<strong><br \/>\nAbdoulaye Fall, <\/strong>director y Fundador de Maingate<br \/>\n<strong>Bel\u00e9n Moreu, <\/strong>directora Recursos Humanos Pepsico South-West Europe<br \/>\n<strong>Gemma Xarles, <\/strong>directora de Globalizaci\u00f3n y Cooperaci\u00f3n UOC<\/p>\n<p><span style=\"color: #c12238;\"><strong>\u25ba Debate<\/strong><\/span><\/p>\n<p>&nbsp;<\/p>\n<p style=\"text-align: left;\"><span style=\"font-size: 14pt;\"><strong>Patrocinador:<br \/>\n<\/strong><\/span><a href=\"https:\/\/www.randstad.es\/\" target=\"_blank\" rel=\"noopener\"><img loading=\"lazy\" class=\"wp-image-126653 size-full alignleft\" src=\"https:\/\/www.foment.com\/wp-content\/uploads\/2021\/09\/Randstand.png\" alt=\"\" width=\"200\" height=\"71\" \/><\/a><\/p>\n<p>[\/vc_column_text][\/vc_column][\/vc_row]<\/p>\n<\/section>","protected":false},"author":7,"featured_media":153445,"menu_order":0,"comment_status":"closed","ping_status":"closed","template":"","meta":{"_links_to":"","_links_to_target":""},"tags":[926,709,346,405,7256,7257,1011,281,7132],"event_type":[200],"event_type_2":[],"acf":[],"_links":{"self":[{"href":"https:\/\/www.foment.com\/es\/wp-json\/wp\/v2\/ajde_events\/153447"}],"collection":[{"href":"https:\/\/www.foment.com\/es\/wp-json\/wp\/v2\/ajde_events"}],"about":[{"href":"https:\/\/www.foment.com\/es\/wp-json\/wp\/v2\/types\/ajde_events"}],"author":[{"embeddable":true,"href":"https:\/\/www.foment.com\/es\/wp-json\/wp\/v2\/users\/7"}],"replies":[{"embeddable":true,"href":"https:\/\/www.foment.com\/es\/wp-json\/wp\/v2\/comments?post=153447"}],"wp:featuredmedia":[{"embeddable":true,"href":"https:\/\/www.foment.com\/es\/wp-json\/wp\/v2\/media\/153445"}],"wp:attachment":[{"href":"https:\/\/www.foment.com\/es\/wp-json\/wp\/v2\/media?parent=153447"}],"wp:term":[{"taxonomy":"post_tag","embeddable":true,"href":"https:\/\/www.foment.com\/es\/wp-json\/wp\/v2\/tags?post=153447"},{"taxonomy":"event_type","embeddable":true,"href":"https:\/\/www.foment.com\/es\/wp-json\/wp\/v2\/event_type?post=153447"},{"taxonomy":"event_type_2","embeddable":true,"href":"https:\/\/www.foment.com\/es\/wp-json\/wp\/v2\/event_type_2?post=153447"}],"curies":[{"name":"wp","href":"https:\/\/api.w.org\/{rel}","templated":true}]}}