{"id":159139,"date":"2023-03-08T11:18:12","date_gmt":"2023-03-08T10:18:12","guid":{"rendered":"https:\/\/www.foment.com\/?post_type=ajde_events&#038;p=159139"},"modified":"2023-03-14T12:46:56","modified_gmt":"2023-03-14T11:46:56","slug":"presentacion-aina-la-inteligencia-artificial-en-catalan","status":"publish","type":"ajde_events","link":"https:\/\/www.foment.com\/es\/events\/presentacion-aina-la-inteligencia-artificial-en-catalan\/","title":{"rendered":"Presentaci\u00f3n de AINA: la Inteligencia Artificial en Catal\u00e1n"},"content":{"rendered":"<p>Os invitamos a asistir a la pr\u00f3xima sesi\u00f3n de Innovaci\u00f3n que se centrar\u00e1 en la presentaci\u00f3n del proyecto AINA, la inteligencia artificial en catal\u00e1n. La sesi\u00f3n se llevar\u00e1 a cabo el <strong>21 de marzo a las 16h en formato presencial y telem\u00e1tico.\u00a0<\/strong><\/p>\n<p>Impulsado por la Generalitat de Catalunya y con la colaboraci\u00f3n del Barcelona Supercomputing Centre (BSC), en el a\u00f1o 2020 se present\u00f3 el Proyecto AINA, un proyecto de inteligencia artificial en catal\u00e1n que tiene como objetivo generar modelos inform\u00e1ticos de lengua catalana para que las empresas que creen aplicaciones basadas en la inteligencia artificial (IA), como asistente de voz, buscadores de Internet, traductores y correctores autom\u00e1ticos, agentes conversacionales, etc&#8230; puedan hacerlo f\u00e1cilmente en catal\u00e1n.<\/p>\n<p>El proyecto AINA ha de permitir que el catal\u00e1n d\u00e9 un salto cualitativo y cuantitativo en el ecosistema digital. De hecho, el mundo digital es, hoy en d\u00eda, una oportunidad y un reto para la lengua catalana. Actualmente, las tecnolog\u00edas de voz y las aplicaciones e interfaces de voz para el acceso al mundo digital son estrategias para el desarrollo completo de la lengua en todos los sectores. La interacci\u00f3n entre las personas y la tecnolog\u00eda ha entrado en una nueva fase donde toma m\u00e1s protagonismo la voz y el habla. Y este hecho otorga especial relevancia a la lengua, que se convierte en uno de los principales veh\u00edculos de interacci\u00f3n.\u00a0 Esta nueva interacci\u00f3n tambi\u00e9n ha de ser posible en catal\u00e1n, y el proyecto AINA est\u00e1 creando todas las piezas necesarias para que sea f\u00e1cil conseguirlo.<\/p>\n<p><strong>PROGRAMA<\/strong><\/p>\n<p><span style=\"color: #cf2727;\"><strong>16.00 Bienvenida Institucional<\/strong><\/span><\/p>\n<p><strong>Jordi Bosch ,\u00a0<\/strong><strong>Presidente de la Comisi\u00f3n de Innovaci\u00f3n de Foment del Treball<\/strong><br \/>\n<strong>Gina Tost<\/strong>, Secretaria de Pol\u00edticas Digitales del Departamento de Empresa y Trabajo de la Generalitat de Catalunya<br \/>\n<strong>Enric Banda<\/strong>, Consultor de Barcelona Supercomputing Centre<\/p>\n<p><span style=\"color: #cf2727;\"><strong>16.10h Presentaci\u00f3n del proyecto AINA. Contexto, alcance y objetivos, aplicaci\u00f3n tecnol\u00f3gica y casos de uso de la IA en catal\u00e1n. D\u00f3nde estamos hoy, d\u00f3nde estaremos estaremos pronto y d\u00f3nde queremos llegar.<\/strong><\/span><\/p>\n<p><strong>Marta Villegas,\u00a0<\/strong>Directora de la Unidad de Tecnolog\u00edas del Lenguaje del Barcelona Supercomputing Center \u2013 Centro Nacional de Supercomputaci\u00f3n<\/p>\n<p><span style=\"color: #cf2727;\"><strong>16.30h Exposici\u00f3n de posibles colaboraciones para Desarrolladores, Usuarios finales y Startups. Algunos ejemplos y aplicaciones<\/strong><\/span><\/p>\n<p><span style=\"color: #cf2727;\"><strong>16.45h Coloquio<\/strong><\/span><\/p>\n<p><strong>Es imprescindible confirmar asistencia en el siguiente enlace indicando si lo har\u00e1 de forma presencial o\u00a0 telem\u00e1tica.<\/strong><\/p>\n<p style=\"text-align: center;\"><span style=\"color: #e82323;\"><a style=\"color: #e82323;\" href=\"https:\/\/eur04.safelinks.protection.outlook.com\/?url=https%3A%2F%2Fforms.office.com%2FPages%2FResponsePage.aspx%3Fid%3DjZN882U4iUq5m7AAx2p0v1sudKHVcspJmbHzaYM5-MBURFo1STJINUxCWTZJUzgwMjQ0WDdFM1UxWiQlQCN0PWcu&amp;data=05%7C01%7Ctcarrera%40foment.com%7C979f5ddf6b8c4c56b7f308db1f2574d7%7Cf37c938d38654a89b99bb000c76a74bf%7C1%7C0%7C638138017968298842%7CUnknown%7CTWFpbGZsb3d8eyJWIjoiMC4wLjAwMDAiLCJQIjoiV2luMzIiLCJBTiI6Ik1haWwiLCJXVCI6Mn0%3D%7C3000%7C%7C%7C&amp;sdata=z%2Fg5BC4Yxzhmug2ryCV87wYxUFYUzVayEkJnvP9iktc%3D&amp;reserved=0\"><strong><span style=\"text-decoration: underline;\">INSCRIPCI\u00d3<\/span><\/strong><\/a><span style=\"text-decoration: underline;\"><strong>N<\/strong><\/span><\/span><\/p>\n","protected":false},"author":279,"featured_media":158453,"menu_order":0,"comment_status":"closed","ping_status":"closed","template":"","meta":{"_links_to":"","_links_to_target":""},"tags":[2827,610,2887],"event_type":[203],"event_type_2":[],"acf":[],"_links":{"self":[{"href":"https:\/\/www.foment.com\/es\/wp-json\/wp\/v2\/ajde_events\/159139"}],"collection":[{"href":"https:\/\/www.foment.com\/es\/wp-json\/wp\/v2\/ajde_events"}],"about":[{"href":"https:\/\/www.foment.com\/es\/wp-json\/wp\/v2\/types\/ajde_events"}],"author":[{"embeddable":true,"href":"https:\/\/www.foment.com\/es\/wp-json\/wp\/v2\/users\/279"}],"replies":[{"embeddable":true,"href":"https:\/\/www.foment.com\/es\/wp-json\/wp\/v2\/comments?post=159139"}],"wp:featuredmedia":[{"embeddable":true,"href":"https:\/\/www.foment.com\/es\/wp-json\/wp\/v2\/media\/158453"}],"wp:attachment":[{"href":"https:\/\/www.foment.com\/es\/wp-json\/wp\/v2\/media?parent=159139"}],"wp:term":[{"taxonomy":"post_tag","embeddable":true,"href":"https:\/\/www.foment.com\/es\/wp-json\/wp\/v2\/tags?post=159139"},{"taxonomy":"event_type","embeddable":true,"href":"https:\/\/www.foment.com\/es\/wp-json\/wp\/v2\/event_type?post=159139"},{"taxonomy":"event_type_2","embeddable":true,"href":"https:\/\/www.foment.com\/es\/wp-json\/wp\/v2\/event_type_2?post=159139"}],"curies":[{"name":"wp","href":"https:\/\/api.w.org\/{rel}","templated":true}]}}