{"id":168090,"date":"2023-09-13T11:21:39","date_gmt":"2023-09-13T09:21:39","guid":{"rendered":"https:\/\/www.foment.com\/?post_type=ajde_events&#038;p=168090"},"modified":"2023-09-21T13:00:07","modified_gmt":"2023-09-21T11:00:07","slug":"ciclo-de-jornadas-para-la-promocion-de-la-igualdad-de-genero-1a-sesion-planes-de-igualdad","status":"publish","type":"ajde_events","link":"https:\/\/www.foment.com\/es\/events\/ciclo-de-jornadas-para-la-promocion-de-la-igualdad-de-genero-1a-sesion-planes-de-igualdad\/","title":{"rendered":"Ciclo de jornadas para la promoci\u00f3n de la igualdad de g\u00e9nero- 1\u00aa sesi\u00f3n: Planes de igualdad"},"content":{"rendered":"<p style=\"text-align: center;\"><span style=\"font-size: 18pt; color: #d1221d;\"><strong>Ciclo de jornadas para la promoci\u00f3n de la igualdad de g\u00e9nero:<br \/>\n<\/strong><strong>Planes de Igualdad y Medidas de Organizaci\u00f3n del Tiempo con perspectiva de G\u00e9nero<\/strong><\/span><\/p>\n<p>&nbsp;<\/p>\n<table class=\" aligncenter\" style=\"height: 130px; width: 31.768%; border-collapse: collapse;\">\n<tbody>\n<tr>\n<td style=\"width: 100%; text-align: center;\"><a href=\"https:\/\/www.foment.com\/test-inscripcions-22\/?idevento=EV-000031&amp;tipo=M\" target=\"_blank\" rel=\"noopener\"><strong><span style=\"color: #d1221d;\">Inscripci\u00f3n gratuita 1\u00aa sesi\u00f3n:<\/span><\/strong><\/a><\/td>\n<\/tr>\n<tr>\n<td style=\"width: 100%;\"><a href=\"https:\/\/www.foment.com\/test-inscripcions-22\/?idevento=EV-000031&amp;tipo=M\"><img loading=\"lazy\" class=\"aligncenter wp-image-168279\" src=\"https:\/\/www.foment.com\/wp-content\/uploads\/2023\/08\/cheque-1.png\" alt=\"\" width=\"90\" height=\"90\" srcset=\"https:\/\/www.foment.com\/wp-content\/uploads\/2023\/08\/cheque-1.png 128w, https:\/\/www.foment.com\/wp-content\/uploads\/2023\/08\/cheque-1-80x80.png 80w\" sizes=\"(max-width: 90px) 100vw, 90px\" \/><\/a><\/td>\n<\/tr>\n<\/tbody>\n<\/table>\n<p>&nbsp;<\/p>\n<p>&nbsp;<\/p>\n<p>En este Ciclo de jornadas exploraremos los conceptos y la implementaci\u00f3n de los planes de igualdad, con el objetivo de ayudar a las organizaciones a desarrollar y aplicar pol\u00edticas de igualdad efectivas.<\/p>\n<p>La finalidad principal de este programa formativo es la promoci\u00f3n de medidas de igualdad entre mujeres y hombres en el \u00e1mbito laboral, mediante la negociaci\u00f3n colectiva, como elemento clave para el avance real y efectivo en la materia.<\/p>\n<p>Cada sesi\u00f3n incluir\u00e1 ejemplos pr\u00e1cticos, actividades y discusi\u00f3n de casos para ayudar a los participantes a comprender los conceptos y aplicarlos a situaciones reales. Adem\u00e1s, se proporcionar\u00e1 un material de apoyo en forma de manuales, gu\u00edas, y otras herramientas para ayudar a los participantes a implementar un plan de igualdad en sus organizaciones.<\/p>\n<p>Este programa constar\u00e1 de tres sesiones, una sesi\u00f3n de 4 horas y dos sesiones de 3 horas cada una en formato presencial y online.<\/p>\n<p>En todas las sesiones se celebrar\u00e1 un <strong>Caf\u00e9 Networkin<span style=\"color: #000000;\">g\u00a0<\/span><\/strong> durante la jornada.<\/p>\n<p>A continuaci\u00f3n, se describe el contenido de cada sesi\u00f3n:<\/p>\n<p>&nbsp;<\/p>\n<table style=\"border-collapse: collapse; width: 100%;\">\n<tbody>\n<tr>\n<td style=\"width: 7.2744%; text-align: left; vertical-align: middle;\"><a href=\"https:\/\/www.foment.com\/wp-content\/uploads\/2023\/08\/pla_de_negocis.png\"><img loading=\"lazy\" class=\"alignnone wp-image-168078\" src=\"https:\/\/www.foment.com\/wp-content\/uploads\/2023\/08\/pla_de_negocis.png\" alt=\"\" width=\"50\" height=\"50\" \/><\/a><\/td>\n<td style=\"width: 0.92081%;\"><span style=\"color: #d1221d;\"><strong>\u00a0<\/strong><\/span><\/td>\n<td style=\"width: 91.8048%;\"><span style=\"color: #d1221d;\"><strong>1a. Sesi\u00f3n: <\/strong><\/span><strong style=\"color: #d1221d;\">Introducci\u00f3n e implementaci\u00f3n de los planes de igualdad<br \/>\n<\/strong><strong style=\"color: #d1221d;\">29 de septiembre de 9:15 a 13:15 horas <\/strong><strong style=\"color: #d1221d;\">\u00a0<\/strong><\/td>\n<\/tr>\n<\/tbody>\n<\/table>\n<p><strong>\u00a0Contenido<\/strong>: En esta sesi\u00f3n combinada, abordaremos los aspectos fundamentales relacionados con los planes de igualdad.<\/p>\n<p><strong>Introducci\u00f3n en los planes de igualdad:<\/strong><\/p>\n<ol style=\"list-style-type: lower-alpha;\">\n<li>\u00bfQu\u00e9 es un plan de igualdad y por qu\u00e9 es importante?<\/li>\n<li>Legislaci\u00f3n y regulaci\u00f3n relacionada con los planes de igualdad.<\/li>\n<li>Qu\u00e9 quiere decir no discriminaci\u00f3n y c\u00f3mo se diferencia del principio de igualdad estricto. \u00bfQu\u00e9 se protege y de qu\u00e9 herramientas jur\u00eddicas disponemos?<\/li>\n<\/ol>\n<p><strong>Beneficios de los planes de igualdad para las organizaciones y para los empleados. Implementaci\u00f3n de planes de igualdad:<\/strong><\/p>\n<ol style=\"list-style-type: lower-alpha;\">\n<li>Constituci\u00f3n de la comisi\u00f3n negociadora<\/li>\n<li>Evaluaci\u00f3n de la situaci\u00f3n actual de la organizaci\u00f3n en cuanto a igualdad.<\/li>\n<li>Identificaci\u00f3n de \u00e1reas de mejora y definici\u00f3n de objetivos.<\/li>\n<li>Medidas concretas para abordar desigualdades de g\u00e9nero, discriminaci\u00f3n y acoso laboral.<\/li>\n<li>Dise\u00f1o e implementaci\u00f3n de planes de acci\u00f3n.<\/li>\n<li>\u00a0Seguimiento y evaluaci\u00f3n de la eficacia del plan de igualdad.<\/li>\n<li>\u00a0Herramientas y recursos disponibles para la elaboraci\u00f3n de la auditor\u00eda retributiva y la valoraci\u00f3n de puestos de trabajo con perspectiva de g\u00e9nero.<\/li>\n<\/ol>\n<p><strong>Jurisprudencia y casos pr\u00e1cticos.<\/strong><\/p>\n<p><strong>El Registro de Planes de Igualdad:\u00a0<\/strong><\/p>\n<ol style=\"list-style-type: lower-alpha;\">\n<li>Administraci\u00f3n competente<\/li>\n<li>Documentaci\u00f3n necesaria<\/li>\n<li>Incidencias m\u00e1s frecuentes<\/li>\n<\/ol>\n<p>&nbsp;<\/p>\n<table style=\"border-collapse: collapse; width: 100%;\">\n<tbody>\n<tr>\n<td style=\"width: 61.1419%; text-align: center; vertical-align: middle;\" colspan=\"3\"><span style=\"font-size: 14pt;\"><strong style=\"color: #d1221d;\"><a href=\"https:\/\/www.foment.com\/wp-content\/uploads\/2023\/08\/ponente-dando-una-conferencia-en-un-stand.png\"><img loading=\"lazy\" class=\"aligncenter wp-image-168091 size-full\" src=\"https:\/\/www.foment.com\/wp-content\/uploads\/2023\/08\/ponente-dando-una-conferencia-en-un-stand.png\" alt=\"\" width=\"64\" height=\"64\" \/> <\/a>\u00a0 \u00a0Ponentes:\u00a0<\/strong><\/span><\/td>\n<\/tr>\n<tr>\n<td style=\"width: 28.0847%; text-align: center; vertical-align: top;\"><a href=\"https:\/\/www.foment.com\/wp-content\/uploads\/2023\/08\/Ana-Alos-150x150.jpg\"><img loading=\"lazy\" class=\"alignnone size-thumbnail wp-image-168272\" src=\"https:\/\/www.foment.com\/wp-content\/uploads\/2023\/08\/Ana-Alos-150x150.jpg\" alt=\"\" width=\"150\" height=\"150\" srcset=\"https:\/\/www.foment.com\/wp-content\/uploads\/2023\/08\/Ana-Alos-150x150.jpg 150w, https:\/\/www.foment.com\/wp-content\/uploads\/2023\/08\/Ana-Alos-300x300.jpg 300w, https:\/\/www.foment.com\/wp-content\/uploads\/2023\/08\/Ana-Alos-80x80.jpg 80w, https:\/\/www.foment.com\/wp-content\/uploads\/2023\/08\/Ana-Alos.jpg 342w\" sizes=\"(max-width: 150px) 100vw, 150px\" \/><\/a><\/td>\n<td style=\"width: 5.98527%; text-align: center; vertical-align: top;\"><\/td>\n<td style=\"width: 27.0719%; text-align: center; vertical-align: top;\"><a href=\"https:\/\/www.foment.com\/wp-content\/uploads\/2023\/08\/Jordi-puiggali-150x150.jpg\"><img loading=\"lazy\" class=\"alignnone size-thumbnail wp-image-168269\" src=\"https:\/\/www.foment.com\/wp-content\/uploads\/2023\/08\/Jordi-puiggali-150x150.jpg\" alt=\"\" width=\"150\" height=\"150\" srcset=\"https:\/\/www.foment.com\/wp-content\/uploads\/2023\/08\/Jordi-puiggali-150x150.jpg 150w, https:\/\/www.foment.com\/wp-content\/uploads\/2023\/08\/Jordi-puiggali-300x300.jpg 300w, https:\/\/www.foment.com\/wp-content\/uploads\/2023\/08\/Jordi-puiggali-80x80.jpg 80w, https:\/\/www.foment.com\/wp-content\/uploads\/2023\/08\/Jordi-puiggali.jpg 454w\" sizes=\"(max-width: 150px) 100vw, 150px\" \/><\/a><\/td>\n<\/tr>\n<tr>\n<td style=\"width: 28.0847%; text-align: center; vertical-align: top;\"><span style=\"font-size: 14pt;\"><strong style=\"color: #d1221d;\">Ana Al\u00f3s<\/strong><\/span><\/p>\n<p><span style=\"color: #000000;\">Socia de Ur\u00eda Men\u00e9ndez. Especializada en Derecho del Trabajo y SS. Profesora en UPF, ESADE y en el Colegio de Abogados de Barcelona.<\/span><\/p>\n<p>&nbsp;<\/td>\n<td style=\"width: 5.98527%; text-align: center; vertical-align: top;\"><span style=\"font-size: 14pt;\"><strong style=\"color: #d1221d;\">\u00a0<\/strong><\/span><\/td>\n<td style=\"width: 27.0719%; text-align: center; vertical-align: top;\"><span style=\"font-size: 14pt;\"><strong><span style=\"color: #d1221d;\">Jordi Puiggali<\/span><\/strong><\/span><\/p>\n<p>J<span style=\"color: #000000;\">efe del<\/span> <span data-contrast=\"none\">Servei de Negociaci\u00f3 i Registres Laborals de la Direcci\u00f3 General de Relacions Laborals, Treball Aut\u00f2nom, Seguretat i Salut Laboral del Departament d&#8217;Empresa i Treball .<\/span><\/p>\n<p>&nbsp;<\/td>\n<\/tr>\n<\/tbody>\n<\/table>\n<p>&nbsp;<\/p>\n<p>Esta jornada forma parte de los Planes de Formaci\u00f3n del \u00e1mbito de Catalu\u00f1a, dirigidos a la capacitaci\u00f3n para el desarrollo de las funciones relacionadas con el di\u00e1logo social y la negociaci\u00f3n colectiva. Expediente n.\u00ba STC028\/22\/000003<\/p>\n<p style=\"text-align: center;\"><strong><span style=\"color: #d1221d;\">Con el apoyo de:\u00a0<\/span><\/strong><\/p>\n<p><a href=\"https:\/\/www.foment.com\/wp-content\/uploads\/2021\/06\/Logo-dept-treball_2021-300x64.png\"><img loading=\"lazy\" class=\"aligncenter wp-image-120803 size-medium\" src=\"https:\/\/www.foment.com\/wp-content\/uploads\/2021\/06\/Logo-dept-treball_2021-300x64.png\" alt=\"\" width=\"300\" height=\"64\" srcset=\"https:\/\/www.foment.com\/wp-content\/uploads\/2021\/06\/Logo-dept-treball_2021-300x64.png 300w, https:\/\/www.foment.com\/wp-content\/uploads\/2021\/06\/Logo-dept-treball_2021.png 498w\" sizes=\"(max-width: 300px) 100vw, 300px\" \/><\/a><\/p>\n<p>&nbsp;<\/p>\n","protected":false},"author":7,"featured_media":168355,"menu_order":0,"comment_status":"closed","ping_status":"closed","template":"","meta":{"_links_to":"","_links_to_target":""},"tags":[872,7925,7940,7211,7210,7926],"event_type":[205],"event_type_2":[],"acf":[],"_links":{"self":[{"href":"https:\/\/www.foment.com\/es\/wp-json\/wp\/v2\/ajde_events\/168090"}],"collection":[{"href":"https:\/\/www.foment.com\/es\/wp-json\/wp\/v2\/ajde_events"}],"about":[{"href":"https:\/\/www.foment.com\/es\/wp-json\/wp\/v2\/types\/ajde_events"}],"author":[{"embeddable":true,"href":"https:\/\/www.foment.com\/es\/wp-json\/wp\/v2\/users\/7"}],"replies":[{"embeddable":true,"href":"https:\/\/www.foment.com\/es\/wp-json\/wp\/v2\/comments?post=168090"}],"wp:featuredmedia":[{"embeddable":true,"href":"https:\/\/www.foment.com\/es\/wp-json\/wp\/v2\/media\/168355"}],"wp:attachment":[{"href":"https:\/\/www.foment.com\/es\/wp-json\/wp\/v2\/media?parent=168090"}],"wp:term":[{"taxonomy":"post_tag","embeddable":true,"href":"https:\/\/www.foment.com\/es\/wp-json\/wp\/v2\/tags?post=168090"},{"taxonomy":"event_type","embeddable":true,"href":"https:\/\/www.foment.com\/es\/wp-json\/wp\/v2\/event_type?post=168090"},{"taxonomy":"event_type_2","embeddable":true,"href":"https:\/\/www.foment.com\/es\/wp-json\/wp\/v2\/event_type_2?post=168090"}],"curies":[{"name":"wp","href":"https:\/\/api.w.org\/{rel}","templated":true}]}}