{"id":177621,"date":"2024-02-08T11:17:09","date_gmt":"2024-02-08T10:17:09","guid":{"rendered":"https:\/\/www.foment.com\/?post_type=ajde_events&#038;p=177621"},"modified":"2024-02-19T12:56:52","modified_gmt":"2024-02-19T11:56:52","slug":"rescate-en-trabajos-en-altura-y-espacios-confinados","status":"publish","type":"ajde_events","link":"https:\/\/www.foment.com\/es\/events\/rescate-en-trabajos-en-altura-y-espacios-confinados\/","title":{"rendered":"Rescate en trabajos en altura y espacios confinados"},"content":{"rendered":"<section class=\"wpb-content-wrapper\"><p>[vc_row][vc_column][vc_column_text]<\/p>\n<p>&nbsp;<\/p>\n<p style=\"text-align: center;\"><span style=\"color: #a60f0f; font-family: verdana, geneva, sans-serif;\"><span style=\"font-size: 24px;\">Rescate en trabajos en altura y espacios confinados<\/span><\/span><\/p>\n<p style=\"text-align: justify;\"><span style=\"font-family: verdana, geneva, sans-serif; font-size: 12pt;\">Cuando nos encontramos frente a una situaci\u00f3n de emergencia por una persona accidentada en altura o en un espacio confinado, los tiempos para llevar a cabo su rescate son cortos, especialmente en los espacios confinados.<\/span><\/p>\n<p style=\"text-align: justify;\"><span style=\"font-family: verdana, geneva, sans-serif; font-size: 12pt;\">Es por ello por lo que es fundamental que las organizaciones tengan planificado como actuar en dichas situaciones, disponiendo de un protocolo de actuaci\u00f3n claro y organiz\u00e1ndose, form\u00e1ndose y equip\u00e1ndose con los medios necesarios, bien para poder realizar el rescate, o bien para colaborar con los equipos de rescate externos.<\/span><\/p>\n<p><span style=\"font-family: verdana, geneva, sans-serif; font-size: 12pt;\">El objetivo de la jornada es informar sobre c\u00f3mo se deben organizar las actuaciones ante estas situaciones de emergencia con medios propios o en colaboraci\u00f3n con medios externos.<\/span><\/p>\n<p>[\/vc_column_text][\/vc_column][\/vc_row][vc_row][vc_column width=\u00bb1\/2&#8243;][vc_btn title=\u00bbDescargar programa\u00bb style=\u00bboutline-custom\u00bb outline_custom_color=\u00bb#dd3333&#8243; outline_custom_hover_background=\u00bb#000000&#8243; outline_custom_hover_text=\u00bb#ffffff\u00bb align=\u00bbcenter\u00bb link=\u00bburl:https%3A%2F%2Ffomentdeltreball.sharepoint.com%2F%3Ab%3A%2Fg%2FEX_mIR6C65FFpD6rnQn63CQB4lFXPMgm9BqdCZxB_MbRJw%3Fe%3D8CcTAv|target:_blank\u00bb css=\u00bb.vc_custom_1708084523185{background-color: #ffffff !important;}\u00bb][\/vc_column][vc_column width=\u00bb1\/2&#8243;][vc_btn title=\u00bbInscripci\u00f3n\u00bb style=\u00bboutline-custom\u00bb outline_custom_color=\u00bb#dd3333&#8243; outline_custom_hover_background=\u00bb#000000&#8243; outline_custom_hover_text=\u00bb#ffffff\u00bb align=\u00bbcenter\u00bb link=\u00bburl:https%3A%2F%2Fwww.foment.com%2Fes%2Finscripciones-eventos%2F%3Fidevento%3DEV-000115%26tipo%3DM%26evento%3DRescate%2520en%2520trabajos%2520en%2520altura%2520y%2520espacios%2520confinados|target:_blank\u00bb css=\u00bb.vc_custom_1708083832162{background-color: #ffffff !important;}\u00bb][\/vc_column][\/vc_row][vc_row][vc_column][vc_column_text]<br \/>\n<span style=\"font-size: 10pt;\"><span style=\"font-family: verdana, geneva, sans-serif;\">Esta jornada forma parte de los Planes de Formaci\u00f3n del \u00e1mbito de Catalu\u00f1a, dirigidos a la capacitaci\u00f3n para el desarrollo de las funciones relacionadas con el di\u00e1logo social y la negociaci\u00f3n colectiva. Expediente n\u00fam. STC040\/23\/000002<\/span>.<\/span><\/p>\n<table style=\"border-collapse: collapse; width: 100%;\">\n<tbody>\n<tr>\n<td style=\"width: 33.3333%;\"><\/td>\n<td style=\"width: 33.3333%;\"><span style=\"text-align: center;\"><span style=\"color: #c12238;\">\u00a0 \u00a0 \u00a0 \u00a0 \u00a0 \u00a0 \u00a0 \u00a0<span style=\"font-family: verdana, geneva, sans-serif; font-size: 10pt;\">Con el apoyo de:<\/span><\/span><\/span><\/td>\n<td style=\"width: 33.3333%;\"><\/td>\n<\/tr>\n<tr>\n<td style=\"width: 33.3333%;\"><\/td>\n<td style=\"width: 33.3333%;\"><a href=\"https:\/\/www.foment.com\/wp-content\/uploads\/2022\/04\/EMPRESA.jpg\"><span style=\"color: #333333;\"><img loading=\"lazy\" class=\"wp-image-143126 size-medium\" src=\"https:\/\/www.foment.com\/wp-content\/uploads\/2022\/04\/EMPRESA-300x63.jpg\" alt=\"\" width=\"300\" height=\"63\" srcset=\"https:\/\/www.foment.com\/wp-content\/uploads\/2022\/04\/EMPRESA-300x63.jpg 300w, https:\/\/www.foment.com\/wp-content\/uploads\/2022\/04\/EMPRESA.jpg 493w\" sizes=\"(max-width: 300px) 100vw, 300px\" \/><\/span><\/a><\/td>\n<td style=\"width: 33.3333%;\"><\/td>\n<\/tr>\n<\/tbody>\n<\/table>\n<p>[\/vc_column_text][\/vc_column][\/vc_row]<\/p>\n<\/section>","protected":false},"author":12,"featured_media":177625,"menu_order":0,"comment_status":"closed","ping_status":"closed","template":"","meta":{"_links_to":"","_links_to_target":""},"tags":[416,417,513],"event_type":[202],"event_type_2":[],"acf":[],"_links":{"self":[{"href":"https:\/\/www.foment.com\/es\/wp-json\/wp\/v2\/ajde_events\/177621"}],"collection":[{"href":"https:\/\/www.foment.com\/es\/wp-json\/wp\/v2\/ajde_events"}],"about":[{"href":"https:\/\/www.foment.com\/es\/wp-json\/wp\/v2\/types\/ajde_events"}],"author":[{"embeddable":true,"href":"https:\/\/www.foment.com\/es\/wp-json\/wp\/v2\/users\/12"}],"replies":[{"embeddable":true,"href":"https:\/\/www.foment.com\/es\/wp-json\/wp\/v2\/comments?post=177621"}],"wp:featuredmedia":[{"embeddable":true,"href":"https:\/\/www.foment.com\/es\/wp-json\/wp\/v2\/media\/177625"}],"wp:attachment":[{"href":"https:\/\/www.foment.com\/es\/wp-json\/wp\/v2\/media?parent=177621"}],"wp:term":[{"taxonomy":"post_tag","embeddable":true,"href":"https:\/\/www.foment.com\/es\/wp-json\/wp\/v2\/tags?post=177621"},{"taxonomy":"event_type","embeddable":true,"href":"https:\/\/www.foment.com\/es\/wp-json\/wp\/v2\/event_type?post=177621"},{"taxonomy":"event_type_2","embeddable":true,"href":"https:\/\/www.foment.com\/es\/wp-json\/wp\/v2\/event_type_2?post=177621"}],"curies":[{"name":"wp","href":"https:\/\/api.w.org\/{rel}","templated":true}]}}