{"id":179207,"date":"2024-03-07T11:00:33","date_gmt":"2024-03-07T10:00:33","guid":{"rendered":"https:\/\/www.foment.com\/?post_type=ajde_events&#038;p=179207"},"modified":"2024-07-15T12:45:40","modified_gmt":"2024-07-15T10:45:40","slug":"rumania-y-catalunya-una-vision-estrategica-y-el-fortalecimiento-de-puentes-economicos","status":"publish","type":"ajde_events","link":"https:\/\/www.foment.com\/es\/events\/rumania-y-catalunya-una-vision-estrategica-y-el-fortalecimiento-de-puentes-economicos\/","title":{"rendered":"RUMAN\u00cdA y CATALUNYA"},"content":{"rendered":"<section class=\"wpb-content-wrapper\"><p>[vc_row][vc_column width=\u00bb1\/1&#8243;]<div class=\"single_image wpb_content_element align-center    \" data-animation=\"none\" data-delay=\"0\"><img width=\"836\" height=\"156\" src=\"https:\/\/www.foment.com\/wp-content\/uploads\/2024\/03\/Captura-de-pantalla-2024-03-11-162303.png\" class=\"attachment-full\" alt=\"\" loading=\"lazy\" title=\"Captura de pantalla 2024-03-11 162303\" srcset=\"https:\/\/www.foment.com\/wp-content\/uploads\/2024\/03\/Captura-de-pantalla-2024-03-11-162303.png 836w, https:\/\/www.foment.com\/wp-content\/uploads\/2024\/03\/Captura-de-pantalla-2024-03-11-162303-300x56.png 300w, https:\/\/www.foment.com\/wp-content\/uploads\/2024\/03\/Captura-de-pantalla-2024-03-11-162303-768x143.png 768w\" sizes=\"(max-width: 836px) 100vw, 836px\" \/><\/div>[\/vc_column][\/vc_row][vc_row][vc_column][vc_column_text]<\/p>\n<p style=\"text-align: center;\"><span style=\"font-size: 12pt;\"><a href=\"https:\/\/www.foment.com\/es\/inscripciones-eventos\/?idevento=EV-000147&amp;tipo=P&amp;evento=Ruman%C3%ADa%20y%20Catalu%C3%B1a.%20Una%20visi%C3%B3n%20estrat%C3%A9gica%20y%20el%20fortalecimiento%20de%20puentes%20econ%C3%B3micos\"><span style=\"color: #ff0000; font-family: georgia, palatino, serif;\">INSCRIPCI\u00d3N GRATUITA, AQU\u00cd<\/span><\/a><\/span><\/p>\n<p>&nbsp;<\/p>\n<p style=\"text-align: left;\"><span style=\"text-decoration: underline;\"><span style=\"color: #ff0000; text-decoration: underline;\">PROGRAMA<\/span><\/span><\/p>\n<p><span style=\"font-family: georgia, palatino, serif; font-size: 12pt; color: #ff0000;\">10.30 Recepci\u00f3n de asistentes<\/span><\/p>\n<p><span style=\"font-family: georgia, palatino, serif; font-size: 12pt; color: #ff0000;\">10.45 Bienvenida<\/span><\/p>\n<p style=\"padding-left: 40px;\"><span style=\"font-family: georgia, palatino, serif; font-size: 12pt;\">Sra. Maria Helena de Felipe. <strong>Presidenta Comisi\u00f3n Internacional, Foment del Treball<\/strong><\/span><\/p>\n<p style=\"padding-left: 40px;\"><span style=\"font-family: georgia, palatino, serif; font-size: 12pt;\">Sra. Sandra Gatejeanu. <strong>C\u00f3nsul General de Ruman\u00eda en Barcelona<\/strong><\/span><\/p>\n<p style=\"padding-left: 40px;\"><span style=\"font-family: georgia, palatino, serif; font-size: 12pt;\">Sr. Ruben Sans Solsona. <strong>Presidente de Aijec<\/strong><\/span><\/p>\n<p><span style=\"font-family: georgia, palatino, serif; font-size: 12pt; color: #ff0000;\">11.00 Ruman\u00eda: La visi\u00f3n estrat\u00e9gica de un pa\u00eds<\/span><\/p>\n<p style=\"padding-left: 40px;\"><span style=\"font-family: georgia, palatino, serif; font-size: 12pt;\">Sra. Sandra Gatejeanu. <strong>C\u00f3nsul General de Ruman\u00eda en Barcelona<\/strong><\/span><\/p>\n<p style=\"padding-left: 40px;\"><span style=\"font-family: georgia, palatino, serif; font-size: 12pt;\">Sr. Bogdan Badescu. <strong>Consejero Econ\u00f3mico, Embajada de Ruman\u00eda en el Reino de Espa\u00f1a<\/strong><\/span><\/p>\n<p><span style=\"font-family: georgia, palatino, serif; font-size: 12pt; color: #ff0000;\">11.15 Oportunidades de negocio e inversi\u00f3n en Ruman\u00eda. Sectores: turismo, tecnolog\u00edas de la informaci\u00f3n y las energ\u00edas renovables<\/span><\/p>\n<p style=\"padding-left: 40px;\"><span style=\"font-family: georgia, palatino, serif;\">Sr. Marius Bostan. Emprendedor. <strong>Presidente Repatriot, Ex-Ministro de Comunicaciones de Rumania<\/strong><\/span><\/p>\n<p style=\"padding-left: 40px;\">Sr. Dumitru Chiselita. Emprendedor. <strong>Presidente de la Asociaci\u00f3n Energ\u00eda Inteligente<\/strong><\/p>\n<p style=\"padding-left: 40px;\">Sra. Corina Martin. Emprendedora. <strong>Presidenta de la Patronal de la Industria Hotelera, Secretaria de la Patronal RESTO Constanta, C\u00f3nsul Honoraria de Kazkstan<\/strong><\/p>\n<p><span style=\"font-family: georgia, palatino, serif; font-size: 12pt; color: #ff0000;\">12.00 Casos de \u00e9xito<\/span><\/p>\n<p><span style=\"font-family: georgia, palatino, serif; font-size: 12pt; color: #ff0000;\">12.30 Coloquio \/ Q &amp; A. Caf\u00e9-networking<\/span><\/p>\n<p><span style=\"font-family: georgia, palatino, serif; font-size: 12pt; color: #ff0000;\">13.30 Clausura de la jornada<\/span><\/p>\n<p>&nbsp;<\/p>\n<p>(*) <a href=\"https:\/\/fomentdeltreball.sharepoint.com\/:b:\/g\/EUMU-mC_J2VIubk2JaZen68BUgTQoImVJt7OqKJFdamccg?e=ZZGj3B\">consulta aqu\u00ed el listado de los miembros de la delegaci\u00f3n de Ruman\u00eda<\/a><a href=\"https:\/\/fomentdeltreball.sharepoint.com\/:b:\/g\/ES7cHk8SA-hDo92TbK8NAWEBZpD-6IgCbxhakHNgcaL9Sg?e=0CERmd\">.<\/a><\/p>\n<p><span style=\"font-family: georgia, palatino, serif; font-size: 10pt;\"><span style=\"color: #ff0000;\">(*)<\/span> La sesi\u00f3n se realizar\u00e1 en ingl\u00e9s sin servicio de traducci\u00f3n<\/span>[\/vc_column_text][\/vc_column][vc_column]<a href=\"http:\/\/\" target=\"_self\" class=\"button color-1 small \" style=\"border-radius: 2px;\">Amb el suport de: <\/a><div class=\"single_image wpb_content_element align-left    \" data-animation=\"none\" data-delay=\"0\"><img width=\"300\" height=\"68\" src=\"https:\/\/www.foment.com\/wp-content\/uploads\/2024\/06\/ACCIO-integrat-Horitzontal-CAT-color-300x68.png\" class=\"attachment-medium\" alt=\"\" loading=\"lazy\" title=\"ACCI\u00d3 integrat Horitzontal CAT color\" srcset=\"https:\/\/www.foment.com\/wp-content\/uploads\/2024\/06\/ACCIO-integrat-Horitzontal-CAT-color-300x68.png 300w, https:\/\/www.foment.com\/wp-content\/uploads\/2024\/06\/ACCIO-integrat-Horitzontal-CAT-color.png 559w\" sizes=\"(max-width: 300px) 100vw, 300px\" \/><\/div>[\/vc_column][\/vc_row]<\/p>\n<\/section>","protected":false},"author":13,"featured_media":179209,"menu_order":0,"comment_status":"closed","ping_status":"closed","template":"","meta":{"_links_to":"","_links_to_target":""},"tags":[],"event_type":[],"event_type_2":[],"acf":[],"_links":{"self":[{"href":"https:\/\/www.foment.com\/es\/wp-json\/wp\/v2\/ajde_events\/179207"}],"collection":[{"href":"https:\/\/www.foment.com\/es\/wp-json\/wp\/v2\/ajde_events"}],"about":[{"href":"https:\/\/www.foment.com\/es\/wp-json\/wp\/v2\/types\/ajde_events"}],"author":[{"embeddable":true,"href":"https:\/\/www.foment.com\/es\/wp-json\/wp\/v2\/users\/13"}],"replies":[{"embeddable":true,"href":"https:\/\/www.foment.com\/es\/wp-json\/wp\/v2\/comments?post=179207"}],"wp:featuredmedia":[{"embeddable":true,"href":"https:\/\/www.foment.com\/es\/wp-json\/wp\/v2\/media\/179209"}],"wp:attachment":[{"href":"https:\/\/www.foment.com\/es\/wp-json\/wp\/v2\/media?parent=179207"}],"wp:term":[{"taxonomy":"post_tag","embeddable":true,"href":"https:\/\/www.foment.com\/es\/wp-json\/wp\/v2\/tags?post=179207"},{"taxonomy":"event_type","embeddable":true,"href":"https:\/\/www.foment.com\/es\/wp-json\/wp\/v2\/event_type?post=179207"},{"taxonomy":"event_type_2","embeddable":true,"href":"https:\/\/www.foment.com\/es\/wp-json\/wp\/v2\/event_type_2?post=179207"}],"curies":[{"name":"wp","href":"https:\/\/api.w.org\/{rel}","templated":true}]}}