{"id":182990,"date":"2024-05-17T09:58:46","date_gmt":"2024-05-17T07:58:46","guid":{"rendered":"https:\/\/www.foment.com\/?post_type=ajde_events&#038;p=182990"},"modified":"2024-05-22T15:54:34","modified_gmt":"2024-05-22T13:54:34","slug":"comunicacio-de-dades-de-persones-treballadores-per-compte-propi-vinculades-a-empreses-collectives","status":"publish","type":"ajde_events","link":"https:\/\/www.foment.com\/es\/events\/comunicacio-de-dades-de-persones-treballadores-per-compte-propi-vinculades-a-empreses-collectives\/","title":{"rendered":"Comunicaci\u00f3n de datos de personas trabajadoras por cuenta propia vinculadas a empresas colectivas"},"content":{"rendered":"<section class=\"wpb-content-wrapper\"><p>[vc_row][vc_column][vc_column_text]El RD 322\/2024, de 26 de marzo, establece que las personas trabajadoras por cuenta propia deber\u00e1n comunicar a la Tesorer\u00eda General de la Seguridad Social, antes del pr\u00f3ximo 30 de junio del presente a\u00f1o 2024, cualquiera de los datos relacionados en los p\u00e1rrafos 1.\u00ba a 8.\u00ba del art\u00edculo 30.2.b) del Reglamento General sobre inscripci\u00f3n de empresas y afiliaci\u00f3n, altas, bajas y variaciones de datos de trabajadores en la Seguridad Social, \u00a0entre ellos:<\/p>\n<ul>\n<li>La raz\u00f3n social y n\u00famero de identificaci\u00f3n fiscal de las sociedades o comunidades de bienes de las que formen parte.<\/li>\n<li>Si desempe\u00f1an el cargo de consejero o administrador o prestaci\u00f3n de otros servicios para la sociedad.<\/li>\n<li>El porcentaje de participaci\u00f3n en el capital social en las sociedades o comunidades de bienes de las que formen parte.<\/li>\n<\/ul>\n<p>Es por ello, que <strong>Foment del Treball<\/strong> de manera conjunta con la <strong>Tesorer\u00eda General de la Seguridad Social,<\/strong> realizamos esta sesi\u00f3n en la que se abordar\u00e1n las obligaciones de los <strong>RETA<\/strong> <strong>SOCIETARIOS <\/strong>seg\u00fan lo establecido en el \u00a0RD 322\/2024, y adem\u00e1s se explicar\u00e1 la herramienta <strong>IMPORTASS <\/strong>especialmente dirigida a estos trabajadores.<\/p>\n<p style=\"text-align: center;\"><span style=\"color: #d2112d;\"><strong>PROGRAMA<\/strong><\/span><\/p>\n<p><span style=\"color: #d2112d;\"><strong>10:00 h.\u00a0Bienvenida<br \/>\n<\/strong><\/span><strong>Cristina P\u00e9rez<\/strong>, Presidenta ATA Catalu\u00f1a<br \/>\n<strong>Rosario Delgado Aguilera<\/strong>, Directora Provincial de la Tesorer\u00eda General de la Seguridad Social en Barcelona<\/p>\n<p><span style=\"color: #d2112d;\"><strong>Ponentes:<br \/>\n<\/strong><\/span><strong>Jos\u00e9 Mar\u00eda Vargas Segura<\/strong>, Responsable de la Unidad Funcional del Sistema de Liquidaci\u00f3n Simplificada (RETA) de la Direcci\u00f3n Provincial de la Tesorer\u00eda General de la Seguridad Social de Barcelona<br \/>\n<strong>Astrid Rial Ruiz<\/strong>, Responsable de la Unidad Funcional Asistencia y Soporte Digital de la Direcci\u00f3n Provincial de la Tesorer\u00eda General de la Seguridad Social de Barcelona<\/p>\n<p><span style=\"color: #d2112d;\"><strong>11:15 h. Ruegos y preguntas<br \/>\n<\/strong><\/span><strong><span style=\"color: #d2112d;\">Moderador<\/span>:<\/strong>\u00a0<strong>Javier Ibars,<\/strong> director del departamento de Relaciones Laborales y Asuntos Sociales de Foment del Treball<\/p>\n<p><span style=\"color: #d2112d;\"><strong>11:30 h. Clausura<br \/>\n<\/strong><\/span><strong>Javier Ibars,<\/strong> director del departamento de Relaciones Laborales y Asuntos Sociales de Foment del Treball[\/vc_column_text][vc_btn title=\u00bbInscripci\u00f3n gratuita, aqu\u00ed\u00bb style=\u00bb3d\u00bb color=\u00bbdanger\u00bb size=\u00bblg\u00bb align=\u00bbcenter\u00bb button_block=\u00bbtrue\u00bb link=\u00bburl:https%3A%2F%2Fwww.foment.com%2Fes%2Finscripciones-eventos%2F%3Fidevento%3DB4AB63CC-9A13-EF11-9F89-000D3AD8EDC6|target:_blank\u00bb][\/vc_column][\/vc_row]<\/p>\n<\/section>","protected":false},"author":7,"featured_media":184024,"menu_order":0,"comment_status":"closed","ping_status":"closed","template":"","meta":{"_links_to":"","_links_to_target":""},"tags":[8506,8507,8508],"event_type":[2251],"event_type_2":[],"acf":[],"_links":{"self":[{"href":"https:\/\/www.foment.com\/es\/wp-json\/wp\/v2\/ajde_events\/182990"}],"collection":[{"href":"https:\/\/www.foment.com\/es\/wp-json\/wp\/v2\/ajde_events"}],"about":[{"href":"https:\/\/www.foment.com\/es\/wp-json\/wp\/v2\/types\/ajde_events"}],"author":[{"embeddable":true,"href":"https:\/\/www.foment.com\/es\/wp-json\/wp\/v2\/users\/7"}],"replies":[{"embeddable":true,"href":"https:\/\/www.foment.com\/es\/wp-json\/wp\/v2\/comments?post=182990"}],"wp:featuredmedia":[{"embeddable":true,"href":"https:\/\/www.foment.com\/es\/wp-json\/wp\/v2\/media\/184024"}],"wp:attachment":[{"href":"https:\/\/www.foment.com\/es\/wp-json\/wp\/v2\/media?parent=182990"}],"wp:term":[{"taxonomy":"post_tag","embeddable":true,"href":"https:\/\/www.foment.com\/es\/wp-json\/wp\/v2\/tags?post=182990"},{"taxonomy":"event_type","embeddable":true,"href":"https:\/\/www.foment.com\/es\/wp-json\/wp\/v2\/event_type?post=182990"},{"taxonomy":"event_type_2","embeddable":true,"href":"https:\/\/www.foment.com\/es\/wp-json\/wp\/v2\/event_type_2?post=182990"}],"curies":[{"name":"wp","href":"https:\/\/api.w.org\/{rel}","templated":true}]}}