{"id":190336,"date":"2024-09-30T13:52:21","date_gmt":"2024-09-30T11:52:21","guid":{"rendered":"https:\/\/www.foment.com\/?post_type=ajde_events&#038;p=190336"},"modified":"2024-10-04T12:22:28","modified_gmt":"2024-10-04T10:22:28","slug":"peru-clima-de-negocios-y-oportunidades-de-inversion-en-los-sectores-energias-renovables-e-infraestructuras","status":"publish","type":"ajde_events","link":"https:\/\/www.foment.com\/es\/events\/peru-clima-de-negocios-y-oportunidades-de-inversion-en-los-sectores-energias-renovables-e-infraestructuras\/","title":{"rendered":"Per\u00fa, clima de negocios y oportunidades de inversi\u00f3n en los sectores Energ\u00edas Renovables e Infraestructuras"},"content":{"rendered":"<section class=\"wpb-content-wrapper\"><p>[vc_row][vc_column width=\u00bb1\/1&#8243;][vc_btn title=\u00bbINSCRIPCI\u00d3N GRATUITA\u00bb style=\u00bb3d\u00bb color=\u00bbdanger\u00bb size=\u00bblg\u00bb align=\u00bbcenter\u00bb button_block=\u00bbtrue\u00bb link=\u00bburl:https%3A%2F%2Fwww.foment.com%2Fes%2Finscripciones-eventos%2F%3Fidevento%3D360B8342-FF7E-EF11-AC21-000D3A6976CD\u00bb][vc_empty_space height=\u00bb20&#8243;][vc_column_text]<span style=\"font-family: verdana, geneva, sans-serif;\">El objetivo de la sesi\u00f3n es dar a conocer las potencialidades, oportunidades y casos de \u00e9xito de inversi\u00f3n privada que ofrece PER\u00da en el sector de las energ\u00edas renovables y de bajas emisiones, as\u00ed como en el sector de las infraestructuras y servicios p\u00fablicos, a trav\u00e9s de PROMPER\u00da y PROINVERSI\u00d3N.\u00a0<\/span><\/p>\n<p><span style=\"color: #870505; font-family: verdana, geneva, sans-serif;\"><strong>PROGRAMA<\/strong><\/span><\/p>\n<p>&nbsp;<\/p>\n<p><strong><span style=\"font-family: verdana, geneva, sans-serif; color: #870505;\">09:15 h. Registro y caf\u00e9 de bienvenida<\/span><\/strong><\/p>\n<p>&nbsp;<\/p>\n<p><strong><span style=\"font-family: verdana, geneva, sans-serif; color: #870505;\">09:30 h. Palabras de bienvenida<\/span><\/strong><\/p>\n<p><span style=\"font-family: verdana, geneva, sans-serif;\">Representante, <strong>Foment del Treball<\/strong><\/span><\/p>\n<p><span style=\"font-family: verdana, geneva, sans-serif;\">Sr. Luis Iberico, <strong>Embajador del Per\u00fa en Espa\u00f1a<\/strong><\/span><\/p>\n<p><span style=\"font-family: verdana, geneva, sans-serif;\">Sr. Carlos Guimet, <strong>Presidente de la C\u00e1mara de Comercio de Per\u00fa en Espa\u00f1a<\/strong><\/span><\/p>\n<p>&nbsp;<\/p>\n<p><strong><span style=\"font-family: verdana, geneva, sans-serif;\">BLOQUE I: Oportunidades de Inversi\u00f3n en Energ\u00edas Renovables<\/span><\/strong><\/p>\n<p>&nbsp;<\/p>\n<p><strong><span style=\"font-family: verdana, geneva, sans-serif; color: #870505;\">09:40 h.\u00a0Clima de negocios y oportunidades de inversi\u00f3n empresarial en los sectores Energ\u00edas Renovables<\/span><\/strong><\/p>\n<p><span style=\"font-family: verdana, geneva, sans-serif;\">Sr. Daniel C\u00f3rdova, Director de Promoci\u00f3n de Inversiones Empresariales de PROMPER\u00da<\/span><\/p>\n<p><span style=\"color: #870505;\"><strong><span style=\"font-family: verdana, geneva, sans-serif;\">10:10 h. Panel de discusi\u00f3n: \u00abEnerg\u00edas renovables\u00bb<\/span><\/strong><\/span><\/p>\n<p><span style=\"font-family: verdana, geneva, sans-serif;\">Sr. Daniel C\u00e1mac, <strong>Presidente de H2 Per\u00fa, Asociaci\u00f3n Peruana de Hidr\u00f3geno<\/strong><\/span><\/p>\n<p><span style=\"font-family: verdana, geneva, sans-serif;\">Sr. Francesc Aixel\u00e1, <strong>Grupo AGEFRED<\/strong><\/span><\/p>\n<p><span style=\"font-family: verdana, geneva, sans-serif;\">Sra. Eva Aguilera Iba\u00f1ez, <strong>Directora Negocio Internacional del Banco Santander<\/strong><\/span><\/p>\n<p><span style=\"font-family: verdana, geneva, sans-serif;\">Sr. Juan Carlos Hernanz, <strong>Socio Cuatrecasas, especialista en Energ\u00eda e Infraestructura<\/strong><\/span><\/p>\n<p>&nbsp;<\/p>\n<p><strong><span style=\"font-family: verdana, geneva, sans-serif; color: #870505;\">10:40 h. Coffee Break Networking<\/span><\/strong><\/p>\n<p>&nbsp;<\/p>\n<p><strong><span style=\"font-family: verdana, geneva, sans-serif;\">BLOQUE II: Oportunidades de Inversi\u00f3n en Infraestructura<\/span><\/strong><\/p>\n<p><span style=\"color: #870505;\"><strong><span style=\"font-family: verdana, geneva, sans-serif;\">11:00 h. Proyectos en infraestructura y servicios p\u00fablicos &#8211; Portafolio de APP 2025 &#8211; 2026<\/span><\/strong><\/span><\/p>\n<p><span style=\"font-family: verdana, geneva, sans-serif;\">Sr. Emerson Castro, <strong>Director de Portafolio de Proyectos de PROINVERSI\u00d3N<\/strong><\/span><\/p>\n<p>&nbsp;<\/p>\n<p><strong><span style=\"font-family: verdana, geneva, sans-serif; color: #870505;\">11:30 h. Fin de la sesi\u00f3n<\/span><\/strong><\/p>\n<p>&nbsp;<\/p>\n<p><span style=\"font-family: verdana, geneva, sans-serif;\"><strong style=\"color: #870505;\">12:00 h. Reuniones bilaterales\u00a0<\/strong><span style=\"color: #870505;\">(las empresas interesadas pueden confirmar su reuni\u00f3n en el siguiente enlace https:\/\/forms.office.com\/e\/tnihbNiZYE )<\/span><\/span><strong><span style=\"color: #870505;\">\u00a0 \u00a0 \u00a0 \u00a0 \u00a0 \u00a0 \u00a0 \u00a0 \u00a0 \u00a0 \u00a0 \u00a0 \u00a0 \u00a0 \u00a0 \u00a0 \u00a0 \u00a0 \u00a0 \u00a0 \u00a0 \u00a0 \u00a0 \u00a0 \u00a0 \u00a0 \u00a0 \u00a0 \u00a0 \u00a0 \u00a0 \u00a0 \u00a0 \u00a0 \u00a0 \u00a0 \u00a0 \u00a0 \u00a0 \u00a0 \u00a0 \u00a0 \u00a0\u00a0<\/span><\/strong>[\/vc_column_text][vc_column_inner][vc_column_text]Amb el suport de:[\/vc_column_text]<div class=\"single_image wpb_content_element align-left    \" data-animation=\"none\" data-delay=\"0\"><a href=\"http:\/\/www.accio.gencat.cat\" target=\"_self\"><img width=\"300\" height=\"68\" src=\"https:\/\/www.foment.com\/wp-content\/uploads\/2023\/09\/ACCIO-integrat-Horitzontal-CAT-color-300x68.png\" class=\"attachment-medium\" alt=\"\" loading=\"lazy\" title=\"ACCI\u00d3 integrat Horitzontal CAT color\" srcset=\"https:\/\/www.foment.com\/wp-content\/uploads\/2023\/09\/ACCIO-integrat-Horitzontal-CAT-color-300x68.png 300w, https:\/\/www.foment.com\/wp-content\/uploads\/2023\/09\/ACCIO-integrat-Horitzontal-CAT-color.png 559w\" sizes=\"(max-width: 300px) 100vw, 300px\" \/><\/a><\/div>[\/vc_column_inner][\/vc_column][\/vc_row]<\/p>\n<\/section>","protected":false},"author":292,"featured_media":190474,"menu_order":0,"comment_status":"closed","ping_status":"closed","template":"","meta":{"_links_to":"","_links_to_target":""},"tags":[6034,1749],"event_type":[201,2391],"event_type_2":[],"acf":[],"_links":{"self":[{"href":"https:\/\/www.foment.com\/es\/wp-json\/wp\/v2\/ajde_events\/190336"}],"collection":[{"href":"https:\/\/www.foment.com\/es\/wp-json\/wp\/v2\/ajde_events"}],"about":[{"href":"https:\/\/www.foment.com\/es\/wp-json\/wp\/v2\/types\/ajde_events"}],"author":[{"embeddable":true,"href":"https:\/\/www.foment.com\/es\/wp-json\/wp\/v2\/users\/292"}],"replies":[{"embeddable":true,"href":"https:\/\/www.foment.com\/es\/wp-json\/wp\/v2\/comments?post=190336"}],"wp:featuredmedia":[{"embeddable":true,"href":"https:\/\/www.foment.com\/es\/wp-json\/wp\/v2\/media\/190474"}],"wp:attachment":[{"href":"https:\/\/www.foment.com\/es\/wp-json\/wp\/v2\/media?parent=190336"}],"wp:term":[{"taxonomy":"post_tag","embeddable":true,"href":"https:\/\/www.foment.com\/es\/wp-json\/wp\/v2\/tags?post=190336"},{"taxonomy":"event_type","embeddable":true,"href":"https:\/\/www.foment.com\/es\/wp-json\/wp\/v2\/event_type?post=190336"},{"taxonomy":"event_type_2","embeddable":true,"href":"https:\/\/www.foment.com\/es\/wp-json\/wp\/v2\/event_type_2?post=190336"}],"curies":[{"name":"wp","href":"https:\/\/api.w.org\/{rel}","templated":true}]}}