{"id":198025,"date":"2025-03-04T13:42:33","date_gmt":"2025-03-04T12:42:33","guid":{"rendered":"https:\/\/www.foment.com\/es\/events\/8o-industrial-meeting-a-11-de-marzo-2025\/"},"modified":"2025-03-07T13:46:22","modified_gmt":"2025-03-07T12:46:22","slug":"8o-industrial-meeting-a-11-de-marzo-2025","status":"publish","type":"ajde_events","link":"https:\/\/www.foment.com\/es\/events\/8o-industrial-meeting-a-11-de-marzo-2025\/","title":{"rendered":"Octava edici\u00f3n Industrial Meeting"},"content":{"rendered":"<section class=\"wpb-content-wrapper\"><p>[vc_row][vc_column][vc_column_text]<\/p>\n<style>p{margin:0;padding:0;line-height:125%;line-height:1.25;mso-line-height-rule:at-least}[dir=rtl],[dir=rtl] [align=right] *{text-align:right}[dir=rtl] [align=left] *{text-align:left}s span{text-decoration:line-through}u span{text-decoration:underline}.dividerWrapper p span{line-height:0}ol,ul{margin-top:15px;margin-bottom:15px;line-height:125%;line-height:1.25;mso-line-height-rule:at-least;padding-inline-end:0;padding-inline-start:40px}p img{max-width:100%}a{text-decoration:none}u a{text-decoration:underline}h1{font-size:28px}h2{font-size:22px}h3{font-size:18px}h1,h2,h3,h4{margin:0;line-height:125%;line-height:1.25}.imageWrapper a img{text-decoration:none;border:0}th.columnContainer,th.inner{font-weight:400;text-align:left}[dir=rtl] th.columnContainer,[dir=rtl] th.inner{font-weight:400;text-align:right}img{max-width:100%!important}.hide-on-desktop-class{display:none}@media only screen and (max-width:768px){.tbContainer{display:block!important}a span{line-height:inherit!important}.multi table{table-layout:fixed;height:auto!important}.multi td{width:auto!important;min-height:0!important}.multi tbody,.multi tbody tr,.multi tbody tr td,.multi tbody tr th,.outer tbody,.outer tbody tr,.outer tbody tr td,.outer tbody tr th{display:block!important;box-sizing:border-box;height:auto!important;min-height:0!important}.wrap-section .multi tbody,.wrap-section .multi tbody tr,.wrap-section .multi tbody tr td,.wrap-section .multi tbody tr th,.wrap-section .outer tbody,.wrap-section .outer tbody tr,.wrap-section .outer tbody tr td,.wrap-section .outer tbody tr th{width:100%!important}.wrap-section .outer{display:table}.wrap-section .multi tbody,.wrap-section .outer tbody{display:table-row-group}.wrap-section .multi tbody tr,.wrap-section .outer tbody tr{display:table-row}.wrap-section .multi tbody tr td,.wrap-section .multi tbody tr th,.wrap-section .outer tbody tr td,.wrap-section .outer tbody tr th{display:table-cell}.wrap-section .multi tbody tr td .columnContainer,.wrap-section .multi tbody tr th .columnContainer,.wrap-section .outer tbody tr td .columnContainer,.wrap-section .outer tbody tr th .columnContainer{display:inline}.wrap-section .multi tbody tr td .inner,.wrap-section .multi tbody tr th .inner,.wrap-section .outer tbody tr td .inner,.wrap-section .outer tbody tr th .inner{display:table-cell}.multi .inner{height:auto!important;min-height:0!important}.tbContainer .inner{box-sizing:border-box}.outer{width:100%!important}.tbContainer .columnContainer table{table-layout:fixed!important}.tbContainer .columnContainer>table{height:auto!important}.innerTable{min-height:0!important}.no-wrap-section .outer{display:table!important;border-collapse:separate!important}.no-wrap-section .multi table{height:100%!important}.no-wrap-section .multi tbody,.no-wrap-section .outer tbody{display:table-row-group!important;width:100%!important}.no-wrap-section .multi tbody tr,.no-wrap-section .outer tbody tr{display:table-row!important;width:100%!important}.no-wrap-section .multi tbody tr td,.no-wrap-section .multi tbody tr th,.no-wrap-section .outer tbody tr td,.no-wrap-section .outer tbody tr th{display:table-cell!important}.no-wrap-section.columns-equal-class .outer tbody tr td,.no-wrap-section.columns-equal-class .outer tbody tr th{height:0!important}.no-wrap-section .outer tbody tr td.inner,.no-wrap-section .outer tbody tr th.inner{width:100%!important;height:auto!important}a[x-apple-data-detectors]{color:inherit!important;text-decoration:none!important;font-size:inherit!important;font-family:inherit!important;font-weight:inherit!important;line-height:inherit!important}.hide-on-mobile-class{display:none!important}.hide-on-desktop-class{display:block!important}.hide-on-desktop-class.hide-on-mobile-class{display:none!important}}body,div{Azure Active Directory                  font-family:Verdana,Azure Active Directory sans-serif;font-size:10 px;color:#0a0a0a;background-color:#fff}div div{background-color:transparent}[data-layout=true]{margin:0 auto;max-width:600px}<\/style>\n<p><!-- [if gte mso 9]>\n<xml><o:OfficeDocumentSettings><o:AllowPNG\/><o:PixelsPerInch>96<\/o:PixelsPerInch><\/o:OfficeDocumentSettings><\/xml>\n<![endif]--><\/p>\n<p><!-- [if !mso]><!--><\/p>\n<div id=\"preheader\" style=\"display: none; max-height: 0px; overflow: hidden;\">El Industrial Meeting es la sesi\u00f3n anual en la que abordamos temas relevantes del \u00e1mbito industrial<br \/>\n\u200c\u00a0\u200c\u00a0\u200c\u00a0\u200c\u00a0\u200c\u00a0\u200c\u00a0\u200c\u00a0\u200c\u00a0\u200c\u00a0\u200c\u00a0\u200c\u00a0\u200c\u00a0\u200c\u00a0 \u00a0\u200c\u00a0\u200c\u00a0\u200c\u00a0\u200c\u00a0\u200c\u00a0\u200c\u00a0\u200c\u00a0\u200c\u00a0\u200c\u00a0\u200c\u00a0\u200c\u00a0\u200c\u00a0\u200c\u00a0\u00a0\u200c\u00a0\u200c\u00a0\u200c\u00a0\u200c\u00a0\u200c\u00a0\u200c\u00a0\u200c\u00a0\u200c\u00a0\u200c\u00a0\u200c\u00a0\u200c\u00a0\u200c\u00a0\u200c\u00a0\u00a0\u200c\u00a0\u200c\u00a0\u200c\u00a0\u200c\u00a0\u200c\u00a0\u200c\u00a0\u200c\u00a0\u200c\u00a0\u200c\u00a0\u200c\u00a0\u200c\u00a0\u200c\u00a0\u200c\u00a0 \u00a0\u200c\u00a0\u200c\u00a0\u200c\u00a0\u200c\u00a0\u200c\u00a0\u200c\u00a0\u200c\u00a0\u200c\u00a0\u200c\u00a0\u200c\u00a0\u200c\u00a0\u200c\u00a0\u200c\u00a0 \u00a0\u200c\u00a0\u200c\u00a0\u200c\u00a0\u200c\u00a0\u200c\u00a0\u200c\u00a0\u200c\u00a0\u200c\u00a0\u200c\u00a0\u200c\u00a0\u200c\u00a0\u200c\u00a0\u200c\u00a0 \u00a0\u200c\u00a0\u200c\u00a0\u200c\u00a0\u200c\u00a0\u200c\u00a0\u200c\u00a0\u200c\u00a0\u200c\u00a0\u200c\u00a0\u200c\u00a0\u200c\u00a0\u200c\u00a0\u200c<br \/>\n\u200c\u00a0\u200c\u00a0\u200c\u00a0\u200c\u00a0\u200c\u00a0\u200c\u00a0\u200c\u00a0\u200c\u00a0\u200c\u00a0\u200c\u00a0\u200c\u00a0\u200c\u00a0\u200c\u00a0 \u00a0\u200c\u00a0\u200c\u00a0\u200c\u00a0\u200c\u00a0\u200c\u00a0\u200c\u00a0\u200c\u00a0\u200c\u00a0\u200c\u00a0\u200c\u00a0\u200c\u00a0\u200c\u00a0\u200c\u00a0\u00a0\u200c\u00a0\u200c\u00a0\u200c\u00a0\u200c\u00a0\u200c\u00a0\u200c\u00a0\u200c\u00a0\u200c\u00a0\u200c\u00a0\u200c\u00a0\u200c\u00a0\u200c\u00a0\u200c\u00a0\u00a0\u200c\u00a0\u200c\u00a0\u200c\u00a0\u200c\u00a0\u200c\u00a0\u200c\u00a0\u200c\u00a0\u200c\u00a0\u200c\u00a0\u200c\u00a0\u200c\u00a0\u200c\u00a0\u200c\u00a0 \u00a0\u200c\u00a0\u200c\u00a0\u200c\u00a0\u200c\u00a0\u200c\u00a0\u200c\u00a0\u200c\u00a0\u200c\u00a0\u200c\u00a0\u200c\u00a0\u200c\u00a0\u200c\u00a0\u200c\u00a0 \u00a0\u200c\u00a0\u200c\u00a0\u200c\u00a0\u200c\u00a0\u200c\u00a0\u200c\u00a0\u200c\u00a0\u200c\u00a0\u200c\u00a0\u200c\u00a0\u200c\u00a0\u200c\u00a0\u200c\u00a0 \u00a0\u200c\u00a0\u200c\u00a0\u200c\u00a0\u200c\u00a0\u200c\u00a0\u200c\u00a0\u200c\u00a0\u200c\u00a0\u200c\u00a0\u200c\u00a0\u200c\u00a0\u200c\u00a0\u200c<\/div>\n<p><!--[endif]----><!-- [if gte mso 9]>\n\n\n<table cellspacing=\"0\" cellpadding=\"0\" border=\"0\" align=\"center\" style=\"border-collapse: collapse;\">\n\n\n<tr>\n\n\n<th style=\"margin-bottom:0; margin-top:0; padding:0; background-color: rgb(255, 255, 255); border-width: ; border-style: ; border-color: ; border-collapse: collapse;\"> <![endif]--><\/p>\n<div style=\"azureactivedirectoryfont-family: Verdana,Azure Active Directory sans-serif; font-size: 10 px; color: #0a0a0a; background-color: #fff; margin: auto; max-width: 600px;\"><!-- [if gte mso 9]><\/div>\n\n\n\n\n<div style=\"background-color: transparent; border:none;\">\n\n <![endif]--><\/p>\n<div class=\"emptyContainer columns-equal-class wrap-section\" style=\"azureactivedirectoryfont-family: Verdana,Azure Active Directory sans-serif; font-size: 10 px; color: #0a0a0a; background-color: transparent;\"><!-- [if gte mso 9]><\/div>\n\n\n\n\n<div style=\"background-color: transparent; border:none;\">\n\n <![endif]--><\/div>\n<div class=\"emptyContainer columns-equal-class wrap-section\" style=\"azureactivedirectoryfont-family: Verdana,Azure Active Directory sans-serif; font-size: 10 px; color: #0a0a0a; background-color: transparent;\"><!-- [if gte mso 9]><\/div>\n\n\n\n\n<div style=\"background-color: transparent; border:none;\">\n\n <![endif]--><\/div>\n<div class=\"emptyContainer columns-equal-class wrap-section\" style=\"azureactivedirectoryfont-family: Verdana,Azure Active Directory sans-serif; font-size: 10 px; color: #0a0a0a; background-color: transparent;\"><!-- [if gte mso 9]><\/div>\n\n\n\n\n<div style=\"background-color: transparent; border:none;\">\n\n <![endif]--><\/div>\n<div class=\"emptyContainer columns-equal-class wrap-section\" style=\"azureactivedirectoryfont-family: Verdana,Azure Active Directory sans-serif; font-size: 10 px; color: #0a0a0a; background-color: transparent;\"><!-- [if gte mso 9]><\/div>\n\n\n\n\n<div style=\"background-color: transparent; border:none;\">\n\n <![endif]--><\/div>\n<div class=\"emptyContainer columns-equal-class wrap-section\" style=\"azureactivedirectoryfont-family: Verdana,Azure Active Directory sans-serif; font-size: 10 px; color: #0a0a0a; background-color: transparent;\"><!-- [if gte mso 9]><\/div>\n\n\n\n\n<div style=\"background-color: transparent; border:none;\">\n\n <![endif]--><!-- [if gte mso 9]>\n\n\n<tr>\n\n\n<td style=\"font-size: 0px; line-height:0px;mso-line-height-rule: exactly; display: none !important; mso-hide:all;\">\n\n\n<p style=\"font-size: 0px;height:0px; margin: 0px; padding:0;line-height: 0px; mso-line-height-rule: exactly; background-color: transparent;\"><\/td>\n\n\n<\/tr>\n\n\n<![endif]--><\/p>\n<table class=\"outer\" style=\"border-collapse: collapse; display: block;\" role=\"presentation\" cellspacing=\"0\" cellpadding=\"0\" align=\"center\">\n<tbody><!-- [if gte mso 9]>\n\n\n<tr>\n\n\n<td style=\"font-size: 0px; line-height:0px;mso-line-height-rule: exactly; display: none !important; mso-hide:all;\">\n\n\n<p style=\"font-size: 0px;height:0px; margin: 0px; padding:0;line-height: 0px; mso-line-height-rule: exactly; background-color: transparent;\"><\/td>\n\n\n<\/tr>\n\n\n<![endif]--><\/p>\n<tr>\n<th role=\"presentation\">\n<table class=\"containerWrapper tbContainer\" style=\"width: 100%; border-collapse: collapse;\" role=\"presentation\" cellspacing=\"0\" cellpadding=\"0\">\n<tbody>\n<tr>\n<th class=\"columnContainer\" style=\"font-weight: 400; text-align: left; vertical-align: top; min-width: 5px; width: 600px; height: 0;\" role=\"presentation\">\n<table style=\"height: 100%;\" role=\"presentation\" width=\"100%\" cellspacing=\"0\" cellpadding=\"0\">\n<tbody>\n<tr>\n<th class=\"inner\" style=\"text-align: left; min-width: 5px; padding: 10px; vertical-align: top; word-wrap: break-word; word-break: break-word; font-weight: 400;\" role=\"presentation\"><!-- [if gte mso 9]>\n\n\n<table style=\"border-collapse: collapse;border-spacing: 0px;padding: 0px; \" cellpadding=\"0\" cellspacing=\"0\" border=\"0\">\n\n\n<tr>\n\n\n<style> .dividerDivWrapper {margin: 0px !important; } .dividerInnerWrapper {padding-top: 0px !important; padding-bottom: 0px !important;} <\/style>\n\n\n\n\n<td width=\"580\" class=\"dividerInnerWrapper\" valign=\"top\" style=\"width: 580px; padding-left: 0px; padding-right: 0px;padding-top: 0px; padding-bottom: 0px;\"> <![endif]--><\/p>\n<div class=\"dividerDivWrapper\" style=\"azureactivedirectoryfont-family: Verdana,Azure Active Directory sans-serif; font-size: 10 px; color: #0a0a0a; background-color: transparent;\">\n<div class=\"dividerWrapper\" style=\"azureactivedirectoryfont-family: Verdana,Azure Active Directory sans-serif; font-size: 10 px; color: #0a0a0a; background-color: transparent;\" align=\"center\"><span style=\"font-family: verdana, geneva, sans-serif; font-size: 10pt;\">El <strong>Industrial Meeting<\/strong> es la sesi\u00f3n anual en la que abordamos temas relevantes del \u00e1mbito industrial contando con la participaci\u00f3n de panelistas de distinguido nivel, por lo que se trata de una excelente ocasi\u00f3n para que empresas y profesionales del sector puedan disponer de un an\u00e1lisis riguroso sobre las cuestiones m\u00e1s actuales del \u00e1mbito industrial.<\/span><\/div>\n<\/div>\n<div style=\"azureactivedirectoryfont-family: Verdana,Azure Active Directory sans-serif; font-size: 10 px; color: #0a0a0a; background-color: transparent; margin: 0;\">\n<p style=\"margin: 0; padding: 0; line-height: 1.25; mso-line-height-rule: at-least; margin-bottom: 11px;\"><span style=\"font-size: 10pt;\"><span style=\"font-family: Verdana,Geneva,sans-serif;\"><span style=\"line-height: 107%;\"><span lang=\"ES\" style=\"line-height: 107%;\"><span style=\"line-height: 107%;\">As\u00ed, en esta 8\u00aa edici\u00f3n, trataremos temas de absoluta importancia en el contexto del desarrollo estrat\u00e9gico que la reindustrializaci\u00f3n actual requiere, a saber, una mejor regulaci\u00f3n y facilitaci\u00f3n administrativa, el talento en la industria y la importancia del capital humano, y los retos y oportunidades que plantea la IA para el sector. Adem\u00e1s, contaremos con una ponencia espec\u00edfica para analizar en profundidad la pol\u00edtica industrial en Catalu\u00f1a que se debe esencialmente al Pacte Nacional per a la Ind\u00fastria. <\/span><\/span><\/span><\/span><\/span><\/p>\n<p style=\"margin: 0; padding: 0; line-height: 1.25; mso-line-height-rule: at-least; margin-bottom: 11px;\"><span style=\"font-size: 10pt;\"><span style=\"font-family: Verdana,Geneva,sans-serif;\"><span style=\"line-height: 107%;\"><span lang=\"ES\" style=\"line-height: 107%;\"><span style=\"line-height: 107%;\">La presentaci\u00f3n ir\u00e1 a cargo del Presidente de Foment del Treball, el Sr. <strong style=\"line-height: 107%;\">Josep S\u00e1nchez Llibre<\/strong> y del Presidente de la Comisi\u00f3n de Industria, el Sr. <strong style=\"line-height: 107%;\">Ignasi Ca\u00f1agueral<\/strong>.<\/span><\/span><\/span><\/span><\/span><\/p>\n<p style=\"margin: 0; padding: 0; line-height: 1.25; mso-line-height-rule: at-least; margin-bottom: 11px;\"><span style=\"font-size: 10pt;\"><span style=\"font-family: Verdana,Geneva,sans-serif;\"><span style=\"line-height: 107%;\"><span lang=\"ES\" style=\"line-height: 107%;\"><span style=\"line-height: 107%;\">Asimismo, las intervenciones se organizar\u00e1n de la siguiente manera: la Sra. <strong style=\"line-height: 107%;\">Cristina Pru\u00f1unosa<\/strong> comentar\u00e1 sobre las nuevas medidas orientadas a fomentar la facilitaci\u00f3n administrativa en el \u00e1mbito p\u00fablico en un contexto de transformaci\u00f3n digital de los servicios, el Sr. <strong style=\"line-height: 107%;\">Joan Tristany<\/strong> y la Sra. <strong style=\"line-height: 107%;\">Natalia Ortega<\/strong> expondr\u00e1n las conclusiones de sus estudios con relaci\u00f3n al talento en la industria y el Sr. <\/span><\/span><strong style=\"line-height: 107%;\"><span style=\"line-height: 107%;\">Joan L. Mas i Albaig\u00e8s<\/span><\/strong><span lang=\"ES\" style=\"line-height: 107%;\"><span style=\"line-height: 107%;\"> aportar\u00e1 toda su experiencia en el \u00e1mbito tecnol\u00f3gico para apuntar cu\u00e1les son los principales retos y oportunidades a los que se enfrenta el sector industrial respecto a la IA y su capacidad disruptiva. Por otra parte, en lo que a la pol\u00edtica industrial se refiere, el <strong style=\"line-height: 107%;\">Sr. Pere Condom-Vil\u00e0<\/strong> expondr\u00e1 los principales elementos que se pretenden impulsar desde Catalu\u00f1a con el Pacte Nacional per a la Ind\u00fastria. Finalmente, el <strong style=\"line-height: 107%;\">Sr. <\/strong><\/span><\/span><span style=\"line-height: 107%;\"><strong style=\"line-height: 107%;\">Oriol Alcoba<\/strong> realizar\u00e1 la clausura de la jornada.<\/span><\/span><\/span><\/span><\/p>\n<p style=\"margin: 0; padding: 0; line-height: 1.25; mso-line-height-rule: at-least; margin-bottom: 11px;\"><span style=\"font-size: 10pt;\"><span style=\"font-family: Verdana,Geneva,sans-serif;\"><span style=\"line-height: 107%;\"><span lang=\"ES\" style=\"line-height: 107%;\"><span style=\"line-height: 107%;\">Este encuentro se celebrar\u00e1 el pr\u00f3ximo 11 de marzo de 2025, de 9.15 h. a 12.15 h., en la sede de Foment del Treball Nacional, V\u00eda Layetana 32, de Barcelona.<\/span><\/span><\/span><\/span><\/span><\/p>\n<p style=\"margin: 0; padding: 0; line-height: 1.25; mso-line-height-rule: at-least; text-align: center;\"><span style=\"font-family: Verdana, Geneva, sans-serif; font-size: 10pt;\"><strong><span style=\"color: #c12238;\">PROGRAMA<\/span><\/strong><\/span><\/p>\n<p style=\"margin: 0; padding: 0; line-height: 1.25; mso-line-height-rule: at-least; margin-bottom: 11px;\"><span style=\"font-size: 10pt;\"><span style=\"font-family: Verdana,Geneva,sans-serif;\"><span style=\"line-height: 107%;\"><b style=\"line-height: 107%;\"><span style=\"line-height: 107%;\">9.15 \u2013 9.30\u00a0<\/span><\/b><\/span><\/span><b style=\"font-family: Verdana, Geneva, sans-serif; background-color: transparent;\"><span style=\"line-height: 107%;\">Recepci\u00f3n de asistentes<\/span><\/b><\/span><\/p>\n<p style=\"margin: 0; padding: 0; line-height: 1.25; mso-line-height-rule: at-least; margin-bottom: 11px;\"><span style=\"font-size: 10pt;\"><span style=\"font-family: Verdana,Geneva,sans-serif;\"><span style=\"line-height: 107%;\"><b style=\"line-height: 107%;\"><span style=\"line-height: 107%;\">9.30 \u2013 9.40\u00a0<\/span><\/b><\/span><\/span><b style=\"font-family: Verdana, Geneva, sans-serif; background-color: transparent;\"><span style=\"line-height: 107%;\">Acto Inaugural<\/span><\/b><\/span><\/p>\n<p style=\"margin: 0; padding: 0; line-height: 1.25; mso-line-height-rule: at-least; margin-left: 47px; margin-bottom: 11px;\"><span style=\"line-height: 1; font-size: 10pt;\"><span style=\"line-height: 1;\"><span style=\"font-family: Verdana,Geneva,sans-serif; line-height: 1;\">Sr. <strong style=\"line-height: 1;\">Josep S\u00e1nchez Llibre<\/strong>, President de Foment del Treball Nacional<\/span><\/span><\/span><\/p>\n<p style=\"margin: 0; padding: 0; line-height: 1.25; mso-line-height-rule: at-least; margin-left: 47px; margin-bottom: 11px;\"><span style=\"line-height: 1; font-size: 10pt;\"><span style=\"line-height: 1;\"><span style=\"font-family: Verdana,Geneva,sans-serif; line-height: 1;\">Sr. <strong style=\"line-height: 1;\">Ignasi Ca\u00f1agueral<\/strong>, Presidente de la Comissi\u00f3n de Ind\u00fastria de Foment del Treball Nacional<\/span><\/span><\/span><\/p>\n<p style=\"margin: 0; padding: 0; line-height: 1.25; mso-line-height-rule: at-least; margin-bottom: 11px;\"><span style=\"font-size: 10pt;\"><span style=\"font-family: Verdana,Geneva,sans-serif;\"><span style=\"line-height: 107%;\"><b style=\"line-height: 107%;\"><span style=\"line-height: 107%;\">9.40 \u2013 12.00\u00a0<\/span><\/b><\/span><\/span><span style=\"font-family: Verdana,Geneva,sans-serif;\"><span style=\"line-height: 107%;\"><b style=\"line-height: 107%;\"><span style=\"line-height: 107%;\">Ponencias <\/span><\/b><\/span><\/span><\/span><\/p>\n<p style=\"margin: 0; padding: 0; line-height: 1.25; mso-line-height-rule: at-least; margin-bottom: 11px;\"><span style=\"font-size: 10pt;\"><span style=\"font-family: Verdana,Geneva,sans-serif;\"><span style=\"line-height: 107%;\"><span style=\"line-height: 107%;\">Moderador: Sr. <strong style=\"line-height: 107%;\">Salvador Guillermo Vi\u00f1eta<\/strong>, Director de Econom\u00eda y Estudios de Foment del Treball Nacional<\/span><\/span><\/span><\/span><\/p>\n<p style=\"margin: 0; padding: 0; line-height: 1.25; mso-line-height-rule: at-least; margin-bottom: 11px;\"><span style=\"font-size: 10pt;\"><span style=\"font-family: Verdana,Geneva,sans-serif;\"><span style=\"line-height: 107%;\"><b style=\"line-height: 107%;\"><span style=\"line-height: 107%;\">9.45 \u2013 10.15\u00a0<\/span><\/b><\/span><\/span><span style=\"font-family: Verdana,Geneva,sans-serif;\"><span style=\"line-height: 107%;\"><b style=\"line-height: 107%;\"><span style=\"line-height: 107%;\">La facilitaci\u00f3n administrativa <\/span><\/b><\/span><\/span><\/span><\/p>\n<p style=\"margin: 0; padding: 0; line-height: 1.25; mso-line-height-rule: at-least; margin-left: 47px; margin-bottom: 11px;\"><span style=\"font-size: 10pt;\"><span style=\"font-family: Verdana,Geneva,sans-serif;\"><span style=\"line-height: 107%;\"><span style=\"line-height: 107%;\">Sra. <strong style=\"line-height: 107%;\">Cristina Pru\u00f1onosa<\/strong>, Gerente de la Oficina de Gesti\u00f3n Empresarial, Generalitat de Catalunya<\/span><\/span><\/span><\/span><\/p>\n<p style=\"margin: 0; padding: 0; line-height: 1.25; mso-line-height-rule: at-least; margin-bottom: 11px;\"><span style=\"font-size: 10pt;\"><span style=\"font-family: Verdana,Geneva,sans-serif;\"><span style=\"line-height: 107%;\"><b style=\"line-height: 107%;\"><span style=\"line-height: 107%;\">10.20 \u2013 10.50\u00a0<\/span><\/b><\/span><\/span><b style=\"font-family: Verdana, Geneva, sans-serif; background-color: transparent;\"><span style=\"line-height: 107%;\">El talento en la ind\u00fastria<\/span><\/b><\/span><\/p>\n<p style=\"margin: 0; padding: 0; line-height: 1.25; mso-line-height-rule: at-least; margin-left: 47px; margin-bottom: 11px;\"><span style=\"font-size: 10pt;\"><span style=\"font-family: Verdana,Geneva,sans-serif;\"><span style=\"line-height: 107%;\"><span style=\"line-height: 107%;\">Sr. <strong style=\"line-height: 107%;\">Joan Tristany<\/strong>, Director General de AMEC<\/span><\/span><\/span><\/span><\/p>\n<p style=\"margin: 0; padding: 0; line-height: 1.25; mso-line-height-rule: at-least; margin-left: 47px; margin-bottom: 11px;\"><span style=\"font-size: 10pt;\"><span style=\"font-family: Verdana,Geneva,sans-serif;\"><span style=\"line-height: 107%;\"><span style=\"line-height: 107%;\">Sra. <strong style=\"line-height: 107%;\">Natalia Ortega<\/strong>, Secretaria General de CEAM<\/span><\/span><\/span><\/span><\/p>\n<p style=\"margin: 0; padding: 0; line-height: 1.25; mso-line-height-rule: at-least; margin-bottom: 11px;\"><span style=\"font-size: 10pt;\"><span style=\"font-family: Verdana,Geneva,sans-serif;\"><span style=\"line-height: 107%;\"><b style=\"line-height: 107%;\"><span style=\"line-height: 107%;\">10.55 \u2013 11.25\u00a0<\/span><\/b><\/span><\/span><span style=\"font-family: Verdana,Geneva,sans-serif;\"><span style=\"line-height: 107%;\"><b style=\"line-height: 107%;\"><span style=\"line-height: 107%;\">La IA en la ind\u00fastria: retos y oportunidades<\/span><\/b><\/span><\/span><\/span><\/p>\n<p style=\"margin: 0; padding: 0; line-height: 1.25; mso-line-height-rule: at-least; margin-left: 47px; margin-bottom: 11px;\"><span style=\"font-size: 10pt;\"><span style=\"font-family: Verdana,Geneva,sans-serif;\"><span style=\"line-height: 107%;\"><span style=\"line-height: 107%;\">Sr. <strong style=\"line-height: 107%;\">Joan L. Mas<\/strong> i <strong style=\"line-height: 107%;\">Albaig\u00e8s<\/strong>, <\/span><span lang=\"ES\"><span style=\"line-height: 107%;\">Director Cient\u00edfico del \u00c1rea Digital y Director del CIDAI <\/span><\/span><\/span><\/span><\/span><\/p>\n<p style=\"margin: 0; padding: 0; line-height: 1.25; mso-line-height-rule: at-least; margin-bottom: 11px;\"><span style=\"font-size: 10pt;\"><span style=\"font-family: Verdana,Geneva,sans-serif;\"><span style=\"line-height: 107%;\"><b style=\"line-height: 107%;\"><span style=\"line-height: 107%;\">11.30 \u2013 12.00\u00a0<\/span><\/b><\/span><\/span><span style=\"font-family: Verdana,Geneva,sans-serif;\"><span style=\"line-height: 107%;\"><b style=\"line-height: 107%;\"><span style=\"line-height: 107%;\">La herramienta de impulso en la industria: el Pacto Nacional\u00a0<\/span><\/b><\/span><\/span><span style=\"font-family: Verdana,Geneva,sans-serif;\"><span style=\"line-height: 107%;\"><b style=\"line-height: 107%;\"><span style=\"line-height: 107%;\">para la Industria <\/span><\/b><\/span><\/span><\/span><\/p>\n<p style=\"margin: 0; padding: 0; line-height: 1.25; mso-line-height-rule: at-least; margin-left: 47px; margin-bottom: 11px;\"><span style=\"font-size: 10pt;\"><span style=\"font-family: Verdana,Geneva,sans-serif;\"><span style=\"line-height: 107%;\"><span style=\"line-height: 107%;\">Sr. <strong style=\"line-height: 107%;\">Pere Condom-Vil\u00e0<\/strong>, Jefe \u00c1rea de An\u00e1lisis Estrat\u00e9gico de la Direcci\u00f3n General de Industria, Generalitat de Catalunya<\/span><\/span><\/span><\/span><\/p>\n<p style=\"margin: 0; padding: 0; line-height: 1.25; mso-line-height-rule: at-least; margin-bottom: 11px;\"><span style=\"font-size: 10pt;\"><span style=\"font-family: Verdana,Geneva,sans-serif;\"><span style=\"line-height: 107%;\"><b style=\"line-height: 107%;\"><span style=\"line-height: 107%;\">12.00 \u2013 12.15\u00a0<\/span><\/b><\/span><\/span><span style=\"font-family: Verdana,Geneva,sans-serif;\"><span style=\"line-height: 107%;\"><b style=\"line-height: 107%;\"><span style=\"line-height: 107%;\">Clausura\u00a0<\/span><\/b><\/span><\/span><\/span><\/p>\n<p style=\"margin: 0; padding: 0; line-height: 1.25; mso-line-height-rule: at-least; margin-left: 47px; margin-bottom: 11px;\"><span style=\"font-size: 10pt;\"><span style=\"font-family: Verdana,Geneva,sans-serif;\"><span style=\"line-height: 107%;\"><span style=\"line-height: 107%;\">Sr. <strong style=\"line-height: 107%;\">Oriol Alcoba<\/strong>, Director General de Industria, Generalitat de Catalunya<\/span><\/span><\/span><\/span><\/p>\n<p style=\"margin: 0; padding: 0; line-height: 1.25; mso-line-height-rule: at-least; margin-left: 47px; margin-bottom: 11px;\"><span style=\"font-size: 10pt;\"><span style=\"font-family: Verdana,Geneva,sans-serif;\"><span style=\"line-height: 107%;\"><span style=\"line-height: 107%;\">Sr. <strong style=\"line-height: 107%;\">Ignasi Ca\u00f1agueral<\/strong>, Presidente de la Comisi\u00f3n de Industria de Foment del Treball Nacional<\/span><\/span><\/span><\/span><\/p>\n<p style=\"margin: 0; padding: 0; line-height: 1.25; mso-line-height-rule: at-least; text-align: justify;\"><span style=\"font-size: 10pt;\"><span style=\"font-family: Verdana,Geneva,sans-serif;\"><span style=\"line-height: 107%;\"><span lang=\"ES\" style=\"line-height: 107%;\"><span style=\"line-height: 107%;\">Departamento de Econom\u00eda <\/span><\/span><\/span><\/span><\/span><\/p>\n<p style=\"margin: 0; padding: 0; line-height: 1.25; mso-line-height-rule: at-least; margin-bottom: 11px;\"><span style=\"font-size: 10pt;\"><span style=\"font-family: Verdana,Geneva,sans-serif;\"><span style=\"line-height: 107%;\"><span lang=\"ES\" style=\"line-height: 107%;\"><span style=\"line-height: 107%;\">Foment del Treball Nacional<\/span><\/span><\/span><\/span><\/span><\/p>\n<\/div>\n<p><!--[endif]----><\/th>\n<\/tr>\n<\/tbody>\n<\/table>\n<\/th>\n<\/tr>\n<\/tbody>\n<\/table>\n<\/th>\n<\/tr>\n<\/tbody>\n<\/table>\n<\/div>\n<div class=\"emptyContainer columns-equal-class wrap-section\" style=\"azureactivedirectoryfont-family: Verdana,Azure Active Directory sans-serif; font-size: 10 px; color: #0a0a0a; background-color: transparent;\"><!-- [if gte mso 9]><\/div>\n\n\n\n\n<div style=\"background-color: transparent; border:none;\">\n\n <![endif]--><\/div>\n<div class=\"columns-equal-class wrap-section\" style=\"azureactivedirectoryfont-family: Verdana,Azure Active Directory sans-serif; font-size: 10 px; color: #0a0a0a; background-color: transparent;\"><!-- [if gte mso 9]><\/div>\n\n\n\n\n<div style=\"background-color: transparent; border:none;\">\n\n <![endif]--><!-- [if gte mso 9]>\n\n\n<tr style=\"padding: 0px;mso-line-height-rule: exactly;line-height: 1px; background-color: rgba(0, 0, 0, 0);\" height=\"0\">\n\n\n<td>&nbsp;<\/td>\n\n\n<\/tr>\n\n\n<![endif]--><\/p>\n<table class=\"outer\" style=\"border-collapse: collapse; display: block;\" role=\"presentation\" cellspacing=\"0\" cellpadding=\"0\" align=\"center\">\n<tbody><!-- [if gte mso 9]>\n\n\n<tr style=\"padding: 0px;mso-line-height-rule: exactly;line-height: 1px; background-color: rgba(0, 0, 0, 0);\" height=\"0\">\n\n\n<td>&nbsp;<\/td>\n\n\n<\/tr>\n\n\n<![endif]--><\/p>\n<tr>\n<th style=\"padding: 1px; background-color: rgba(0,0,0,0); border-radius: 0;\" role=\"presentation\"><\/th>\n<\/tr>\n<\/tbody>\n<\/table>\n<\/div>\n<\/div>\n<p>[\/vc_column_text][\/vc_column][\/vc_row][vc_row][vc_column width=\u00bb1\/1&#8243;][vc_btn title=\u00bbINSCRIPCI\u00d3N\u00bb shape=\u00bbsquare\u00bb color=\u00bbdanger\u00bb size=\u00bblg\u00bb align=\u00bbcenter\u00bb button_block=\u00bbtrue\u00bb link=\u00bburl:https%3A%2F%2Fwww.foment.com%2Fes%2Finscripciones-eventos%2F%3Fidevento%3DF9FD96F0-3EF8-EF11-BAE2-6045BDE00FDD%23msdynttrid%3DEQsVvIxyLRnfYXiIDCMctKXvHOjZME_fQRGOcaxuVZ4|target:_blank\u00bb][\/vc_column][\/vc_row]<\/p>\n<\/section>","protected":false},"author":289,"featured_media":198267,"menu_order":0,"comment_status":"closed","ping_status":"closed","template":"","meta":{"_links_to":"","_links_to_target":""},"tags":[1403,1556],"event_type":[590,226],"event_type_2":[],"acf":[],"_links":{"self":[{"href":"https:\/\/www.foment.com\/es\/wp-json\/wp\/v2\/ajde_events\/198025"}],"collection":[{"href":"https:\/\/www.foment.com\/es\/wp-json\/wp\/v2\/ajde_events"}],"about":[{"href":"https:\/\/www.foment.com\/es\/wp-json\/wp\/v2\/types\/ajde_events"}],"author":[{"embeddable":true,"href":"https:\/\/www.foment.com\/es\/wp-json\/wp\/v2\/users\/289"}],"replies":[{"embeddable":true,"href":"https:\/\/www.foment.com\/es\/wp-json\/wp\/v2\/comments?post=198025"}],"wp:featuredmedia":[{"embeddable":true,"href":"https:\/\/www.foment.com\/es\/wp-json\/wp\/v2\/media\/198267"}],"wp:attachment":[{"href":"https:\/\/www.foment.com\/es\/wp-json\/wp\/v2\/media?parent=198025"}],"wp:term":[{"taxonomy":"post_tag","embeddable":true,"href":"https:\/\/www.foment.com\/es\/wp-json\/wp\/v2\/tags?post=198025"},{"taxonomy":"event_type","embeddable":true,"href":"https:\/\/www.foment.com\/es\/wp-json\/wp\/v2\/event_type?post=198025"},{"taxonomy":"event_type_2","embeddable":true,"href":"https:\/\/www.foment.com\/es\/wp-json\/wp\/v2\/event_type_2?post=198025"}],"curies":[{"name":"wp","href":"https:\/\/api.w.org\/{rel}","templated":true}]}}