{"id":203282,"date":"2025-06-20T15:11:25","date_gmt":"2025-06-20T13:11:25","guid":{"rendered":"https:\/\/www.foment.com\/?post_type=ajde_events&#038;p=203282"},"modified":"2025-06-27T08:20:49","modified_gmt":"2025-06-27T06:20:49","slug":"ceremonia-de-premios-ii-ranking-de-empresas-por-la-igualdad-de-cataluna","status":"publish","type":"ajde_events","link":"https:\/\/www.foment.com\/es\/events\/ceremonia-de-premios-ii-ranking-de-empresas-por-la-igualdad-de-cataluna\/","title":{"rendered":"Ceremonia de Premios \u201cII Ranking de Empresas por la Igualdad de Catalu\u00f1a\u201d"},"content":{"rendered":"<section class=\"wpb-content-wrapper\"><p>[vc_row][vc_column][vc_column_text]\u00bfSab\u00edas que, aunque las empresas del IBEX 35 han alcanzado por primera vez la paridad en sus consejos de administraci\u00f3n, a\u00fan hay 10 compa\u00f1\u00edas del mercado continuo sin ninguna mujer en la alta direcci\u00f3n? Y que, mientras algunas organizaciones eliminan conceptos como \u201cdiversidad\u201d o inclusi\u00f3n\u201d de sus discursos, las barreras estructurales siguen frenando el talento y el progreso real dentro de muchas organizaciones.<\/p>\n<p>En un contexto donde las empresas necesitan ser m\u00e1s competitivas, innovadoras y sostenibles, <strong>la igualdad no es solo un compromiso \u00e9tico: es una palanca estrat\u00e9gica de transformaci\u00f3n.<\/strong><\/p>\n<p>En la Fundaci\u00f3n Woman Forward trabajamos para eliminar esas barreras estructurales y acelerar la transformaci\u00f3n cultural desde tres ejes fundamentales:<br \/>\n\u2022 Impulsar la igualdad de oportunidades, m\u00e1s all\u00e1 de cuotas y cifras.<br \/>\n\u2022 Desmontar sesgos invisibles en la toma de decisiones.<br \/>\n\u2022 Transformar la cultura corporativa hacia modelos m\u00e1s inclusivos, horizontales y rentables econ\u00f3micamente.<\/p>\n<p>Para ello, hemos creado el <strong>Ranking de Empresas por la Igualdad,<\/strong> una iniciativa pionera basada en investigaci\u00f3n y evaluaci\u00f3n rigurosa, que visibiliza a las 50 empresas y CEOs que ya est\u00e1n liderando el cambio con resultados reales. Este \u00edndice nace del an\u00e1lisis de datos y percepciones recogidas en estudios como \u201cLa percepci\u00f3n de los hombres sobre la igualdad en la empresa espa\u00f1ola\u201d, que revel\u00f3 que solo 1 de cada 3 directivos cree que hombres y mujeres tienen las mismas oportunidades profesionales.<\/p>\n<p><strong>Te invitamos al acto de entrega de premios de esta II edici\u00f3n,<\/strong> un encuentro que no solo reconoce a las empresas m\u00e1s comprometidas con la igualdad, sino que tambi\u00e9n ofrece una mirada profunda y actual sobre:<br \/>\n\u2022 El estado real de la igualdad en nuestras organizaciones.<br \/>\n\u2022 Los retos que a\u00fan debemos superar.<br \/>\n\u2022 Las claves estrat\u00e9gicas para integrar la igualdad como motor de competitividad, sostenibilidad e innovaci\u00f3n.<\/p>\n<p>Una jornada para aprender, conectar y celebrar el liderazgo que impulsa el cambio real.<\/p>\n<p><strong>Inscr\u00edbete y forma parte de esta transformaci\u00f3n,<\/strong> porque las empresas que lideran con igualdad lideran mejor.<\/p>\n<p><strong>Programa\u00a0<\/strong><\/p>\n<p>Conductora del evento: <strong>D\u00aa Anna Estrada<\/strong>. <em>Economista y miembro del consejo del LECE<\/em><\/p>\n<p>12:00 h. Bienvenida: <strong>D\u00aa.<em>\u00a0<\/em>Beatriz Fern\u00e1ndez-Tubau.<\/strong><em>\u00a0Presidenta de la comisi\u00f3n de Igualdad. <\/em><strong>D<\/strong><strong>a<\/strong><strong>.\u00a0Mirian Izquierdo<\/strong>.<strong>\u00a0<\/strong><em>Presidenta de la Fundaci\u00f3n Woman Forward y CEO de Comerciando Global<\/em><\/p>\n<p>12:10 h. Resultados del Ranking y situaci\u00f3n de la igualdad en Espa\u00f1a. El impacto de la situaci\u00f3n geopol\u00edtica global. <strong>D<\/strong><strong>a<\/strong><strong>.\u00a0Mirian Izquierdo<\/strong>.<strong>\u00a0<\/strong><em>Presidenta de la Fundaci\u00f3n Woman Forward.<\/em><\/p>\n<p>12:20 h. Comentarios sobre el Ranking e informe de metodolog\u00eda. <em>Presidente del jurado en Catalu\u00f1a<\/em>. <strong>D.\u00a0Francesc Homs<\/strong>. <em>Presidente del Comit\u00e9 espa\u00f1ol del LECE. Presidente de INEO CORPORATE y\u00a0de Change2Grow<\/em><\/p>\n<p>12:30 h. Mesa redonda:<strong>\u00a0<em>\u201cC\u00f3mo impacta la igualdad en la competitividad de las empresas y buenas pr\u00e1cticas para alinear estrat\u00e9gicamente a la plantilla\u201d<\/em><\/strong><\/p>\n<p>Moderadora<strong>\u00a0D\u00aa. M\u00f3nica Su\u00e1rez<\/strong>.<em>\u00a0Directora del Club de Empresas de la Fundaci\u00f3n Woman Forward<\/em><\/p>\n<ul>\n<li><strong>D\u00aa. Carmen Lara, <\/strong>Responsable de Comunicaci\u00f3n Corporativa y Sostenibilidad en Bayer Espa\u00f1a<\/li>\n<li><strong>D\u00aa. Nuria Mart\u00edn Mayral, <\/strong>Gerente de Cultura y Diversidad en Caixabank<\/li>\n<li><strong>D\u00aa. Estefan\u00eda Gonz\u00e1lez Campins<\/strong><em>, <\/em>CEO de EQTIC<\/li>\n<li><strong>D\u00aa. Yolanda D\u00edaz<\/strong>, Payroll Partner en Forvis Mazars<\/li>\n<\/ul>\n<p>13:00 h.\u00a0 Entrega de premios por diferentes miembros del jurado.<\/p>\n<p>13:10 h. Clausura del evento.[\/vc_column_text][\/vc_column][\/vc_row][vc_row][vc_column width=\u00bb1\/4&#8243;][\/vc_column][vc_column width=\u00bb1\/2&#8243;][vc_btn title=\u00bbReg\u00edstrate\u00bb style=\u00bb3d\u00bb color=\u00bbdanger\u00bb size=\u00bblg\u00bb align=\u00bbcenter\u00bb button_block=\u00bbtrue\u00bb link=\u00bburl:https%3A%2F%2Fwww.foment.com%2Fes%2Finscripciones-eventos%2F%3Fidevento%3D46343F7E-24C3-4BE0-9160-EB9073DF45E9|target:_blank\u00bb][\/vc_column][vc_column width=\u00bb1\/4&#8243;][\/vc_column][\/vc_row][vc_row][vc_column width=\u00bb1\/4&#8243;][\/vc_column][vc_column width=\u00bb1\/2&#8243;]<div class=\"single_image wpb_content_element align-left    \" data-animation=\"none\" data-delay=\"0\"><img width=\"575\" height=\"138\" src=\"https:\/\/www.foment.com\/wp-content\/uploads\/2025\/06\/lece.1jpg.jpg\" class=\"attachment-full\" alt=\"\" loading=\"lazy\" title=\"lece.1jpg\" srcset=\"https:\/\/www.foment.com\/wp-content\/uploads\/2025\/06\/lece.1jpg.jpg 575w, https:\/\/www.foment.com\/wp-content\/uploads\/2025\/06\/lece.1jpg-300x72.jpg 300w\" sizes=\"(max-width: 575px) 100vw, 575px\" \/><\/div>[\/vc_column][vc_column width=\u00bb1\/4&#8243;][\/vc_column][\/vc_row]<\/p>\n<\/section>","protected":false},"author":7,"featured_media":203283,"menu_order":0,"comment_status":"closed","ping_status":"closed","template":"","meta":{"_links_to":"","_links_to_target":""},"tags":[1332,379,6073],"event_type":[2363],"event_type_2":[],"acf":[],"_links":{"self":[{"href":"https:\/\/www.foment.com\/es\/wp-json\/wp\/v2\/ajde_events\/203282"}],"collection":[{"href":"https:\/\/www.foment.com\/es\/wp-json\/wp\/v2\/ajde_events"}],"about":[{"href":"https:\/\/www.foment.com\/es\/wp-json\/wp\/v2\/types\/ajde_events"}],"author":[{"embeddable":true,"href":"https:\/\/www.foment.com\/es\/wp-json\/wp\/v2\/users\/7"}],"replies":[{"embeddable":true,"href":"https:\/\/www.foment.com\/es\/wp-json\/wp\/v2\/comments?post=203282"}],"wp:featuredmedia":[{"embeddable":true,"href":"https:\/\/www.foment.com\/es\/wp-json\/wp\/v2\/media\/203283"}],"wp:attachment":[{"href":"https:\/\/www.foment.com\/es\/wp-json\/wp\/v2\/media?parent=203282"}],"wp:term":[{"taxonomy":"post_tag","embeddable":true,"href":"https:\/\/www.foment.com\/es\/wp-json\/wp\/v2\/tags?post=203282"},{"taxonomy":"event_type","embeddable":true,"href":"https:\/\/www.foment.com\/es\/wp-json\/wp\/v2\/event_type?post=203282"},{"taxonomy":"event_type_2","embeddable":true,"href":"https:\/\/www.foment.com\/es\/wp-json\/wp\/v2\/event_type_2?post=203282"}],"curies":[{"name":"wp","href":"https:\/\/api.w.org\/{rel}","templated":true}]}}