{"id":205470,"date":"2025-09-04T11:19:01","date_gmt":"2025-09-04T09:19:01","guid":{"rendered":"https:\/\/www.foment.com\/?post_type=ajde_events&#038;p=205470"},"modified":"2025-09-04T13:32:12","modified_gmt":"2025-09-04T11:32:12","slug":"la-evolucion-de-la-marca-personal-valores-y-tecnologia-en-accion","status":"publish","type":"ajde_events","link":"https:\/\/www.foment.com\/es\/events\/la-evolucion-de-la-marca-personal-valores-y-tecnologia-en-accion\/","title":{"rendered":"La evoluci\u00f3n de la marca personal: valores y tecnolog\u00eda en acci\u00f3n"},"content":{"rendered":"<p>Te invitamos a la jornada formativa del DIH4CAT, el Digital Innovation Hub de Catalunya: <strong data-start=\"154\" data-end=\"215\">\u00abLa evoluci\u00f3n de la marca personal: valores y tecnolog\u00eda en acci\u00f3n\u00bb<\/strong>, que tendr\u00e1 lugar el martes\u00a0<strong data-start=\"237\" data-end=\"257\">23 de septiembre<\/strong> de <strong data-start=\"261\" data-end=\"280\">10:00h a 13:30h<\/strong> en la <strong data-start=\"287\" data-end=\"335\">sede de Foment (Via Laietana, 32, Barcelona)<\/strong>.<\/p>\n<p>En un mundo cada vez m\u00e1s digital, nuestra\u00a0<strong data-start=\"499\" data-end=\"517\">marca personal\u00a0<\/strong>ya no depende \u00fanicamente de lo que hacemos o decimos, sino tambi\u00e9n de c\u00f3mo lo proyectamos con coherencia, autenticidad y el uso estrat\u00e9gico de la tecnolog\u00eda.<\/p>\n<p data-start=\"340\" data-end=\"627\">Este taller ofrece una visi\u00f3n integral y pr\u00e1ctica de c\u00f3mo<strong> construir y proyectar una marca personal s\u00f3lida en la era digital<\/strong>, conectando <strong data-start=\"480\" data-end=\"510\">autoconocimiento y valores<\/strong> con <strong data-start=\"515\" data-end=\"555\">tecnolog\u00eda e inteligencia artificial<\/strong> para potenciar el posicionamiento profesional y la reputaci\u00f3n online.<\/p>\n<p data-start=\"629\" data-end=\"774\">Como ponente de la sesi\u00f3n, contaremos con <strong data-start=\"671\" data-end=\"690\">Juanita Acevedo<\/strong>, coach experta en marca personal con valores y mentora en transformaci\u00f3n digital. Su misi\u00f3n es inspirar y empoderar a las personas para que brillen con luz propia, encuentren su \u00abestrella polar\u00bb y compartan en el mundo digital todo su potencial con el m\u00e9todo MPR\u00a9. Su pasi\u00f3n es la formaci\u00f3n y es autora de los libros \u201cActitud y Acci\u00f3n\u201d, \u201cCoaching para la Acci\u00f3n\u201d y \u201cLos humanos NO somos sillas\u201d.<\/p>\n<p data-start=\"781\" data-end=\"797\"><strong data-start=\"781\" data-end=\"795\">Objetivos:<\/strong><\/p>\n<ul data-start=\"798\" data-end=\"1166\">\n<li data-start=\"798\" data-end=\"883\">Comprender la importancia de la <strong data-start=\"832\" data-end=\"850\">marca personal<\/strong> como activo profesional clave.<\/li>\n<li data-start=\"884\" data-end=\"977\">Identificar y conectar con los <strong data-start=\"917\" data-end=\"939\">valores personales<\/strong> para construir una marca aut\u00e9ntica.<\/li>\n<li data-start=\"978\" data-end=\"1070\">Explorar c\u00f3mo la <strong data-start=\"997\" data-end=\"1024\">inteligencia artificial<\/strong> puede amplificar la proyecci\u00f3n profesional.<\/li>\n<li data-start=\"1071\" data-end=\"1166\">Desarrollar un <strong data-start=\"1088\" data-end=\"1105\">plan pr\u00e1ctico<\/strong> para gestionar la marca personal con coherencia e impacto.<\/li>\n<\/ul>\n<p>&nbsp;<\/p>\n<p>Para participar en la sesi\u00f3n, es necesario registrarse en el siguiente enlace:<\/p>\n<p style=\"text-align: center;\">\u00a0 \u00a0 \u00a0 \u00a0 \u00a0 \u00a0 \u00a0 \u00a0 \u00a0 \u00a0 \u00a0 \u00a0 \u00a0 \u00a0 \u00a0 \u00a0<span style=\"color: #b51f1f;\"> \u00a0 \u00a0 \u00a0 \u00a0 \u00a0 \u00a0 \u00a0<a style=\"color: #b51f1f;\" href=\"https:\/\/eur04.safelinks.protection.outlook.com\/?url=https%3A%2F%2Fpublic-eur.mkt.dynamics.com%2Fapi%2Forgs%2F8d5eafb0-f8ac-4ccb-a7c1-a2767b978f43%2Fr%2FW5LUBUS-UkSliC5oxHsCAAoAAAA%3Fmsdynmkt_target%3D%257B%2522TargetUrl%2522%253A%2522https%25253A%25252F%25252Fwww.foment.com%25252Fes%25252Finscripciones-eventos%25252F%25253Fidevento%25253DC787D67B-5A89-F011-B4CC-000D3A66AB4B%2522%252C%2522RedirectOptions%2522%253A%257B%25221%2522%253Anull%257D%257D%26msdynmkt_digest%3DVKty4DwcE2T1VcdRGVoFhyNGSi3aXuGZZja0%252FwKFHi0%253D%26msdynmkt_secretVersion%3D7bb221762d0c46939816d3a5592b1359&amp;data=05%7C02%7CTCARRERA%40FOMENT.COM%7Cdb559c725c004c3fc0a908ddeb895abc%7Cf37c938d38654a89b99bb000c76a74bf%7C1%7C0%7C638925697419073733%7CUnknown%7CTWFpbGZsb3d8eyJFbXB0eU1hcGkiOnRydWUsIlYiOiIwLjAuMDAwMCIsIlAiOiJXaW4zMiIsIkFOIjoiTWFpbCIsIldUIjoyfQ%3D%3D%7C0%7C%7C%7C&amp;sdata=SrnURsLaa7BkvqrHB48QZrozb1Qp6T7D5Egkb6X9aME%3D&amp;reserved=0\"><strong><u>INSCRIPCI\u00d3N<\/u><\/strong><\/a><\/span><\/p>\n","protected":false},"author":279,"featured_media":205466,"menu_order":0,"comment_status":"closed","ping_status":"closed","template":"","meta":{"_links_to":"","_links_to_target":""},"tags":[],"event_type":[203],"event_type_2":[],"acf":[],"_links":{"self":[{"href":"https:\/\/www.foment.com\/es\/wp-json\/wp\/v2\/ajde_events\/205470"}],"collection":[{"href":"https:\/\/www.foment.com\/es\/wp-json\/wp\/v2\/ajde_events"}],"about":[{"href":"https:\/\/www.foment.com\/es\/wp-json\/wp\/v2\/types\/ajde_events"}],"author":[{"embeddable":true,"href":"https:\/\/www.foment.com\/es\/wp-json\/wp\/v2\/users\/279"}],"replies":[{"embeddable":true,"href":"https:\/\/www.foment.com\/es\/wp-json\/wp\/v2\/comments?post=205470"}],"wp:featuredmedia":[{"embeddable":true,"href":"https:\/\/www.foment.com\/es\/wp-json\/wp\/v2\/media\/205466"}],"wp:attachment":[{"href":"https:\/\/www.foment.com\/es\/wp-json\/wp\/v2\/media?parent=205470"}],"wp:term":[{"taxonomy":"post_tag","embeddable":true,"href":"https:\/\/www.foment.com\/es\/wp-json\/wp\/v2\/tags?post=205470"},{"taxonomy":"event_type","embeddable":true,"href":"https:\/\/www.foment.com\/es\/wp-json\/wp\/v2\/event_type?post=205470"},{"taxonomy":"event_type_2","embeddable":true,"href":"https:\/\/www.foment.com\/es\/wp-json\/wp\/v2\/event_type_2?post=205470"}],"curies":[{"name":"wp","href":"https:\/\/api.w.org\/{rel}","templated":true}]}}