{"id":208611,"date":"2025-11-06T11:06:25","date_gmt":"2025-11-06T10:06:25","guid":{"rendered":"https:\/\/www.foment.com\/?post_type=ajde_events&#038;p=208611"},"modified":"2025-11-06T11:13:39","modified_gmt":"2025-11-06T10:13:39","slug":"alia-public-ai-forum-una-infraestructura-dia-open-source-per-a-tothom","status":"publish","type":"ajde_events","link":"https:\/\/www.foment.com\/es\/events\/alia-public-ai-forum-una-infraestructura-dia-open-source-per-a-tothom\/","title":{"rendered":"ALIA Public AI Forum: Una infraestructura de IA open-source para todos"},"content":{"rendered":"<p>Durante el evento organizado en colaboraci\u00f3n con <a href=\"https:\/\/www.foment.com\/es\/\">Fomento del Trabajo Nacional<\/a>, los ponentes presentar\u00e1n la infraestructura p\u00fablica <a href=\"http:\/\/alia.gob.es\/\">de IA de ALIA<\/a> y los procesos y t\u00e9cnicas disponibles para adoptar e integrar las tecnolog\u00edas del lenguaje <a href=\"https:\/\/langtech-bsc.gitbook.io\/alia-kit\">ALIA Kit<\/a>. Las empresas del ecosistema de IA discutir\u00e1n experiencias con recursos de ALIA y se detallar\u00e1n otros ejemplos de desarrollos de IA p\u00fablica.\u00a0<a href=\"https:\/\/form.typeform.com\/to\/qQujdATR\">Une a nosotros<\/a> para descubrir c\u00f3mo utilizar e integrar los modelos y recursos de IA p\u00fablica de ALIA.<\/p>\n<p><strong><u>Introducci\u00f3n<\/u><\/strong><\/p>\n<p>09:30h &#8211; 09:40h: Bienvenida a cargo de <strong>Mariona Sanz, <\/strong>Innovation &amp; Business Development Department<strong>, <\/strong>director<strong>.<\/strong><\/p>\n<p>09:40h &#8211; 09:55h: <strong>Mar\u00eda Jes\u00fas Mart\u00edn Mart\u00edn. <\/strong>Directora de Gobernanza y Planificaci\u00f3n de la IA de la Secretar\u00eda Direcci\u00f3n General de Inteligencia Artificial.<\/p>\n<p>10:00-10:20h <strong>Marta Villegas (BSC-CNS)<\/strong>: La infraestructura ALIA, IA p\u00fablica y <em>open-access<\/em> para todos.<\/p>\n<p><strong><u>10:20h &#8211; 11:20h. Panel de integraci\u00f3n: Uso de la tecnolog\u00eda ALIA (ESP)<\/u><\/strong><\/p>\n<ol>\n<li>Miguel Javierre, Etiqmedia.<\/li>\n<li>Joseba Laka, Tecnalia<\/li>\n<li>Por confirmar, 1MillionBot<\/li>\n<\/ol>\n<p><strong><u>11:20-11:40: Pausa caf\u00e9<\/u><\/strong><\/p>\n<p><strong><u>11:40-12:00h. Instalaciones de IA y Supercomputaci\u00f3n (ESP)<\/u><\/strong><\/p>\n<ol>\n<li>11:40 &#8211; 11:55: <strong>Santi Gallardo:<\/strong> Descubriendo oportunidades a trav\u00e9s del BSC AI Factor<\/li>\n<li>11:55 &#8211; 12:00h: Q+A<\/li>\n<\/ol>\n<p><strong><u>12h-13h. Casos de \u00e9xito: \u00abIA p\u00fablica en Europa\u00bb (CAT)<\/u><\/strong><\/p>\n<p>12:15h-12:30h: Iniciativa P\u00fablica de IA. Acceso p\u00fablico e IA soberana: <strong>Joshua Tan<\/strong><\/p>\n<p><strong>12:30-13h. Q &amp; A y cierre.<\/strong><\/p>\n<p><strong>13:00-14:00 C\u00f3ctel de networking<\/strong><\/p>\n<p>&nbsp;<\/p>\n","protected":false},"author":9,"featured_media":-1,"menu_order":0,"comment_status":"closed","ping_status":"closed","template":"","meta":{"_links_to":"","_links_to_target":""},"tags":[],"event_type":[203],"event_type_2":[],"acf":[],"_links":{"self":[{"href":"https:\/\/www.foment.com\/es\/wp-json\/wp\/v2\/ajde_events\/208611"}],"collection":[{"href":"https:\/\/www.foment.com\/es\/wp-json\/wp\/v2\/ajde_events"}],"about":[{"href":"https:\/\/www.foment.com\/es\/wp-json\/wp\/v2\/types\/ajde_events"}],"author":[{"embeddable":true,"href":"https:\/\/www.foment.com\/es\/wp-json\/wp\/v2\/users\/9"}],"replies":[{"embeddable":true,"href":"https:\/\/www.foment.com\/es\/wp-json\/wp\/v2\/comments?post=208611"}],"wp:featuredmedia":[{"embeddable":true,"href":"https:\/\/www.foment.com\/es\/wp-json\/"}],"wp:attachment":[{"href":"https:\/\/www.foment.com\/es\/wp-json\/wp\/v2\/media?parent=208611"}],"wp:term":[{"taxonomy":"post_tag","embeddable":true,"href":"https:\/\/www.foment.com\/es\/wp-json\/wp\/v2\/tags?post=208611"},{"taxonomy":"event_type","embeddable":true,"href":"https:\/\/www.foment.com\/es\/wp-json\/wp\/v2\/event_type?post=208611"},{"taxonomy":"event_type_2","embeddable":true,"href":"https:\/\/www.foment.com\/es\/wp-json\/wp\/v2\/event_type_2?post=208611"}],"curies":[{"name":"wp","href":"https:\/\/api.w.org\/{rel}","templated":true}]}}