{"id":209165,"date":"2025-11-10T11:56:40","date_gmt":"2025-11-10T10:56:40","guid":{"rendered":"https:\/\/www.foment.com\/events\/women-in-progress-lideratge-femeni-copy\/"},"modified":"2025-11-14T12:19:44","modified_gmt":"2025-11-14T11:19:44","slug":"women-in-progress-lideratge-femeni-copy","status":"publish","type":"ajde_events","link":"https:\/\/www.foment.com\/es\/events\/women-in-progress-lideratge-femeni-copy\/","title":{"rendered":"Women in Progress \u2013 Liderar el cambio: buenas pr\u00e1cticas para una empresa m\u00e1s inclusiva"},"content":{"rendered":"<section class=\"wpb-content-wrapper\"><p>[vc_row][vc_column][vc_column_text]<\/p>\n<div>\n<h1 style=\"text-align: center;\"><strong><span style=\"color: #d2122d;\"><br \/>\nLiderar el cambio: buenas pr\u00e1cticas para una empresa m\u00e1s inclusiva<\/span><\/strong><\/h1>\n<p>&nbsp;<\/p>\n<\/div>\n<div>\n<p>Foment del Treball junto con la Comisi\u00f3n de Igualdad, tiene el placer de invitarte a un desayuno dedicado al <strong>liderazgo inclusivo en sectores tradicionalmente masculinizados. Un<\/strong>\u00a0espacio para conocer de primera mano las <strong>buenas pr\u00e1cticas de empresas que est\u00e1n transformando su cultura<\/strong> hacia modelos m\u00e1s igualitarios y sostenibles.<\/p>\n<p>En este encuentro compartiremos experiencias reales de organizaciones que han dado pasos concretos para <strong>promover la diversidad, reducir las brechas internas e impulsar el talento <\/strong>dentro de sectores donde hist\u00f3ricamente las mujeres han tenido menos presencia.<\/p>\n<\/div>\n<table style=\"border-collapse: collapse; width: 100%; height: 326px;\">\n<tbody>\n<tr style=\"height: 190px;\">\n<td style=\"width: 12.822%; height: 190px;\">&nbsp;<\/p>\n<p>&nbsp;<\/p>\n<p>&nbsp;<\/td>\n<td style=\"width: 72.043%; height: 190px;\"><a href=\"https:\/\/www.foment.com\/wp-content\/uploads\/2025\/11\/ponents-sectors.png\"><img loading=\"lazy\" class=\"aligncenter wp-image-209504 size-full\" src=\"https:\/\/www.foment.com\/wp-content\/uploads\/2025\/11\/ponents-sectors.png\" alt=\"\" width=\"839\" height=\"284\" srcset=\"https:\/\/www.foment.com\/wp-content\/uploads\/2025\/11\/ponents-sectors.png 839w, https:\/\/www.foment.com\/wp-content\/uploads\/2025\/11\/ponents-sectors-300x102.png 300w, https:\/\/www.foment.com\/wp-content\/uploads\/2025\/11\/ponents-sectors-768x260.png 768w\" sizes=\"(max-width: 839px) 100vw, 839px\" \/><\/a><\/td>\n<td style=\"width: 15.1349%; height: 190px;\"><\/td>\n<\/tr>\n<tr style=\"height: 136px;\">\n<td style=\"width: 12.822%; height: 136px;\" colspan=\"3\">\n<p style=\"text-align: left;\">Una sesi\u00f3n para inspirar, aprender y avanzar hacia empresas m\u00e1s conscientes e igualitarias.\u00a0 \u00a0<span style=\"text-align: start;\">\u00a0<\/span><\/p>\n<p style=\"text-align: center;\"><span style=\"text-align: start;\">\u00a0\u00a0<\/span>\ud83d\udcc5<span style=\"font-family: inherit; font-size: inherit;\"><strong> Fecha:<\/strong> 19 de noviembre de 2025<\/span><\/p>\n<p style=\"text-align: center;\">\u00a0 <strong>\u00a0 \u23f0 Horario:<\/strong> de 09:00 a 11:00<\/p>\n<p style=\"text-align: center;\">\u00a0 \u00a0<strong>\ud83d\udccd Lugar:<\/strong>\u00a0Foment del Treball<\/p>\n<\/td>\n<\/tr>\n<\/tbody>\n<\/table>\n<h2 style=\"text-align: center;\"><strong><span style=\"color: #d2122d;\">Agenda<\/span><\/strong><\/h2>\n<div>\n<table>\n<tbody>\n<tr>\n<td>\n<table style=\"width: 267.705%;\" width=\"100%\">\n<tbody>\n<tr>\n<td style=\"width: 100%;\" width=\"600\">\n<table width=\"100%\">\n<tbody>\n<tr>\n<td><span style=\"color: #d2112d;\"><strong>09:00 \u2013 09:10 Bienvenida y presentaci\u00f3n<br \/>\n<\/strong><\/span><span style=\"color: #000000;\"><span style=\"color: #000000;\">A cargo de la <strong>Patricia Montserrat<\/strong>, directora del programa del primer programa de liderazgo femenino en Catalu\u00f1a, dar\u00e1 la bienvenida al Women in Progress.<\/span><\/span><span style=\"color: #d2112d;\"><strong>09:10 \u2013 10:15 Di\u00e1logo y debate participativo<\/strong><\/span><br \/>\n<strong><em>Liderar el cambio: buenas pr\u00e1cticas para una empresa m\u00e1s inclusiva<br \/>\n<\/em><\/strong>La mesa redonda reunir\u00e1 a cuatro representantes de diferentes sectores profesionales que compartir\u00e1n c\u00f3mo han impulsado programas internos para fomentar la igualdad, las barreras que han encontrado y c\u00f3mo han liderado el cambio dentro de sus organizaciones.<\/p>\n<ul>\n<li><strong>Maria Gal\u00e1n, <\/strong>Directora General Adjunta de<strong> Fiatc Mutua de Seguros<br \/>\nSeguros <\/strong>&#8211; Con una participaci\u00f3n equilibrada entre hombres y mujeres, el reto sigue siendo aumentar la presencia femenina en los niveles de decisi\u00f3n.<\/li>\n<li><strong>Rosa Garcia, <\/strong>Directora RRHH &amp; HS de <strong>Gonvarri Barcelona<br \/>\nMetall &#8211; <\/strong>Sector con baja presencia de mujeres, especialmente en roles t\u00e9cnicos y de mando, que trabaja para romper estereotipos y avanzar hacia la igualdad real.<\/li>\n<li><strong>V\u00edctor Obach, <\/strong>Presidente Comisi\u00f3n de Igualdad CDM del <strong>Hospital Cl\u00ednico<br \/>\nSanidad &#8211; <\/strong>A pesar de ser un sector con una fuerte presencia femenina, las mujeres siguen teniendo poca representaci\u00f3n en cargos de direcci\u00f3n y liderazgo.<\/li>\n<li><strong>Susanna Vida, <\/strong>Desarrollo y Comunicaci\u00f3n interna de <strong>Moventia<br \/>\nTransporte &#8211; <\/strong>Un \u00e1mbito todav\u00eda muy masculinizado, donde las iniciativas para fomentar la presencia femenina y el liderazgo inclusivo empiezan a ganar espacio.<\/li>\n<\/ul>\n<p>Una conversaci\u00f3n inspiradora para activar liderazgos transformadores moderada por <strong>Anna Ach\u00f3n<\/strong><\/p>\n<p><span style=\"color: #d2112d;\"><strong>10:15 \u2013 10.30 Conclusiones y turno de preguntas<\/strong><\/span><\/p>\n<p><span style=\"color: #d2112d;\"><strong>10.30 \u2013 11 Desayuno &amp; networking<\/strong><\/span><br \/>\nEspacio final para conectar, intercambiar ideas y continuar construyendo alianzas entre profesionales y empresas comprometidas con la igualdad.<\/td>\n<\/tr>\n<\/tbody>\n<\/table>\n<\/td>\n<\/tr>\n<\/tbody>\n<\/table>\n<\/td>\n<\/tr>\n<\/tbody>\n<\/table>\n<\/div>\n<p>[\/vc_column_text][\/vc_column][\/vc_row][vc_row][vc_column width=\u00bb1\/3&#8243;][\/vc_column][vc_column width=\u00bb1\/3&#8243;][vc_btn title=\u00bbInscr\u00edbete\u00bb style=\u00bb3d\u00bb color=\u00bbdanger\u00bb align=\u00bbcenter\u00bb button_block=\u00bbtrue\u00bb link=\u00bburl:https%3A%2F%2Fwww.foment.com%2Fes%2Finscripciones-eventos%2F%3Fidevento%3DA9591988-16BE-F011-BBD3-000D3AB45BF4|target:_blank\u00bb][\/vc_column][vc_column width=\u00bb1\/3&#8243;][\/vc_column][\/vc_row]<\/p>\n<\/section>","protected":false},"author":7,"featured_media":209120,"menu_order":0,"comment_status":"closed","ping_status":"closed","template":"","meta":{"_links_to":"","_links_to_target":""},"tags":[7772,8261,4749,8896,8897],"event_type":[590],"event_type_2":[],"acf":[],"_links":{"self":[{"href":"https:\/\/www.foment.com\/es\/wp-json\/wp\/v2\/ajde_events\/209165"}],"collection":[{"href":"https:\/\/www.foment.com\/es\/wp-json\/wp\/v2\/ajde_events"}],"about":[{"href":"https:\/\/www.foment.com\/es\/wp-json\/wp\/v2\/types\/ajde_events"}],"author":[{"embeddable":true,"href":"https:\/\/www.foment.com\/es\/wp-json\/wp\/v2\/users\/7"}],"replies":[{"embeddable":true,"href":"https:\/\/www.foment.com\/es\/wp-json\/wp\/v2\/comments?post=209165"}],"wp:featuredmedia":[{"embeddable":true,"href":"https:\/\/www.foment.com\/es\/wp-json\/wp\/v2\/media\/209120"}],"wp:attachment":[{"href":"https:\/\/www.foment.com\/es\/wp-json\/wp\/v2\/media?parent=209165"}],"wp:term":[{"taxonomy":"post_tag","embeddable":true,"href":"https:\/\/www.foment.com\/es\/wp-json\/wp\/v2\/tags?post=209165"},{"taxonomy":"event_type","embeddable":true,"href":"https:\/\/www.foment.com\/es\/wp-json\/wp\/v2\/event_type?post=209165"},{"taxonomy":"event_type_2","embeddable":true,"href":"https:\/\/www.foment.com\/es\/wp-json\/wp\/v2\/event_type_2?post=209165"}],"curies":[{"name":"wp","href":"https:\/\/api.w.org\/{rel}","templated":true}]}}