{"id":209331,"date":"2025-11-19T11:42:41","date_gmt":"2025-11-19T10:42:41","guid":{"rendered":"https:\/\/www.foment.com\/?post_type=ajde_events&#038;p=209331"},"modified":"2025-11-19T11:42:41","modified_gmt":"2025-11-19T10:42:41","slug":"implantacion-de-la-ley-de-fp-y-la-corresponsabilidad-de-la-empresa-en-la-formacion","status":"publish","type":"ajde_events","link":"https:\/\/www.foment.com\/es\/events\/implantacion-de-la-ley-de-fp-y-la-corresponsabilidad-de-la-empresa-en-la-formacion\/","title":{"rendered":"Implantaci\u00f3n de la Ley de FP y la corresponsabilidad de la empresa en la formaci\u00f3n"},"content":{"rendered":"<p>La dualizaci\u00f3n del sistema de la Formaci\u00f3n Profesional planteada en el nuevo marco normativo marca el reto de potenciar de forma efectiva la colaboraci\u00f3n entre los actores del sistema para garantizar un modelo de formaci\u00f3n que d\u00e9 respuesta a las necesidades de las personas, las empresas y los centros.<\/p>\n<p>La participaci\u00f3n de las empresas en la FP siempre ha sido clave como m\u00e9todo de captaci\u00f3n y generaci\u00f3n de talento, creaci\u00f3n de una cultura de la formaci\u00f3n dentro de la empresa y tambi\u00e9n como muestra de compromiso y responsabilidad social.<\/p>\n<p>Conscientes de la necesidad de transmitir un mensaje esclarecedor y alentador para fomentar la participaci\u00f3n de las empresas en la FP y destacar los cambios producidos en los centros, Fomento del Trabajo en colaboraci\u00f3n con el Centro Metal\u00fargico y Jaume Viladoms Formaci\u00f3n Profesional Integrada co-organizamos la jornada \u00abImplantaci\u00f3n de la Ley de FP y la corresponsabilidad de la empresa en la formaci\u00f3n\u00bb en la ciudad de Sabadell.<\/p>\n<p><strong>Esta jornada forma parte de los Planes de Formaci\u00f3n del \u00e1mbito de Catalu\u00f1a, dirigidos a la capacitaci\u00f3n para el desarrollo de las funciones relacionadas con el di\u00e1logo social y la negociaci\u00f3n colectiva. Expediente n\u00fam. STC074\/24\/000001<\/strong>.<\/p>\n<p>&nbsp;<\/p>\n<p><strong>9:30 h. Recepci\u00f3n y acreditaci\u00f3n<\/strong><\/p>\n<p><strong>9:45 h. Desayuno y networking<\/strong><\/p>\n<p><strong>10:00 h. Bienvenida institucional y presentaci\u00f3n<\/strong><\/p>\n<p><strong>Manuel Rosillo, <\/strong>Presidente de la Comisi\u00f3n de Formaci\u00f3n de Fomento del Trabajo<\/p>\n<p><strong>Montse Vilanova, <\/strong>Directora General Centro Metal\u00fargico<\/p>\n<p><strong>10:15 h. Valor del desarrollo de la Ley de FP y aspectos que concretan la corresponsabilidad de la empresa en la formaci\u00f3n<\/strong><\/p>\n<ol>\n<li><strong>Oriol Homs<\/strong>, soci\u00f3logo investigador y asesor especializado en formaci\u00f3n y mercado de trabajo<\/li>\n<\/ol>\n<p><strong>11:00 h. Experiencias de corresponsabilidad compartida entre centros y empresas<\/strong><\/p>\n<p><strong>Presentaci\u00f3n y dinamizaci\u00f3n: Xoan Carlos Cuesta, Director <\/strong>Jaume Viladoms Formaci\u00f3n Profesional Integrada<\/p>\n<p><strong>12:00 h. Clausura <\/strong><\/p>\n<p><strong>Montse Vilanova, <\/strong>Directora General Centro Metal\u00fargico<\/p>\n<p>&nbsp;<\/p>\n<table style=\"border-collapse: collapse; width: 100%;\">\n<tbody>\n<tr>\n<td style=\"width: 33.3333%;\"><\/td>\n<td style=\"width: 33.3333%;\">\n<p style=\"text-align: center;\"><span style=\"color: #d2112d;\"><a style=\"color: #d2112d;\" href=\"https:\/\/www.foment.com\/es\/inscripciones-eventos\/?idevento=B50FE1E0-C1BF-F011-BBD3-000D3AB45BF4\" target=\"_blank\" rel=\"noopener\"><strong>Inscripciones<\/strong><\/a><\/span><\/p>\n<\/td>\n<td style=\"width: 33.3333%;\"><\/td>\n<\/tr>\n<\/tbody>\n<\/table>\n","protected":false},"author":298,"featured_media":209332,"menu_order":0,"comment_status":"closed","ping_status":"closed","template":"","meta":{"_links_to":"","_links_to_target":""},"tags":[],"event_type":[597],"event_type_2":[],"acf":[],"_links":{"self":[{"href":"https:\/\/www.foment.com\/es\/wp-json\/wp\/v2\/ajde_events\/209331"}],"collection":[{"href":"https:\/\/www.foment.com\/es\/wp-json\/wp\/v2\/ajde_events"}],"about":[{"href":"https:\/\/www.foment.com\/es\/wp-json\/wp\/v2\/types\/ajde_events"}],"author":[{"embeddable":true,"href":"https:\/\/www.foment.com\/es\/wp-json\/wp\/v2\/users\/298"}],"replies":[{"embeddable":true,"href":"https:\/\/www.foment.com\/es\/wp-json\/wp\/v2\/comments?post=209331"}],"wp:featuredmedia":[{"embeddable":true,"href":"https:\/\/www.foment.com\/es\/wp-json\/wp\/v2\/media\/209332"}],"wp:attachment":[{"href":"https:\/\/www.foment.com\/es\/wp-json\/wp\/v2\/media?parent=209331"}],"wp:term":[{"taxonomy":"post_tag","embeddable":true,"href":"https:\/\/www.foment.com\/es\/wp-json\/wp\/v2\/tags?post=209331"},{"taxonomy":"event_type","embeddable":true,"href":"https:\/\/www.foment.com\/es\/wp-json\/wp\/v2\/event_type?post=209331"},{"taxonomy":"event_type_2","embeddable":true,"href":"https:\/\/www.foment.com\/es\/wp-json\/wp\/v2\/event_type_2?post=209331"}],"curies":[{"name":"wp","href":"https:\/\/api.w.org\/{rel}","templated":true}]}}