{"id":209602,"date":"2025-11-18T13:59:59","date_gmt":"2025-11-18T12:59:59","guid":{"rendered":"https:\/\/www.foment.com\/?post_type=ajde_events&#038;p=209602"},"modified":"2025-11-19T13:15:13","modified_gmt":"2025-11-19T12:15:13","slug":"la-evolucion-de-la-marca-personal-valores-y-tecnologia-en-accion-parte-ii","status":"publish","type":"ajde_events","link":"https:\/\/www.foment.com\/es\/events\/la-evolucion-de-la-marca-personal-valores-y-tecnologia-en-accion-parte-ii\/","title":{"rendered":"La evoluci\u00f3n de la Marca Personal: Valores y tecnolog\u00eda en acci\u00f3n (parte II)"},"content":{"rendered":"<section class=\"wpb-content-wrapper\"><p>[vc_row][vc_column][vc_column_text]Te invitamos a la jornada formativa del DIH4CAT, el Digital Innovation Hub de Catalunya:\u00a0<strong data-start=\"154\" data-end=\"215\">\u00abLa evoluci\u00f3n de la marca personal: valores y tecnolog\u00eda en acci\u00f3n\u00bb<\/strong>, que tendr\u00e1 lugar el lunes\u00a0<strong data-start=\"237\" data-end=\"257\">1 de diciembre\u00a0<\/strong>de\u00a0<strong data-start=\"261\" data-end=\"280\">10:00h a 13:30h<\/strong>\u00a0en la\u00a0<strong data-start=\"287\" data-end=\"335\">sede de Foment (Via Laietana, 32, Barcelona)<\/strong>.<\/p>\n<p><u><\/u>En un mundo cada vez m\u00e1s digital, nuestra\u00a0<strong data-start=\"499\" data-end=\"517\">marca personal\u00a0<\/strong>ya no depende \u00fanicamente de lo que hacemos o decimos, sino tambi\u00e9n de\u00a0c\u00f3mo lo proyectamos con coherencia, autenticidad y el uso estrat\u00e9gico de la tecnolog\u00eda.<\/p>\n<p data-start=\"340\" data-end=\"627\">Este taller ofrece una visi\u00f3n integral y pr\u00e1ctica de c\u00f3mo\u00a0construir y proyectar una marca personal s\u00f3lida en la era digital, conectando\u00a0<strong data-start=\"480\" data-end=\"510\">autoconocimiento y valores<\/strong>\u00a0con\u00a0<strong data-start=\"515\" data-end=\"555\">tecnolog\u00eda e inteligencia artificial<\/strong>\u00a0para potenciar el posicionamiento profesional y la reputaci\u00f3n online.<\/p>\n<p data-start=\"629\" data-end=\"774\">Como ponente de la sesi\u00f3n, contaremos con\u00a0<strong data-start=\"671\" data-end=\"690\">Juanita Acevedo<\/strong>, coach experta en marca personal con valores y mentora en transformaci\u00f3n digital. Su misi\u00f3n es inspirar y empoderar a las personas para que brillen con luz propia, encuentren su \u00abestrella polar\u00bb y compartan en el mundo digital todo su potencial con el m\u00e9todo MPR\u00a9. Su pasi\u00f3n es la formaci\u00f3n y es autora de los libros \u201cActitud y Acci\u00f3n\u201d, \u201cCoaching para la Acci\u00f3n\u201d y \u201cLos humanos NO somos sillas\u201d.<\/p>\n<p data-start=\"781\" data-end=\"797\"><strong data-start=\"781\" data-end=\"795\">Contenidos:<\/strong><\/p>\n<ul data-start=\"798\" data-end=\"1166\">\n<li data-start=\"798\" data-end=\"883\">\n<p data-start=\"800\" data-end=\"883\">La irrupci\u00f3n de la IA\u00a0en el posicionamiento personal<\/p>\n<\/li>\n<li data-start=\"798\" data-end=\"883\">\n<p data-start=\"800\" data-end=\"883\">Herramientas para potenciar visibilidad, networking y contenido.<\/p>\n<\/li>\n<li data-start=\"798\" data-end=\"883\">\n<p data-start=\"800\" data-end=\"883\">Riesgos: autenticidad vs. automatizaci\u00f3n.<\/p>\n<\/li>\n<li data-start=\"798\" data-end=\"883\">\n<p data-start=\"800\" data-end=\"883\">Mini canvas de Marca Personal | Perfil Profesional<\/p>\n<\/li>\n<\/ul>\n<div><\/div>\n<div>Para participar en la sesi\u00f3n, es necesario registrarse en el siguiente enlace:<\/div>\n<div><\/div>\n<p><a href=\"https:\/\/www.foment.com\/es\/inscripciones-eventos\/?idevento=90C7F6E1-B8B4-F011-BBD3-000D3AB45112\">[\/vc_column_text][\/vc_column][\/vc_row][vc_row][vc_column width=\u00bb1\/1&#8243;][vc_btn title=\u00bbINSCRIPCI\u00d3N\u00bb color=\u00bbdanger\u00bb align=\u00bbcenter\u00bb button_block=\u00bbtrue\u00bb link=\u00bburl:https%3A%2F%2Fwww.foment.com%2Fes%2Finscripciones-eventos%2F%3Fidevento%3D90C7F6E1-B8B4-F011-BBD3-000D3AB45112&#8243;][\/vc_column][\/vc_row][vc_row][vc_column][vc_column_text]<\/a>[\/vc_column_text][\/vc_column][\/vc_row]<\/p>\n<\/section>","protected":false},"author":9,"featured_media":-1,"menu_order":0,"comment_status":"closed","ping_status":"closed","template":"","meta":{"_links_to":"","_links_to_target":""},"tags":[],"event_type":[203],"event_type_2":[],"acf":[],"_links":{"self":[{"href":"https:\/\/www.foment.com\/es\/wp-json\/wp\/v2\/ajde_events\/209602"}],"collection":[{"href":"https:\/\/www.foment.com\/es\/wp-json\/wp\/v2\/ajde_events"}],"about":[{"href":"https:\/\/www.foment.com\/es\/wp-json\/wp\/v2\/types\/ajde_events"}],"author":[{"embeddable":true,"href":"https:\/\/www.foment.com\/es\/wp-json\/wp\/v2\/users\/9"}],"replies":[{"embeddable":true,"href":"https:\/\/www.foment.com\/es\/wp-json\/wp\/v2\/comments?post=209602"}],"wp:featuredmedia":[{"embeddable":true,"href":"https:\/\/www.foment.com\/es\/wp-json\/"}],"wp:attachment":[{"href":"https:\/\/www.foment.com\/es\/wp-json\/wp\/v2\/media?parent=209602"}],"wp:term":[{"taxonomy":"post_tag","embeddable":true,"href":"https:\/\/www.foment.com\/es\/wp-json\/wp\/v2\/tags?post=209602"},{"taxonomy":"event_type","embeddable":true,"href":"https:\/\/www.foment.com\/es\/wp-json\/wp\/v2\/event_type?post=209602"},{"taxonomy":"event_type_2","embeddable":true,"href":"https:\/\/www.foment.com\/es\/wp-json\/wp\/v2\/event_type_2?post=209602"}],"curies":[{"name":"wp","href":"https:\/\/api.w.org\/{rel}","templated":true}]}}