{"id":210391,"date":"2025-11-26T14:03:06","date_gmt":"2025-11-26T13:03:06","guid":{"rendered":"https:\/\/www.foment.com\/events\/demografia-i-empresa-cap-a-un-nou-pacte-social\/"},"modified":"2025-12-02T09:54:46","modified_gmt":"2025-12-02T08:54:46","slug":"demografia-i-empresa-cap-a-un-nou-pacte-social","status":"publish","type":"ajde_events","link":"https:\/\/www.foment.com\/es\/events\/demografia-i-empresa-cap-a-un-nou-pacte-social\/","title":{"rendered":"Demografia y empresa: hacia un nuevo pacto social"},"content":{"rendered":"<p>Acto conducido por la\u00a0<strong>Sra. Carmen Marodo,<\/strong>\u00a0periodista<\/p>\n<p><span style=\"color: #d2112d;\"><strong>18:00 Intervenciones iniciales:<\/strong><\/span><\/p>\n<ul>\n<li><strong>Sr.\u00a0<\/strong><strong>\u00a0Josep S\u00e1nchez Llibre<\/strong>, presidente de la Sociedad Barcelonesa de Estudios Sociales y Econ\u00f3micos de Foment del Treball (SBEES)<\/li>\n<li><strong>Sr. Antonio Garamendi Lecanda<\/strong>, presidente de la CEOE<\/li>\n<\/ul>\n<p><span style=\"color: #d2112d;\"><strong>Intervenci\u00f3n central:<\/strong><\/span><\/p>\n<p>Exposici\u00f3n de las conclusiones del informe: \u00abDemograf\u00eda y empresa\u00bb a cargo del<br \/>\n<strong>Sr. Juan Francisco Caro<\/strong>, director de Opina 360 y coordinador del informe<\/p>\n<p><span style=\"color: #d2112d;\"><strong>18:30 Mesa redonda:<\/strong><\/span><\/p>\n<p>Modera el <strong>Excmo. Sr. Alberto Ruiz-Gallard\u00f3n Jim\u00e9nez<\/strong>, abogado, exministro, expresidente de la Comunidad de Madrid y exalcalde de Madrid<\/p>\n<p><strong>PONENTES<\/strong><\/p>\n<ul>\n<li><strong>Sr. Jos\u00e9 Ignacio Conde Ru\u00edz,<\/strong>\u00a0director general de FEDEA, Doctor en Economia por la Universidad Carlos III de Madrid (con Premio Extraordinario), Catedr\u00e1tico de Fundamentos de An\u00e1lisis Econ\u00f3micos en la Universidad Complutense de Madrid y subdirector de la Fundaci\u00f3n de Estudios de Econom\u00eda Aplicada (FEDEA)<\/li>\n<li><strong>Sra.<\/strong>\u00a0<strong>Pilar Cernuda<\/strong>, periodista y miembro del comit\u00e9 editorial de la publicaci\u00f3n 65 y m\u00e1s.<\/li>\n<li><strong>Sr. Manuel Arias Maldonado<\/strong>, Catedr\u00e1tico de Ciencia Pol\u00edtica en la Universidad de M\u00e1laga y escritor.<\/li>\n<\/ul>\n<p><span style=\"color: #d2112d;\"><strong>19:30h<\/strong>\u00a0<strong>Finalizaci\u00f3n del acto\u00a0\u00a0<\/strong><\/span><\/p>\n<p style=\"text-align: center;\"><a href=\"https:\/\/forms.office.com\/Pages\/ResponsePage.aspx?id=jZN882U4iUq5m7AAx2p0v7SyT4lKmVBJqLH8BU8ZyV5UQ0sxQVhZMTVQREU3MFU3RExVUTM2V1E2QS4u\"><span style=\"color: #d2112d;\"><strong>INSCRIPCI\u00d3<\/strong><\/span><\/a><\/p>\n","protected":false},"author":9,"featured_media":210393,"menu_order":0,"comment_status":"closed","ping_status":"closed","template":"","meta":{"_links_to":"","_links_to_target":""},"tags":[],"event_type":[7279],"event_type_2":[],"acf":[],"_links":{"self":[{"href":"https:\/\/www.foment.com\/es\/wp-json\/wp\/v2\/ajde_events\/210391"}],"collection":[{"href":"https:\/\/www.foment.com\/es\/wp-json\/wp\/v2\/ajde_events"}],"about":[{"href":"https:\/\/www.foment.com\/es\/wp-json\/wp\/v2\/types\/ajde_events"}],"author":[{"embeddable":true,"href":"https:\/\/www.foment.com\/es\/wp-json\/wp\/v2\/users\/9"}],"replies":[{"embeddable":true,"href":"https:\/\/www.foment.com\/es\/wp-json\/wp\/v2\/comments?post=210391"}],"wp:featuredmedia":[{"embeddable":true,"href":"https:\/\/www.foment.com\/es\/wp-json\/wp\/v2\/media\/210393"}],"wp:attachment":[{"href":"https:\/\/www.foment.com\/es\/wp-json\/wp\/v2\/media?parent=210391"}],"wp:term":[{"taxonomy":"post_tag","embeddable":true,"href":"https:\/\/www.foment.com\/es\/wp-json\/wp\/v2\/tags?post=210391"},{"taxonomy":"event_type","embeddable":true,"href":"https:\/\/www.foment.com\/es\/wp-json\/wp\/v2\/event_type?post=210391"},{"taxonomy":"event_type_2","embeddable":true,"href":"https:\/\/www.foment.com\/es\/wp-json\/wp\/v2\/event_type_2?post=210391"}],"curies":[{"name":"wp","href":"https:\/\/api.w.org\/{rel}","templated":true}]}}