{"id":210861,"date":"2025-12-01T13:09:30","date_gmt":"2025-12-01T12:09:30","guid":{"rendered":"https:\/\/www.foment.com\/events\/com-fomentar-la-participacio-de-les-empreses-en-la-formacio-des-dels-centres\/"},"modified":"2025-12-10T17:36:18","modified_gmt":"2025-12-10T16:36:18","slug":"com-fomentar-la-participacio-de-les-empreses-en-la-formacio-des-dels-centres","status":"publish","type":"ajde_events","link":"https:\/\/www.foment.com\/es\/events\/com-fomentar-la-participacio-de-les-empreses-en-la-formacio-des-dels-centres\/","title":{"rendered":"Novetats Contractes per a la Formaci\u00f3 i bones pr\u00e0ctiques dels serveis del sistema FPcat"},"content":{"rendered":"<p>La dualizaci\u00f3n del sistema de la Formaci\u00f3n Profesional planteada en el nuevo marco normativo marca el reto de potenciar de forma efectiva la colaboraci\u00f3n entre los actores del sistema para garantizar un modelo de formaci\u00f3n que d\u00e9 respuesta a las necesidades de las personas, las empresas y los centros.<\/p>\n<p>La participaci\u00f3n de las empresas en la FP siempre ha sido clave como m\u00e9todo de captaci\u00f3n y generaci\u00f3n de talento, creaci\u00f3n de una cultura de la formaci\u00f3n dentro de la empresa y tambi\u00e9n como muestra de compromiso y responsabilidad social.<\/p>\n<p>Conscientes de la necesidad de transmitir un mensaje esclarecedor y alentador para fomentar la participaci\u00f3n de las empresas en Fomento del Trabajo organizamos la jornada \u00abC\u00f3mo fomentar la participaci\u00f3n de las empresas en la formaci\u00f3n desde los Centros\u00bb. Esta jornada se realiza de forma exclusivamente online.<\/p>\n<p><strong>Esta jornada forma parte de los Planes de Formaci\u00f3n del \u00e1mbito de Catalu\u00f1a, dirigidos a la capacitaci\u00f3n para el desarrollo de las funciones relacionadas con el di\u00e1logo social y la negociaci\u00f3n colectiva. Expediente n\u00fam. STC074\/24\/000001<\/strong>.<\/p>\n<p>&nbsp;<\/p>\n<p style=\"text-align: center;\"><span style=\"color: #d2112d; font-size: 18px;\"><strong>PROGRAMA<\/strong><\/span><\/p>\n<p>&nbsp;<\/p>\n<p><strong><span style=\"color: #d2112d;\">11:00 h.<\/span>\u00a0Bienvenida institucional y presentaci\u00f3n<\/strong><\/p>\n<ul>\n<li><strong>Sr. Manuel Rosillo, <\/strong>Presidente de la Comisi\u00f3n de Formaci\u00f3n de Fomento del Trabajo<\/li>\n<\/ul>\n<p><strong><span style=\"color: #d2112d;\">11:10 h.<\/span>\u00a0Actualizaci\u00f3n de la normativa de los contratos formativos<\/strong><\/p>\n<ul>\n<li><strong>Sr. Fernando Barbancho Tovillas, <\/strong>profesor de Derecho del Trabajo y de la Seguridad Social de la Universidad de Barcelona<\/li>\n<\/ul>\n<p><strong><span style=\"color: #d2112d;\">11:40 h.<\/span>\u00a0El acompa\u00f1amiento de los centros para atraer a las empresas. Experiencias de buenas pr\u00e1cticas<\/strong><\/p>\n<ul>\n<li><strong>Acreditaci\u00f3n de competencias &#8211; <\/strong>Instituto Pere Martell de Tarragona<\/li>\n<li><strong>Seguimiento de la empresa para acoger alumnos en DUAL &#8211; <\/strong>Escuela Balmes de l&#8217;hospitalet<\/li>\n<li><strong>Proyectos empresariales a medida &#8211; <\/strong>Jaume Viladoms Formaci\u00f3n Profesional Integrada (Sabadell)<\/li>\n<\/ul>\n<p><strong><span style=\"color: #d2112d;\">13:00 h.<\/span>\u00a0Cierre de ideas principales<\/strong><\/p>\n<ul>\n<li><strong>Sr. Fabian Mohedano, <\/strong>experto en FP, estrategia, personas y talento<\/li>\n<\/ul>\n<p><strong><span style=\"color: #d2112d;\">13:15 h.<\/span>\u00a0Clausura<\/strong><\/p>\n<p>&nbsp;<\/p>\n<table style=\"border-collapse: collapse; width: 100%; height: 27px;\">\n<tbody>\n<tr style=\"height: 27px;\">\n<td style=\"width: 33.3333%; height: 27px;\"><\/td>\n<td style=\"width: 33.3333%; text-align: center; height: 27px;\"><span style=\"font-size: 18px;\">\u00a0<a href=\"https:\/\/www.foment.com\/es\/inscripciones-eventos\/?idevento=FE14BD7A-63CF-F011-BBD3-000D3AB4560F\"><strong><span style=\"color: #d2112d;\">Inscripci\u00f3n<\/span><\/strong><\/a><\/span><\/td>\n<td style=\"width: 33.3333%; height: 27px;\"><\/td>\n<\/tr>\n<\/tbody>\n<\/table>\n","protected":false},"author":298,"featured_media":210893,"menu_order":0,"comment_status":"closed","ping_status":"closed","template":"","meta":{"_links_to":"","_links_to_target":""},"tags":[],"event_type":[597],"event_type_2":[],"acf":[],"_links":{"self":[{"href":"https:\/\/www.foment.com\/es\/wp-json\/wp\/v2\/ajde_events\/210861"}],"collection":[{"href":"https:\/\/www.foment.com\/es\/wp-json\/wp\/v2\/ajde_events"}],"about":[{"href":"https:\/\/www.foment.com\/es\/wp-json\/wp\/v2\/types\/ajde_events"}],"author":[{"embeddable":true,"href":"https:\/\/www.foment.com\/es\/wp-json\/wp\/v2\/users\/298"}],"replies":[{"embeddable":true,"href":"https:\/\/www.foment.com\/es\/wp-json\/wp\/v2\/comments?post=210861"}],"wp:featuredmedia":[{"embeddable":true,"href":"https:\/\/www.foment.com\/es\/wp-json\/wp\/v2\/media\/210893"}],"wp:attachment":[{"href":"https:\/\/www.foment.com\/es\/wp-json\/wp\/v2\/media?parent=210861"}],"wp:term":[{"taxonomy":"post_tag","embeddable":true,"href":"https:\/\/www.foment.com\/es\/wp-json\/wp\/v2\/tags?post=210861"},{"taxonomy":"event_type","embeddable":true,"href":"https:\/\/www.foment.com\/es\/wp-json\/wp\/v2\/event_type?post=210861"},{"taxonomy":"event_type_2","embeddable":true,"href":"https:\/\/www.foment.com\/es\/wp-json\/wp\/v2\/event_type_2?post=210861"}],"curies":[{"name":"wp","href":"https:\/\/api.w.org\/{rel}","templated":true}]}}