{"id":215886,"date":"2026-03-09T16:26:12","date_gmt":"2026-03-09T15:26:12","guid":{"rendered":"https:\/\/www.foment.com\/?post_type=ajde_events&#038;p=215886"},"modified":"2026-03-09T16:26:12","modified_gmt":"2026-03-09T15:26:12","slug":"barcelona-conferencia-con-jaume-collboni","status":"publish","type":"ajde_events","link":"https:\/\/www.foment.com\/es\/events\/barcelona-conferencia-con-jaume-collboni\/","title":{"rendered":"\u201cBarcelona\u201d \u2013 Conferencia con Jaume Collboni"},"content":{"rendered":"<p>Os invitamos a asistir presencialmente a la conferencia y di\u00e1logo \u00abBARCELONA\u00bb.<\/p>\n<p>La bienvenida correr\u00e1 a cargo del <strong>Sr. Josep S\u00e1nchez Llibre<\/strong>, presidente de la Sociedad Barcelonesa de Estudios Econ\u00f3micos y Sociales de Fomento del Trabajo, y el di\u00e1logo ser\u00e1 presentado por el <strong>Sr. Felipe Campos<\/strong>, consejero delegado de Aguas de Barcelona y director de Acci\u00f3n Social de Veolia.<\/p>\n<p>El acto profundizar\u00e1 en cu\u00e1l es el actual modelo de la ciudad, presente y futuro con el<strong> Excmo. Sr. Jaume Collboni<\/strong>, alcalde Barcelona y presidente del \u00c1rea Metropolitana de Barcelona. La sesi\u00f3n ser\u00e1 conducida por la <strong>Sra. Gl\u00f2ria Mar\u00edn<\/strong>, periodista.<\/p>\n<p>La clausura correr\u00e1 a cargo de la <strong>Sra. Mar Alarc\u00f3n<\/strong>, vicepresidenta de Fomento del Trabajo.<\/p>\n<p style=\"text-align: center;\"><span style=\"color: #d2112d;\"><a style=\"color: #d2112d;\" href=\"https:\/\/www.foment.com\/inscripcions-events\/?idevento=49C6BF66-A517-F111-8342-7CED8D3FA02B#_msdynmkt_donottrack=0,_msdynmkt_linkid=5cd5a310-c23b-4c2c-b4bd-07a900a58d53\"><strong>INSCRIPCI\u00d3N<\/strong><\/a><\/span><\/p>\n<p>Dialogamos con Jaume Collboni, alcalde de Barcelona y presidente del \u00c1rea Metropolitana de Barcelona el <strong>8 de abril a las 9:30h en Foment del Treball<\/strong>. Durante este di\u00e1logo abordaremos cuestiones como:<\/p>\n<p>\u00bfEn qu\u00e9 momento se encuentra Barcelona? \u00bfCu\u00e1l es su modelo de ciudad? \u00bfQu\u00e9 quiere decir el concepto del \u00abderecho a quedarse\u00bb?. \u00bfCu\u00e1les son los principales retos y amenazas que tiene hoy la ciudad, y cu\u00e1les son las pol\u00edticas a impulsar para hacerle frente? \u00bfCu\u00e1l es su visi\u00f3n a medio y largo plazo sobre lo que deber\u00eda ser la Barcelona metropolitana? \u00bfEstamos ante una nueva fase hist\u00f3rica de Barcelona, con el horizonte de 2035? \u00bfCu\u00e1les ser\u00e1n los grandes hitos de esta etapa?<\/p>\n<p>Estas son algunas de las cuestiones que queremos formular a Jaume Collboni, alcalde de Barcelona y presidente del \u00c1rea Metropolitana de Barcelona, en un momento decisivo de la historia de la ciudad, en el que se est\u00e1n definiendo y ejecutando un gran n\u00famero de iniciativas.<\/p>\n<p>Iniciativas como el Mundiacult, la Copa Am\u00e9rica de Vela, el Congreso Internacional de Arquitectura, la finalizaci\u00f3n de las obras de la Sagrada Familia, la reforma de Montju\u00efc con motivo del centenario de la Exposici\u00f3n Internacional de 1929, la salida del Tour de Francia 2026 desde Barcelona, la Ryder Cup o el nuevo Camp Nou nos sit\u00faan ante ununa Barcelona abierta al mundo. La Barcelona del Museo Carmen Thyssen; la reforma y ampliaci\u00f3n del MNAC, el MACBA y el TNC; la recuperaci\u00f3n del Teatro Arnau; el inicio de las obras del espacio esc\u00e9nico G\u00e9nesis; la participaci\u00f3n en el impulso de las Tres Chimeneas; la Ciudadela del Conocimiento; o el proyecto Liceo Mar se\u00f1alan una apuesta por la cultura como motor que define la ciudad en t\u00e9rminos geoculturales.<\/p>\n<p>La ampliaci\u00f3n de la Estaci\u00f3n de Sants, el impulso a la modernizaci\u00f3n de Montju\u00efc, la construcci\u00f3n de la Estaci\u00f3n de la Sagrera, el nuevo Hospital Cl\u00ednico, la reforma de la Rambla o la ampliaci\u00f3n del aeropuerto nos sit\u00faan frente a la ciudad que se est\u00e1 construyendo.<\/p>\n<p>Los programas sociales p\u00fablicos, junto con los que impulsan entidades como la Sagrada Familia, la Fundaci\u00f3n \u00abla Caixa\u00bb, la Fundaci\u00f3n Roura y las entidades del tercer sector, nos permiten observar la plasmaci\u00f3n de una Barcelona social.<\/p>\n<p>Todas estas iniciativas de ciudad muestran que nos encontramos en el momento id\u00f3neo para identificar cu\u00e1l es el modelo de Barcelona que se est\u00e1 impulsando, en un contexto en el que retos como la vivienda, las consecuencias del cambio clim\u00e1tico, la crisis ferroviaria, el turismo, el desarrollo del \u00e1rea metropolitana, los cambios demogr\u00e1ficos o las desigualdades sociales obligan a compatibilizar el derecho a la ciudad con una ciudad posible y prioritaria para sus colegios. ciudadanos<\/p>\n<p>Este evento ser\u00e1 presencial y se ofrecer\u00e1 en directo por v\u00eda streaming a trav\u00e9s de <a href=\"https:\/\/beeb0ca9fc774f889da478d85e69ce99.svc.dynamics.com\/t\/t\/W6PuTy8SkN6DxNtUJDXk8Q56tQ9niSxfXJhLtFp8j9Qx\/xKHO3KqVRTaRpfguNbeIyLjlt2GocIcyw0axGiYS5jsx#_msdynmkt_linkid=fe0e11bb-bb08-4d63-9aa1-431cb5884e78\">la web del RethinkBCN<\/a>.<\/p>\n","protected":false},"author":9,"featured_media":215883,"menu_order":0,"comment_status":"closed","ping_status":"closed","template":"","meta":{"_links_to":"","_links_to_target":""},"tags":[],"event_type":[7279],"event_type_2":[],"acf":[],"_links":{"self":[{"href":"https:\/\/www.foment.com\/es\/wp-json\/wp\/v2\/ajde_events\/215886"}],"collection":[{"href":"https:\/\/www.foment.com\/es\/wp-json\/wp\/v2\/ajde_events"}],"about":[{"href":"https:\/\/www.foment.com\/es\/wp-json\/wp\/v2\/types\/ajde_events"}],"author":[{"embeddable":true,"href":"https:\/\/www.foment.com\/es\/wp-json\/wp\/v2\/users\/9"}],"replies":[{"embeddable":true,"href":"https:\/\/www.foment.com\/es\/wp-json\/wp\/v2\/comments?post=215886"}],"wp:featuredmedia":[{"embeddable":true,"href":"https:\/\/www.foment.com\/es\/wp-json\/wp\/v2\/media\/215883"}],"wp:attachment":[{"href":"https:\/\/www.foment.com\/es\/wp-json\/wp\/v2\/media?parent=215886"}],"wp:term":[{"taxonomy":"post_tag","embeddable":true,"href":"https:\/\/www.foment.com\/es\/wp-json\/wp\/v2\/tags?post=215886"},{"taxonomy":"event_type","embeddable":true,"href":"https:\/\/www.foment.com\/es\/wp-json\/wp\/v2\/event_type?post=215886"},{"taxonomy":"event_type_2","embeddable":true,"href":"https:\/\/www.foment.com\/es\/wp-json\/wp\/v2\/event_type_2?post=215886"}],"curies":[{"name":"wp","href":"https:\/\/api.w.org\/{rel}","templated":true}]}}