{"id":33483,"date":"2017-04-19T10:33:28","date_gmt":"2017-04-19T08:33:28","guid":{"rendered":"http:\/\/www.foment.com\/es\/?post_type=ajde_events&#038;p=33483"},"modified":"2017-05-10T12:09:33","modified_gmt":"2017-05-10T10:09:33","slug":"jornada-empresarial-espana-republica-dominicana","status":"publish","type":"ajde_events","link":"https:\/\/www.foment.com\/es\/events\/jornada-empresarial-espana-republica-dominicana\/","title":{"rendered":"Jornada empresarial Espa\u00f1a &#8211; Rep\u00fablica Dominicana"},"content":{"rendered":"<section class=\"wpb-content-wrapper\"><p>La Rep\u00fablica Dominicana ha logrado en las \u00faltimas dos d\u00e9cadas\u00a0una de las tasas de crecimiento econ\u00f3mico m\u00e1s elevadas de Am\u00e9rica Latina. Este logro se debe, entre otros, al auge del turismo y a la exportaci\u00f3n de productos de ensamblaje ligero elaborados bajo el esquema de zonas francas, sectores que contribuyen\u00a0de manera destacada al PIB dominicano. Tan s\u00f3lo el a\u00f1o pasado la\u00a0econom\u00eda dominicana creci\u00f3 al ritmo del 6,9%, la m\u00e1s alta en el continente americano.\u00a0Este crecimiento econ\u00f3mico sostenido, en adici\u00f3n a su posici\u00f3n geoestrat\u00e9gica, su\u00a0estabilidad pol\u00edtica y social, y unas favorables perspectivas de crecimiento, han hecho de la Rep\u00fablica Dominicana\u00a0un destino atractivo para la Inversi\u00f3n Extranjera Directa (IED), que ha alcanzado en\u00a0los \u00faltimos ocho a\u00f1os US$18,418\u00a0millones en los diferentes sectores productivos nacionales.<\/p>\n<h3><span style=\"color: #993300;\"><strong>PROGRAMA<\/strong><\/span><\/h3>\n<p><strong>09:00 h. Recepci\u00f3n de asistentes<\/strong><\/p>\n<p><strong>09:15 h. Bienvenida<\/strong><\/p>\n<p style=\"padding-left: 60px;\"><strong>Sr. Joan Canals<\/strong>, Presidente de la Comisi\u00f3n Internacional de Foment del Treball Nacional.<\/p>\n<p style=\"padding-left: 60px;\"><strong>Sra. Elisabet Coll-Vinent, <\/strong>Directora de Internacional de la C\u00e1mara de Comercio de Barcelona.<\/p>\n<p><strong>09:25 h. Oportunidades de Comercio e Inversi\u00f3n en las Zonas Francas de la Rep\u00fablica Dominicana<\/strong><\/p>\n<p style=\"padding-left: 60px;\"><strong>Sr. Tem\u00edstocles Mont\u00e1s Dom\u00ednguez<\/strong>, Ministro de Industria, Comercio y Mipymes de la Rep\u00fablica Dominicana.<\/p>\n<p><strong>09:45 h. Casos exitosos de Negocios e Inversi\u00f3n en la Rep\u00fablica Dominicana<\/strong><\/p>\n<p style=\"padding-left: 60px;\"><strong>Modera: Lic. Sra. Luisa Fern\u00e1ndez Dur\u00e1n,\u00a0 <\/strong>Directora Ejecutiva del Consejo Nacional de Zonas Francas de Exportaci\u00f3n.<\/p>\n<p style=\"padding-left: 60px;\"><strong>Sr. Stanley Hern\u00e1ndez\u00a0<\/strong>(Consultor\u00eda &#8211; Abogados)<\/p>\n<p style=\"padding-left: 60px;\"><strong>Sr. Jos\u00e9 Miguel Clase\u00a0<\/strong>(Calzados)<\/p>\n<p style=\"padding-left: 60px;\"><strong>Sr. Pedro Manuel Garc\u00eda<\/strong> (Confecciones textiles)<\/p>\n<p style=\"padding-left: 60px;\"><strong>Sr. Augusto Reyes<\/strong> (Corp Cigar Export)<\/p>\n<p style=\"padding-left: 60px;\"><strong>Sr. Julio L\u00f3pez\u00a0<\/strong>(Operador Zona Franca)<\/p>\n<p style=\"padding-left: 60px;\"><strong>Sr. Carlos Flaquer<\/strong> (CLC)<\/p>\n<p><strong>11:00 Coloquio<\/strong><\/p>\n<p><strong>11:30 h. Caf\u00e9 \/ Networking<\/strong>[\/vc_column_text][\/vc_column][\/vc_row][vc_row][vc_column width=\u00bb1\/6&#8243;]<div class=\"single_image wpb_content_element align-left    \" data-animation=\"none\" data-delay=\"0\"><img width=\"150\" height=\"150\" src=\"https:\/\/www.foment.com\/wp-content\/uploads\/2017\/04\/republica-dominicana.png\" class=\"attachment-thumbnail\" alt=\"\" loading=\"lazy\" title=\"republica dominicana\" \/><\/div>[\/vc_column][vc_column width=\u00bb1\/6&#8243;]<div class=\"single_image wpb_content_element align-left    \" data-animation=\"none\" data-delay=\"0\"><img width=\"422\" height=\"140\" src=\"https:\/\/www.foment.com\/wp-content\/uploads\/2017\/04\/ministerio-rpd.jpg\" class=\"attachment-full\" alt=\"\" loading=\"lazy\" title=\"ministerio rpd\" \/><\/div>[\/vc_column][vc_column width=\u00bb1\/6&#8243;]<div class=\"single_image wpb_content_element align-left    \" data-animation=\"none\" data-delay=\"0\"><img width=\"460\" height=\"220\" src=\"https:\/\/www.foment.com\/wp-content\/uploads\/2017\/04\/zonas-francas.png\" class=\"attachment-full\" alt=\"\" loading=\"lazy\" title=\"zonas francas\" \/><\/div>[\/vc_column][vc_column width=\u00bb1\/6&#8243;]<div class=\"single_image wpb_content_element align-left    \" data-animation=\"none\" data-delay=\"0\"><img width=\"202\" height=\"55\" src=\"https:\/\/www.foment.com\/wp-content\/uploads\/2017\/04\/cambra.jpg.gif\" class=\"attachment-full\" alt=\"\" loading=\"lazy\" title=\"cambra.jpg\" \/><\/div>[\/vc_column][vc_column width=\u00bb1\/6&#8243;]<div class=\"single_image wpb_content_element align-left    \" data-animation=\"none\" data-delay=\"0\"><img width=\"150\" height=\"150\" src=\"https:\/\/www.foment.com\/wp-content\/uploads\/2017\/04\/logo-consulado.png\" class=\"attachment-thumbnail\" alt=\"\" loading=\"lazy\" title=\"logo-consulado\" \/><\/div>[\/vc_column][\/vc_row]<\/p>\n<\/section>","protected":false},"author":13,"featured_media":33545,"menu_order":0,"comment_status":"closed","ping_status":"closed","template":"","meta":{"_links_to":"","_links_to_target":""},"tags":[],"event_type":[201],"event_type_2":[],"acf":[],"_links":{"self":[{"href":"https:\/\/www.foment.com\/es\/wp-json\/wp\/v2\/ajde_events\/33483"}],"collection":[{"href":"https:\/\/www.foment.com\/es\/wp-json\/wp\/v2\/ajde_events"}],"about":[{"href":"https:\/\/www.foment.com\/es\/wp-json\/wp\/v2\/types\/ajde_events"}],"author":[{"embeddable":true,"href":"https:\/\/www.foment.com\/es\/wp-json\/wp\/v2\/users\/13"}],"replies":[{"embeddable":true,"href":"https:\/\/www.foment.com\/es\/wp-json\/wp\/v2\/comments?post=33483"}],"wp:featuredmedia":[{"embeddable":true,"href":"https:\/\/www.foment.com\/es\/wp-json\/wp\/v2\/media\/33545"}],"wp:attachment":[{"href":"https:\/\/www.foment.com\/es\/wp-json\/wp\/v2\/media?parent=33483"}],"wp:term":[{"taxonomy":"post_tag","embeddable":true,"href":"https:\/\/www.foment.com\/es\/wp-json\/wp\/v2\/tags?post=33483"},{"taxonomy":"event_type","embeddable":true,"href":"https:\/\/www.foment.com\/es\/wp-json\/wp\/v2\/event_type?post=33483"},{"taxonomy":"event_type_2","embeddable":true,"href":"https:\/\/www.foment.com\/es\/wp-json\/wp\/v2\/event_type_2?post=33483"}],"curies":[{"name":"wp","href":"https:\/\/api.w.org\/{rel}","templated":true}]}}