{"id":36255,"date":"2017-06-06T13:15:18","date_gmt":"2017-06-06T11:15:18","guid":{"rendered":"http:\/\/www.foment.com\/es\/events\/gestio-integral-salut\/"},"modified":"2017-06-06T17:08:24","modified_gmt":"2017-06-06T15:08:24","slug":"gestion-integral-salud","status":"publish","type":"ajde_events","link":"https:\/\/www.foment.com\/es\/events\/gestion-integral-salud\/","title":{"rendered":"La gesti\u00f3n integral de la salud de los trabajadores en la empresa"},"content":{"rendered":"<section class=\"wpb-content-wrapper\"><p>[vc_row][vc_column][vc_column_text]<\/p>\n<h2 style=\"text-align: center;\"><span style=\"color: #ab192d;\"><strong>Grupo de Debate de PRL<\/strong><\/span><\/h2>\n<h3 style=\"text-align: center;\"><span style=\"color: #656565;\"><strong>La gesti\u00f3n integral de la salud de los trabajadores en la empresa<\/strong><\/span><\/h3>\n<p>&nbsp;<\/p>\n<h3><span style=\"color: #ab192d;\"><strong>Objetivo<\/strong><\/span><\/h3>\n<p>&nbsp;<\/p>\n<p style=\"text-align: justify;\">Durante la jornada se ofrecer\u00e1 una contextualizaci\u00f3n de los t\u00e9rminos de promoci\u00f3n de la salud y prevenci\u00f3n de la salud seg\u00fan la OMS con el prop\u00f3sito de aclarar el significado y la relaci\u00f3n entre los numerosos agentes activos en el \u00e1mbito empresarial. Adem\u00e1s, se profundizar\u00e1 sobre el marco de actuaci\u00f3n para una gesti\u00f3n integral de la salud en la empresa, especificando que roles deber\u00edan tener los diferentes agentes en la implantaci\u00f3n de los programas en el entorno laboral.<\/p>\n<p>&nbsp;<\/p>\n<h3><span style=\"color: #ab192d;\"><strong>Ponentes<\/strong><\/span><\/h3>\n<p>&nbsp;<\/p>\n<ul>\n<li style=\"text-align: justify;\"><strong>Sra. Estel Mallorqu\u00ed,<\/strong><br \/>\nDirectora de Biwel Salud Empresarial y Presidenta en Espa\u00f1a de International Assotiation Worksite Health Promotion.<\/li>\n<li style=\"text-align: justify;\"><strong>Sra. Dolors Sol\u00e9,<\/strong><br \/>\nJefa de la Unidad de Medicina del Trabajo del Centro Nacional de Condiciones de Trabajo (INSHT) y Presidenta de la Red Europea de Promoci\u00f3n de la Salud en el Trabajo (ENWHP Fondation).<\/li>\n<\/ul>\n<p>[\/vc_column_text][\/vc_column][\/vc_row][vc_row][vc_column width=\u00bb1\/2&#8243;]<div class=\"single_image wpb_content_element align-left   image_tilt \" data-animation=\"none\" data-delay=\"0\"><a href=\"http:\/\/prl.foment.com\/\" target=\"_self\"><img width=\"660\" height=\"130\" src=\"https:\/\/www.foment.com\/wp-content\/uploads\/2017\/06\/PRL_logo-ftn.png\" class=\"attachment-full\" alt=\"\" loading=\"lazy\" title=\"PRL_logo ftn\" \/><\/a><\/div>[\/vc_column][vc_column width=\u00bb1\/2&#8243;]<div class=\"single_image wpb_content_element align-right   image_tilt \" data-animation=\"none\" data-delay=\"0\"><a href=\"http:\/\/www.sgs.es\/\" target=\"_self\"><img width=\"150\" height=\"87\" src=\"https:\/\/www.foment.com\/wp-content\/uploads\/2017\/02\/logo-sgs.png\" class=\"attachment-thumbnail\" alt=\"logo SGS\" loading=\"lazy\" title=\"PRL_logo sgs\" \/><\/a><\/div>[\/vc_column][\/vc_row]<\/p>\n<\/section>","protected":false},"author":12,"featured_media":30565,"menu_order":0,"comment_status":"closed","ping_status":"closed","template":"","meta":{"_links_to":"","_links_to_target":""},"tags":[417,620,627,628,621],"event_type":[202],"event_type_2":[],"acf":[],"_links":{"self":[{"href":"https:\/\/www.foment.com\/es\/wp-json\/wp\/v2\/ajde_events\/36255"}],"collection":[{"href":"https:\/\/www.foment.com\/es\/wp-json\/wp\/v2\/ajde_events"}],"about":[{"href":"https:\/\/www.foment.com\/es\/wp-json\/wp\/v2\/types\/ajde_events"}],"author":[{"embeddable":true,"href":"https:\/\/www.foment.com\/es\/wp-json\/wp\/v2\/users\/12"}],"replies":[{"embeddable":true,"href":"https:\/\/www.foment.com\/es\/wp-json\/wp\/v2\/comments?post=36255"}],"wp:featuredmedia":[{"embeddable":true,"href":"https:\/\/www.foment.com\/es\/wp-json\/wp\/v2\/media\/30565"}],"wp:attachment":[{"href":"https:\/\/www.foment.com\/es\/wp-json\/wp\/v2\/media?parent=36255"}],"wp:term":[{"taxonomy":"post_tag","embeddable":true,"href":"https:\/\/www.foment.com\/es\/wp-json\/wp\/v2\/tags?post=36255"},{"taxonomy":"event_type","embeddable":true,"href":"https:\/\/www.foment.com\/es\/wp-json\/wp\/v2\/event_type?post=36255"},{"taxonomy":"event_type_2","embeddable":true,"href":"https:\/\/www.foment.com\/es\/wp-json\/wp\/v2\/event_type_2?post=36255"}],"curies":[{"name":"wp","href":"https:\/\/api.w.org\/{rel}","templated":true}]}}