{"id":42231,"date":"2018-01-31T09:21:42","date_gmt":"2018-01-31T08:21:42","guid":{"rendered":"http:\/\/www.foment.com\/es\/?post_type=ajde_events&#038;p=42231"},"modified":"2018-02-15T15:30:55","modified_gmt":"2018-02-15T14:30:55","slug":"employee-experience","status":"publish","type":"ajde_events","link":"https:\/\/www.foment.com\/es\/events\/employee-experience\/","title":{"rendered":"Employee Experience: gestionando personas en la econom\u00eda del conocimiento"},"content":{"rendered":"<section class=\"wpb-content-wrapper\"><p>[vc_row][vc_column][vc_column_text]Desde hace a\u00f1os, un gran n\u00famero de empresas, adem\u00e1s de dedicar esfuerzos a generar experiencias diferenciales en sus clientes, se est\u00e1n enfocando tambi\u00e9n en generar ese tipo de experiencias con sus empleados.<\/p>\n<p>El objetivo es claro; si somos capaces de conseguir que cada una de las personas que forman parte de la compa\u00f1\u00eda viva una experiencia que supere o, al menos, cumpla con sus expectativas, y que, adem\u00e1s, ofrezca un trato personalizado, el empleado estar\u00e1 m\u00e1s satisfecho y orgulloso del lugar donde trabaja y m\u00e1s comprometido con la compa\u00f1\u00eda, lo que revertir\u00e1 en su desempe\u00f1o y resultados.<\/p>\n<p>En esta sesi\u00f3n compartiremos c\u00f3mo se trabaja desde esta perspectiva y c\u00f3mo algunas empresas ya lo est\u00e1n implementando.<\/p>\n<p>&nbsp;<\/p>\n<p style=\"text-align: left;\"><span style=\"color: #c1002b;\"><strong>\u00a0 \u00a0 \u00a0 \u00a0 \u00a0 \u00a0 \u00a0 \u00a0 \u00a0 \u00a0 \u00a0 \u00a0 \u00a0 \u00a0 \u00a0 \u00a0 \u00a0 \u00a0 \u00a0 \u00a0 \u00a0 \u00a0 \u00a0 \u00a0 \u00a0 \u00a0 \u00a0 \u00a0 \u00a0 \u00a0 \u00a0 \u00a0 \u00a0 \u00a0 \u00a0 \u00a0 \u00a0 \u00a0 \u00a0 \u00a0 \u00a0 \u00a0 \u00a0 \u00a0 \u00a0 \u00a0 \u00a0 \u00a0 \u00a0 \u00a0 \u00a0 \u00a0 \u00a0 \u00a0 \u00a0 \u00a0 \u00a0 \u00a0 \u00a0 \u00a0 \u00a0 \u00a0 \u00a0 \u00a0 PROGRAMA:<\/strong><\/span><\/p>\n<p><strong><span style=\"color: #c1002b;\">08:45h.\u00a0Recepci\u00f3n de asistentes y caf\u00e9<\/span><\/strong><\/p>\n<p><span style=\"color: #c1002b;\"><strong>09:00h.\u00a0Inauguraci\u00f3n<\/strong><\/span><\/p>\n<ul>\n<li><strong>Beatriz Vila,\u00a0<\/strong>Meeting Leader y Presidenta del Foro RRHH<\/li>\n<\/ul>\n<p><span style=\"color: #c1002b;\"><strong>09.10h. Introducci\u00f3n al Employee Experience<\/strong><\/span><\/p>\n<ul>\n<li><strong>Jos\u00e9 Luis Pascual,\u00a0<\/strong>Director de Experiencia de Empleado en Lukkap<\/li>\n<\/ul>\n<p><span style=\"color: #c1002b;\"><strong>09:20h. La implementaci\u00f3n de un modelo de EX \u2013 Caso Chiesi<\/strong><\/span><\/p>\n<ul>\n<li><strong>Mar\u00eda Ib\u00e1\u00f1ez,\u00a0<\/strong>People Business Partner en Chiesi<\/li>\n<\/ul>\n<p><span style=\"color: #c1002b;\"><strong>09:40h.\u00a0Employee Journey Mapping \u2013 Caso Everis<\/strong><\/span><\/p>\n<ul>\n<li><strong>Isabel S\u00e1nchez Parre\u00f1o, <\/strong>Talent Management\u00a0 en Everis Barcelona<\/li>\n<li><strong>Patricia Salado, <\/strong>Talent Management en Everis Madrid<\/li>\n<\/ul>\n<p><span style=\"color: #c1002b;\"><strong>10:00h.\u00a0Del Customer Experience al Employee Experience \u2013 Caso Gas Natural Fenosa<\/strong><\/span><\/p>\n<ul>\n<li><strong>Cristina L\u00f3pez Caba\u00f1as, <\/strong>Head of Customer Experience en Gas Natural Fenosa<\/li>\n<\/ul>\n<p><span style=\"color: #c1002b;\"><strong>10:20h.\u00a0Midiendo el Employee Experience \u2013 Caso pr\u00e1ctico \u00a0<\/strong><\/span><\/p>\n<p><strong>\u00a0<\/strong><strong>11:00h.\u00a0Clausura<\/strong><\/p>\n<p>[\/vc_column_text][\/vc_column][\/vc_row][vc_row][vc_column width=\u00bb1\/1&#8243;][vc_column_text]<\/p>\n<p style=\"text-align: center;\">PATROCINADORES:<\/p>\n<p>[\/vc_column_text][\/vc_column][\/vc_row][vc_row][vc_column width=\u00bb1\/2&#8243;]<div class=\"single_image wpb_content_element align-right   image_tilt \" data-animation=\"none\" data-delay=\"0\"><a href=\"https:\/\/www.randstad.es\/\" target=\"_self\"><img width=\"150\" height=\"150\" src=\"https:\/\/www.foment.com\/wp-content\/uploads\/2018\/01\/randsatd-word-press.png\" class=\"attachment-thumbnail\" alt=\"\" loading=\"lazy\" title=\"randsatd\" srcset=\"https:\/\/www.foment.com\/wp-content\/uploads\/2018\/01\/randsatd-word-press.png 150w, https:\/\/www.foment.com\/wp-content\/uploads\/2018\/01\/randsatd-word-press-80x80.png 80w\" sizes=\"(max-width: 150px) 100vw, 150px\" \/><\/a><\/div>[\/vc_column][vc_column width=\u00bb1\/2&#8243;]<div class=\"spacer\" style=\"height: 50px;\"><\/div><div class=\"single_image wpb_content_element align-left   image_tilt \" data-animation=\"none\" data-delay=\"0\"><a href=\"https:\/\/www.segurcaixaadeslas.es\/es\/particulares\" target=\"_self\"><img width=\"150\" height=\"39\" src=\"https:\/\/www.foment.com\/wp-content\/uploads\/2018\/01\/adeslas-wordpress-150x39.png\" class=\"attachment-thumbnail\" alt=\"\" loading=\"lazy\" title=\"adeslas wordpress\" \/><\/a><\/div>[\/vc_column][\/vc_row]<\/p>\n<\/section>","protected":false},"author":24,"featured_media":42241,"menu_order":0,"comment_status":"closed","ping_status":"closed","template":"","meta":{"_links_to":"","_links_to_target":""},"tags":[],"event_type":[200],"event_type_2":[],"acf":[],"_links":{"self":[{"href":"https:\/\/www.foment.com\/es\/wp-json\/wp\/v2\/ajde_events\/42231"}],"collection":[{"href":"https:\/\/www.foment.com\/es\/wp-json\/wp\/v2\/ajde_events"}],"about":[{"href":"https:\/\/www.foment.com\/es\/wp-json\/wp\/v2\/types\/ajde_events"}],"author":[{"embeddable":true,"href":"https:\/\/www.foment.com\/es\/wp-json\/wp\/v2\/users\/24"}],"replies":[{"embeddable":true,"href":"https:\/\/www.foment.com\/es\/wp-json\/wp\/v2\/comments?post=42231"}],"wp:featuredmedia":[{"embeddable":true,"href":"https:\/\/www.foment.com\/es\/wp-json\/wp\/v2\/media\/42241"}],"wp:attachment":[{"href":"https:\/\/www.foment.com\/es\/wp-json\/wp\/v2\/media?parent=42231"}],"wp:term":[{"taxonomy":"post_tag","embeddable":true,"href":"https:\/\/www.foment.com\/es\/wp-json\/wp\/v2\/tags?post=42231"},{"taxonomy":"event_type","embeddable":true,"href":"https:\/\/www.foment.com\/es\/wp-json\/wp\/v2\/event_type?post=42231"},{"taxonomy":"event_type_2","embeddable":true,"href":"https:\/\/www.foment.com\/es\/wp-json\/wp\/v2\/event_type_2?post=42231"}],"curies":[{"name":"wp","href":"https:\/\/api.w.org\/{rel}","templated":true}]}}