{"id":42588,"date":"2018-02-05T16:05:03","date_gmt":"2018-02-05T15:05:03","guid":{"rendered":"http:\/\/www.foment.com\/events\/descarbonitzacio-lenergia-industria\/"},"modified":"2019-12-11T19:08:40","modified_gmt":"2019-12-11T18:08:40","slug":"descarbonizacion-energia-industria","status":"publish","type":"ajde_events","link":"https:\/\/www.foment.com\/es\/events\/descarbonizacion-energia-industria\/","title":{"rendered":"Descarbonizaci\u00f3n e Industria"},"content":{"rendered":"<section class=\"wpb-content-wrapper\"><p>[vc_row][vc_column][vc_column_text]El consumo industrial se caracteriza por las necesidades de potencia, garant\u00eda de suministro y competitividad. En esta sesi\u00f3n nos preguntamos c\u00f3mo se ha de ajustar el paradigma industrial en un horizonte de descarbonizaci\u00f3n de la energ\u00eda, y en qu\u00e9 medida y plazos, la industria ganar\u00e1 competitividad en este proceso, la perder\u00e1, o tendr\u00e1 que adaptarse para mantenerla.<\/p>\n<p>Por otro lado, se reflexionar\u00e1 sobre cual es el papel de las pol\u00edticas p\u00fablicas para reforzar la actividad industrial en el \u00e1mbito de la energ\u00eda, teniendo presente las diferencias internacionales en los compromisos adquiridos, y por ello, la heterogeneidad en las condiciones en las que las empresas han de competir en el entorno global.<\/p>\n<p>Esta sesi\u00f3n ser\u00e1 la primera de un ciclo de reflexiones sobre el impacto en el mundo empresarial del proceso de transici\u00f3n energ\u00e9tica en el que estamos inmersos.<\/p>\n<p>Para la inauguraci\u00f3n de este seminario, contaremos con la intervenci\u00f3n del <strong>Sr. Daniel Navia, Secretario de Estado de Energ\u00eda del Ministerio de Energ\u00eda, Turismo y Agenda Digital<\/strong>.[\/vc_column_text][\/vc_column][\/vc_row][vc_row][vc_column width=\u00bb1\/1&#8243;][vc_column_text]<span style=\"color: #c1002b;\"><strong>12:00h. Bienvenida y presentaci\u00f3n.<\/strong><\/span><\/p>\n<p style=\"padding-left: 30px;\"><strong><span style=\"color: #c1002b;\">Sr. Joaquim Gay de Montell\u00e0;<\/span><\/strong>\u00a0Presidente de Foment del Treball<\/p>\n<p><strong>\u00a0<\/strong><\/p>\n<p><span style=\"color: #c1002b;\"><strong>12:15h.\u00a0 Descarbonizaci\u00f3n e Industria: objetivos y pol\u00edticas para las empresas.<\/strong><\/span><\/p>\n<p style=\"padding-left: 60px;\"><strong><span style=\"color: #c1002b;\">Sr. Daniel Navia;<\/span>\u00a0<\/strong>Secretario de Estado de Energ\u00eda. Ministerio de Energ\u00eda, Turismo y Agenda Digital.\u00a0<strong>\u00a0\u00a0\u00a0\u00a0\u00a0\u00a0\u00a0\u00a0\u00a0\u00a0\u00a0 <\/strong><\/p>\n<p><strong><span style=\"color: #c1002b;\">12:45h. MESA REDONDA: Energ\u00eda y clima: retos y oportunidades para la competitividad industrial.<\/span><\/strong><\/p>\n<p style=\"padding-left: 60px;\"><strong><span style=\"color: #c1002b;\">Preside: Sra. Virginia Guinda<\/span><\/strong>, Presidenta del FORO DE ENERG\u00cdA de Foment del Treball<strong>.<\/strong><\/p>\n<p style=\"padding-left: 60px;\"><span style=\"color: #5f6062;\"><strong>Andrea Firenze. <\/strong>Director General &#8211; COVESTRO. AEQT<\/span><\/p>\n<p style=\"padding-left: 60px;\"><span style=\"color: #5f6062;\"><strong>Joan Vila. <\/strong>Conseller Delegat &#8211; LC PAPER. ASPAPEL<\/span><\/p>\n<p style=\"padding-left: 60px;\"><span style=\"color: #5f6062;\"><strong>Xavier Argiles. <\/strong>Director Industrial &#8211; NUFRI. ACOGEN<\/span><\/p>\n<p><span style=\"color: #c1002b;\"><strong>14:00h. Clausura.<\/strong><\/span><\/p>\n<p style=\"padding-left: 60px;\"><strong><span style=\"color: #c1002b;\">Sr. Joan Roget;<\/span><\/strong>\u00a0Presidente de Fedequim; General MAnager de Panreac Qu\u00edmica; Vicepresidente de Foment del Treball<\/p>\n<p>[\/vc_column_text][\/vc_column][\/vc_row]<\/p>\n<\/section>","protected":false},"author":24,"featured_media":42587,"menu_order":0,"comment_status":"closed","ping_status":"closed","template":"","meta":{"_links_to":"","_links_to_target":""},"tags":[],"event_type":[204],"event_type_2":[],"acf":[],"_links":{"self":[{"href":"https:\/\/www.foment.com\/es\/wp-json\/wp\/v2\/ajde_events\/42588"}],"collection":[{"href":"https:\/\/www.foment.com\/es\/wp-json\/wp\/v2\/ajde_events"}],"about":[{"href":"https:\/\/www.foment.com\/es\/wp-json\/wp\/v2\/types\/ajde_events"}],"author":[{"embeddable":true,"href":"https:\/\/www.foment.com\/es\/wp-json\/wp\/v2\/users\/24"}],"replies":[{"embeddable":true,"href":"https:\/\/www.foment.com\/es\/wp-json\/wp\/v2\/comments?post=42588"}],"wp:featuredmedia":[{"embeddable":true,"href":"https:\/\/www.foment.com\/es\/wp-json\/wp\/v2\/media\/42587"}],"wp:attachment":[{"href":"https:\/\/www.foment.com\/es\/wp-json\/wp\/v2\/media?parent=42588"}],"wp:term":[{"taxonomy":"post_tag","embeddable":true,"href":"https:\/\/www.foment.com\/es\/wp-json\/wp\/v2\/tags?post=42588"},{"taxonomy":"event_type","embeddable":true,"href":"https:\/\/www.foment.com\/es\/wp-json\/wp\/v2\/event_type?post=42588"},{"taxonomy":"event_type_2","embeddable":true,"href":"https:\/\/www.foment.com\/es\/wp-json\/wp\/v2\/event_type_2?post=42588"}],"curies":[{"name":"wp","href":"https:\/\/api.w.org\/{rel}","templated":true}]}}