{"id":44287,"date":"2018-03-28T17:18:41","date_gmt":"2018-03-28T15:18:41","guid":{"rendered":"http:\/\/www.foment.com\/?post_type=ajde_events&#038;p=44287"},"modified":"2019-04-17T11:31:38","modified_gmt":"2019-04-17T09:31:38","slug":"generando-cultura-preventiva-desde-liderazgo-direccion","status":"publish","type":"ajde_events","link":"https:\/\/www.foment.com\/es\/events\/generando-cultura-preventiva-desde-liderazgo-direccion\/","title":{"rendered":"Generando cultura preventiva desde el liderazgo de la direcci\u00f3n."},"content":{"rendered":"<section class=\"wpb-content-wrapper\"><p>[vc_row][vc_column][vc_column_text]<\/p>\n<h2 style=\"text-align: center;\"><span style=\"color: #ab192d;\"><strong>Generando cultura preventiva desde el liderazgo de la direcci\u00f3n.<\/strong><\/span><\/h2>\n<h3 style=\"text-align: center;\"><span style=\"color: #656565;\"><strong>Jornada F\u00f3rum PRL<\/strong><\/span><\/h3>\n<p>&nbsp;<\/p>\n<h3><span style=\"color: #ab192d;\"><strong>Objetivo<\/strong><\/span><\/h3>\n<p>&nbsp;<\/p>\n<p style=\"text-align: justify;\">La globalizaci\u00f3n econ\u00f3mica implica una mayor competencia y exige a las empresas un impulso cada vez mayor de la excelencia en todas y cada una de las cuestiones que afectan a la actividad empresarial. Ante este contexto, el liderazgo y compromiso de la direcci\u00f3n en PRL es un factor determinante de los resultados de seguridad de una organizaci\u00f3n que facilita la creaci\u00f3n de una cultura preventiva favoreciendo, por un lado, el bienestar y la salud de los trabajadores y, por otro, la competitividad de la empresa.<\/p>\n<p style=\"text-align: justify;\">En el trascurso de la jornada se expondr\u00e1n buenas pr\u00e1cticas de liderazgo de la direcci\u00f3n que han implicado una mejora significativa de los resultados en materia de seguridad y salud laboral.<\/p>\n<p>&nbsp;<\/p>\n<h3><span style=\"color: #ab192d;\"><strong>Programa<\/strong><\/span><\/h3>\n<p>&nbsp;<\/p>\n<table>\n<tbody>\n<tr>\n<td width=\"10%\">\n<p style=\"margin: 5px 0px;\" align=\"left\"><strong>09.30 h<\/strong><\/p>\n<\/td>\n<td width=\"90%\">\n<p style=\"margin: 5px 0px;\" align=\"left\"><strong>Presentaci\u00f3n.<\/strong><\/p>\n<ul>\n<li>Sr. Joan Pujol. Secretario General. Foment del Treball.<\/li>\n<li>Sra. Elena Juanola. Directora. Instituto de Seguridad y Salud Laboral. Generalitat de Catalu\u00f1a.<\/li>\n<\/ul>\n<\/td>\n<\/tr>\n<tr>\n<td width=\"10%\">\n<p style=\"margin: 5px 0px;\" align=\"left\"><strong>09.45 h<\/strong><\/p>\n<\/td>\n<td width=\"90%\">\n<p style=\"margin: 5px 0px;\" align=\"left\"><strong>El Equipo de Prevenci\u00f3n como motor de liderazgo de la Direcci\u00f3n.<\/strong><\/p>\n<ul>\n<li>Sr. F\u00e9lix Sanz. Health. Safety and Wellbeing Manager en Vodafone Espa\u00f1a.<\/li>\n<\/ul>\n<\/td>\n<\/tr>\n<tr>\n<td width=\"10%\">\n<p style=\"margin: 5px 0px;\" align=\"left\"><strong>10.20 h<\/strong><\/p>\n<\/td>\n<td width=\"90%\">\n<p style=\"margin: 5px 0px;\" align=\"left\"><strong>Gas Natural Fenosa. Compromiso seguridad y salud a trav\u00e9s del liderazgo.<\/strong><\/p>\n<ul>\n<li>Sr. Antonio Gella. Director de Prevenci\u00f3n, Salud, Medio Ambiente y Aseguramiento de la Calidad de Gas Natural Fenosa.<\/li>\n<\/ul>\n<\/td>\n<\/tr>\n<tr>\n<td width=\"10%\">\n<p style=\"margin: 5px 0px;\" align=\"left\"><strong>10.55 h<\/strong><\/p>\n<\/td>\n<td width=\"90%\">\n<p style=\"margin: 5px 0px;\" align=\"left\"><strong>El liderazgo preventivo en Anav. (p\u00edldora v\u00eddeo).<\/strong><\/p>\n<\/td>\n<\/tr>\n<tr>\n<td width=\"10%\">\n<p style=\"margin: 5px 0px;\" align=\"left\"><strong>11.00 h<\/strong><\/p>\n<\/td>\n<td width=\"90%\">\n<p style=\"margin: 5px 0px;\" align=\"left\"><strong>Visi\u00f3n Zero, un nuevo marco de referencia.<\/strong><\/p>\n<ul>\n<li>Sr. Salvador Carmona. Director de I+3 Consultores.<\/li>\n<\/ul>\n<\/td>\n<\/tr>\n<tr>\n<td width=\"10%\">\n<p style=\"margin: 5px 0px;\" align=\"left\"><strong>11.35 h<\/strong><\/p>\n<\/td>\n<td width=\"90%\">\n<p style=\"margin: 5px 0px;\" align=\"left\"><strong>Pausa-caf\u00e9.<\/strong><\/p>\n<\/td>\n<\/tr>\n<tr>\n<td width=\"10%\">\n<p style=\"margin: 5px 0px;\" align=\"left\"><strong>11.55 h<\/strong><\/p>\n<\/td>\n<td width=\"90%\">\n<p style=\"margin: 5px 0px;\" align=\"left\"><strong>Nuevas tendencias en cultura preventiva: Human and Organizational Performance.<\/strong><\/p>\n<ul>\n<li>Sr. Gustavo Rosal. Director de I+D+i de PrevenControl.<\/li>\n<\/ul>\n<\/td>\n<\/tr>\n<tr>\n<td width=\"10%\">\n<p style=\"margin: 5px 0px;\" align=\"left\"><strong>12.30 h<\/strong><\/p>\n<\/td>\n<td width=\"90%\">\n<p style=\"margin: 5px 0px;\" align=\"left\"><strong>La estrategia de cambio cultural preventivo en Tradebe. (p\u00edldora v\u00eddeo).<\/strong><\/p>\n<\/td>\n<\/tr>\n<tr>\n<td width=\"10%\">\n<p style=\"margin: 5px 0px;\" align=\"left\"><strong>12.35 h<\/strong><\/p>\n<\/td>\n<td width=\"90%\">\n<p style=\"margin: 5px 0px;\" align=\"left\"><strong>El Plan E: Un enfoque de la seguridad basada en la organizaci\u00f3n.<\/strong><\/p>\n<ul>\n<li>Sr. David Casta\u00f1eda. Operations and Business Development &amp; Innovation Director en Elix Polymers.<\/li>\n<\/ul>\n<\/td>\n<\/tr>\n<tr>\n<td width=\"10%\">\n<p style=\"margin: 5px 0px;\" align=\"left\"><strong>13.10 h<\/strong><\/p>\n<\/td>\n<td width=\"90%\">\n<p style=\"margin: 5px 0px;\" align=\"left\"><strong>Programa integraci\u00f3n en negocio de Securitas. (p\u00edldora v\u00eddeo).<\/strong><\/p>\n<\/td>\n<\/tr>\n<tr>\n<td width=\"10%\">\n<p style=\"margin: 5px 0px;\" align=\"left\"><strong>13.15 h<\/strong><\/p>\n<\/td>\n<td width=\"90%\">\n<p style=\"margin: 5px 0px;\" align=\"left\"><strong>Cero Accidentes, \u00bfuna utop\u00eda?<\/strong><\/p>\n<ul>\n<li>Sr. Joan Vicen\u00e7 Duran. Escritor, conferenciante y consultor experto en gesti\u00f3n del cambio organizacional.<\/li>\n<\/ul>\n<\/td>\n<\/tr>\n<tr>\n<td width=\"10%\">\n<p style=\"margin: 5px 0px;\" align=\"left\"><strong>13.50 h<\/strong><\/p>\n<\/td>\n<td width=\"90%\">\n<p style=\"margin: 5px 0px;\" align=\"left\"><strong>Ruegos y preguntas.<\/strong><\/p>\n<\/td>\n<\/tr>\n<\/tbody>\n<\/table>\n<p>[\/vc_column_text][\/vc_column][\/vc_row][vc_row][vc_column width=\u00bb1\/1&#8243;]<div class=\"single_image wpb_content_element align-left    \" data-animation=\"none\" data-delay=\"0\"><a href=\"http:\/\/prl.foment.com\" target=\"_blank\"><img width=\"1500\" height=\"207\" src=\"https:\/\/www.foment.com\/wp-content\/uploads\/2018\/03\/Logo_DIGITAL_AT2017_0112_PRL.png\" class=\"attachment-full\" alt=\"\" loading=\"lazy\" title=\"Logo_DIGITAL_AT2017_0112_PRL\" srcset=\"https:\/\/www.foment.com\/wp-content\/uploads\/2018\/03\/Logo_DIGITAL_AT2017_0112_PRL.png 1500w, https:\/\/www.foment.com\/wp-content\/uploads\/2018\/03\/Logo_DIGITAL_AT2017_0112_PRL-300x41.png 300w, https:\/\/www.foment.com\/wp-content\/uploads\/2018\/03\/Logo_DIGITAL_AT2017_0112_PRL-768x106.png 768w, https:\/\/www.foment.com\/wp-content\/uploads\/2018\/03\/Logo_DIGITAL_AT2017_0112_PRL-1024x141.png 1024w\" sizes=\"(max-width: 1500px) 100vw, 1500px\" \/><\/a><\/div>[\/vc_column][\/vc_row]<\/p>\n<\/section>","protected":false},"author":12,"featured_media":44311,"menu_order":0,"comment_status":"closed","ping_status":"closed","template":"","meta":{"_links_to":"","_links_to_target":""},"tags":[921,922,727,416,417,513],"event_type":[202],"event_type_2":[],"acf":[],"_links":{"self":[{"href":"https:\/\/www.foment.com\/es\/wp-json\/wp\/v2\/ajde_events\/44287"}],"collection":[{"href":"https:\/\/www.foment.com\/es\/wp-json\/wp\/v2\/ajde_events"}],"about":[{"href":"https:\/\/www.foment.com\/es\/wp-json\/wp\/v2\/types\/ajde_events"}],"author":[{"embeddable":true,"href":"https:\/\/www.foment.com\/es\/wp-json\/wp\/v2\/users\/12"}],"replies":[{"embeddable":true,"href":"https:\/\/www.foment.com\/es\/wp-json\/wp\/v2\/comments?post=44287"}],"wp:featuredmedia":[{"embeddable":true,"href":"https:\/\/www.foment.com\/es\/wp-json\/wp\/v2\/media\/44311"}],"wp:attachment":[{"href":"https:\/\/www.foment.com\/es\/wp-json\/wp\/v2\/media?parent=44287"}],"wp:term":[{"taxonomy":"post_tag","embeddable":true,"href":"https:\/\/www.foment.com\/es\/wp-json\/wp\/v2\/tags?post=44287"},{"taxonomy":"event_type","embeddable":true,"href":"https:\/\/www.foment.com\/es\/wp-json\/wp\/v2\/event_type?post=44287"},{"taxonomy":"event_type_2","embeddable":true,"href":"https:\/\/www.foment.com\/es\/wp-json\/wp\/v2\/event_type_2?post=44287"}],"curies":[{"name":"wp","href":"https:\/\/api.w.org\/{rel}","templated":true}]}}