{"id":44512,"date":"2018-04-06T12:27:33","date_gmt":"2018-04-06T10:27:33","guid":{"rendered":"http:\/\/www.foment.com\/?post_type=ajde_events&#038;p=44512"},"modified":"2018-04-25T09:54:49","modified_gmt":"2018-04-25T07:54:49","slug":"fiesta-de-la-primavera-humanamente-diversos","status":"publish","type":"ajde_events","link":"https:\/\/www.foment.com\/es\/events\/fiesta-de-la-primavera-humanamente-diversos\/","title":{"rendered":"Fiesta de la Primavera: Humanamente diversos"},"content":{"rendered":"<section class=\"wpb-content-wrapper\"><p>[vc_row][vc_column width=\u00bb1\/1&#8243;][vc_column_text]<\/p>\n<h4 style=\"text-align: center;\"><span style=\"color: #0a7034;\"><strong>\u00a1\u00a1\u00a1Vuelve la Fiesta de la Primavera!!!<\/strong><\/span><\/h4>\n<p style=\"text-align: left;\">Bajo el lema\u00a0<strong>\u201c<\/strong><em><strong>Humanamente diversos<\/strong><\/em><strong>\u201d<\/strong>\u00a0este a\u00f1o la Fiesta de la Primavera nos ense\u00f1ar\u00e1 el valor de la diferencia en las empresas, tratando el concepto de la diversidad en todos los aspectos posibles: ideolog\u00eda, biolog\u00eda, comportamiento, car\u00e1cter, edad, cultura, educaci\u00f3n, entre otros.<\/p>\n<p>En esta edici\u00f3n, que tendr\u00e1 lugar el jueves <strong>26 de abril a las 18.00 h. e<\/strong>n la moderna\u00a0nave industrial <strong>Espacio 88,<\/strong> descubriremos c\u00f3mo la suma de todas estas diferencias enriquece a las empresas y a los trabajadores.[\/vc_column_text][vc_column_text]<\/p>\n<p style=\"text-align: center;\"><span style=\"color: #0a7034;\"><strong>PROGRAMA<\/strong><\/span><\/p>\n<p><span style=\"color: #0a7034;\"><strong>18.00 h. Bienvenida<\/strong><\/span><\/p>\n<p><span style=\"color: #0a7034;\"><strong>18.15 h. Entrega de los Premios del Foro RRHH 2018<\/strong><\/span><\/p>\n<p>El Foro RRHH\u00a0otorgar\u00e1 sus galardones\u00a0anuales\u00a0\u00a0para las empresas que han participado en las jornadas profesionales,\u00a0valorando\u00a0la <strong>mejor ponencia<\/strong>, los contenidos con\u00a0<strong>mayor aplicabilidad<\/strong>, y la\u00a0<strong>participaci\u00f3n<\/strong>\u00a0en actividades del Foro.[\/vc_column_text][\/vc_column][\/vc_row][vc_row][vc_column width=\u00bb1\/2&#8243;]<div class=\"spacer\" style=\"height: 15px;\"><\/div>[vc_column_text]<span style=\"color: #0a7034;\"><strong>\u00a018:45h\u00a0<\/strong>\u00ab<strong><em>La diversidad y la conducta humana: nature and nurture y evoluci\u00f3n social\u00bb\u00a0<\/em><\/strong><\/span><\/p>\n<p>Charla inspiradora con la <strong>Dra.\u00a0Lourdes Fa\u00f1an\u00e1s<\/strong><strong>,<\/strong> investigadora y profesora de la Facultat de Biolog\u00eda\u00a0y del Instituto de Biomedicina de la UB (IBUB).[\/vc_column_text][\/vc_column][vc_column width=\u00bb1\/2&#8243;]<div class=\"single_image wpb_content_element align-center    \" data-animation=\"none\" data-delay=\"0\"><img width=\"300\" height=\"156\" src=\"https:\/\/www.foment.com\/wp-content\/uploads\/2018\/04\/1.0-300x156.png\" class=\"attachment-medium\" alt=\"\" loading=\"lazy\" title=\"1.0\" srcset=\"https:\/\/www.foment.com\/wp-content\/uploads\/2018\/04\/1.0-300x156.png 300w, https:\/\/www.foment.com\/wp-content\/uploads\/2018\/04\/1.0.png 360w\" sizes=\"(max-width: 300px) 100vw, 300px\" \/><\/div>[\/vc_column][\/vc_row][vc_row][vc_column width=\u00bb1\/1&#8243;][vc_column_text]<span style=\"color: #0a7034;\"><strong>\u00a019:20h Feria de la diversidad\u00a0(tour por talleres):\u00a0<\/strong><\/span>[\/vc_column_text][\/vc_column][\/vc_row][vc_row][vc_column width=\u00bb1\/6&#8243;]<div class=\"single_image wpb_content_element align-left    \" data-animation=\"none\" data-delay=\"0\"><img width=\"140\" height=\"96\" src=\"https:\/\/www.foment.com\/wp-content\/uploads\/2018\/04\/2.0.png\" class=\"attachment-thumbnail\" alt=\"\" loading=\"lazy\" title=\"2.0\" \/><\/div>[\/vc_column][vc_column width=\u00bb1\/6&#8243;]<div class=\"single_image wpb_content_element align-left    \" data-animation=\"none\" data-delay=\"0\"><img width=\"140\" height=\"96\" src=\"https:\/\/www.foment.com\/wp-content\/uploads\/2018\/04\/3.0.png\" class=\"attachment-thumbnail\" alt=\"\" loading=\"lazy\" title=\"3.0\" \/><\/div>[\/vc_column][vc_column width=\u00bb1\/6&#8243;]<div class=\"single_image wpb_content_element align-left    \" data-animation=\"none\" data-delay=\"0\"><img width=\"140\" height=\"96\" src=\"https:\/\/www.foment.com\/wp-content\/uploads\/2018\/04\/4.0.png\" class=\"attachment-thumbnail\" alt=\"\" loading=\"lazy\" title=\"4.0\" \/><\/div>[\/vc_column][vc_column width=\u00bb1\/6&#8243;]<div class=\"single_image wpb_content_element align-left    \" data-animation=\"none\" data-delay=\"0\"><img width=\"140\" height=\"96\" src=\"https:\/\/www.foment.com\/wp-content\/uploads\/2018\/04\/5.0.png\" class=\"attachment-thumbnail\" alt=\"\" loading=\"lazy\" title=\"5.0\" \/><\/div>[\/vc_column][vc_column width=\u00bb1\/6&#8243;]<div class=\"single_image wpb_content_element align-left    \" data-animation=\"none\" data-delay=\"0\"><img width=\"140\" height=\"96\" src=\"https:\/\/www.foment.com\/wp-content\/uploads\/2018\/04\/6.0.png\" class=\"attachment-thumbnail\" alt=\"\" loading=\"lazy\" title=\"6.0\" \/><\/div>[\/vc_column][vc_column width=\u00bb1\/6&#8243;][\/vc_column][\/vc_row][vc_row][vc_column width=\u00bb1\/6&#8243;][vc_column_text]<\/p>\n<p style=\"text-align: center;\"><span style=\"color: #0a7034;\"><strong>IMAGEN<\/strong><\/span><\/p>\n<p>Prueba a verte\u00a0 diferente\u00a0y ponte\u00a0en manos\u00a0de otro.\u00a0Tal vez te sorprenda el resultado\u00a0al verte\u00a0des de una mirada distinta.[\/vc_column_text][\/vc_column][vc_column width=\u00bb1\/6&#8243;][vc_column_text]<\/p>\n<p style=\"text-align: center;\"><span style=\"color: #0a7034;\"><strong>COMUNICACI\u00d3N<\/strong><\/span><\/p>\n<p>\u00bfQu\u00e9 es para ti la diversidad? Vamos\u00a0a descubrir infinidad de maneras de expresar\u00a0 algo que parece tan obvio.[\/vc_column_text][\/vc_column][vc_column width=\u00bb1\/6&#8243;][vc_column_text]<\/p>\n<p style=\"text-align: center;\"><span style=\"color: #0a7034;\"><strong>INTEGRACI\u00d3N<\/strong><\/span><\/p>\n<p>Toca\u00a0dar rienda suelta a nuestra creatividad\u00a0creando un gran\u00a0<em>collage <\/em>junto\u00a0a la artista, Marta de los Pajaros. Quedar\u00e0 un <em>photocall<\/em> maravilloso.[\/vc_column_text][\/vc_column][vc_column width=\u00bb1\/6&#8243;][vc_column_text]<\/p>\n<p style=\"text-align: center;\"><span style=\"color: #0a7034;\"><strong>EMPAT\u00cdA<\/strong><\/span><\/p>\n<p>Ponte en los zapatos\u00a0del otro. Todos\u00a0conocemos la lecci\u00f3n, pero\u00a0a veces\u00a0se nos olvida la pr\u00e1ctica\u00a0de algo tan importante.[\/vc_column_text][\/vc_column][vc_column width=\u00bb1\/6&#8243;][vc_column_text]<\/p>\n<p style=\"text-align: center;\"><span style=\"color: #0a7034;\"><strong>RESOLUCI\u00d3N<\/strong><\/span><\/p>\n<p>\u00bfQu\u00e9 haces cuando se presenta un problema? \u00bfTe preocupas o te ocupas?. Pon en marcha tu creatividad para resolver los conflictos.[\/vc_column_text][\/vc_column][vc_column column_padding=\u00bbpadding-1&#8243; width=\u00bb1\/6&#8243;][\/vc_column][vc_column][\/vc_column][\/vc_row][vc_row][vc_column width=\u00bb1\/1&#8243;][vc_column_text]<span style=\"color: #0a7034;\"><strong>\u00a020:20h\u00a0Cocktail-Networking\u00a0<\/strong><\/span><\/p>\n<p>La velada finalizar\u00e1 con un cocktail de\u00a0<strong>gastronom\u00eda\u00a0diversa<\/strong><strong>\u00a0<\/strong>acompa\u00f1ado\u00a0de <strong>m\u00fasica\u00a0en directo<\/strong> del grupo de\u00a0swing y blues, los\u00a0<em><strong>Boozan Dukes<\/strong><\/em>.[\/vc_column_text][\/vc_column][\/vc_row][vc_row][vc_column width=\u00bb1\/2&#8243;]<div class=\"single_image wpb_content_element align-center    \" data-animation=\"none\" data-delay=\"0\"><img width=\"360\" height=\"200\" src=\"https:\/\/www.foment.com\/wp-content\/uploads\/2018\/04\/7.0.png\" class=\"attachment-full\" alt=\"\" loading=\"lazy\" title=\"7.0\" srcset=\"https:\/\/www.foment.com\/wp-content\/uploads\/2018\/04\/7.0.png 360w, https:\/\/www.foment.com\/wp-content\/uploads\/2018\/04\/7.0-300x167.png 300w\" sizes=\"(max-width: 360px) 100vw, 360px\" \/><\/div>[\/vc_column][vc_column width=\u00bb1\/2&#8243;]<div class=\"single_image wpb_content_element align-center    \" data-animation=\"none\" data-delay=\"0\"><img width=\"360\" height=\"200\" src=\"https:\/\/www.foment.com\/wp-content\/uploads\/2018\/04\/8.0.jpg\" class=\"attachment-full\" alt=\"\" loading=\"lazy\" title=\"8.0\" srcset=\"https:\/\/www.foment.com\/wp-content\/uploads\/2018\/04\/8.0.jpg 360w, https:\/\/www.foment.com\/wp-content\/uploads\/2018\/04\/8.0-300x167.jpg 300w\" sizes=\"(max-width: 360px) 100vw, 360px\" \/><\/div>[\/vc_column][\/vc_row][vc_row][vc_column width=\u00bb1\/1&#8243;][vc_column_text]<\/p>\n<h3 style=\"text-align: center;\"><span style=\"color: #0a7034;\"><strong>PATROCINADORES:<\/strong><\/span><\/h3>\n<p>[\/vc_column_text][\/vc_column][\/vc_row][vc_row][vc_column width=\u00bb1\/2&#8243;]<div class=\"single_image wpb_content_element align-right   image_tilt \" data-animation=\"none\" data-delay=\"0\"><a href=\"https:\/\/www.randstad.es\/candidatos\/?gclid=EAIaIQobChMIn5iZ6PKs2gIVGJSyCh0FeAk4EAAYASAAEgKtUPD_BwE\" target=\"_self\"><img width=\"150\" height=\"150\" src=\"https:\/\/www.foment.com\/wp-content\/uploads\/2018\/01\/randsatd-word-press.png\" class=\"attachment-medium\" alt=\"\" loading=\"lazy\" title=\"randsatd\" srcset=\"https:\/\/www.foment.com\/wp-content\/uploads\/2018\/01\/randsatd-word-press.png 150w, https:\/\/www.foment.com\/wp-content\/uploads\/2018\/01\/randsatd-word-press-80x80.png 80w\" sizes=\"(max-width: 150px) 100vw, 150px\" \/><\/a><\/div>[\/vc_column][vc_column width=\u00bb1\/2&#8243;]<div class=\"spacer\" style=\"height: 40px;\"><\/div><div class=\"single_image wpb_content_element align-left   image_zoomout \" data-animation=\"none\" data-delay=\"0\"><a href=\"https:\/\/adeslas.isalud.com\/?account_id=3536760232&#038;adgroup=19825660493&#038;keyword=adeslas&#038;matchtype=e&#038;device=c&#038;network=g&#038;creative_id=252807071502&#038;ad_position=1t1&#038;campaign_name=Search%20-%20ES\/es%20-%20Brand%20Adeslas%20-%20Exact&#038;campaign_type=search&#038;campaign=GN-AD-S&#038;geoloc=9072457&#038;gclid=EAIaIQobChMIqs_ymfOs2gIVz5kbCh031A4qEAAYASAAEgJ3K_D_BwE\" target=\"_self\"><img width=\"150\" height=\"39\" src=\"https:\/\/www.foment.com\/wp-content\/uploads\/2018\/01\/adeslas-wordpress.png\" class=\"attachment-medium\" alt=\"\" loading=\"lazy\" title=\"adeslas wordpress\" \/><\/a><\/div>[\/vc_column][\/vc_row]<\/p>\n<\/section>","protected":false},"author":7,"featured_media":44570,"menu_order":0,"comment_status":"closed","ping_status":"closed","template":"","meta":{"_links_to":"","_links_to_target":""},"tags":[926,927,938],"event_type":[200],"event_type_2":[],"acf":[],"_links":{"self":[{"href":"https:\/\/www.foment.com\/es\/wp-json\/wp\/v2\/ajde_events\/44512"}],"collection":[{"href":"https:\/\/www.foment.com\/es\/wp-json\/wp\/v2\/ajde_events"}],"about":[{"href":"https:\/\/www.foment.com\/es\/wp-json\/wp\/v2\/types\/ajde_events"}],"author":[{"embeddable":true,"href":"https:\/\/www.foment.com\/es\/wp-json\/wp\/v2\/users\/7"}],"replies":[{"embeddable":true,"href":"https:\/\/www.foment.com\/es\/wp-json\/wp\/v2\/comments?post=44512"}],"wp:featuredmedia":[{"embeddable":true,"href":"https:\/\/www.foment.com\/es\/wp-json\/wp\/v2\/media\/44570"}],"wp:attachment":[{"href":"https:\/\/www.foment.com\/es\/wp-json\/wp\/v2\/media?parent=44512"}],"wp:term":[{"taxonomy":"post_tag","embeddable":true,"href":"https:\/\/www.foment.com\/es\/wp-json\/wp\/v2\/tags?post=44512"},{"taxonomy":"event_type","embeddable":true,"href":"https:\/\/www.foment.com\/es\/wp-json\/wp\/v2\/event_type?post=44512"},{"taxonomy":"event_type_2","embeddable":true,"href":"https:\/\/www.foment.com\/es\/wp-json\/wp\/v2\/event_type_2?post=44512"}],"curies":[{"name":"wp","href":"https:\/\/api.w.org\/{rel}","templated":true}]}}