{"id":44585,"date":"2018-04-09T12:42:55","date_gmt":"2018-04-09T10:42:55","guid":{"rendered":"http:\/\/www.foment.com\/?post_type=ajde_events&#038;p=44585"},"modified":"2018-05-07T14:22:01","modified_gmt":"2018-05-07T12:22:01","slug":"desayuno-de-trabajo-dmcc-un-mercado-de-comercio-a-primer-nivel","status":"publish","type":"ajde_events","link":"https:\/\/www.foment.com\/es\/events\/desayuno-de-trabajo-dmcc-un-mercado-de-comercio-a-primer-nivel\/","title":{"rendered":"DMCC: Un Mercado de comercio a primer nivel.  \u00abLa ruta m\u00e1s r\u00e1pida al comercio mundial es a trav\u00e9s de Dub\u00e1i\u00bb"},"content":{"rendered":"<section class=\"wpb-content-wrapper\"><p>[vc_row][vc_column][vc_column_text]Actualmente, m\u00e1s de 15.100 empresas consideran a DMCC (Zona Franca n\u00famero 1 del mundo) \u00a0su hogar, desde corporaciones multinacionales hasta nuevas empresas. Cada mes se unen a DMCC unas 170 empresas, de las cuales el 95 % son empresas nuevas en Dub\u00e1i. Independientemente de su tama\u00f1o y condici\u00f3n, cada empresa miembro se une para beneficiarse del acceso inigualable a servicios, conexiones e infraestructuras de negocios de primer nivel.<\/p>\n<p>Alrededor de 90.000 personas viven y trabajan en DMCC, atra\u00eddas por su vibrante comunidad, asombrosas propiedades y un estilo de vida de alta calidad. Con excelentes v\u00edas terrestres, marinas y a\u00e9reas, es la base de negocios ideal para Dub\u00e1i, los Emiratos \u00c1rabes Unidos y m\u00e1s all\u00e1. Como lo avala el premio a la \u2018Zona Franca Global del A\u00f1o\u2019 otorgado por la revista fDi de Financial Times en los \u00faltimos tres a\u00f1os, DMCC est\u00e1 realmente Hecha para el comercio.<\/p>\n<p>&nbsp;<\/p>\n<p><span style=\"color: #c10000;\"><strong><em>PROGRAMA<\/em><\/strong><\/span><\/p>\n<p><span style=\"color: #c10000;\"><strong>9:00 Registro de asistentes<\/strong><\/span><\/p>\n<p><span style=\"color: #c10000;\"><strong>9:30 Bienvenida<\/strong><\/span><\/p>\n<p style=\"padding-left: 60px;\"><strong>Sr. Joaquim Gay de Montell\u00e0,\u00a0<\/strong>Presidente, Foment del Treball<\/p>\n<p style=\"padding-left: 60px;\"><strong>Sr. Ahmed Bin Sulayem,\u00a0<\/strong>Presidente Ejecutivo, DMCC<\/p>\n<p style=\"padding-left: 60px;\"><strong>Sr. Ramon Sentmart\u00ed,\u00a0<\/strong>CEO, Prodeca<\/p>\n<p style=\"padding-left: 60px;\"><strong>Sr. Ahmad Al Haddad,<\/strong> Director de Operaciones, JAFZA<\/p>\n<p style=\"padding-left: 60px;\"><strong>Hble. Sr. Salem <\/strong><strong>Alowais,\u00a0<\/strong>C\u00f3nsul General, Emiratos \u00c1rabes Unidos en \u00a0Barcelona<\/p>\n<p><span style=\"color: #c10000;\"><strong>09:50 Made for Trade Live<\/strong><\/span><\/p>\n<p style=\"padding-left: 60px;\"><strong>Mr. James Bernard,\u00a0<\/strong>Director de ventas de\u00a0 DMCC<\/p>\n<p><span style=\"color: #c10000;\"><strong>10:00 Debate<\/strong><\/span><\/p>\n<p><span style=\"color: #c10000;\"><strong>10:<\/strong><strong>0<\/strong><strong>5<\/strong><strong> \u00abConozca a los expertos\u00bb mesa redonda: Expanda su negocio en Dub\u00e1i y m\u00e1s all\u00e1 <\/strong><\/span><\/p>\n<ul>\n<li><strong><em>\u00a0 \u00a0 \u00a0 \u00a0 \u00a0 \u00a0 \u00a0 \u00a0La facilidad para hacer negocios en Dub\u00e1i<\/em><\/strong><\/li>\n<\/ul>\n<p style=\"padding-left: 120px;\"><strong>Sr. <\/strong><strong>Sanjeev Dutta,<\/strong> Director Ejecutivo \u2013 Commodities, DMCC<\/p>\n<ul>\n<li><strong><em>\u00a0 \u00a0 \u00a0 \u00a0 \u00a0 \u00a0 \u00a0 Caso Pr\u00e1ctico: Desde Espa\u00f1a a los Emiratos \u00c1rabes Unidos: Un punto de vista pr\u00e1ctico del proceso de incorporaci\u00f3n<\/em><\/strong><\/li>\n<\/ul>\n<p style=\"padding-left: 120px;\"><strong>Sra. Leticia Torres Garc\u00eda,<\/strong> Directora General del Grupo RLD en Emiratos \u00c1rabes Unidos<\/p>\n<ul>\n<li><strong><em>\u00a0 \u00a0 \u00a0 \u00a0 \u00a0 \u00a0 \u00a0 Estrategias de entrada para pymes en Emiratos<\/em><\/strong><\/li>\n<\/ul>\n<p style=\"padding-left: 120px;\"><strong>Sra. Elisabet Coll-Vinent<\/strong>, Directora del Departamento Internacional, CCB<\/p>\n<ul>\n<li><strong><em>\u00a0 \u00a0 \u00a0 \u00a0 \u00a0 \u00a0 \u00a0En el centro de la nueva Ruta de la Seda: experiencia de 2 pioneras<\/em><\/strong><\/li>\n<\/ul>\n<p style=\"padding-left: 120px;\"><strong>Sra.<\/strong> <strong>Eva Martin y Sra.<\/strong> <strong>Mar\u00eda Jos\u00e9 Fern\u00e1ndez Nebreda, <\/strong>Periodistas y coautoras de los suplementos del Economista sobre EAU.<\/p>\n<ul>\n<li><strong>\u00a0 \u00a0 \u00a0 \u00a0 \u00a0 \u00a0 Sr.Ebtesam Ahmed Al Kaabi,<\/strong> Jefe de Ventas, JAFZA<\/li>\n<\/ul>\n<p>Moderador<strong>: Sr. Joan Canals, <\/strong>Presidente de la Comisi\u00f3n Internacional, Foment del Treball<\/p>\n<p><span style=\"color: #c10000;\"><strong>10:50 Debate<\/strong><\/span><\/p>\n<p><span style=\"color: #c10000;\"><strong>11:00 Fin de la sesi\u00f3n<\/strong><\/span><\/p>\n<p><strong>*<\/strong>El desayuno se desarrollar\u00e1 en Ingl\u00e9s.<\/p>\n<p><strong>*<\/strong>Aforo limitado. El organizador confirmar\u00e1 la plaza a los asistentes.<\/p>\n<p><strong>\u00a0<\/strong><\/p>\n<p style=\"text-align: center;\"><strong><em><u>GRAN PREMIO AL FINAL DEL EVENTO<\/u><\/em><\/strong><\/p>\n<p style=\"text-align: center;\">Cada delegado que asista al evento podr\u00e1 dejar su tarjeta de presentaci\u00f3n en la mesa de registro para tener la oportunidad de ganar:<\/p>\n<p style=\"text-align: center;\"><strong>\u201cUN A\u00d1O DE INSTALACI\u00d3N GRATUITA EN LA ZONA FRANCA DMCC\u201d (Valorado en 10.000\u20ac)<\/strong><\/p>\n<p>[\/vc_column_text][\/vc_column][\/vc_row][vc_row][vc_column width=\u00bb1\/3&#8243;]<div class=\"single_image wpb_content_element align-left    \" data-animation=\"none\" data-delay=\"0\"><img width=\"202\" height=\"55\" src=\"https:\/\/www.foment.com\/wp-content\/uploads\/2018\/04\/Cambra-Barcelona.-Doing-Business.jpg\" class=\"attachment-full\" alt=\"\" loading=\"lazy\" title=\"Cambra Barcelona. Doing Business\" \/><\/div>[\/vc_column][vc_column width=\u00bb1\/3&#8243;]<div class=\"single_image wpb_content_element align-right    \" data-animation=\"none\" data-delay=\"0\"><img width=\"290\" height=\"61\" src=\"https:\/\/www.foment.com\/wp-content\/uploads\/2018\/04\/logo-prodeca.png\" class=\"attachment-medium\" alt=\"\" loading=\"lazy\" title=\"logo-prodeca\" \/><\/div>[\/vc_column][vc_column width=\u00bb1\/3&#8243;]<div class=\"single_image wpb_content_element align-left    \" data-animation=\"none\" data-delay=\"0\"><img width=\"196\" height=\"32\" src=\"https:\/\/www.foment.com\/wp-content\/uploads\/2018\/04\/logo-generalitat.jpg\" class=\"attachment-full\" alt=\"\" loading=\"lazy\" title=\"logo-generalitat\" \/><\/div>[\/vc_column][\/vc_row]<\/p>\n<\/section>","protected":false},"author":13,"featured_media":17558,"menu_order":0,"comment_status":"closed","ping_status":"closed","template":"","meta":{"_links_to":"","_links_to_target":""},"tags":[],"event_type":[201],"event_type_2":[],"acf":[],"_links":{"self":[{"href":"https:\/\/www.foment.com\/es\/wp-json\/wp\/v2\/ajde_events\/44585"}],"collection":[{"href":"https:\/\/www.foment.com\/es\/wp-json\/wp\/v2\/ajde_events"}],"about":[{"href":"https:\/\/www.foment.com\/es\/wp-json\/wp\/v2\/types\/ajde_events"}],"author":[{"embeddable":true,"href":"https:\/\/www.foment.com\/es\/wp-json\/wp\/v2\/users\/13"}],"replies":[{"embeddable":true,"href":"https:\/\/www.foment.com\/es\/wp-json\/wp\/v2\/comments?post=44585"}],"wp:featuredmedia":[{"embeddable":true,"href":"https:\/\/www.foment.com\/es\/wp-json\/wp\/v2\/media\/17558"}],"wp:attachment":[{"href":"https:\/\/www.foment.com\/es\/wp-json\/wp\/v2\/media?parent=44585"}],"wp:term":[{"taxonomy":"post_tag","embeddable":true,"href":"https:\/\/www.foment.com\/es\/wp-json\/wp\/v2\/tags?post=44585"},{"taxonomy":"event_type","embeddable":true,"href":"https:\/\/www.foment.com\/es\/wp-json\/wp\/v2\/event_type?post=44585"},{"taxonomy":"event_type_2","embeddable":true,"href":"https:\/\/www.foment.com\/es\/wp-json\/wp\/v2\/event_type_2?post=44585"}],"curies":[{"name":"wp","href":"https:\/\/api.w.org\/{rel}","templated":true}]}}