{"id":46607,"date":"2018-05-29T10:18:50","date_gmt":"2018-05-29T08:18:50","guid":{"rendered":"http:\/\/www.foment.com\/?post_type=ajde_events&#038;p=46607"},"modified":"2018-05-29T16:33:46","modified_gmt":"2018-05-29T14:33:46","slug":"encuentros-administracion-digital-servicios-ciudadano","status":"publish","type":"ajde_events","link":"https:\/\/www.foment.com\/es\/events\/encuentros-administracion-digital-servicios-ciudadano\/","title":{"rendered":"Encuentros con la Administraci\u00f3n"},"content":{"rendered":"<section class=\"wpb-content-wrapper\"><p>[vc_row][vc_column width=\u00bb1\/1&#8243;][vc_column_text]<\/p>\n<h2 style=\"text-align: center;\"><strong>Administraci\u00f3n Digital y Servicios al Ciudadano<\/strong><\/h2>\n<p>Posiblemente uno de los temas centrales que ocupa y tambi\u00e9n preocupa a los m\u00e1ximos responsables de empresas y entidades es el c\u00f3mo adaptarse, trabajar y aprovechar las inmensas posibilidades de la llamada revoluci\u00f3n digital. C\u00f3mo se organizan los equipos humanos y los procedimientos a este nuevo entorno. Las Administraciones P\u00fablicas han sido muchas veces pioneras en la utilizaci\u00f3n de los medios digitales en las relaciones con los ciudadanos y el mundo empresarial.<\/p>\n<p>Est\u00e1 previsto un nuevo impulso para el mes pr\u00f3ximo mes de octubre, con la aplicaci\u00f3n de la Ley 39\/2015, de 1 de octubre, del Procedimiento Administrativo Com\u00fan de las Administraciones P\u00fablicas, con nuestros 8.000 municipios que dar\u00e1n un salto cualitativo en sus relaciones digitales, siendo \u00e9ste un nuevo paradigma de relaci\u00f3n entre las empresas y las Administraciones P\u00fablicas.<\/p>\n<p>Para conocer cu\u00e1les son los cambios que van a introducirse y poder evaluar futuros escenarios, contaremos con la persona que lidera este proyecto, as\u00ed como, conoceremos algunas experiencias que sobre esta cuesti\u00f3n han desarrollado las empresas.[\/vc_column_text][\/vc_column][\/vc_row][vc_row][vc_column width=\u00bb1\/1&#8243;][vc_column_text]<\/p>\n<p style=\"text-align: center;\"><span style=\"color: #c1002b;\"><strong>PROGRAMA<\/strong><\/span><\/p>\n<p><span style=\"color: #c1002b;\"><strong>12:00h. Presentaci\u00f3n<\/strong><\/span><\/p>\n<p style=\"padding-left: 30px;\"><span style=\"color: #5f6062;\"><strong>Sr. Valent\u00ed Pich; <\/strong>Presidente de la Comisi\u00f3n\u00a0de Econom\u00eda y Fiscalidad\u00a0de Foment del Treball<\/span><\/p>\n<p><span style=\"color: #c1002b;\"><strong>12:10h.\u00a0<\/strong><strong>Intervenci\u00f3n de la Administraci\u00f3n<\/strong><\/span><\/p>\n<p style=\"padding-left: 30px;\"><span style=\"color: #5f6062;\"><strong>Sr. Aitor Cubo Contreras; <\/strong>Subdirector General de Impulso de la\u00a0 Administraci\u00f3n\u00a0Digital y Servicios\u00a0al Ciudadano, Ministerio de Hacienda y Funci\u00f3n P\u00fablica<\/span><\/p>\n<p><span style=\"color: #c1002b;\"><strong>13:00h.\u00a0La visi\u00f3n desde\u00a0el mundo\u00a0empresarial<\/strong><\/span><\/p>\n<p style=\"padding-left: 30px;\"><span style=\"color: #5f6062;\"><strong>Sr. Josep Bagu\u00e9;<\/strong>\u00a0Consejero Delegado (CEO), WaterSpain<\/span><\/p>\n<p style=\"padding-left: 30px;\"><span style=\"color: #5f6062;\"><strong>Sr. Carlos Puig de Travy;<\/strong>\u00a0Col\u00b7legi d&#8217;Economistes de Catalunya, Presidente\u00a0Registro de Economistas y Auditores. Consejo General de Economistas<\/span><\/p>\n<p style=\"padding-left: 30px;\"><span style=\"color: #5f6062;\"><strong>Sr.\u00a0Miguel Tercero;<\/strong>\u00a0Gerente Asesor\u00eda Jur\u00eddica, CaixaBank<\/span><\/p>\n<p><strong><span style=\"color: #c1002b;\">Moderador:<\/span> <span style=\"color: #5f6062;\">Sr. Salvador Guillermo Vi\u00f1eta;<\/span><\/strong><span style=\"color: #5f6062;\">\u00a0Director de Econom\u00eda de Foment del Treball<\/span><\/p>\n<p><span style=\"color: #c1002b;\"><strong>14:00h.\u00a0Cierre de la Sesi\u00f3n<\/strong><\/span>[\/vc_column_text][\/vc_column][\/vc_row][vc_row][vc_column width=\u00bb1\/2&#8243;][vc_column_text]<\/p>\n<p style=\"text-align: center;\"><span style=\"color: #5f6062;\"><strong>CON LA COLABORACI\u00d3N DE:<\/strong><\/span><\/p>\n<p>[\/vc_column_text][\/vc_column][vc_column width=\u00bb1\/2&#8243;][vc_column_text]<\/p>\n<p style=\"text-align: center;\"><span style=\"color: #5f6062;\"><strong>PATROCINADOR:\u00a0<\/strong><\/span><\/p>\n<p>[\/vc_column_text][\/vc_column][\/vc_row][vc_row][vc_column width=\u00bb1\/2&#8243;]<div class=\"single_image wpb_content_element align-center   image_tilt \" data-animation=\"none\" data-delay=\"0\"><a href=\"http:\/\/www.coleconomistes.cat\/Paginas\/Ficha.aspx?IdMenu=A2238BD0-3048-4D9D-AB8C-C91C6FDFD475&#038;Idioma=ca-ES\" target=\"_self\"><img width=\"150\" height=\"39\" src=\"https:\/\/www.foment.com\/wp-content\/uploads\/2018\/05\/Sin-t\u00edtulo-150x39.png\" class=\"attachment-thumbnail\" alt=\"\" loading=\"lazy\" title=\"Sin t\u00edtulo\" \/><\/a><\/div>[\/vc_column][vc_column width=\u00bb1\/2&#8243;]<div class=\"single_image wpb_content_element align-center   image_tilt \" data-animation=\"none\" data-delay=\"0\"><a href=\"https:\/\/www.gasnaturalfenosa.es\/hogar\" target=\"_self\"><img width=\"150\" height=\"91\" src=\"https:\/\/www.foment.com\/wp-content\/uploads\/2018\/05\/gas-natural-okok-1-150x91.jpg\" class=\"attachment-thumbnail\" alt=\"\" loading=\"lazy\" title=\"gas natural okok\" \/><\/a><\/div>[\/vc_column][\/vc_row]<\/p>\n<\/section>","protected":false},"author":24,"featured_media":46624,"menu_order":0,"comment_status":"closed","ping_status":"closed","template":"","meta":{"_links_to":"","_links_to_target":""},"tags":[],"event_type":[211],"event_type_2":[],"acf":[],"_links":{"self":[{"href":"https:\/\/www.foment.com\/es\/wp-json\/wp\/v2\/ajde_events\/46607"}],"collection":[{"href":"https:\/\/www.foment.com\/es\/wp-json\/wp\/v2\/ajde_events"}],"about":[{"href":"https:\/\/www.foment.com\/es\/wp-json\/wp\/v2\/types\/ajde_events"}],"author":[{"embeddable":true,"href":"https:\/\/www.foment.com\/es\/wp-json\/wp\/v2\/users\/24"}],"replies":[{"embeddable":true,"href":"https:\/\/www.foment.com\/es\/wp-json\/wp\/v2\/comments?post=46607"}],"wp:featuredmedia":[{"embeddable":true,"href":"https:\/\/www.foment.com\/es\/wp-json\/wp\/v2\/media\/46624"}],"wp:attachment":[{"href":"https:\/\/www.foment.com\/es\/wp-json\/wp\/v2\/media?parent=46607"}],"wp:term":[{"taxonomy":"post_tag","embeddable":true,"href":"https:\/\/www.foment.com\/es\/wp-json\/wp\/v2\/tags?post=46607"},{"taxonomy":"event_type","embeddable":true,"href":"https:\/\/www.foment.com\/es\/wp-json\/wp\/v2\/event_type?post=46607"},{"taxonomy":"event_type_2","embeddable":true,"href":"https:\/\/www.foment.com\/es\/wp-json\/wp\/v2\/event_type_2?post=46607"}],"curies":[{"name":"wp","href":"https:\/\/api.w.org\/{rel}","templated":true}]}}