{"id":46768,"date":"2018-06-04T14:09:13","date_gmt":"2018-06-04T12:09:13","guid":{"rendered":"http:\/\/www.foment.com\/?post_type=ajde_events&#038;p=46768"},"modified":"2018-11-05T13:23:50","modified_gmt":"2018-11-05T12:23:50","slug":"gestion-por-indicadores-de-la-prl","status":"publish","type":"ajde_events","link":"https:\/\/www.foment.com\/es\/events\/gestion-por-indicadores-de-la-prl\/","title":{"rendered":"Gesti\u00f3n por indicadores de la PRL"},"content":{"rendered":"<section class=\"wpb-content-wrapper\"><p>[vc_row][vc_column][vc_column_text]<\/p>\n<h2 style=\"text-align: center;\"><span style=\"color: #ab192d;\"><strong>GESTI\u00d3N POR INDICADORES DE LA PRL.<\/strong><\/span><\/h2>\n<h3 style=\"text-align: center;\"><span style=\"color: #656565;\"><strong>Jornadas t\u00e9cnicas<\/strong><\/span><\/h3>\n<p>&nbsp;<\/p>\n<h3><span style=\"color: #ab192d;\"><strong>Objetivo<\/strong><\/span><\/h3>\n<p>&nbsp;<\/p>\n<p style=\"text-align: justify;\">Desde hace tiempo que se estudia la rentabilidad de las acciones preventivas en las empresas y su retorno de inversi\u00f3n. Se ha demostrado en muchas ocasiones que los costes derivados de un accidente o enfermedad profesional son elevados, y que la aplicaci\u00f3n de muchas medidas preventivas tienen un reflejo importante en la productividad y la rentabilidad de las empresas.<\/p>\n<p style=\"text-align: justify;\">La informaci\u00f3n facilitada en esta jornada sobre la gesti\u00f3n por indicadores permitir\u00e1 conocer, controlar y gestionar nuestras acciones en prevenci\u00f3n y poder cuantificar sus resultados. Este tipo de gesti\u00f3n es una herramienta extremadamente potente para la mejora de la salud y de la eficiencia en las organizaciones, especialmente en las pymes.<\/p>\n<p>&nbsp;<\/p>\n<h3><span style=\"color: #ab192d;\"><strong>Programa<\/strong><\/span><\/h3>\n<p>&nbsp;<\/p>\n<ul>\n<li style=\"text-align: justify; line-height: 70%;\">Gesti\u00f3n por indicadores. Conceptos.<\/li>\n<li style=\"text-align: justify; line-height: 70%;\">La organizaci\u00f3n del trabajo conforme a indicadores.<\/li>\n<li style=\"text-align: justify; line-height: 70%;\">Indicadores objetivos en PRL.<\/li>\n<li style=\"text-align: justify; line-height: 70%;\">Los objetivos de trabajo relacionados con los indicadores.<\/li>\n<li style=\"text-align: justify; line-height: 70%;\">El control de los indicadores.<\/li>\n<li style=\"text-align: justify; line-height: 70%;\">Como implantar un sistema de gesti\u00f3n por indicadores.<\/li>\n<li style=\"text-align: justify; line-height: 70%;\">Ejemplos de sistemas de gesti\u00f3n integrados por indicadores.<\/li>\n<\/ul>\n<p>&nbsp;<\/p>\n<h3><span style=\"color: #ab192d;\"><strong>Ponente<\/strong><\/span><\/h3>\n<p>&nbsp;<\/p>\n<p style=\"text-align: justify;\">Diego Gracia.<\/p>\n<p style=\"text-align: justify;\">Director de Psicopreven. Psic\u00f3logo industrial. T\u00e9cnico superior en Prevenci\u00f3n de Riesgos Laborales.<\/p>\n<p>&nbsp;<\/p>\n<p>[\/vc_column_text][\/vc_column][\/vc_row][vc_row][vc_column width=\u00bb1\/1&#8243;]<div class=\"single_image wpb_content_element align-left    \" data-animation=\"none\" data-delay=\"0\"><a href=\"http:\/\/prl.foment.com\" target=\"_blank\"><img width=\"1261\" height=\"200\" src=\"https:\/\/www.foment.com\/wp-content\/uploads\/2018\/07\/PRL_logotipos_18_financiacion.png\" class=\"attachment-full\" alt=\"\" loading=\"lazy\" title=\"PRL_logotipos_18_financiacion\" srcset=\"https:\/\/www.foment.com\/wp-content\/uploads\/2018\/07\/PRL_logotipos_18_financiacion.png 1261w, https:\/\/www.foment.com\/wp-content\/uploads\/2018\/07\/PRL_logotipos_18_financiacion-300x48.png 300w, https:\/\/www.foment.com\/wp-content\/uploads\/2018\/07\/PRL_logotipos_18_financiacion-768x122.png 768w, https:\/\/www.foment.com\/wp-content\/uploads\/2018\/07\/PRL_logotipos_18_financiacion-1024x162.png 1024w\" sizes=\"(max-width: 1261px) 100vw, 1261px\" \/><\/a><\/div>[\/vc_column][\/vc_row]<\/p>\n<p style=\"text-align: CENTER;\"><span style=\"color: #6caae4;\">El contenido de esta publicaci\u00f3n es responsabilidad exclusiva de la entidad ejecutante y no refleja necesariamente la opini\u00f3n de la Fundaci\u00f3n Estatal para la Prevenci\u00f3n de Riesgos Laborales.<\/span><\/p>\n<\/section>","protected":false},"author":12,"featured_media":46769,"menu_order":0,"comment_status":"closed","ping_status":"closed","template":"","meta":{"_links_to":"","_links_to_target":""},"tags":[727,417,513],"event_type":[202],"event_type_2":[],"acf":[],"_links":{"self":[{"href":"https:\/\/www.foment.com\/es\/wp-json\/wp\/v2\/ajde_events\/46768"}],"collection":[{"href":"https:\/\/www.foment.com\/es\/wp-json\/wp\/v2\/ajde_events"}],"about":[{"href":"https:\/\/www.foment.com\/es\/wp-json\/wp\/v2\/types\/ajde_events"}],"author":[{"embeddable":true,"href":"https:\/\/www.foment.com\/es\/wp-json\/wp\/v2\/users\/12"}],"replies":[{"embeddable":true,"href":"https:\/\/www.foment.com\/es\/wp-json\/wp\/v2\/comments?post=46768"}],"wp:featuredmedia":[{"embeddable":true,"href":"https:\/\/www.foment.com\/es\/wp-json\/wp\/v2\/media\/46769"}],"wp:attachment":[{"href":"https:\/\/www.foment.com\/es\/wp-json\/wp\/v2\/media?parent=46768"}],"wp:term":[{"taxonomy":"post_tag","embeddable":true,"href":"https:\/\/www.foment.com\/es\/wp-json\/wp\/v2\/tags?post=46768"},{"taxonomy":"event_type","embeddable":true,"href":"https:\/\/www.foment.com\/es\/wp-json\/wp\/v2\/event_type?post=46768"},{"taxonomy":"event_type_2","embeddable":true,"href":"https:\/\/www.foment.com\/es\/wp-json\/wp\/v2\/event_type_2?post=46768"}],"curies":[{"name":"wp","href":"https:\/\/api.w.org\/{rel}","templated":true}]}}