{"id":54517,"date":"2018-10-01T11:36:43","date_gmt":"2018-10-01T09:36:43","guid":{"rendered":"http:\/\/www.foment.com\/?post_type=ajde_events&#038;p=54517"},"modified":"2018-10-03T09:40:19","modified_gmt":"2018-10-03T07:40:19","slug":"essentials-en-gestion-de-personas","status":"publish","type":"ajde_events","link":"https:\/\/www.foment.com\/es\/events\/essentials-en-gestion-de-personas\/","title":{"rendered":"Essentials: La gesti\u00f3n por valores o el valor de la gesti\u00f3n empresarial"},"content":{"rendered":"<section class=\"wpb-content-wrapper\"><p>[vc_row][vc_column][vc_column_text]<\/p>\n<p style=\"text-align: center;\"><span style=\"color: #000000;\"><strong>BACK TO THE BASICS<\/strong><\/span><\/p>\n<h3 style=\"text-align: center;\"><span style=\"color: #c1002b;\"><strong>\u00a0Essentials\u00a0<\/strong><\/span><\/h3>\n<p>&nbsp;<\/p>\n<p>\u00bfQui\u00e9n no quiere\u00a0hacerse con la nueva tendencia de la temporada? Esa nueva\u00a0prenda que sale en todas las revistas. Lo mismo\u00a0ocurre en el mundo empresarial\u00a0con la aparici\u00f3n de una nueva herramienta, proceso,\u00a0estrategia, etc.; toda\u00a0compa\u00f1\u00eda\u00a0que tenga\u00a0un ADN innovador quiere implantar esa novedad\u00a0y\u00a0seguir mejorando.<\/p>\n<p>Pero\u00a0esta vez vamos a hablar\u00a0de los b\u00e1sicos, esos\u00a0temas estructurales\u00a0y peri\u00f3dicos\u00a0que siempre permanecen\u00a0en la empresa. Son como\u00a0ese bloc de notas\u00a0que siempre\u00a0est\u00e1 en tu escritorio, o los vaqueros\u00a0que nunca faltan en tu fondo de armario.<\/p>\n<p>Con el objetivo de seguir aprendiendo\u00a0y refrescando\u00a0estas\u00a0tareas\u00a0permanentes\u00a0del \u00e1rea de personas, iniciamos un\u00a0nuevo ciclo de\u00a0sesiones\u00a0muy pr\u00e1cticas.<\/p>\n<p>&nbsp;<\/p>\n<p style=\"text-align: center;\"><span style=\"color: #000000;\"><strong>1a jornada sobre\u00a0<em>Attract:\u00a0<\/em><\/strong><\/span><\/p>\n<h2 style=\"text-align: center;\"><span style=\"color: #c1002b;\"><strong>\u00a0La gesti\u00f3n por valores\u00a0o el valor de la gesti\u00f3n empresarial\u00a0<\/strong><\/span><\/h2>\n<p><img loading=\"lazy\" class=\"alignright wp-image-54530\" src=\"http:\/\/www.foment.com\/wp-content\/uploads\/2018\/10\/Atraccion-essentials-2-300x145.jpg\" alt=\"\" width=\"261\" height=\"126\" srcset=\"https:\/\/www.foment.com\/wp-content\/uploads\/2018\/10\/Atraccion-essentials-2-300x145.jpg 300w, https:\/\/www.foment.com\/wp-content\/uploads\/2018\/10\/Atraccion-essentials-2.jpg 398w\" sizes=\"(max-width: 261px) 100vw, 261px\" \/><\/p>\n<p>Detr\u00e1s de cada empresa hay unos valores que dan forma y son la identidad de la empresa como corporaci\u00f3n. La identidad empresarial y sus valores subyacentes condicionan la b\u00fasqueda de profesionales que, adem\u00e1s de contar con las competencias necesarias, tengan un buen encaje<br \/>\ndentro\u00a0de los valores de la compa\u00f1\u00eda. Y tambi\u00e9n condicionan que el talento permanezca en la<br \/>\ncompa\u00f1\u00eda en la medida en que la empresa mantiene estos valores y los manifiesta en su pol\u00edtica<br \/>\ny relaci\u00f3n con el empleado.<\/p>\n<p>[\/vc_column_text][\/vc_column][\/vc_row]<\/p>\n<p>&nbsp;<\/p>\n<p style=\"text-align: left;\"><span style=\"color: #c1002b;\"><strong>Ponentes:\u00a0<\/strong><\/span><\/p>\n<ul>\n<li><strong>Isabel Salas,<\/strong>\u00a0Directora\u00a0de RRHH de Gebro Pharma<\/li>\n<li><strong>Eugenio Villamizar,<\/strong>\u00a0Director Corporativo de RRHH de Bacardi<\/li>\n<li><strong>Alberto Trallero<\/strong>, Director Desarrollo de Negocio inTouch en CaixaBank BI<\/li>\n<li><strong>Miquel Angel Ferrer<\/strong>, Founder Tiwit<\/li>\n<\/ul>\n<p><span style=\"color: #c1002b;\"><b>Meeting Lider:<\/b><\/span><\/p>\n<ul>\n<li><b>M\u00aa Jos\u00e9 Alvarez,\u00a0<\/b>Change\u00a0Project\u00a0Manager de\u00a0Randstad HR Solutions<\/li>\n<\/ul>\n<p>&nbsp;<\/p>\n<p>&nbsp;<\/p>\n<p style=\"text-align: center;\"><strong><span style=\"color: #c1002b;\">\u00a0 \u00a0PATROCINADOR:\u00a0<\/span><\/strong><\/p>\n<p style=\"text-align: center;\"><a href=\"https:\/\/www.randstad.es\" target=\"_blank\" rel=\"noopener\"><img loading=\"lazy\" class=\"size-full wp-image-39642 aligncenter\" src=\"http:\/\/www.foment.com\/wp-content\/uploads\/2017\/09\/randstad-para-web-1.png\" alt=\"\" width=\"150\" height=\"148\" srcset=\"https:\/\/www.foment.com\/wp-content\/uploads\/2017\/09\/randstad-para-web-1.png 150w, https:\/\/www.foment.com\/wp-content\/uploads\/2017\/09\/randstad-para-web-1-80x80.png 80w\" sizes=\"(max-width: 150px) 100vw, 150px\" \/><\/a><\/p>\n<p>&nbsp;<\/p>\n<p style=\"text-align: center;\"><strong><span style=\"color: #c1002b;\">MEDIO COLABORADOR:\u00a0<\/span><\/strong><\/p>\n<p style=\"text-align: center;\"><a href=\"https:\/\/www.equiposytalento.com\/\" target=\"_blank\" rel=\"noopener\"><img loading=\"lazy\" class=\"aligncenter wp-image-47987\" src=\"http:\/\/www.foment.com\/wp-content\/uploads\/2018\/05\/equipos.png\" alt=\"\" width=\"215\" height=\"35\" \/><\/a><\/p>\n<\/section>","protected":false},"author":7,"featured_media":54534,"menu_order":0,"comment_status":"closed","ping_status":"closed","template":"","meta":{"_links_to":"","_links_to_target":""},"tags":[1153,1151,430,1152,1011],"event_type":[200],"event_type_2":[],"acf":[],"_links":{"self":[{"href":"https:\/\/www.foment.com\/es\/wp-json\/wp\/v2\/ajde_events\/54517"}],"collection":[{"href":"https:\/\/www.foment.com\/es\/wp-json\/wp\/v2\/ajde_events"}],"about":[{"href":"https:\/\/www.foment.com\/es\/wp-json\/wp\/v2\/types\/ajde_events"}],"author":[{"embeddable":true,"href":"https:\/\/www.foment.com\/es\/wp-json\/wp\/v2\/users\/7"}],"replies":[{"embeddable":true,"href":"https:\/\/www.foment.com\/es\/wp-json\/wp\/v2\/comments?post=54517"}],"wp:featuredmedia":[{"embeddable":true,"href":"https:\/\/www.foment.com\/es\/wp-json\/wp\/v2\/media\/54534"}],"wp:attachment":[{"href":"https:\/\/www.foment.com\/es\/wp-json\/wp\/v2\/media?parent=54517"}],"wp:term":[{"taxonomy":"post_tag","embeddable":true,"href":"https:\/\/www.foment.com\/es\/wp-json\/wp\/v2\/tags?post=54517"},{"taxonomy":"event_type","embeddable":true,"href":"https:\/\/www.foment.com\/es\/wp-json\/wp\/v2\/event_type?post=54517"},{"taxonomy":"event_type_2","embeddable":true,"href":"https:\/\/www.foment.com\/es\/wp-json\/wp\/v2\/event_type_2?post=54517"}],"curies":[{"name":"wp","href":"https:\/\/api.w.org\/{rel}","templated":true}]}}