{"id":57202,"date":"2018-11-22T12:13:00","date_gmt":"2018-11-22T11:13:00","guid":{"rendered":"https:\/\/www.foment.com\/?post_type=ajde_events&#038;p=57202"},"modified":"2018-11-22T12:32:05","modified_gmt":"2018-11-22T11:32:05","slug":"la-empresa-espanola-ante-el-brexit","status":"publish","type":"ajde_events","link":"https:\/\/www.foment.com\/es\/events\/la-empresa-espanola-ante-el-brexit\/","title":{"rendered":"La Empresa Espa\u00f1ola ante el Brexit"},"content":{"rendered":"<section class=\"wpb-content-wrapper\"><p>[vc_row][vc_column][vc_column_text]El Brexit ha dado paso a un periodo de gran incertidumbre ante una nueva situaci\u00f3n pol\u00edtica y econ\u00f3mica y abre interrogantes ante las posibles repercusiones de las negociaciones llevadas a cabo entre la UE y el Reino Unido.<\/p>\n<p>Esta jornada ofrece una visi\u00f3n actual de las implicaciones para comercio, inversiones y contrataci\u00f3n p\u00fablica del Brexit, y est\u00e1 dirigida a las empresas espa\u00f1olas con intereses econ\u00f3micos y comerciales en el Reino Unido.<\/p>\n<p><span style=\"color: #c10000;\"><strong>Programa<\/strong><\/span><\/p>\n<p><span style=\"color: #c10000;\">12:00 h. Recepci\u00f3n de asistentes<\/span><\/p>\n<p><span style=\"color: #c10000;\">12:30 h. Inauguraci\u00f3n<\/span><\/p>\n<p style=\"padding-left: 60px;\">Sr. Joan Ramon Rovira. Director de Estudios Econ\u00f3micos e Internacional. <strong>Cambra de Comer\u00e7 de Barcelona<\/strong><\/p>\n<p><span style=\"color: #c10000;\">12:45 h. Situaci\u00f3n actual y perspectivas de las negociaciones para el Brexit<\/span><\/p>\n<p style=\"padding-left: 60px;\">Sr. Jos\u00e9 Luis Kaiser, Director General de Pol\u00edtica Comercial y Competitividad. <strong>Secretar\u00eda de Estado de Comercio.<\/strong><\/p>\n<p><span style=\"color: #c10000;\">13:05 h. Efectos pr\u00e1cticos del Brexit sobre las relaciones comerciales de Espa\u00f1a con el Reino Unido<\/span><\/p>\n<p style=\"padding-left: 60px;\">Sr. Pedro Pascual, Subdirector General de Pol\u00edtica Arancelaria y de Instrumentos de Defensa Comercial. <strong>Secretar\u00eda de Estado de Comercio.<\/strong><\/p>\n<p><span style=\"color: #c10000;\">13:25 h. Implicaciones aduaneras del Brexit para la empresa espa\u00f1ola<\/span><\/p>\n<p style=\"padding-left: 60px;\">Sr. Alberto Aibar, Jefe Adjunto de la Dependencia Regional de Aduanas e II.EE. <strong>Departamento de Aduanas e Impuestos Especiales.<\/strong><\/p>\n<p><span style=\"color: #c10000;\">14:15 h. Clausura<\/span><\/p>\n<p style=\"padding-left: 60px;\">Sr. Jos\u00e9 Ignacio Pradas. Director Territorial de Comercio &#8211; <strong>ICEX en Catalu\u00f1a<\/strong><\/p>\n<p><span style=\"color: #c10000;\">14:30 h. Copa de vino<\/span>[\/vc_column_text][\/vc_column][\/vc_row][vc_row][vc_column width=\u00bb1\/3&#8243;]<div class=\"single_image wpb_content_element align-center    \" data-animation=\"none\" data-delay=\"0\"><img width=\"1147\" height=\"103\" src=\"https:\/\/www.foment.com\/wp-content\/uploads\/2018\/11\/logobrexit.jpg\" class=\"attachment-full\" alt=\"\" loading=\"lazy\" title=\"logobrexit\" \/><\/div>[\/vc_column][vc_column width=\u00bb1\/3&#8243;]<div class=\"single_image wpb_content_element align-center    \" data-animation=\"none\" data-delay=\"0\"><img width=\"150\" height=\"24\" src=\"https:\/\/www.foment.com\/wp-content\/uploads\/2018\/11\/cambra1.png\" class=\"attachment-thumbnail\" alt=\"\" loading=\"lazy\" title=\"cambra1\" \/><\/div>[\/vc_column][vc_column width=\u00bb1\/3&#8243;]<div class=\"single_image wpb_content_element align-center    \" data-animation=\"none\" data-delay=\"0\"><img width=\"150\" height=\"49\" src=\"https:\/\/www.foment.com\/wp-content\/uploads\/2018\/11\/aduanas.png\" class=\"attachment-thumbnail\" alt=\"\" loading=\"lazy\" title=\"aduanas\" \/><\/div>[\/vc_column][\/vc_row]<\/p>\n<\/section>","protected":false},"author":13,"featured_media":54933,"menu_order":0,"comment_status":"closed","ping_status":"closed","template":"","meta":{"_links_to":"","_links_to_target":""},"tags":[],"event_type":[590,201],"event_type_2":[],"acf":[],"_links":{"self":[{"href":"https:\/\/www.foment.com\/es\/wp-json\/wp\/v2\/ajde_events\/57202"}],"collection":[{"href":"https:\/\/www.foment.com\/es\/wp-json\/wp\/v2\/ajde_events"}],"about":[{"href":"https:\/\/www.foment.com\/es\/wp-json\/wp\/v2\/types\/ajde_events"}],"author":[{"embeddable":true,"href":"https:\/\/www.foment.com\/es\/wp-json\/wp\/v2\/users\/13"}],"replies":[{"embeddable":true,"href":"https:\/\/www.foment.com\/es\/wp-json\/wp\/v2\/comments?post=57202"}],"wp:featuredmedia":[{"embeddable":true,"href":"https:\/\/www.foment.com\/es\/wp-json\/wp\/v2\/media\/54933"}],"wp:attachment":[{"href":"https:\/\/www.foment.com\/es\/wp-json\/wp\/v2\/media?parent=57202"}],"wp:term":[{"taxonomy":"post_tag","embeddable":true,"href":"https:\/\/www.foment.com\/es\/wp-json\/wp\/v2\/tags?post=57202"},{"taxonomy":"event_type","embeddable":true,"href":"https:\/\/www.foment.com\/es\/wp-json\/wp\/v2\/event_type?post=57202"},{"taxonomy":"event_type_2","embeddable":true,"href":"https:\/\/www.foment.com\/es\/wp-json\/wp\/v2\/event_type_2?post=57202"}],"curies":[{"name":"wp","href":"https:\/\/api.w.org\/{rel}","templated":true}]}}