{"id":57486,"date":"2018-11-27T15:14:16","date_gmt":"2018-11-27T14:14:16","guid":{"rendered":"https:\/\/www.foment.com\/events\/jornades-entrenant-el-teu-talent-foment-del-treball-i-el-iese-business-school\/"},"modified":"2018-12-10T13:14:09","modified_gmt":"2018-12-10T12:14:09","slug":"jornadas-entrenando-tu-talento-competencia-liderazgo","status":"publish","type":"ajde_events","link":"https:\/\/www.foment.com\/es\/events\/jornadas-entrenando-tu-talento-competencia-liderazgo\/","title":{"rendered":"Jornadas \u00abEntrenando tu Talento\u00bb &#8211; Comunicaci\u00f3n, una Competencia de Liderazgo"},"content":{"rendered":"<p><strong><span style=\"color: #c10000;\">Jornadas \u00abEntrenando tu Talento\u00bb <\/span><\/strong><\/p>\n<p><strong><span style=\"color: #c10000;\">Foment del Treball y el IESE Business School<br \/>\n<\/span><\/strong><\/p>\n<p>&nbsp;<\/p>\n<p>Estas jornadas estan enfocadas a mejorar la direcci\u00f3n y gesti\u00f3n de las organizaciones, a trav\u00e9s de la comunicaci\u00f3n. Saber comunicarse es una habilidad que marca la diferencia, ya que la comunicaci\u00f3n se puede convertir en la herramienta por excelencia para aumentar las posibilidades de \u00e9xito.<\/p>\n<p>Una buena comunicaci\u00f3n puede llevar a conectar mejor, generar mayor confianza en los otros y en uno mismo\/a, conseguir un mayor rendimiento, mejorar las relaciones con proveedores, clientes, compa\u00f1eros\/as y subordinados\/as y permitir\u00e1 tener una mayor capacidad de resoluci\u00f3n de conflictos en el trabajo, a mejorar la autoestima, a ser m\u00e1s competente y vivir con mayor satisfacci\u00f3n.<\/p>\n<p>As\u00ed mismo, utilizar el <em>Desing Thinking<\/em> en las empresas y organizaciones, nos permitir\u00e1 desarrollar una actitud innovadora que empieza mirando con nuevos ojos la realidad y observar a las personas con una \u00f3ptica diferente, desarrollando o poniendo a trabajar todos los sentidos y utilizando una mirada m\u00e1s hol\u00edstica de todo lo que no rodea (personas, productos y servicios) incidiendo en la creatividad e innovaci\u00f3n desde la eficacia y, por tanto, nos har\u00e1 ser m\u00e1s competitivos y obtener mayores resultados.<\/p>\n<p>&nbsp;<\/p>\n<p><strong><a href=\"https:\/\/www.foment.com\/wp-content\/uploads\/2018\/11\/Formulario-informativo-definitivo-2019-1.pdf\" target=\"_blank\" rel=\"noopener\"><img loading=\"lazy\" class=\"size-full wp-image-57478 aligncenter\" src=\"https:\/\/www.foment.com\/wp-content\/uploads\/2018\/11\/boton-descargar-programa.jpg\" alt=\"\" width=\"215\" height=\"48\" \/><\/a><\/strong><\/p>\n<p>&nbsp;<\/p>\n<p><strong>Programa de la 1\u00aa sesi\u00f3n<\/strong>:<\/p>\n<p>09.30 a 10.30 h. Sesi\u00f3n Profesora Nuria Chinchilla<\/p>\n<p><strong>\u00abComunicaci\u00f3n, una Competencia de Liderazgo\u00bb<\/strong><\/p>\n<p>10.30 a 11.00 h. Caf\u00e9 y pastas<\/p>\n<p>11.00 a 14.00 h. Taller Helena Navarro<\/p>\n<p><strong>\u00abEntorno Interconectado: Nuevas Habilidades para Comunicarnos\u00bb<\/strong><\/p>\n<p>14.00 a 15.00 h. Almuerzo y <em>networking<\/em> en IESE<\/p>\n<p>(<strong>Es preciso traer ordenador<\/strong>)<\/p>\n<p>&nbsp;<\/p>\n<p><a href=\"https:\/\/www.foment.com\/wp-content\/uploads\/2018\/11\/iese-familia.jpg\"><img loading=\"lazy\" class=\"wp-image-57320 alignleft\" src=\"https:\/\/www.foment.com\/wp-content\/uploads\/2018\/11\/iese-familia.jpg\" alt=\"\" width=\"104\" height=\"79\" \/><\/a><a href=\"https:\/\/www.foment.com\/wp-content\/uploads\/2018\/11\/catedra-iese.jpg\"><img loading=\"lazy\" class=\"wp-image-57317 alignnone\" src=\"https:\/\/www.foment.com\/wp-content\/uploads\/2018\/11\/catedra-iese.jpg\" alt=\"\" width=\"215\" height=\"64\" \/><\/a><\/p>\n","protected":false},"author":17,"featured_media":57330,"menu_order":0,"comment_status":"closed","ping_status":"closed","template":"","meta":{"_links_to":"","_links_to_target":""},"tags":[],"event_type":[590],"event_type_2":[],"acf":[],"_links":{"self":[{"href":"https:\/\/www.foment.com\/es\/wp-json\/wp\/v2\/ajde_events\/57486"}],"collection":[{"href":"https:\/\/www.foment.com\/es\/wp-json\/wp\/v2\/ajde_events"}],"about":[{"href":"https:\/\/www.foment.com\/es\/wp-json\/wp\/v2\/types\/ajde_events"}],"author":[{"embeddable":true,"href":"https:\/\/www.foment.com\/es\/wp-json\/wp\/v2\/users\/17"}],"replies":[{"embeddable":true,"href":"https:\/\/www.foment.com\/es\/wp-json\/wp\/v2\/comments?post=57486"}],"wp:featuredmedia":[{"embeddable":true,"href":"https:\/\/www.foment.com\/es\/wp-json\/wp\/v2\/media\/57330"}],"wp:attachment":[{"href":"https:\/\/www.foment.com\/es\/wp-json\/wp\/v2\/media?parent=57486"}],"wp:term":[{"taxonomy":"post_tag","embeddable":true,"href":"https:\/\/www.foment.com\/es\/wp-json\/wp\/v2\/tags?post=57486"},{"taxonomy":"event_type","embeddable":true,"href":"https:\/\/www.foment.com\/es\/wp-json\/wp\/v2\/event_type?post=57486"},{"taxonomy":"event_type_2","embeddable":true,"href":"https:\/\/www.foment.com\/es\/wp-json\/wp\/v2\/event_type_2?post=57486"}],"curies":[{"name":"wp","href":"https:\/\/api.w.org\/{rel}","templated":true}]}}