{"id":58593,"date":"2019-02-13T17:10:15","date_gmt":"2019-02-13T16:10:15","guid":{"rendered":"https:\/\/www.foment.com\/events\/missio-empresarial-a-polonia-del-27-al-31-de-maig-2019\/"},"modified":"2019-04-02T17:43:07","modified_gmt":"2019-04-02T15:43:07","slug":"missio-empresarial-a-polonia-del-27-al-31-de-maig-2019","status":"publish","type":"ajde_events","link":"https:\/\/www.foment.com\/es\/events\/missio-empresarial-a-polonia-del-27-al-31-de-maig-2019\/","title":{"rendered":"Misi\u00f3n empresarial a Pol\u00f3nia. Del 27 al 31 de mayo 2019"},"content":{"rendered":"<section class=\"wpb-content-wrapper\"><p>[vc_row][vc_column][vc_column_text]<strong>En el marco del Plan Internacional para el a\u00f1o 2019, Foment del Treball Nacional, est\u00e1 organizando una Misi\u00f3 multisectorial a Pol\u00f2nia<\/strong>, del <strong>27 al 31 de mayo de 2019.<\/strong><\/p>\n<p>Esta misi\u00f3n multisectorial est\u00e1 destinada a todas las empresas catalanas que consideren estos mercados como posibles destinos de sus explotaciones y quieran establecer contactos con potenciales distribuidores, clientes, socios comerciales.<\/p>\n<p><strong>Con la colaboraci\u00f3n de la Oficina Econ\u00f3mica y Comercial de la Embajada de Espa\u00f1a en Pol\u00f3nia &#8211; Vars\u00f3via se\u00a0 se preparar\u00e1 un agenda de contactos para aquellas empresas que tengan inter\u00e9s.<\/strong><\/p>\n<p>L\u2019ajut en concepte <strong><u>de bossa de viatge<\/u><\/strong> per empresa participant (pendent d\u2019aprovaci\u00f3) ser\u00e0 atorgat per ACCI\u00d3.<a href=\"https:\/\/www.foment.com\/wp-content\/uploads\/2018\/01\/ACCIO.png\"><img loading=\"lazy\" class=\"size-full wp-image-41808 aligncenter\" src=\"https:\/\/www.foment.com\/wp-content\/uploads\/2018\/01\/ACCIO.png\" alt=\"\" width=\"89\" height=\"60\" \/><\/a><\/p>\n<p><strong>El importe correspondiente al a\u00f1o anterior fue de 694,17\u20ac \u20ac \u00a0<\/strong><\/p>\n<p><span style=\"color: #c10000;\"><em><u>Alojamiento<\/u><\/em><\/span><\/p>\n<ul>\n<li>Alojamiento y desayuno en Vars\u00f2via.<\/li>\n<\/ul>\n<p>Hotel Golden Tulip Warsaw Centre 95\u20ac x 4 noches<\/p>\n<p><span style=\"color: #c10000;\"><em><u>Itinerario<\/u><\/em><\/span><\/p>\n<table>\n<tbody>\n<tr>\n<td style=\"text-align: center;\" width=\"73\"><strong>VUELO<\/strong><\/td>\n<td style=\"text-align: center;\" width=\"85\"><strong>FECHA<\/strong><\/td>\n<td style=\"text-align: center;\" width=\"236\"><strong>TRAYECTO<\/strong><\/td>\n<td style=\"text-align: center;\" width=\"97\"><strong>SALIDA<\/strong><\/td>\n<td style=\"text-align: center;\" width=\"123\"><strong>LLEGADA<\/strong><\/td>\n<\/tr>\n<tr>\n<td style=\"text-align: center;\" width=\"73\">LO438<\/td>\n<td style=\"text-align: center;\" width=\"85\">27\/05\/19<\/td>\n<td style=\"text-align: center;\" width=\"236\">BARCELONA &#8211; WARSAW<\/td>\n<td style=\"text-align: center;\" width=\"97\">13:10<\/td>\n<td style=\"text-align: center;\" width=\"123\">16:15<\/td>\n<\/tr>\n<tr>\n<td style=\"text-align: center;\" width=\"73\">LO437<\/td>\n<td style=\"text-align: center;\" width=\"85\">31\/05\/19<\/td>\n<td style=\"text-align: center;\" width=\"236\">WARSAW &#8211; BARCELONA<\/td>\n<td style=\"text-align: center;\" width=\"97\">09:10<\/td>\n<td style=\"text-align: center;\" width=\"123\">12:15<\/td>\n<\/tr>\n<\/tbody>\n<\/table>\n<ul>\n<li>Billete: 350\u20ac<\/li>\n<\/ul>\n<table>\n<tbody>\n<tr>\n<td width=\"583\">\u00a0<em>Precios a fecha 31\/01\/2019, sujetos a modificaci\u00f3n por las compa\u00f1\u00edas a\u00e9reas en funci\u00f3n de la fecha efectiva de la reserva.<\/em><\/td>\n<\/tr>\n<\/tbody>\n<\/table>\n<p><strong><em><u><span style=\"color: #c10000;\"><br \/>\n<\/span><\/u><\/em><\/strong><em><u><span style=\"color: #c10000;\">Coset de la agenda<\/span><\/u><\/em><\/p>\n<ul>\n<li><em>3 d\u00edas de agenda &#8211; 600\u20ac + iva<\/em><\/li>\n<li><em>Cuota de inscripci\u00f3n 405\u20ac + iva<\/em><\/li>\n<\/ul>\n<p>* Nota: Se podr\u00e1 tramitar una ayuda en concepto de bolsa de viaje, siempre y cuando la empresa cumpla la normativa vigente y la dotaci\u00f3n econ\u00f3mica de la ayuda y haya estado aprobada en los Presupuestos de la Generalitat de Catalu\u00f1a de 2019. En estos momentos no se han publicado las ayudas de las misiones empresariales.<\/p>\n<p><span style=\"color: #c10000;\"><em><u>Condiciones econ\u00f3micas y modalidad de pago<\/u><\/em><\/span><\/p>\n<p>El pago ser\u00e1 mediante transferencia: una vez aceptada la participaci\u00f3n. En ning\u00fan caso se facilitar\u00e1 la agenda de contactos si no se ha abonado el importe total del coste.<\/p>\n<p>En caso de cancelaci\u00f3n por parte de la empresa participante no ser\u00e1 devuelto el importe del 50% abonado y en el caso de que la preparaci\u00f3n de la agenda haya incurrido en m\u00e1s gastos la empresa las tendr\u00e1 que asumir.<\/p>\n<p>Las empresas participantes en la misi\u00f3n ha de salir y volver desde Catalu\u00f1a.<\/p>\n<p><em>El programa incluye:<\/em><\/p>\n<ul>\n<li>Agenda de contactos individualizada para cada empresa participante<\/li>\n<li>Soporte en la log\u00edstica del viaje<\/li>\n<\/ul>\n<p><em>El programa no incluye:<\/em><\/p>\n<ul>\n<li>Gastos de viaje y alojamiento<\/li>\n<li>Desplazamientos internos para asistir a las reuniones<\/li>\n<li>Dietas<\/li>\n<\/ul>\n<p><span style=\"color: #c10000;\"><em><u>Importante a tener en cuenta (subvenci\u00f3n pendiente de aprobaci\u00f3n)<\/u><\/em><\/span><\/p>\n<p>De acuerdo con la normativa de ACCI\u00d3 2018 para cobrar la ayuda:<\/p>\n<ul>\n<li>Las empresas deber\u00e1n presentar, una vez finalizado el viaje, la tarjeta de embarque o la confirmaci\u00f3n electr\u00f3nica de la compra del billete.<\/li>\n<li>Las empresas tienen que estar al corriente de pago con la Seguridad Social, Hacienda y ACCI\u00d3.<\/li>\n<li>Las empresas participantes pueden ser industriales o de servicios, siempre que se realicen en el extranjero y para no residentes. Las empresas comerciales solo podr\u00e1n ser beneficiarias en aquellos casos en que asuman la tarea comercial de empresas industriales o de servicio formando parte del mismo grupo empresarial. (vinculaci\u00f3n m\u00ednima del 25% del capital)<\/li>\n<li>Las empresas participantes en la misi\u00f3n han de salir y volver desde Catalu\u00f1a.<\/li>\n<\/ul>\n<p>De acuerdo con la normativa de ACCI\u00d3 las empresas participantes en la misi\u00f3n deber\u00e1n contar con una agenda de entrevistas realizada por una entidad especializada.<\/p>\n<p><span style=\"color: #c10000;\"><em><u>Inscripci\u00f3n<\/u><\/em><\/span><\/p>\n<p>Para confirmar la participaci\u00f3n deber\u00e1 cumplimentar el formulario adjunto y hacer la transferencia del importe del coste a la c\/c: ES38-0128-7613-79-0100000716<\/p>\n<p>[\/vc_column_text][\/vc_column][\/vc_row][vc_row][vc_column width=\u00bb1\/1&#8243;]<div class=\"iconbox  wpb_content_element iconbox-style-1 icon-color-accent color-dark animation-none\"><h3><i class=\"fa fa-paperclip boxicon\" style=\"\"><\/i><span>Ficha de Inscripci\u00f3n<\/span><\/h3><p><a href=\"https:\/\/www.foment.com\/wp-content\/uploads\/2019\/02\/POLONIA_2019-convocatoria_catala-1-1.doc\">POLONIA_2019-convocatoria_catala-1<\/a><\/p><\/div>[\/vc_column][\/vc_row]<\/p>\n<\/section>","protected":false},"author":13,"featured_media":61564,"menu_order":0,"comment_status":"closed","ping_status":"closed","template":"","meta":{"_links_to":"","_links_to_target":""},"tags":[],"event_type":[590,201,386],"event_type_2":[],"acf":[],"_links":{"self":[{"href":"https:\/\/www.foment.com\/es\/wp-json\/wp\/v2\/ajde_events\/58593"}],"collection":[{"href":"https:\/\/www.foment.com\/es\/wp-json\/wp\/v2\/ajde_events"}],"about":[{"href":"https:\/\/www.foment.com\/es\/wp-json\/wp\/v2\/types\/ajde_events"}],"author":[{"embeddable":true,"href":"https:\/\/www.foment.com\/es\/wp-json\/wp\/v2\/users\/13"}],"replies":[{"embeddable":true,"href":"https:\/\/www.foment.com\/es\/wp-json\/wp\/v2\/comments?post=58593"}],"wp:featuredmedia":[{"embeddable":true,"href":"https:\/\/www.foment.com\/es\/wp-json\/wp\/v2\/media\/61564"}],"wp:attachment":[{"href":"https:\/\/www.foment.com\/es\/wp-json\/wp\/v2\/media?parent=58593"}],"wp:term":[{"taxonomy":"post_tag","embeddable":true,"href":"https:\/\/www.foment.com\/es\/wp-json\/wp\/v2\/tags?post=58593"},{"taxonomy":"event_type","embeddable":true,"href":"https:\/\/www.foment.com\/es\/wp-json\/wp\/v2\/event_type?post=58593"},{"taxonomy":"event_type_2","embeddable":true,"href":"https:\/\/www.foment.com\/es\/wp-json\/wp\/v2\/event_type_2?post=58593"}],"curies":[{"name":"wp","href":"https:\/\/api.w.org\/{rel}","templated":true}]}}