{"id":59482,"date":"2019-03-01T11:13:44","date_gmt":"2019-03-01T10:13:44","guid":{"rendered":"https:\/\/www.foment.com\/?post_type=ajde_events&#038;p=59482"},"modified":"2019-03-05T13:06:02","modified_gmt":"2019-03-05T12:06:02","slug":"los-lideres-del-futuro-cooliderando-desde-la-esencia","status":"publish","type":"ajde_events","link":"https:\/\/www.foment.com\/es\/events\/los-lideres-del-futuro-cooliderando-desde-la-esencia\/","title":{"rendered":"Los l\u00edderes del futuro: Coliderando desde la ESENCIA"},"content":{"rendered":"<p>Vivimos en una era cambiante, que se adapta a las nuevas tecnolog\u00edas a ritmos vertiginosos, una era en la que se necesita una nueva visi\u00f3n en la gesti\u00f3n de personas. Venimos de un modelo r\u00edgido de liderazgo patriarcal que se ha quedado obsoleto y las organizaciones necesitan personas que sean capaces de liderar a trav\u00e9s de nuevos modelos.<\/p>\n<p>En esta sesi\u00f3n, guiada por Nona Mart\u00edn de DAS Consultores, con m\u00e1s de 20 a\u00f1os de experiencia en el desarrollo de personas, se\u00a0mostrar\u00e1n cu\u00e1les son las claves necesarias para estos \u201cl\u00edderes del futuro\u201d, y revisaremos las competencias necesarias para poder coliderar desde un nuevo lugar: la Esencia.<\/p>\n<p>Nos dar\u00e1n las claves para tener al equipo comprometido, realizado y con m\u00e1s conciencia sobre s\u00ed mismo. Hablaremos del coliderazgo en el sentido de cooperaci\u00f3n y de como crear una comunidad de aprendizaje donde la persona adem\u00e1s de trabajar aporte y contribuya desde su prop\u00f3sito a un lugar mejor.<\/p>\n<p>&nbsp;<\/p>\n<p><span style=\"color: #c1002b;\"><strong>PROGRAMA<\/strong><\/span><\/p>\n<p><strong><span style=\"color: #c1002b;\">18:00 h. Presentaci\u00f3n<\/span> <\/strong><br \/>\n<strong>David Campos<\/strong>, Meeting Leader y miembro del Foro RRHH<\/p>\n<p><strong><span style=\"color: #c1002b;\">18:10h. Los l\u00edderes del\u00a0 futuro: Coliderando desde la Esencia<\/span><\/strong><\/p>\n<p><strong>Nona Mart\u00edn,<\/strong>\u00a0DAS Consultores<br \/>\n<strong>Carles Cort\u00e9s<\/strong>, en su paso por Benteler Automotive como Director de RRHH y posteriormente como Director General<br \/>\n<strong>Juan Antonio Esteban,\u00a0<\/strong>en su paso por Infojobs como Director General<br \/>\n<strong>Alfons L\u00f3pez,\u00a0<\/strong>Director Marineland Catalu\u00f1a<\/p>\n<p><span style=\"color: #c1002b;\"><strong>20:00 h. Clausura<\/strong><\/span><\/p>\n","protected":false},"author":7,"featured_media":59491,"menu_order":0,"comment_status":"closed","ping_status":"closed","template":"","meta":{"_links_to":"","_links_to_target":""},"tags":[1301,1302],"event_type":[200],"event_type_2":[],"acf":[],"_links":{"self":[{"href":"https:\/\/www.foment.com\/es\/wp-json\/wp\/v2\/ajde_events\/59482"}],"collection":[{"href":"https:\/\/www.foment.com\/es\/wp-json\/wp\/v2\/ajde_events"}],"about":[{"href":"https:\/\/www.foment.com\/es\/wp-json\/wp\/v2\/types\/ajde_events"}],"author":[{"embeddable":true,"href":"https:\/\/www.foment.com\/es\/wp-json\/wp\/v2\/users\/7"}],"replies":[{"embeddable":true,"href":"https:\/\/www.foment.com\/es\/wp-json\/wp\/v2\/comments?post=59482"}],"wp:featuredmedia":[{"embeddable":true,"href":"https:\/\/www.foment.com\/es\/wp-json\/wp\/v2\/media\/59491"}],"wp:attachment":[{"href":"https:\/\/www.foment.com\/es\/wp-json\/wp\/v2\/media?parent=59482"}],"wp:term":[{"taxonomy":"post_tag","embeddable":true,"href":"https:\/\/www.foment.com\/es\/wp-json\/wp\/v2\/tags?post=59482"},{"taxonomy":"event_type","embeddable":true,"href":"https:\/\/www.foment.com\/es\/wp-json\/wp\/v2\/event_type?post=59482"},{"taxonomy":"event_type_2","embeddable":true,"href":"https:\/\/www.foment.com\/es\/wp-json\/wp\/v2\/event_type_2?post=59482"}],"curies":[{"name":"wp","href":"https:\/\/api.w.org\/{rel}","templated":true}]}}