{"id":60015,"date":"2019-03-12T14:31:36","date_gmt":"2019-03-12T13:31:36","guid":{"rendered":"https:\/\/www.foment.com\/events\/relacions-ghana-espanya-associacio-per-la-transformacio-economica\/"},"modified":"2019-03-26T11:13:28","modified_gmt":"2019-03-26T10:13:28","slug":"relaciones-ghana-espana-asociacion-parr-la-transformacion-economica","status":"publish","type":"ajde_events","link":"https:\/\/www.foment.com\/es\/events\/relaciones-ghana-espana-asociacion-parr-la-transformacion-economica\/","title":{"rendered":"Relaciones Ghana &#8211; Espa\u00f1a &#8211; Asociaci\u00f3n  para la Transformaci\u00f3n  Econ\u00f3mica"},"content":{"rendered":"<section class=\"wpb-content-wrapper\"><p>[vc_row][vc_column][vc_column_text]La riqueza de recursos de Ghana, el sistema pol\u00edtico democr\u00e1tico y una econom\u00eda din\u00e1mica, convierten a Ghana en un pa\u00eds muy atractivo para la inversi\u00f3n extranjera. Ghana ha logrado la confianza del mundo con una transici\u00f3n pol\u00edtica pac\u00edfica. Su compromiso firme con la democracia ha ayudado a acelerar el crecimiento del pa\u00eds y ha potenciado la inversi\u00f3n extranjera directa (IED) en los \u00faltimos a\u00f1os.<\/p>\n<p>En la jornada, los diferentes ponentes analizar\u00e1n las perspectivas econ\u00f3micas y los principales sectores de negocio e inversi\u00f3n que ofrece Ghana a las empresas catalanas<\/p>\n<p><span style=\"color: #c10000;\"><strong>PROGRAMA<\/strong><\/span><\/p>\n<p><span style=\"color: #c10000;\">09:15 Registre de asistentes<\/span><\/p>\n<p><span style=\"color: #c10000;\">09:30 Apertura de la jornada<\/span><\/p>\n<p style=\"padding-left: 40px;\">Sr. Ram\u00f3n Palou. <strong>Vicepresidente\u00a0 de la Comisi\u00f3n Internacional, Foment del Treball<\/strong><\/p>\n<p><span style=\"color: #c10000;\">09:40 Mesa institucional<\/span><\/p>\n<p style=\"padding-left: 40px;\">Sra. Elizabeth Adjei.<strong> Embajadora de Ghana en Espa\u00f1a<\/strong><\/p>\n<p style=\"padding-left: 40px;\">Dr. Ibrahim Mohammed Awal<strong>.<\/strong> <strong>Ministro de Desesrrallo Empresarial de Ghana <\/strong><\/p>\n<p style=\"padding-left: 40px;\">Sr. Jos\u00e9 Ignacio Pradas. <strong>Director Territorial de Comercio e ICEX en\u00a0 Catalu\u00f1a.<\/strong><\/p>\n<p style=\"padding-left: 40px;\">Sra. Florence Hiard. <strong>Directora de la Oficina Exterior de ACCI\u00d3 en\u00a0 Accra <\/strong><\/p>\n<p><span style=\"color: #c10000;\">10:45 Oportunidades de negocio e inversi\u00f3n en\u00a0 Ghana<\/span><\/p>\n<p style=\"padding-left: 40px;\">Sr. John Ampontuah Kumah.<strong>\u00a0CEO, Programa Nacional para la Iniciativa Empresarial y la Innovaci\u00f3n\u00a0<\/strong><\/p>\n<p><span style=\"color: #c10000;\">11:00 Debate y\u00a0 preguntas<\/span><\/p>\n<p><span style=\"color: #c10000;\">11:30 Networking<\/span>[\/vc_column_text][\/vc_column][\/vc_row][vc_row][vc_column width=\u00bb1\/2&#8243;]<div class=\"single_image wpb_content_element align-center    \" data-animation=\"none\" data-delay=\"0\"><img width=\"150\" height=\"150\" src=\"https:\/\/www.foment.com\/wp-content\/uploads\/2019\/03\/embajada-ghana.png\" class=\"attachment-thumbnail\" alt=\"\" loading=\"lazy\" title=\"embajada ghana\" \/><\/div>[\/vc_column][vc_column width=\u00bb1\/2&#8243;]<div class=\"single_image wpb_content_element align-center    \" data-animation=\"none\" data-delay=\"0\"><img width=\"300\" height=\"47\" src=\"https:\/\/www.foment.com\/wp-content\/uploads\/2019\/03\/icex_ghana.png\" class=\"attachment-medium\" alt=\"\" loading=\"lazy\" title=\"icex_ghana\" \/><\/div>[\/vc_column][\/vc_row][vc_row][vc_column el_class=\u00bbDocumentos de Inter\u00e9s\u00bb width=\u00bb1\/1&#8243;][vc_column_text]<\/p>\n<h4 style=\"text-align: left;\"><strong><em><span style=\"color: #c10000;\">Documentos de inter\u00e9s<\/span><\/em><\/strong><\/h4>\n<p>[\/vc_column_text][\/vc_column][\/vc_row][vc_row][vc_column width=\u00bb1\/2&#8243;]<div class=\"iconbox  wpb_content_element iconbox-style-1 icon-color-accent color-dark animation-none\"><h3><i class=\"fa fa-paperclip boxicon\" style=\"\"><\/i><span>Ghana Ficha pa\u00eds 2019<\/span><\/h3><p>\n<ul>\n<li><a href=\"https:\/\/www.foment.com\/wp-content\/uploads\/2019\/03\/GHANA_FICHA-PAIS.pdf\">Ghana_Ficha_pa\u00eds_2019<\/a><\/li>\n<\/ul>\n<\/p><\/div>[\/vc_column][vc_column width=\u00bb1\/2&#8243;]<div class=\"iconbox  wpb_content_element iconbox-style-1 icon-color-accent color-dark animation-none\"><h3><i class=\"fa fa-paperclip boxicon\" style=\"\"><\/i><span>Informe econ\u00f3mico y comercial Ghana <\/span><\/h3><p>\n<ul>\n<li><a href=\"https:\/\/www.foment.com\/wp-content\/uploads\/2019\/03\/informe-Economicao_comercial_GHANA.pdf\">Informe Econ\u00f3mico_comercial_GHANA<\/a><\/li>\n<\/ul>\n<\/p><\/div>[\/vc_column][\/vc_row]<\/p>\n<\/section>","protected":false},"author":13,"featured_media":60092,"menu_order":0,"comment_status":"closed","ping_status":"closed","template":"","meta":{"_links_to":"","_links_to_target":""},"tags":[],"event_type":[201],"event_type_2":[],"acf":[],"_links":{"self":[{"href":"https:\/\/www.foment.com\/es\/wp-json\/wp\/v2\/ajde_events\/60015"}],"collection":[{"href":"https:\/\/www.foment.com\/es\/wp-json\/wp\/v2\/ajde_events"}],"about":[{"href":"https:\/\/www.foment.com\/es\/wp-json\/wp\/v2\/types\/ajde_events"}],"author":[{"embeddable":true,"href":"https:\/\/www.foment.com\/es\/wp-json\/wp\/v2\/users\/13"}],"replies":[{"embeddable":true,"href":"https:\/\/www.foment.com\/es\/wp-json\/wp\/v2\/comments?post=60015"}],"wp:featuredmedia":[{"embeddable":true,"href":"https:\/\/www.foment.com\/es\/wp-json\/wp\/v2\/media\/60092"}],"wp:attachment":[{"href":"https:\/\/www.foment.com\/es\/wp-json\/wp\/v2\/media?parent=60015"}],"wp:term":[{"taxonomy":"post_tag","embeddable":true,"href":"https:\/\/www.foment.com\/es\/wp-json\/wp\/v2\/tags?post=60015"},{"taxonomy":"event_type","embeddable":true,"href":"https:\/\/www.foment.com\/es\/wp-json\/wp\/v2\/event_type?post=60015"},{"taxonomy":"event_type_2","embeddable":true,"href":"https:\/\/www.foment.com\/es\/wp-json\/wp\/v2\/event_type_2?post=60015"}],"curies":[{"name":"wp","href":"https:\/\/api.w.org\/{rel}","templated":true}]}}