{"id":60382,"date":"2019-03-15T13:30:49","date_gmt":"2019-03-15T12:30:49","guid":{"rendered":"https:\/\/www.foment.com\/?post_type=ajde_events&#038;p=60382"},"modified":"2019-07-18T12:56:44","modified_gmt":"2019-07-18T10:56:44","slug":"mision-comercial-a-emiratos-y-oman-del-24-al-28-de-noviembre-de-2019","status":"publish","type":"ajde_events","link":"https:\/\/www.foment.com\/es\/events\/mision-comercial-a-emiratos-y-oman-del-24-al-28-de-noviembre-de-2019\/","title":{"rendered":"Misi\u00f3n comercial a Oman y\/o Emiratos. Del 23 al 28 de noviembre de 2019"},"content":{"rendered":"<section class=\"wpb-content-wrapper\"><p>[vc_row][vc_column][vc_column_text]En el marco del Plan Internacional para el a\u00f1o 2019, Foment del Treball Nacional, est\u00e1 organizando <strong>una Misi\u00f3n multisectorial a Oman y\/o Emiratos <\/strong>, del <strong>23 al 28 de noviembre de 2019, coincidiendo en fechas con la Feria The Big5 <\/strong>que tendr\u00e1 lugar del 25 al 28 de noviembre en Dubai.\u00a0 <a href=\"https:\/\/www.foment.com\/wp-content\/uploads\/2019\/03\/the-big-5.jpg.png\"><img loading=\"lazy\" class=\"wp-image-67309 aligncenter\" src=\"https:\/\/www.foment.com\/wp-content\/uploads\/2019\/03\/the-big-5.jpg.png\" alt=\"\" width=\"181\" height=\"70\" \/><\/a><\/p>\n<p>Esta misi\u00f3n multisectorial est\u00e1 destinada a todas las empresas catalanas que consideren estos mercados como posibles destinos de sus explotaciones y quieran establecer contactos con potenciales distribuidores, clientes, socios comerciales.<\/p>\n<p>&nbsp;<\/p>\n<p><strong>Con la colaboraci\u00f3n de la oficina Exterior de Comercio e Inversiones de la Generalitat de Catalu\u00f1a se preparar\u00e1 un agenda de contactos para aquellas empresas que tengan inter\u00e9s.<\/strong><\/p>\n<p>La ayuda en concepto de bolsa de viaje (pendiente aprobaci\u00f3n presupuestos 2019) ser\u00e1 otorgada por:<\/p>\n<p><b><a href=\"https:\/\/www.foment.com\/wp-content\/uploads\/2019\/03\/accio.jpg\"><img loading=\"lazy\" class=\"wp-image-67306 aligncenter\" src=\"https:\/\/www.foment.com\/wp-content\/uploads\/2019\/03\/accio.jpg\" alt=\"\" width=\"90\" height=\"61\" \/><\/a><\/b><\/p>\n<p><!-- [if gte vml 1]><v:shapetype id=\"_x0000_t75\" coordsize=\"21600,21600\" o:spt=\"75\" o:preferrelative=\"t\" path=\"m@4@5l@4@11@9@11@9@5xe\" filled=\"f\" stroked=\"f\">\n<v:stroke joinstyle=\"miter\"\/>\n<v:formulas>\n<v:f eqn=\"if lineDrawn pixelLineWidth 0\"\/>\n<v:f eqn=\"sum @0 1 0\"\/>\n<v:f eqn=\"sum 0 0 @1\"\/>\n<v:f eqn=\"prod @2 1 2\"\/>\n<v:f eqn=\"prod @3 21600 pixelWidth\"\/>\n<v:f eqn=\"prod @3 21600 pixelHeight\"\/>\n<v:f eqn=\"sum @0 0 1\"\/>\n<v:f eqn=\"prod @6 1 2\"\/>\n<v:f eqn=\"prod @7 21600 pixelWidth\"\/>\n<v:f eqn=\"sum @8 21600 0\"\/>\n<v:f eqn=\"prod @7 21600 pixelHeight\"\/>\n<v:f eqn=\"sum @10 21600 0\"\/>\n<\/v:formulas>\n<v:path o:extrusionok=\"f\" gradientshapeok=\"t\" o:connecttype=\"rect\"\/>\n<o:lock v:ext=\"edit\" aspectratio=\"t\"\/>\n<\/v:shapetype><v:shape id=\"_x0000_s1026\" type=\"#_x0000_t75\" style='position:absolute; margin-left:479.3pt;margin-top:424.4pt;width:52.9pt;height:35.5pt;z-index:251658240'>\n<v:imagedata src=\"file:\/\/\/D:\\Users\\sramirez\\AppData\\Local\\Temp\\msohtmlclip1\\01\\clip_image001.jpg\" o:title=\"ACCI\u00d3 vertical color 2015 Comp mes\"\/>\n<w:wrap type=\"square\"\/>\n<\/v:shape><![endif]--><!-- [if !vml]--><!--[endif]--><\/p>\n<p>&nbsp;<\/p>\n<p>El importe correspondiente al a\u00f1o 2018 fue de 1.123 \u20ac(si la empresa viaja a los dos mercados).<\/p>\n<p><span style=\"color: #c10000;\"><em><u>Itinerario\u00a0\u00a0<\/u><\/em><\/span><\/p>\n<table>\n<tbody>\n<tr>\n<td width=\"73\">\n<p style=\"text-align: center;\"><strong>vuelo<\/strong><\/p>\n<\/td>\n<td width=\"85\">\n<p style=\"text-align: center;\"><strong>fecha<\/strong><\/p>\n<\/td>\n<td width=\"236\"><strong>itinerario<\/strong><\/td>\n<td width=\"97\">\n<p style=\"text-align: center;\"><strong>salida<\/strong><\/p>\n<\/td>\n<td width=\"123\">\n<p style=\"text-align: center;\"><strong>llegada<\/strong><\/p>\n<\/td>\n<\/tr>\n<tr>\n<td width=\"73\">LH1137<\/td>\n<td width=\"85\">23\/11\/19<\/td>\n<td width=\"236\">BARCELONA &#8211; DUBAI<\/td>\n<td width=\"97\">15:00<\/td>\n<td width=\"123\">00:40 + 1<\/td>\n<\/tr>\n<tr>\n<td width=\"73\">LH9596<\/td>\n<td width=\"85\">23\/11\/19<\/td>\n<td width=\"236\">DUBAI &#8211; MUSCAT<\/td>\n<td width=\"97\">02:15<\/td>\n<td width=\"123\">03:30<\/td>\n<\/tr>\n<tr>\n<td width=\"73\">EK 865<\/td>\n<td width=\"85\">25\/11\/19<\/td>\n<td width=\"236\">MUSCAT &#8211; DUBAI<\/td>\n<td width=\"97\">19:10<\/td>\n<td width=\"123\">20:15<\/td>\n<\/tr>\n<tr>\n<td width=\"73\">LX243<\/td>\n<td width=\"85\">29\/11\/19<\/td>\n<td width=\"236\">DUBAI &#8211; ZURICH<\/td>\n<td width=\"97\">02:15<\/td>\n<td width=\"123\">06:25<\/td>\n<\/tr>\n<tr>\n<td width=\"73\">LX1952<\/td>\n<td width=\"85\">29\/11\/19<\/td>\n<td width=\"236\">ZURICH &#8211; BARCELONA<\/td>\n<td width=\"97\">07:10<\/td>\n<td width=\"123\">09:00<\/td>\n<\/tr>\n<\/tbody>\n<\/table>\n<p>Este itinerario puede ser modificado.<\/p>\n<p><span style=\"color: #c10000;\"><em><u>Alojamiento\u00a0\u00a0<\/u><\/em><\/span><\/p>\n<ul>\n<li><em>Alojamiento y desayuno en Oman. <span style=\"color: #c10000;\">IBIS Muscat 3* 85\u20ac\/noche x 2 noches<\/span><\/em><\/li>\n<li>Alojamiento y desayuno en Emiratos. <span style=\"color: #c10000;\">Dubai NOVOTEL Downtonwn 4* 102\u20ac\/noche x 2 noches<\/span><\/li>\n<\/ul>\n<p><span style=\"color: #c10000;\"><em><u>Coste de la agenda\u00a0<\/u><\/em><\/span><\/p>\n<ul>\n<li><em>Agenda 1 pa\u00eds: 800 \u20ac<\/em><\/li>\n<li><em>Agenda 2 pa\u00edses:900 \u20ac<\/em><\/li>\n<li><em>Cuota inscripci\u00f3n para la empresa participante asociada: 405\u20ac\u00a0 + IVA<\/em><\/li>\n<\/ul>\n<p>* Nota: Se podr\u00e1 tramitar una ayuda en concepto de bolsa de viaje, siempre y cuando la empresa cumpla la normativa vigente y la dotaci\u00f3n econ\u00f3mica de la ayuda y haya estado aprobada en los Presupuestos de la Generalitat de Catalu\u00f1a de 2019. En estos momentos no se han publicado las ayudas de las misiones empresariales.<\/p>\n<p><span style=\"color: #c10000;\"><em><u>Condiciones econ\u00f3micas y modalidad de pago<\/u><\/em><\/span><\/p>\n<p>El pago ser\u00e1 mediante transferencia: una vez aceptada la participaci\u00f3n. En ning\u00fan caso se facilitar\u00e1 la agenda de contactos si no se ha abonado el importe total del coste.<\/p>\n<p>En caso de cancelaci\u00f3n por parte de la empresa participante no ser\u00e1 devuelto el importe del 50% abonado y en el caso de que la preparaci\u00f3n de la agenda haya incurrido en m\u00e1s gastos la empresa las tendr\u00e1 que asumir.<\/p>\n<p>Las empresas participantes en la misi\u00f3n ha de salir y volver desde Catalu\u00f1a.<\/p>\n<p><em>El programa incluye:<\/em><\/p>\n<ul>\n<li>Agenda de contactos individualizada para cada empresa participante<\/li>\n<li>Soporte en la log\u00edstica del viaje<\/li>\n<li>Seguimiento t\u00e9cnico durante el viaje<\/li>\n<\/ul>\n<p><em>El programa no incluye:<\/em><\/p>\n<ul>\n<li>Gastos de viaje y alojamiento<\/li>\n<li>Desplazamientos internos para asistir a las reuniones<\/li>\n<li>Dietas<\/li>\n<\/ul>\n<p><span style=\"color: #c10000;\"><em><u>Importante a tener en cuenta (subvenci\u00f3n pendiente de aprobaci\u00f3n)<\/u><\/em><\/span><\/p>\n<p>De acuerdo con la normativa de ACCI\u00d3 2018 para cobrar la ayuda:<\/p>\n<ul>\n<li>Las empresas deber\u00e1n presentar, una vez finalizado el viaje, la tarjeta de embarque o la confirmaci\u00f3n electr\u00f3nica de la compra del billete.<\/li>\n<li>Las empresas tienen que estar al corriente de pago con la Seguridad Social, Hacienda y ACCI\u00d3.<\/li>\n<li>Las empresas participantes pueden ser industriales o de servicios, siempre que se realicen en el extranjero y para no residentes. Las empresas comerciales solo podr\u00e1n ser beneficiarias en aquellos casos en que asuman la tarea comercial de empresas industriales o de servicio formando parte del mismo grupo empresarial. (vinculaci\u00f3n m\u00ednima del 25% del capital)<\/li>\n<li>Las empresas participantes en la misi\u00f3n han de salir y volver desde Catalu\u00f1a.<\/li>\n<\/ul>\n<p>De acuerdo con la normativa de ACCI\u00d3 las empresas participantes en la misi\u00f3n deber\u00e1n contar con una agenda de entrevistas realizada por una entidad especializada.<\/p>\n<p><span style=\"color: #c10000;\"><em><u>Inscripci\u00f3n<\/u><\/em><\/span><\/p>\n<p>Para confirmar la participaci\u00f3n deber\u00e1 cumplimentar el formulario adjunto y hacer la transferencia del importe del coste de la agenda y de la cuota de inscripci\u00f3n a la c\/c de <strong>FOMENT DEL TREBALL<\/strong>: <strong>ES38-0128-7613-79-0100000716<\/strong>, indicando<strong> \u00abMISI\u00d3N OMAN y\/o EMIRATOS 2019\u00bb<\/strong><\/p>\n<p>&nbsp;<\/p>\n<p>[\/vc_column_text][\/vc_column][\/vc_row][vc_row][vc_column width=\u00bb1\/1&#8243;]<div class=\"iconbox  iconbox-style-10 icon-color-accent color-dark clearfix\"><i class=\"fa fa-paperclip boxicon\" style=\"\"><\/i><h3>Ficha inscripci\u00f3n misi\u00f3n Emiratos \u00c1rabes y Om\u00e1n<\/h3><p>\n<ul>\n<li><a href=\"https:\/\/www.foment.com\/wp-content\/uploads\/2019\/07\/FTN_misi\u00f3_emirats_19_FITXA_INSCRIPCIO.doc\">Oman y Emiratos_2019_FICHA DE INSCRIPCI\u00d3N<\/a><\/li>\n<\/ul>\n<\/p><\/div>[\/vc_column][\/vc_row][vc_row][vc_column width=\u00bb1\/4&#8243;]<div class=\"iconbox  wpb_content_element iconbox-style-1 icon-color-accent color-dark animation-none\"><h3><i class=\"fa fa-paperclip boxicon\" style=\"\"><\/i><span>Emiratos \u00c1rabes. Ficha pa\u00eds<\/span><\/h3><p>\n<ul>\n<li><a href=\"https:\/\/www.foment.com\/wp-content\/uploads\/2019\/03\/Ficha-pa\u00eds-emiratos-arabes.pdf\">Ficha pa\u00eds Emiratos arabes<\/a><\/li>\n<\/ul>\n<\/p><\/div>[\/vc_column][vc_column width=\u00bb1\/4&#8243;]<div class=\"iconbox  wpb_content_element iconbox-style-1 icon-color-accent color-dark animation-none\"><h3><i class=\"fa fa-paperclip boxicon\" style=\"\"><\/i><span>Emiratos \u00c1rabes. Informe econ\u00f3mico y comecial. <\/span><\/h3><p>\n<ul>\n<li><a href=\"https:\/\/www.foment.com\/wp-content\/uploads\/2019\/03\/Informe-economico-y-comercial-Emiratos-Arabes.pdf\">Informe econ\u00f3mico y comercial Emiratos Arabes<\/a><\/li>\n<\/ul>\n<\/p><\/div>[\/vc_column][vc_column width=\u00bb1\/4&#8243;]<div class=\"iconbox  wpb_content_element iconbox-style-1 icon-color-accent color-dark animation-none\"><h3><i class=\"fa fa-paperclip boxicon\" style=\"\"><\/i><span>Oman. Ficha pa\u00eds<\/span><\/h3><p>\n<ul>\n<li><a href=\"https:\/\/www.foment.com\/wp-content\/uploads\/2019\/03\/OMAN_FICHA-PAIS.pdf\">OMAN_FICHA PAIS<\/a><\/li>\n<\/ul>\n<\/p><\/div>[\/vc_column][vc_column width=\u00bb1\/4&#8243;]<div class=\"iconbox  wpb_content_element iconbox-style-1 icon-color-accent color-dark animation-none\"><h3><i class=\"fa fa-paperclip boxicon\" style=\"\"><\/i><span>Oman. Informe econ\u00f3mico y comercial<\/span><\/h3><p>\n<ul>\n<li><a href=\"https:\/\/www.foment.com\/wp-content\/uploads\/2019\/03\/infome-economico-y-comercial-Oman.pdf\">Infome economico y comercial Oman<\/a><\/li>\n<\/ul>\n<\/p><\/div>[\/vc_column][\/vc_row]<\/p>\n<\/section>","protected":false},"author":24,"featured_media":60406,"menu_order":0,"comment_status":"closed","ping_status":"closed","template":"","meta":{"_links_to":"","_links_to_target":""},"tags":[1747,1676,230,1775,1776],"event_type":[201,386],"event_type_2":[],"acf":[],"_links":{"self":[{"href":"https:\/\/www.foment.com\/es\/wp-json\/wp\/v2\/ajde_events\/60382"}],"collection":[{"href":"https:\/\/www.foment.com\/es\/wp-json\/wp\/v2\/ajde_events"}],"about":[{"href":"https:\/\/www.foment.com\/es\/wp-json\/wp\/v2\/types\/ajde_events"}],"author":[{"embeddable":true,"href":"https:\/\/www.foment.com\/es\/wp-json\/wp\/v2\/users\/24"}],"replies":[{"embeddable":true,"href":"https:\/\/www.foment.com\/es\/wp-json\/wp\/v2\/comments?post=60382"}],"wp:featuredmedia":[{"embeddable":true,"href":"https:\/\/www.foment.com\/es\/wp-json\/wp\/v2\/media\/60406"}],"wp:attachment":[{"href":"https:\/\/www.foment.com\/es\/wp-json\/wp\/v2\/media?parent=60382"}],"wp:term":[{"taxonomy":"post_tag","embeddable":true,"href":"https:\/\/www.foment.com\/es\/wp-json\/wp\/v2\/tags?post=60382"},{"taxonomy":"event_type","embeddable":true,"href":"https:\/\/www.foment.com\/es\/wp-json\/wp\/v2\/event_type?post=60382"},{"taxonomy":"event_type_2","embeddable":true,"href":"https:\/\/www.foment.com\/es\/wp-json\/wp\/v2\/event_type_2?post=60382"}],"curies":[{"name":"wp","href":"https:\/\/api.w.org\/{rel}","templated":true}]}}