{"id":64787,"date":"2019-05-22T15:19:20","date_gmt":"2019-05-22T13:19:20","guid":{"rendered":"https:\/\/www.foment.com\/?post_type=ajde_events&#038;p=64787"},"modified":"2019-05-22T16:44:52","modified_gmt":"2019-05-22T14:44:52","slug":"curso-de-especializacion-juridica-y-pericial-para-profesionales-en-prevencion-de-riesgos-laborales","status":"publish","type":"ajde_events","link":"https:\/\/www.foment.com\/es\/events\/curso-de-especializacion-juridica-y-pericial-para-profesionales-en-prevencion-de-riesgos-laborales\/","title":{"rendered":"CURSO DE ESPECIALIZACI\u00d3N JUR\u00cdDICA Y PERICIAL PARA PROFESIONALES EN PREVENCI\u00d3N DE RIESGOS LABORALES"},"content":{"rendered":"<h2 style=\"text-align: center;\"><span style=\"color: #ab192d;\"><strong> ESPECIALIZACI\u00d3N JUR\u00cdDICA Y PERICIAL PARA PROFESIONALES EN PREVENCI\u00d3N DE RIESGOS LABORALES.<\/strong><\/span><\/h2>\n<h3 style=\"text-align: center;\"><span style=\"color: #656565;\"><strong>Curso de PRL<\/strong><\/span><\/h3>\n<p>&nbsp;<\/p>\n<h3><span style=\"color: #ab192d;\"><strong>Objetivo<\/strong><\/span><\/h3>\n<p>&nbsp;<\/p>\n<p style=\"text-align: justify;\">El pr\u00f3ximo jueves 3 de octubre comienza el Curso de Formaci\u00f3n para Experto Jur\u00eddico en PRL, organizado por AJP en colaboraci\u00f3n con PRLInnovaci\u00f3n y la Oficina de Prevenci\u00f3n de Riesgos Laborales de Foment del Treball Nacional.<\/p>\n<p style=\"text-align: justify;\">Cinco sesiones que pretenden dotar a los profesionales en PRL de los conceptos necesarios para interpretar la normativa jur\u00eddica actual en el \u00e1mbito de la seguridad laboral, a trav\u00e9s de la exposici\u00f3n de casos pr\u00e1cticos, ejercicios tipo test y material did\u00e1ctico facilitado durante las 40 horas presenciales y 20 horas online que dura la formaci\u00f3n.<\/p>\n<p style=\"text-align: justify;\">El profesorado estar\u00e1 compuesto por expertos jur\u00eddicos de primer nivel: jueces, fiscales, inspectores de trabajo, abogados, profesores universitarios y el contenido a abordar ser\u00e1 el siguiente.<\/p>\n<p>&nbsp;<\/p>\n<h3><span style=\"color: #ab192d;\"><strong>Programa<\/strong><\/span><\/h3>\n<p>&nbsp;<\/p>\n<table>\n<tbody>\n<tr>\n<td width=\"10%\">\n<p style=\"margin: 5px 0px;\" align=\"left\"><strong>Sesi\u00f3n 1<\/strong><\/p>\n<\/td>\n<td width=\"90%\">\n<p style=\"margin: 5px 0px;\" align=\"left\"><strong>\u00a0(3 octubre). Introducci\u00f3n y Conceptos clave.<\/strong><\/p>\n<\/td>\n<\/tr>\n<tr>\n<td width=\"10%\">\n<p style=\"margin: 5px 0px;\" align=\"left\"><strong>Sesi\u00f3n 2<\/strong><\/p>\n<\/td>\n<td width=\"90%\">\n<p style=\"margin: 5px 0px;\" align=\"left\"><strong>\u00a0(10 octubre). Responsabilidad Administrativa.<\/strong><\/p>\n<\/td>\n<\/tr>\n<tr>\n<td width=\"10%\">\n<p style=\"margin: 5px 0px;\" align=\"left\"><strong>Sesi\u00f3n 3<\/strong><\/p>\n<\/td>\n<td width=\"90%\">\n<p style=\"margin: 5px 0px;\" align=\"left\"><strong>\u00a0(17 octubre). Responsabilidad Civil y Recargo de prestaciones.<\/strong><\/p>\n<\/td>\n<\/tr>\n<tr>\n<td width=\"10%\">\n<p style=\"margin: 5px 0px;\" align=\"left\"><strong>Sesi\u00f3n 4<\/strong><\/p>\n<\/td>\n<td width=\"90%\">\n<p style=\"margin: 5px 0px;\" align=\"left\"><strong>\u00a0(24 octubre). La prueba pericial.<\/strong><\/p>\n<\/td>\n<\/tr>\n<tr>\n<td width=\"10%\">\n<p style=\"margin: 5px 0px;\" align=\"left\"><strong>Sesi\u00f3n 5<\/strong><\/p>\n<\/td>\n<td width=\"90%\">\n<p style=\"margin: 5px 0px;\" align=\"left\"><strong>\u00a0(7 noviembre). Responsabilidad Penal.<\/strong><\/p>\n<\/td>\n<\/tr>\n<\/tbody>\n<\/table>\n","protected":false},"author":12,"featured_media":64795,"menu_order":0,"comment_status":"closed","ping_status":"closed","template":"","meta":{"_links_to":"","_links_to_target":""},"tags":[727,417,513],"event_type":[202],"event_type_2":[],"acf":[],"_links":{"self":[{"href":"https:\/\/www.foment.com\/es\/wp-json\/wp\/v2\/ajde_events\/64787"}],"collection":[{"href":"https:\/\/www.foment.com\/es\/wp-json\/wp\/v2\/ajde_events"}],"about":[{"href":"https:\/\/www.foment.com\/es\/wp-json\/wp\/v2\/types\/ajde_events"}],"author":[{"embeddable":true,"href":"https:\/\/www.foment.com\/es\/wp-json\/wp\/v2\/users\/12"}],"replies":[{"embeddable":true,"href":"https:\/\/www.foment.com\/es\/wp-json\/wp\/v2\/comments?post=64787"}],"wp:featuredmedia":[{"embeddable":true,"href":"https:\/\/www.foment.com\/es\/wp-json\/wp\/v2\/media\/64795"}],"wp:attachment":[{"href":"https:\/\/www.foment.com\/es\/wp-json\/wp\/v2\/media?parent=64787"}],"wp:term":[{"taxonomy":"post_tag","embeddable":true,"href":"https:\/\/www.foment.com\/es\/wp-json\/wp\/v2\/tags?post=64787"},{"taxonomy":"event_type","embeddable":true,"href":"https:\/\/www.foment.com\/es\/wp-json\/wp\/v2\/event_type?post=64787"},{"taxonomy":"event_type_2","embeddable":true,"href":"https:\/\/www.foment.com\/es\/wp-json\/wp\/v2\/event_type_2?post=64787"}],"curies":[{"name":"wp","href":"https:\/\/api.w.org\/{rel}","templated":true}]}}