{"id":65132,"date":"2019-05-29T10:49:25","date_gmt":"2019-05-29T08:49:25","guid":{"rendered":"https:\/\/www.foment.com\/?post_type=ajde_events&#038;p=65132"},"modified":"2019-06-26T09:25:46","modified_gmt":"2019-06-26T07:25:46","slug":"programas-de-promocion-de-la-salud-en-el-trabajo-presente-y-futuro-2","status":"publish","type":"ajde_events","link":"https:\/\/www.foment.com\/es\/events\/programas-de-promocion-de-la-salud-en-el-trabajo-presente-y-futuro-2\/","title":{"rendered":"Programas de promoci\u00f3n de la salud en el trabajo. Presente y futuro"},"content":{"rendered":"<section class=\"wpb-content-wrapper\"><p>[vc_row][vc_column][vc_column_text]<\/p>\n<h2 style=\"text-align: center;\"><span style=\"color: #ab192d;\"><strong>Programas de promoci\u00f3n de la salud en el trabajo.<\/strong><\/span><\/h2>\n<h3 style=\"text-align: center;\"><span style=\"color: #656565;\"><strong>Jornada PRL<\/strong><\/span><\/h3>\n<p>&nbsp;<\/p>\n<h3><span style=\"color: #ab192d;\"><strong>Objetivo<\/strong><\/span><\/h3>\n<p>&nbsp;<\/p>\n<p style=\"text-align: justify;\">Fomento del Trabajo Nacional, con la financiaci\u00f3n de la FEPRL y la colaboraci\u00f3n de Biwel, ha publicado los resultados de un estudio sobre el pasado, presente y futuro de las iniciativas y los proyectos de promoci\u00f3n de la salud laboral en las empresas.<\/p>\n<p style=\"text-align: justify;\">Entre otros aspectos se ha analizado el estado de planificaci\u00f3n, la implicaci\u00f3n del equipo directivo, la tipolog\u00eda de las iniciativas y sus objetivos, el presupuesto anual destinado, etc.<\/p>\n<p style=\"text-align: justify;\">En el transcurso de la jornada se presentar\u00e1n los resultados del estudio, las conclusiones m\u00e1s relevantes y los tres principales puntos d\u00e9biles a mejorar por las empresas. Asimismo, se presentar\u00e1n buenas pr\u00e1cticas de empresas que han implementado programas de promoci\u00f3n de la salud.<\/p>\n<p>&nbsp;<\/p>\n<h3><span style=\"color: #ab192d;\"><strong>Programa<\/strong><\/span><\/h3>\n<p>&nbsp;<\/p>\n<table>\n<tbody>\n<tr>\n<td width=\"10%\">\n<p style=\"margin: 5px 0px;\" align=\"left\"><strong>10.30 h<\/strong><\/p>\n<\/td>\n<td width=\"90%\">\n<p style=\"margin: 5px 0px;\" align=\"left\"><strong>Presentaci\u00f3n.<\/strong><\/p>\n<ul>\n<li>Sr. Luis M\u00e9ndez. Director Departamento Asuntos Laborales. CEIM.<\/li>\n<li>Sr. C\u00e9sar S\u00e1nchez. Director de la Oficina de Prevenci\u00f3n de Riesgos Laborales. Fomento del Trabajo.<\/li>\n<\/ul>\n<\/td>\n<\/tr>\n<tr>\n<td width=\"10%\">\n<p style=\"margin: 5px 0px;\" align=\"left\"><strong>10.40 h<\/strong><\/p>\n<\/td>\n<td width=\"90%\">\n<p style=\"margin: 5px 0px;\" align=\"left\"><strong>Presentaci\u00f3n de los resultados del estudio \u201cLa promoci\u00f3n de la salud en el trabajo\u201d.<\/strong><\/p>\n<ul>\n<li>Sra. Estel Mallorqu\u00ed. Fundadora y directora de Biwel.<\/li>\n<\/ul>\n<\/td>\n<\/tr>\n<tr>\n<td width=\"10%\">\n<p style=\"margin: 5px 0px;\" align=\"left\"><strong>11.10 h<\/strong><\/p>\n<\/td>\n<td width=\"90%\">\n<p style=\"margin: 5px 0px;\" align=\"left\"><strong>La promoci\u00f3n de la salud como elemento clave en los objetivos de desarrollo sostenible. (ODS).<\/strong><\/p>\n<ul>\n<li>Sr. Francisco Marqu\u00e9s. Director del Departamento de Promoci\u00f3n de la Salud. INSST.<\/li>\n<\/ul>\n<\/td>\n<\/tr>\n<tr>\n<td width=\"10%\">\n<p style=\"margin: 5px 0px;\" align=\"left\"><strong>11.30 h<\/strong><\/p>\n<\/td>\n<td width=\"90%\">\n<p style=\"margin: 5px 0px;\" align=\"left\"><strong>Preguntas.<\/strong><\/p>\n<\/td>\n<\/tr>\n<tr>\n<td width=\"10%\">\n<p style=\"margin: 5px 0px;\" align=\"left\"><strong>11.40 h<\/strong><\/p>\n<\/td>\n<td width=\"90%\">\n<p style=\"margin: 5px 0px;\" align=\"left\"><strong>Pausa-caf\u00e9. <\/strong><\/p>\n<\/td>\n<\/tr>\n<tr>\n<td width=\"10%\">\n<p style=\"margin: 5px 0px;\" align=\"left\"><strong>12.00 h<\/strong><\/p>\n<\/td>\n<td width=\"90%\">\n<p style=\"margin: 5px 0px;\" align=\"left\"><strong>La Epigen\u00e9tica en la mejora de la salud de en el trabajo. Experiencia en GE Healthcare.<\/strong><\/p>\n<ul>\n<li>Sra. Mar\u00eda Gea. Responsable del Servicio de Prevenci\u00f3n y Salud. General Electric.<\/li>\n<\/ul>\n<\/td>\n<\/tr>\n<tr>\n<td width=\"10%\">\n<p style=\"margin: 5px 0px;\" align=\"left\"><strong>12.20 h<\/strong><\/p>\n<\/td>\n<td width=\"90%\">\n<p style=\"margin: 5px 0px;\" align=\"left\"><strong>Healthy Mind. M\u00e1s all\u00e1 del riesgo psicosocial.<\/strong><\/p>\n<ul>\n<li>Sra. Susana Lastras. Coordinadora nacional de los Servicios M\u00e9dicos. Heineken Espa\u00f1a.<\/li>\n<\/ul>\n<\/td>\n<\/tr>\n<tr>\n<td width=\"10%\">\n<p style=\"margin: 5px 0px;\" align=\"left\"><strong>12.40 h<\/strong><\/p>\n<\/td>\n<td width=\"90%\">\n<p style=\"margin: 5px 0px;\" align=\"left\"><strong>Truly Human Workplace. M\u00e1s all\u00e1 de la salud y el bienestar.<\/strong><\/p>\n<ul>\n<li>Sr. Francisco Ruiz. Gerente del Servicio de Medicina del Trabjo. Accenture Iberia.<\/li>\n<\/ul>\n<\/td>\n<\/tr>\n<tr>\n<td width=\"10%\">\n<p style=\"margin: 5px 0px;\" align=\"left\"><strong>13.00 h<\/strong><\/p>\n<\/td>\n<td width=\"90%\">\n<p style=\"margin: 5px 0px;\" align=\"left\"><strong>Preguntas.<\/strong><\/p>\n<\/td>\n<\/tr>\n<tr>\n<td width=\"10%\">\n<p style=\"margin: 5px 0px;\" align=\"left\"><strong>13.15 h<\/strong><\/p>\n<\/td>\n<td width=\"90%\">\n<p style=\"margin: 5px 0px;\" align=\"left\"><strong>Clausura.<\/strong><\/p>\n<\/td>\n<\/tr>\n<\/tbody>\n<\/table>\n<p>[\/vc_column_text][\/vc_column][\/vc_row][vc_row][vc_column width=\u00bb1\/1&#8243;]<div class=\"single_image wpb_content_element align-left    \" data-animation=\"none\" data-delay=\"0\"><a href=\"http:\/\/prl.foment.com\" target=\"_blank\"><img width=\"702\" height=\"108\" src=\"https:\/\/www.foment.com\/wp-content\/uploads\/2019\/03\/PRL_logotipos_19_financiacion-6.png\" class=\"attachment-full\" alt=\"\" loading=\"lazy\" title=\"PRL_logotipos_19_financiacion\" \/><\/a><\/div>[\/vc_column][\/vc_row]<\/p>\n<\/section>","protected":false},"author":12,"featured_media":61962,"menu_order":0,"comment_status":"closed","ping_status":"closed","template":"","meta":{"_links_to":"","_links_to_target":""},"tags":[929,416,417,1425,513],"event_type":[202],"event_type_2":[],"acf":[],"_links":{"self":[{"href":"https:\/\/www.foment.com\/es\/wp-json\/wp\/v2\/ajde_events\/65132"}],"collection":[{"href":"https:\/\/www.foment.com\/es\/wp-json\/wp\/v2\/ajde_events"}],"about":[{"href":"https:\/\/www.foment.com\/es\/wp-json\/wp\/v2\/types\/ajde_events"}],"author":[{"embeddable":true,"href":"https:\/\/www.foment.com\/es\/wp-json\/wp\/v2\/users\/12"}],"replies":[{"embeddable":true,"href":"https:\/\/www.foment.com\/es\/wp-json\/wp\/v2\/comments?post=65132"}],"wp:featuredmedia":[{"embeddable":true,"href":"https:\/\/www.foment.com\/es\/wp-json\/wp\/v2\/media\/61962"}],"wp:attachment":[{"href":"https:\/\/www.foment.com\/es\/wp-json\/wp\/v2\/media?parent=65132"}],"wp:term":[{"taxonomy":"post_tag","embeddable":true,"href":"https:\/\/www.foment.com\/es\/wp-json\/wp\/v2\/tags?post=65132"},{"taxonomy":"event_type","embeddable":true,"href":"https:\/\/www.foment.com\/es\/wp-json\/wp\/v2\/event_type?post=65132"},{"taxonomy":"event_type_2","embeddable":true,"href":"https:\/\/www.foment.com\/es\/wp-json\/wp\/v2\/event_type_2?post=65132"}],"curies":[{"name":"wp","href":"https:\/\/api.w.org\/{rel}","templated":true}]}}