{"id":67756,"date":"2019-07-22T14:58:57","date_gmt":"2019-07-22T12:58:57","guid":{"rendered":"https:\/\/www.foment.com\/events\/missio-comercial-a-tunisia-i-o-marroc-del-8-al-13-de-desembre-2019\/"},"modified":"2019-07-23T10:56:10","modified_gmt":"2019-07-23T08:56:10","slug":"missio-comercial-a-tunisia-i-o-marroc-del-8-al-13-de-desembre-2019","status":"publish","type":"ajde_events","link":"https:\/\/www.foment.com\/es\/events\/missio-comercial-a-tunisia-i-o-marroc-del-8-al-13-de-desembre-2019\/","title":{"rendered":"Misi\u00f3n Comercial a Tunez y\/o Marruecos. Del 8 al 13 de diciembre 2019"},"content":{"rendered":"<section class=\"wpb-content-wrapper\"><p>[vc_row][vc_column][\/vc_column][vc_column_text]En el marco del Plan Internacional para el a\u00f1o 2019, Foment del Treball Nacional, est\u00e1 organizando <strong>una Misi\u00f3n Multisectorial a Tunez y\/o Marruecos<\/strong>, <strong>del 8 al 13 de noviembre de 2019.<\/strong><\/p>\n<p>Esta misi\u00f3n multisectorial est\u00e1 destinada a todas las empresas catalanas que consideren estos mercados como posibles destinos de sus explotaciones y quieran establecer contactos con potenciales distribuidores, clientes, socios comerciales.<\/p>\n<p><strong>Con la colaboraci\u00f3n de la OFICINA COMERCIAL DE TUNEZ y ACR Estruch Consulting a Casablanca s<\/strong>e preparar\u00e1 un agenda de contactos para aquellas empresas que tengan inter\u00e9s.<\/p>\n<p>La ayuda en concepto de <strong>bolsa de viaje <\/strong>por empresa participante (pendiente de aprobaci\u00f3n) ser\u00e1 otorgada por\u00a0 <a href=\"https:\/\/www.foment.com\/wp-content\/uploads\/2017\/10\/accio_Maria-1.png\"><img loading=\"lazy\" class=\"alignnone wp-image-39360\" src=\"https:\/\/www.foment.com\/wp-content\/uploads\/2017\/10\/accio_Maria-1.png\" alt=\"\" width=\"60\" height=\"41\" \/><\/a><\/p>\n<p><strong>El importe correspondiente al a\u00f1o anterior fu\u00e9 de 661,11\u20ac\u00a0\u00a0<\/strong><\/p>\n<p><span style=\"color: #c10000;\"><em><u>Itinerario\u00a0<\/u><\/em><\/span><\/p>\n<table style=\"height: 240px;\" width=\"611\">\n<tbody>\n<tr>\n<td width=\"129\">\n<p style=\"text-align: center;\"><strong>Vuelo<\/strong><\/p>\n<\/td>\n<td style=\"text-align: center;\" width=\"94\"><strong>Fecha<\/strong><\/td>\n<td style=\"text-align: center;\" width=\"163\"><strong>Trayecto<\/strong><\/td>\n<td style=\"text-align: center;\" width=\"129\"><strong>Salida<\/strong><\/td>\n<td width=\"129\">\n<p style=\"text-align: center;\"><strong>Llegada<\/strong><\/p>\n<\/td>\n<\/tr>\n<tr>\n<td style=\"text-align: center;\" width=\"129\">TU515<\/td>\n<td style=\"text-align: center;\" width=\"94\">08\/12\/19<\/td>\n<td style=\"text-align: center;\" width=\"163\">Barcelona &#8211; Tunez<\/td>\n<td style=\"text-align: center;\" width=\"129\">17:10<\/td>\n<td style=\"text-align: center;\" width=\"129\">18:45<\/td>\n<\/tr>\n<tr>\n<td style=\"text-align: center;\" width=\"129\">AT573<\/td>\n<td style=\"text-align: center;\" width=\"94\">10\/12\/19<\/td>\n<td style=\"text-align: center;\" width=\"163\">Tunez &#8211; Casablanca<\/td>\n<td style=\"text-align: center;\" width=\"129\">18:35<\/td>\n<td style=\"text-align: center;\" width=\"129\">21:25<\/td>\n<\/tr>\n<tr>\n<td style=\"text-align: center;\" width=\"129\">AT960<\/td>\n<td style=\"text-align: center;\" width=\"94\">13\/12\/19<\/td>\n<td style=\"text-align: center;\" width=\"163\">Casablanca &#8211; Barcelona<\/td>\n<td style=\"text-align: center;\" width=\"129\">15:40<\/td>\n<td style=\"text-align: center;\" width=\"129\">17:45<\/td>\n<\/tr>\n<\/tbody>\n<\/table>\n<p>&nbsp;<\/p>\n<p>Este itinerario puede ser modificado previa aprobaci\u00f3n de la Entidad Organizadora y de ACCI\u00d3<\/p>\n<p><span style=\"color: #c10000;\"><em><u>Alojamiento<\/u><\/em><\/span><\/p>\n<ul>\n<li><em>Alojamiento y desayuno en Tunez: TUNEZ IBIS 3* &#8211; 69\u20ac\/noche<\/em><\/li>\n<li>Alojamiento y desayuno en Casablanca: IBIS CASABLANCA CITY CENTER 3* &#8211; 75\u20ac\/noche<\/li>\n<\/ul>\n<p><span style=\"color: #c10000;\"><em><u>Coste de la agenda del 8 al 13 de diciembre de 2019<\/u><\/em><\/span><\/p>\n<ul>\n<li><em>Agenda 1 pa\u00eds: 800\u20ac + IVA\u00a0<\/em><\/li>\n<li><em>Agenda 2 pa\u00edses: 900\u20ac + IVA<\/em><\/li>\n<li><em>Cuota inscripci\u00f3n para la empresa participante asociada: 405\u20ac\u00a0 + IVA<\/em><\/li>\n<\/ul>\n<p>* Nota: Se podr\u00e1 tramitar una ayuda en concepto de bolsa de viaje, siempre y cuando la empresa cumpla la normativa vigente y la dotaci\u00f3n econ\u00f3mica de la ayuda y haya estado aprobada en los Presupuestos de la Generalitat de Catalu\u00f1a de 2019. En estos momentos no se han publicado las ayudas de las misiones empresariales.<\/p>\n<p><em style=\"color: #c10000;\"><u>Condiciones econ\u00f3micas y modalidad de pago<\/u><\/em><\/p>\n<p>El pago ser\u00e1 mediante transferencia: 50% una vez aceptada la participaci\u00f3n y el 50% restante 10 d\u00edas antes del inicio del viaje y de recibir la agenda de contactos. En ning\u00fan caso se facilitar\u00e1 la agenda de contactos si no se ha abonado el importe total del coste.<\/p>\n<p>En caso de cancelaci\u00f3n por parte de la empresa participante no ser\u00e1 devuelto el importe del 50% abonado y en el caso de que la preparaci\u00f3n de la agenda haya incurrido en m\u00e1s gastos la empresa las tendr\u00e1 que asumir.<\/p>\n<p>Las empresas participantes en la misi\u00f3n ha de salir y volver desde Catalu\u00f1a.<\/p>\n<p><em>EL PROGRAMA INCLUYE:<\/em><\/p>\n<ul>\n<li>Agenda de contactos individualizada para cada empresa participante<\/li>\n<li>Soporte en la log\u00edstica del viaje<\/li>\n<li>Seguimiento t\u00e9cnico durante el viaje<\/li>\n<\/ul>\n<p><em>EL PROGRAMA NO INCLUYE:<\/em><\/p>\n<ul>\n<li>Gastos de viaje y alojamiento<\/li>\n<li>Desplazamientos internos para asistir a las reuniones<\/li>\n<li>Dietas<\/li>\n<\/ul>\n<p><span style=\"color: #c10000;\"><em><u>Importante a tener en cuenta (subvenci\u00f3n pendiente de aprobaci\u00f3n)<\/u><\/em><\/span><\/p>\n<p>De acuerdo con la normativa de ACCI\u00d3 2018 para cobrar la ayuda:<\/p>\n<ul>\n<li>Las empresas deber\u00e1n presentar, una vez finalizado el viaje, la tarjeta de embarque o la confirmaci\u00f3n electr\u00f3nica de la compra del billete.<\/li>\n<li>Las empresas tienen que <em><strong>estar al corriente de pago con la Seguridad Social, Hacienda y ACCI\u00d3.<\/strong><\/em><\/li>\n<li>Las empresas participantes pueden ser industriales o de servicios, siempre que se realicen en el extranjero y para no residentes. Las empresas comerciales solo podr\u00e1n ser beneficiarias en aquellos casos en que asuman la tarea comercial de empresas industriales o de servicio formando parte del mismo grupo empresarial. (vinculaci\u00f3n m\u00ednima del 25% del capital)<\/li>\n<li>Las empresas participantes en la misi\u00f3n <em><strong>han de salir y volver desde Catalu\u00f1a.<\/strong><\/em><\/li>\n<\/ul>\n<p>De acuerdo con la normativa de ACCI\u00d3 <em><strong>las empresas participantes en la misi\u00f3n deber\u00e1n contar con una agenda de entrevistas realizada por una entidad especializada.<\/strong><\/em><\/p>\n<p><span style=\"color: #c10000;\"><em><u>Inscripci\u00f3n<\/u><\/em><\/span><\/p>\n<p>Para confirmar la participaci\u00f3n deber\u00e1 cumplimentar el formulario adjunto y hacer la transferencia del 50% a la c\/c de FOMENT DEL TREBALL IBAN: <strong>ES38-0128-7613-79-0100000716, indicando \u00abMISI\u00d3N TUNEZ Y\/O MARRUECOS 2019\u00bb<\/strong><\/p>\n<p>&nbsp;<\/p>\n<p>[\/vc_column_text][\/vc_row][vc_column width=\u00bb1\/1&#8243;][\/vc_column]<div class=\"iconbox  wpb_content_element iconbox-style-2 icon-color-accent color-dark clearfix\"><div class=\"iconbox-icon\"><i class=\"fa fa-paperclip boxicon\" style=\"\"><\/i><\/div><div class=\"iconbox-content\"><h3>Ficha de Inscripci\u00f3n Tunez y\/o Marruecos<\/h3><p><a href=\"https:\/\/www.foment.com\/wp-content\/uploads\/2019\/07\/FTN_TUNICA_MARRUECOS_19_FITXA_INSCRIPCIO.doc\">Ficha de Inscripci\u00f3n Tunez y\/o Marreucos<\/a><\/p><\/div><\/div>[vc_row][vc_column width=\u00bb1\/4&#8243;]<div class=\"iconbox  wpb_content_element iconbox-style-2 icon-color-accent color-dark clearfix\"><div class=\"iconbox-icon\"><i class=\"fa fa-paperclip boxicon\" style=\"\"><\/i><\/div><div class=\"iconbox-content\"><h3>Ficha Pa\u00eds Tunez <\/h3><p><a href=\"https:\/\/www.foment.com\/wp-content\/uploads\/2019\/07\/FICHA-PAIS_TUNEZ.pdf\">Ficha Pa\u00eds Tunez<\/a><\/p><\/div><\/div>[\/vc_column][vc_column width=\u00bb1\/4&#8243;]<div class=\"iconbox  wpb_content_element iconbox-style-2 icon-color-accent color-dark clearfix\"><div class=\"iconbox-icon\"><i class=\"fa fa-paperclip boxicon\" style=\"\"><\/i><\/div><div class=\"iconbox-content\"><h3>Informe econ\u00f3mico y comercial Tunez <\/h3><p><a href=\"https:\/\/www.foment.com\/wp-content\/uploads\/2019\/07\/informe-economico-y-comercial_TUNEZ.pdf\">Informe Econ\u00f3mico y comercial Tunez<\/a><\/p><\/div><\/div>[\/vc_column][vc_column width=\u00bb1\/4&#8243;]<div class=\"iconbox  wpb_content_element iconbox-style-2 icon-color-accent color-dark clearfix\"><div class=\"iconbox-icon\"><i class=\"fa fa-paperclip boxicon\" style=\"\"><\/i><\/div><div class=\"iconbox-content\"><h3>Ficha pa\u00eds Marruecos<\/h3><p><a href=\"https:\/\/www.foment.com\/wp-content\/uploads\/2019\/07\/FICHA-PAIS_MARRUECOS.pdf\">Ficha pa\u00eds Marruecos<\/a><\/p><\/div><\/div>[\/vc_column][vc_column width=\u00bb1\/4&#8243;]<div class=\"iconbox  wpb_content_element iconbox-style-2 icon-color-accent color-dark clearfix\"><div class=\"iconbox-icon\"><i class=\"fa fa-paperclip boxicon\" style=\"\"><\/i><\/div><div class=\"iconbox-content\"><h3>Informe econ\u00f3mico y comercial Marruecos<\/h3><p><a href=\"https:\/\/www.foment.com\/wp-content\/uploads\/2019\/07\/INFORME-ECONOMICO-Y-COMERCIAL-MARRUECOS.pdf\">Informe econ\u00f3mico y comercial Marruecos<\/a><\/p><\/div><\/div>[\/vc_column][\/vc_row]<\/p>\n<\/section>","protected":false},"author":24,"featured_media":67715,"menu_order":0,"comment_status":"closed","ping_status":"closed","template":"","meta":{"_links_to":"","_links_to_target":""},"tags":[],"event_type":[201,386],"event_type_2":[],"acf":[],"_links":{"self":[{"href":"https:\/\/www.foment.com\/es\/wp-json\/wp\/v2\/ajde_events\/67756"}],"collection":[{"href":"https:\/\/www.foment.com\/es\/wp-json\/wp\/v2\/ajde_events"}],"about":[{"href":"https:\/\/www.foment.com\/es\/wp-json\/wp\/v2\/types\/ajde_events"}],"author":[{"embeddable":true,"href":"https:\/\/www.foment.com\/es\/wp-json\/wp\/v2\/users\/24"}],"replies":[{"embeddable":true,"href":"https:\/\/www.foment.com\/es\/wp-json\/wp\/v2\/comments?post=67756"}],"wp:featuredmedia":[{"embeddable":true,"href":"https:\/\/www.foment.com\/es\/wp-json\/wp\/v2\/media\/67715"}],"wp:attachment":[{"href":"https:\/\/www.foment.com\/es\/wp-json\/wp\/v2\/media?parent=67756"}],"wp:term":[{"taxonomy":"post_tag","embeddable":true,"href":"https:\/\/www.foment.com\/es\/wp-json\/wp\/v2\/tags?post=67756"},{"taxonomy":"event_type","embeddable":true,"href":"https:\/\/www.foment.com\/es\/wp-json\/wp\/v2\/event_type?post=67756"},{"taxonomy":"event_type_2","embeddable":true,"href":"https:\/\/www.foment.com\/es\/wp-json\/wp\/v2\/event_type_2?post=67756"}],"curies":[{"name":"wp","href":"https:\/\/api.w.org\/{rel}","templated":true}]}}