{"id":72523,"date":"2019-10-11T08:42:58","date_gmt":"2019-10-11T06:42:58","guid":{"rendered":"https:\/\/www.foment.com\/?post_type=ajde_events&#038;p=72523"},"modified":"2019-10-11T09:40:22","modified_gmt":"2019-10-11T07:40:22","slug":"tercer-executive-course","status":"publish","type":"ajde_events","link":"https:\/\/www.foment.com\/es\/events\/tercer-executive-course\/","title":{"rendered":"Tercer Executive Course"},"content":{"rendered":"<section class=\"wpb-content-wrapper\"><p>[vc_row][vc_column width=\u00bb1\/2&#8243;]<div class=\"single_image wpb_content_element align-left    \" data-animation=\"none\" data-delay=\"0\"><img width=\"1440\" height=\"227\" src=\"https:\/\/www.foment.com\/wp-content\/uploads\/2019\/10\/blanquerna.png\" class=\"attachment-full\" alt=\"\" loading=\"lazy\" title=\"blanquerna\" \/><\/div>[vc_column_text]La poblaci\u00f3n musulmana alcanzar\u00e1 los 2.200 millones de personas en el 2030, un 25% de la poblaci\u00f3n mundial, con m\u00e1s del 50% menores de 30 a\u00f1os. En Europa, cada d\u00e9cada aumenta 1% la poblaci\u00f3n musulmana, representando para el 2030 el 8% del total, con m\u00e1s de 45 millones de ciudadanos. Esta poblaci\u00f3n, joven, con creciente capacidad adquisitiva, nativa digital y con unas pautas de consumo globalizadas, se est\u00e1 convirtiendo en uno de los principales segmentos emergentes del mundo.<\/p>\n<p>Sectores como las finanzas, la alimentaci\u00f3n, la restauraci\u00f3n y la hosteler\u00eda, el turismo, la cosm\u00e9tica o la moda est\u00e1n adaptando de forma creciente su oferta a estos consumidores crecientemente urbanos y sofisticados. Pa\u00edses como Turqu\u00eda, Malasia, Indonesia, Emiratos \u00c1rabes Unidos, Arabia Saudita o Ir\u00e1n, pero tambi\u00e9n Inglaterra, Francia o Alemania, est\u00e1n emergiendo como consumidores de productos adaptados a los gustos y valores musulmanes.<\/p>\n<p>Este curso pionero busca entender mejor este creciente segmento de impacto global. As\u00ed, se estudiar\u00e1n los principales sectores de consumo de este tipo de consumidores junto con los principales mercados internacionales. Igualmente, se analizar\u00e1n casos emblem\u00e1ticos de empresas que se han adaptado a este segmento de mercado y se plantear\u00e1n algunas de las principales retos que han debido afrontar.<\/p>\n<p><span style=\"color: #c10000;\"><strong><u>A quien se dirige este curso?<\/u><\/strong><\/span><\/p>\n<p>Este curso se dirige a profesionales del mundo econ\u00f3mico, empresarial, acad\u00e9mico e institucional que quieran profundizar en el conocimiento de los retos y oportunidades que ofrece este creciente y estrat\u00e9gico segmento de poblaci\u00f3n, tanto a nivel global como en el \u00e1mbito m\u00e1s pr\u00f3ximo. <strong>M\u00e1ximo 20 personas<\/strong><\/p>\n<p><span style=\"color: #c10000;\"><strong><u>Metodolog\u00eda<\/u><\/strong><\/span><\/p>\n<p>El curso combinar\u00e1 las presentaciones pr\u00e1cticas y el an\u00e1lisis de los principales informes globales especializados junto con la participaci\u00f3n de relevantes personalidades de diversos sectores y mercados. Contar\u00e1 igualmente con la participaci\u00f3n de empresarios conocedores de este segmento as\u00ed como de importantes expertos internacionales en econom\u00eda isl\u00e1mica, tanto de forma presencial como a trav\u00e9s de conexiones Skype.<\/p>\n<p><span style=\"color: #c10000;\"><strong><u>Organizadores<\/u><\/strong><\/span><\/p>\n<p>Grado de Relaciones Internacionales Blanquerna, Universidad Ramon Llull y la consultor\u00eda Barcelona Halal Services<\/p>\n<p><span style=\"color: #c10000;\"><strong><u>Dias y Horarios<\/u><\/strong><\/span><\/p>\n<p>Duraci\u00f3n de\u00a0 21 horas. <strong>Los viernes 8, 15 y 22 y los s\u00e1bados 9, 16 y 23 de noviembre de 2019<\/strong>. <strong>Los viernes de 18h a 21h y los s\u00e1bados de 9 h a 13h<\/strong>.<\/p>\n<p><span style=\"color: #c10000;\"><strong><u>Matr\u00edcula<\/u><\/strong>\u00a0<\/span><\/p>\n<p>1.600 \u00a0Euros (Incluye certificado acad\u00e9mico y materiales del curso, en soporte papel y online)<\/p>\n<p><span style=\"color: #c10000;\"><strong><u>Inscripciones<\/u><\/strong><\/span><\/p>\n<p>Onno Seroo, director del GRIN-Blanquerna: <a href=\"mailto:onnoseroo@blanquerna.url.edu\">onnoseroo@blanquerna.url.edu<\/a><\/p>\n<p>Javier Albarracin, director de Barcelona Halal Services: <a href=\"mailto:javier.albarracin@barcelonahalalservices.com\">javier.albarracin@barcelonahalalservices.com<\/a><\/p>\n<p>&nbsp;<\/p>\n<p><span style=\"color: #c10000;\"><strong><u>Programa<\/u><\/strong><\/span><\/p>\n<p><strong><u>Viernes 8 de noviembre <\/u><\/strong><\/p>\n<ul>\n<li>Demograf\u00eda de la <em>Umma<\/em>: cifras, globalidad y tendencias<\/li>\n<li><em>Islams dentro del Islam<\/em>\u2019. Los 5 pilares del Islam.<\/li>\n<li>Valores y \u00e9tica en la econom\u00eda isl\u00e1mica.<\/li>\n<li>\u2018<em>Cultural awareness<\/em>\u2019: idiosincrasia cultural musulmana y su impacto en los negocios.<\/li>\n<\/ul>\n<p><strong><u>S\u00e1bado 9 de noviembre<\/u><\/strong><\/p>\n<ul>\n<li>Qu\u00e9 es halal? Qu\u00e9 es \u2018<em>tayyib\u2019<\/em>?<\/li>\n<li>Sesi\u00f3n con <u>certificadora halal<\/u>.<\/li>\n<li>Claves de la certificaci\u00f3n halal<\/li>\n<li>Cifras globales y tendencias de la econom\u00eda isl\u00e1mica: \u2018<em>the next billion<\/em>\u2019, un segmento consolidado.<\/li>\n<li>Cifras y oportunidades en los principales sectores econ\u00f3micos <em>Muslim friendly<\/em>:<\/li>\n<li>Alimentaci\u00f3n &amp; restauraci\u00f3n<\/li>\n<li>Turismo<\/li>\n<li>Belleza: moda &amp; cosm\u00e9tica<\/li>\n<li>Contenido digital<\/li>\n<\/ul>\n<p><strong><u>Viernes 15 de noviembre<\/u><\/strong><\/p>\n<ul>\n<li>An\u00e1lisis de los principales mercados musulmanes: Singapur hub, Indonesia- Malasia, Emiratos \u00c1rabes Unidos <strong><em>(<\/em><\/strong><strong><em>Skype)<\/em><\/strong><\/li>\n<li>Oportunidades del segmento halal en los principales mercados no-musulmanes: el caso de los Estados Unidos. <u>Asistencia de reconocida <em>influencer<\/em> musulmana<\/u><\/li>\n<li>Claves del sector halal en Europa: Reino Unido, Francia y Alemania. Cifras, eventos, actores y tendencias.<\/li>\n<\/ul>\n<p><strong><u>S\u00e1bado 16 de noviembre<\/u><\/strong><\/p>\n<ul>\n<li>Tipolog\u00eda de consumidores musulmanes y pautas de consumo.<\/li>\n<li>Estudio de casos de empresas y marcas: adaptaciones, dificultades y resultados.<\/li>\n<li>Fondos e inversores <em>Muslim friendly.<\/em> <strong><em>(<\/em><\/strong><strong><em>Skype)<\/em><\/strong><\/li>\n<\/ul>\n<p><strong><u>Viernes 22 de noviembre<\/u><\/strong><\/p>\n<ul>\n<li>Principales fuentes de informaci\u00f3n e informes sobre econom\u00eda isl\u00e1mica.<\/li>\n<li>Sesi\u00f3n con <u>experto internacional<\/u> en marketing isl\u00e1mico: c\u00f3mo llegar a los consumidores musulmanes. <strong><em>(<\/em><\/strong><strong><em>Skype)<\/em><\/strong><\/li>\n<\/ul>\n<p><strong><u>S\u00e1bado 23 de noviembre<\/u><\/strong><\/p>\n<ul>\n<li>Mundo digital isl\u00e1mico: <em>influencers<\/em>, redes sociales y plataformas B2B y B2C.<\/li>\n<li>De lo Global a lo Local: turismo, conectividad, eventos internacionales y canal \u00e9tnico en Barcelona.<\/li>\n<li><u>Debate con empresas e instituciones vinculadas<\/u> al segmento halal.<\/li>\n<\/ul>\n<p>&nbsp;<\/p>\n<p><strong>\u00a0<\/strong><strong>Documentaci\u00f3n del curso.<\/strong><\/p>\n<p>A lo largo de las sesiones se entregar\u00e1n a los participantes diversa documentaci\u00f3n como fichas pa\u00eds de los principales mercados, bibliograf\u00eda relevante, presentaciones utilizadas, entre otros documentos<strong>. <\/strong><\/p>\n<p>Igualmente, los participantes tendr\u00e1n acceso gratuito online a informaci\u00f3n espec\u00edfica sobre la gesti\u00f3n multicultural de entornos musulmanes y su impacto en los negocios.<\/p>\n<p><strong>\u00a0<\/strong><\/p>\n<p><strong>www: <\/strong><a href=\"http:\/\/www.blanquerna.edu\/ca\/grau-relacions-internacionals\"><strong>www.blanquerna.edu\/ca\/grau-relacions-internacionals<\/strong><\/a><\/p>\n<p><strong>www: <\/strong><a href=\"http:\/\/barcelonahalalservices.com\"><strong>http:\/\/barcelonahalalservices.com<\/strong><\/a><\/p>\n<p>&nbsp;<\/p>\n<p><strong>\u00a0<\/strong><\/p>\n<p>&nbsp;<\/p>\n<p>&nbsp;<\/p>\n<p>[\/vc_column_text][\/vc_column][vc_column width=\u00bb1\/2&#8243;]<div class=\"single_image wpb_content_element align-left    \" data-animation=\"none\" data-delay=\"0\"><img width=\"210\" height=\"136\" src=\"https:\/\/www.foment.com\/wp-content\/uploads\/2019\/10\/halal-services.png\" class=\"attachment-full\" alt=\"\" loading=\"lazy\" title=\"halal services\" \/><\/div>[\/vc_column][\/vc_row][vc_row][vc_column width=\u00bb1\/1&#8243;]<div class=\"iconbox  wpb_content_element iconbox-style-3 icon-color-accent color-dark\"><i class=\"fa  boxicon\" style=\"\"><\/i><h3>Patrocinado por<\/h3><p><\/p><\/div><div class=\"single_image wpb_content_element align-center    \" data-animation=\"none\" data-delay=\"0\"><img width=\"300\" height=\"115\" src=\"https:\/\/www.foment.com\/wp-content\/uploads\/2019\/10\/prodeca-1.jpg\" class=\"attachment-medium\" alt=\"\" loading=\"lazy\" title=\"prodeca\" \/><\/div><div class=\"iconbox  wpb_content_element iconbox-style-1 icon-color-accent color-dark animation-none\"><h3><i class=\"fa  boxicon\" style=\"\"><\/i><span>Con el apoyo de<\/span><\/h3><p><\/p><\/div>[\/vc_column][\/vc_row][vc_row][vc_column width=\u00bb1\/4&#8243;]<div class=\"single_image wpb_content_element align-left    \" data-animation=\"none\" data-delay=\"0\"><img width=\"150\" height=\"102\" src=\"https:\/\/www.foment.com\/wp-content\/uploads\/2019\/10\/accio-1.jpg\" class=\"attachment-thumbnail\" alt=\"\" loading=\"lazy\" title=\"accio\" \/><\/div>[\/vc_column][vc_column width=\u00bb1\/4&#8243;]<div class=\"single_image wpb_content_element align-left    \" data-animation=\"none\" data-delay=\"0\"><img width=\"300\" height=\"141\" src=\"https:\/\/www.foment.com\/wp-content\/uploads\/2019\/10\/cesce.jpg\" class=\"attachment-medium\" alt=\"\" loading=\"lazy\" title=\"cesce\" \/><\/div>[\/vc_column][vc_column width=\u00bb1\/4&#8243;]<div class=\"single_image wpb_content_element align-left    \" data-animation=\"none\" data-delay=\"0\"><img width=\"136\" height=\"83\" src=\"https:\/\/www.foment.com\/wp-content\/uploads\/2019\/10\/foment.jpg\" class=\"attachment-medium\" alt=\"\" loading=\"lazy\" title=\"foment\" \/><\/div>[\/vc_column][vc_column width=\u00bb1\/4&#8243;]<div class=\"single_image wpb_content_element align-left    \" data-animation=\"none\" data-delay=\"0\"><img width=\"200\" height=\"111\" src=\"https:\/\/www.foment.com\/wp-content\/uploads\/2019\/10\/bbi.jpg\" class=\"attachment-medium\" alt=\"\" loading=\"lazy\" title=\"bbi\" \/><\/div>[\/vc_column][\/vc_row][vc_row][vc_column width=\u00bb1\/1&#8243;]<div class=\"single_image wpb_content_element align-left    \" data-animation=\"none\" data-delay=\"0\"><\/div>[\/vc_column][\/vc_row][vc_row][vc_column width=\u00bb1\/1&#8243;]<div class=\"single_image wpb_content_element align-left    \" data-animation=\"none\" data-delay=\"0\"><\/div>[\/vc_column][\/vc_row]<\/p>\n<\/section>","protected":false},"author":13,"featured_media":72525,"menu_order":0,"comment_status":"closed","ping_status":"closed","template":"","meta":{"_links_to":"","_links_to_target":""},"tags":[],"event_type":[],"event_type_2":[],"acf":[],"_links":{"self":[{"href":"https:\/\/www.foment.com\/es\/wp-json\/wp\/v2\/ajde_events\/72523"}],"collection":[{"href":"https:\/\/www.foment.com\/es\/wp-json\/wp\/v2\/ajde_events"}],"about":[{"href":"https:\/\/www.foment.com\/es\/wp-json\/wp\/v2\/types\/ajde_events"}],"author":[{"embeddable":true,"href":"https:\/\/www.foment.com\/es\/wp-json\/wp\/v2\/users\/13"}],"replies":[{"embeddable":true,"href":"https:\/\/www.foment.com\/es\/wp-json\/wp\/v2\/comments?post=72523"}],"wp:featuredmedia":[{"embeddable":true,"href":"https:\/\/www.foment.com\/es\/wp-json\/wp\/v2\/media\/72525"}],"wp:attachment":[{"href":"https:\/\/www.foment.com\/es\/wp-json\/wp\/v2\/media?parent=72523"}],"wp:term":[{"taxonomy":"post_tag","embeddable":true,"href":"https:\/\/www.foment.com\/es\/wp-json\/wp\/v2\/tags?post=72523"},{"taxonomy":"event_type","embeddable":true,"href":"https:\/\/www.foment.com\/es\/wp-json\/wp\/v2\/event_type?post=72523"},{"taxonomy":"event_type_2","embeddable":true,"href":"https:\/\/www.foment.com\/es\/wp-json\/wp\/v2\/event_type_2?post=72523"}],"curies":[{"name":"wp","href":"https:\/\/api.w.org\/{rel}","templated":true}]}}