{"id":73772,"date":"2019-10-23T16:48:36","date_gmt":"2019-10-23T14:48:36","guid":{"rendered":"https:\/\/www.foment.com\/?post_type=ajde_events&#038;p=73772"},"modified":"2019-10-24T09:35:23","modified_gmt":"2019-10-24T07:35:23","slug":"diseno-con-criterios-preventivos-la-oficina-saludable","status":"publish","type":"ajde_events","link":"https:\/\/www.foment.com\/es\/events\/diseno-con-criterios-preventivos-la-oficina-saludable\/","title":{"rendered":"Dise\u00f1o con criterios preventivos. La oficina saludable."},"content":{"rendered":"<section class=\"wpb-content-wrapper\"><p>[vc_row][vc_column][vc_column_text]<\/p>\n<h2 style=\"text-align: center;\"><span style=\"color: #ab192d;\"><strong>Dise\u00f1o con criterios preventivos. La oficina saludable.<\/strong><\/span><\/h2>\n<h3 style=\"text-align: center;\"><span style=\"color: #656565;\"><strong>Jornada de PRL<\/strong><\/span><\/h3>\n<p>&nbsp;<\/p>\n<h3><span style=\"color: #ab192d;\"><strong>Objetivo<\/strong><\/span><\/h3>\n<p>&nbsp;<\/p>\n<p style=\"text-align: justify;\">La organizaci\u00f3n y el dise\u00f1o de una oficina influyen directamente en la productividad y en la salud de los trabajadores. El dise\u00f1o de una oficina puede mejorar la motivaci\u00f3n, la salud de los trabajadores, influir en su bienestar y contribuir de una forma notable a generar una empresa saludable.<\/p>\n<p style=\"text-align: justify;\">Los avances t\u00e9cnicos y los conocimientos sobre la experiencia ergon\u00f3mica nos dan las claves para reducir la fatiga, mejorar las relaciones sociales y, en definitiva, mejorar la salud de los trabajadores.<\/p>\n<p style=\"text-align: justify;\">Durante la jornada se facilitar\u00e1n orientaciones sobre el dise\u00f1o de espacios de trabajo, el sistema de gesti\u00f3n de la organizaci\u00f3n, el tiempo de trabajo, los horarios de trabajo, las modalidades y la productividad, la ergonom\u00eda y la eficiencia del puesto de trabajo, tanto desde el punto de vista de la seguridad y salud laboral, como para mejorar la productividad de los puestos de trabajo.<\/p>\n<p>&nbsp;<\/p>\n<h3><span style=\"color: #ab192d;\"><strong>Programa<\/strong><\/span><\/h3>\n<p>&nbsp;<\/p>\n<table>\n<tbody>\n<tr>\n<td width=\"10%\">\n<p style=\"margin: 5px 0px;\" align=\"left\"><strong>9.30 h<\/strong><\/p>\n<\/td>\n<td width=\"90%\">\n<p style=\"margin: 5px 0px;\" align=\"left\"><strong>Presentaci\u00f3n.<\/strong><\/p>\n<ul>\n<li>Sr. C\u00e9sar S\u00e1nchez. Director Oficina Prevenci\u00f3n Riesgos Laborales. Foment del Treball.<\/li>\n<\/ul>\n<\/td>\n<\/tr>\n<tr>\n<td width=\"10%\">\n<p style=\"margin: 5px 0px;\" align=\"left\"><strong>9.40 h<\/strong><\/p>\n<\/td>\n<td width=\"90%\">\n<p style=\"margin: 5px 0px;\" align=\"left\"><strong>Presentaci\u00f3n de la \u201cGu\u00eda para el dise\u00f1o de una oficina saludable y productiva\u201d.<\/strong><\/p>\n<ul>\n<li>Sr. Diego Gracia. Director. Psicopreven.<\/li>\n<\/ul>\n<\/td>\n<\/tr>\n<tr>\n<td width=\"10%\">\n<p style=\"margin: 5px 0px;\" align=\"left\"><strong>10.40 h<\/strong><\/p>\n<\/td>\n<td width=\"90%\">\n<p style=\"margin: 5px 0px;\" align=\"left\"><strong>Pausa &#8211; Caf\u00e9.<\/strong><\/p>\n<\/td>\n<\/tr>\n<tr>\n<td width=\"10%\">\n<p style=\"margin: 5px 0px;\" align=\"left\"><strong>11.10 h<\/strong><\/p>\n<\/td>\n<td width=\"90%\">\n<p style=\"margin: 5px 0px;\" align=\"left\"><strong>Casos de \u00e9xito en medidas preventivas en Axa Partners.<\/strong><\/p>\n<ul>\n<li>Sra. Elisa Rodrigo. Responsable t\u00e9cnica Servicio Prevenci\u00f3n Mancomunado. Axa Partners Iberia.<\/li>\n<\/ul>\n<\/td>\n<\/tr>\n<\/tbody>\n<\/table>\n<p>[\/vc_column_text][\/vc_column][\/vc_row][vc_row][vc_column width=\u00bb1\/1&#8243;]<div class=\"single_image wpb_content_element align-left    \" data-animation=\"none\" data-delay=\"0\"><a href=\"http:\/\/prl.foment.com\" target=\"_blank\"><img width=\"702\" height=\"108\" src=\"https:\/\/www.foment.com\/wp-content\/uploads\/2019\/03\/PRL_logotipos_19_financiacion-6.png\" class=\"attachment-full\" alt=\"\" loading=\"lazy\" title=\"PRL_logotipos_19_financiacion\" \/><\/a><\/div>[\/vc_column][\/vc_row]<\/p>\n<p style=\"text-align: CENTER;\"><span style=\"color: #6caae4;\">El contenido de esta publicaci\u00f3n es responsabilidad exclusiva de la entidad ejecutante y no refleja necesariamente la opini\u00f3n de la Fundaci\u00f3n Estatal para la Prevenci\u00f3n de Riesgos Laborales.<\/span><\/p>\n<\/section>","protected":false},"author":12,"featured_media":73773,"menu_order":0,"comment_status":"closed","ping_status":"closed","template":"","meta":{"_links_to":"","_links_to_target":""},"tags":[416,417,513],"event_type":[202],"event_type_2":[],"acf":[],"_links":{"self":[{"href":"https:\/\/www.foment.com\/es\/wp-json\/wp\/v2\/ajde_events\/73772"}],"collection":[{"href":"https:\/\/www.foment.com\/es\/wp-json\/wp\/v2\/ajde_events"}],"about":[{"href":"https:\/\/www.foment.com\/es\/wp-json\/wp\/v2\/types\/ajde_events"}],"author":[{"embeddable":true,"href":"https:\/\/www.foment.com\/es\/wp-json\/wp\/v2\/users\/12"}],"replies":[{"embeddable":true,"href":"https:\/\/www.foment.com\/es\/wp-json\/wp\/v2\/comments?post=73772"}],"wp:featuredmedia":[{"embeddable":true,"href":"https:\/\/www.foment.com\/es\/wp-json\/wp\/v2\/media\/73773"}],"wp:attachment":[{"href":"https:\/\/www.foment.com\/es\/wp-json\/wp\/v2\/media?parent=73772"}],"wp:term":[{"taxonomy":"post_tag","embeddable":true,"href":"https:\/\/www.foment.com\/es\/wp-json\/wp\/v2\/tags?post=73772"},{"taxonomy":"event_type","embeddable":true,"href":"https:\/\/www.foment.com\/es\/wp-json\/wp\/v2\/event_type?post=73772"},{"taxonomy":"event_type_2","embeddable":true,"href":"https:\/\/www.foment.com\/es\/wp-json\/wp\/v2\/event_type_2?post=73772"}],"curies":[{"name":"wp","href":"https:\/\/api.w.org\/{rel}","templated":true}]}}